{"id":980,"date":"2021-06-23T11:45:55","date_gmt":"2021-06-23T09:45:55","guid":{"rendered":"https:\/\/www.visitvarmland.com\/arvika\/?page_id=980"},"modified":"2026-02-12T10:33:46","modified_gmt":"2026-02-12T09:33:46","slug":"stallplatser-i-arvika","status":"publish","type":"page","link":"https:\/\/www.visitvarmland.com\/arvika\/stallplatser-i-arvika\/","title":{"rendered":"St\u00e4llplatser i Arvika"},"content":{"rendered":"\n    <div class=\"cards-section-top\">\n                <h2>St\u00e4llplatser<\/h2>\n        <a class=\"a-button\" href=\"https:\/\/www.visitvarmland.com\/arvika\/tema-aktiviteter\/boende-i-arvika\/\">Tillbaka till artikel<\/a>\n    <\/div>\n    <section class=\"cards-section-wrapper\">\n        <div class=\"cards-section-slide\">\n            <!-- Card wrapper -->\n<article class=\"a-card a-card--turid\" link-finder     >\n                <div class=\"a-card__image a-card--turid__image\">\n                <div class=\"bg-img\" style=\"background-image:url(https:\/\/img.turid.visitvarmland.com\/legacy\/Arvika\/B\u00e5thamn.jpeg?q=80&#038;fit=crop&#038;w=300&#038;h=210&#038;v=1&#038;);\"><\/div>\n            <\/div>\n                        <h2 class=\"a-card__title a-card--turid__title\"><a data-no-translation href=\"https:\/\/www.visitvarmland.com\/arvika\/boende\/stallplatser\/stallplatser-for-husbilar-i-arvika-smabatshamn\">St\u00e4llplatser f\u00f6r husbilar i Arvika Sm\u00e5b\u00e5tshamn<\/a><\/h2>\n                        <div class=\"a-card__content a-card--turid__content\">I Arvikas sm\u00e5b\u00e5ts- och g\u00e4sthamn finns fina husbilsplatser,&hellip;<\/div>\n                        <div class=\"a-card__bottom-wrapper a-card--turid__bottom-wrapper\" style=\"background-image:url();\">                            <div class=\"a-card__favorite a-card--turid__favorite\"><i class=\"fal fa-heart\"><\/i><\/div>\n                        <div class=\"a-card__tag a-card--turid__tag\"><!-- Button wrapper -->\n\n<a class=\"a-tag a-tag--small\" href=\"https:\/\/www.visitvarmland.com\/boende\/stallplatser\" target=\"_self\" >\n    <span class='a-card--divider'>St\u00e4llplatser<\/span>\n    <\/a><\/div>\n                        <\/div>\n            <\/article><!-- Card wrapper -->\n<article class=\"a-card a-card--turid\" link-finder     >\n                <div class=\"a-card__image a-card--turid__image\">\n                <div class=\"bg-img\" style=\"background-image:url(https:\/\/img.turid.visitvarmland.com\/legacy\/Arvika\/Ingestrand%203.jpeg?q=80&#038;fit=crop&#038;w=300&#038;h=210&#038;v=1&#038;);\"><\/div>\n            <\/div>\n                        <h2 class=\"a-card__title a-card--turid__title\"><a data-no-translation href=\"https:\/\/www.visitvarmland.com\/arvika\/boende\/stallplatser\/stallplatser-for-husbilar-pa-ingestrands-camping\">St\u00e4llplatser f\u00f6r husbilar p\u00e5 Ingestrands Camping<\/a><\/h2>\n                        <div class=\"a-card__content a-card--turid__content\">P\u00e5 Ingestrands camping finns det ett flertal vackert&hellip;<\/div>\n                        <div class=\"a-card__bottom-wrapper a-card--turid__bottom-wrapper\" style=\"background-image:url();\">                            <div class=\"a-card__favorite a-card--turid__favorite\"><i class=\"fal fa-heart\"><\/i><\/div>\n                        <div class=\"a-card__tag a-card--turid__tag\"><!-- Button wrapper -->\n\n<a class=\"a-tag a-tag--small\" href=\"https:\/\/www.visitvarmland.com\/boende\/stallplatser\" target=\"_self\" >\n    <span class='a-card--divider'>St\u00e4llplatser<\/span>\n    <\/a><\/div>\n                        <\/div>\n            <\/article><!-- Card wrapper -->\n<article class=\"a-card a-card--turid\" link-finder     >\n                <div class=\"a-card__image a-card--turid__image\">\n                <div class=\"bg-img\" style=\"background-image:url(https:\/\/img.turid.visitvarmland.com\/1d2ca5b9-d680-4ff1-9f2e-9c3ad5d4140d\/grusparkering-husbil-hamnen1.jpg?q=80&#038;fit=crop&#038;w=300&#038;h=210&#038;v=1&#038;);\"><\/div>\n            <\/div>\n                        <h2 class=\"a-card__title a-card--turid__title\"><a data-no-translation href=\"https:\/\/www.visitvarmland.com\/arvika\/boende\/stallplatser\/24-h-parkering-for-husbil-i-arvika-hamn\">24 h parkering f\u00f6r husbil i Arvika hamn<\/a><\/h2>\n                        <div class=\"a-card__content a-card--turid__content\">I Arvika hamn kan du parkera husbilen direkt&hellip;<\/div>\n                        <div class=\"a-card__bottom-wrapper a-card--turid__bottom-wrapper\" style=\"background-image:url();\">                            <div class=\"a-card__favorite a-card--turid__favorite\"><i class=\"fal fa-heart\"><\/i><\/div>\n                        <div class=\"a-card__tag a-card--turid__tag\"><!-- Button wrapper -->\n\n<a class=\"a-tag a-tag--small\" href=\"https:\/\/www.visitvarmland.com\/boende\/stallplatser\" target=\"_self\" >\n    <span class='a-card--divider'>St\u00e4llplatser<\/span>\n    <\/a><\/div>\n                        <\/div>\n            <\/article><!-- Card wrapper -->\n<article class=\"a-card a-card--turid\" link-finder     >\n                <div class=\"a-card__image a-card--turid__image\">\n                <div class=\"bg-img\" style=\"background-image:url(https:\/\/img.turid.visitvarmland.com\/a27170f7-f693-4a94-b255-62d937018c51\/namnlos-design-30.jpg?q=80&#038;fit=crop&#038;w=300&#038;h=210&#038;v=1&#038;);\"><\/div>\n            <\/div>\n                        <h2 class=\"a-card__title a-card--turid__title\"><a data-no-translation href=\"https:\/\/www.visitvarmland.com\/arvika\/boende\/stallplatser\/stallplatser-for-husbilar-i-jossefors\">St\u00e4llplatser f\u00f6r husbilar i J\u00f6ssefors<\/a><\/h2>\n                        <div class=\"a-card__content a-card--turid__content\">I b\u00e5thamnen i J\u00f6ssefors kan du st\u00e5 med&hellip;<\/div>\n                        <div class=\"a-card__bottom-wrapper a-card--turid__bottom-wrapper\" style=\"background-image:url();\">                            <div class=\"a-card__favorite a-card--turid__favorite\"><i class=\"fal fa-heart\"><\/i><\/div>\n                        <div class=\"a-card__tag a-card--turid__tag\"><!-- Button wrapper -->\n\n<a class=\"a-tag a-tag--small\" href=\"https:\/\/www.visitvarmland.com\/boende\/stallplatser\" target=\"_self\" >\n    <span class='a-card--divider'>St\u00e4llplatser<\/span>\n    <\/a><\/div>\n                        <\/div>\n            <\/article><!-- Card wrapper -->\n<article class=\"a-card a-card--turid\" link-finder     >\n                <div class=\"a-card__image a-card--turid__image\">\n                <div class=\"bg-img\" style=\"background-image:url(https:\/\/img.turid.visitvarmland.com\/legacy\/Arvika\/thumbnail_St\u00e4llplats%20Mangskogs%20Folkets%20Hus,%20H\u00e4rligt%20bel\u00e4get%20vid%20sj\u00f6n%20Mangen!.jpeg?q=80&#038;fit=crop&#038;w=300&#038;h=210&#038;v=1&#038;);\"><\/div>\n            <\/div>\n                        <h2 class=\"a-card__title a-card--turid__title\"><a data-no-translation href=\"https:\/\/www.visitvarmland.com\/arvika\/boende\/stallplatser\/stallplatser-for-husbilar-och-husvagnar-i-mangskog\">St\u00e4llplatser f\u00f6r husbilar och husvagnar i Mangskog<\/a><\/h2>\n                        <div class=\"a-card__content a-card--turid__content\">Stanna med husbil eller husvagn i Mangskog och&hellip;<\/div>\n                        <div class=\"a-card__bottom-wrapper a-card--turid__bottom-wrapper\" style=\"background-image:url();\">                            <div class=\"a-card__favorite a-card--turid__favorite\"><i class=\"fal fa-heart\"><\/i><\/div>\n                        <div class=\"a-card__tag a-card--turid__tag\"><!-- Button wrapper -->\n\n<a class=\"a-tag a-tag--small\" href=\"https:\/\/www.visitvarmland.com\/boende\/stallplatser\" target=\"_self\" >\n    <span class='a-card--divider'>St\u00e4llplatser<\/span>\n    <\/a><\/div>\n                        <\/div>\n            <\/article><!-- Card wrapper -->\n<article class=\"a-card a-card--turid\" link-finder     >\n                <div class=\"a-card__image a-card--turid__image\">\n                <div class=\"bg-img\" style=\"background-image:url(https:\/\/img.turid.visitvarmland.com\/legacy\/Arvika\/golfvecka.jpeg?q=80&#038;fit=crop&#038;w=300&#038;h=210&#038;v=1&#038;);\"><\/div>\n            <\/div>\n                        <h2 class=\"a-card__title a-card--turid__title\"><a data-no-translation href=\"https:\/\/www.visitvarmland.com\/arvika\/boende\/stallplatser\/stallplatser-for-husbilar-vid-arvika-golfklubb\">St\u00e4llplatser f\u00f6r husbilar vid Arvika Golfklubb<\/a><\/h2>\n                        <div class=\"a-card__content a-card--turid__content\">Arvika Golfklubb erbjuder st\u00e4llplatser f\u00f6r husbilar alldeles intill&hellip;<\/div>\n                        <div class=\"a-card__bottom-wrapper a-card--turid__bottom-wrapper\" style=\"background-image:url();\">                            <div class=\"a-card__favorite a-card--turid__favorite\"><i class=\"fal fa-heart\"><\/i><\/div>\n                        <div class=\"a-card__tag a-card--turid__tag\"><!-- Button wrapper -->\n\n<a class=\"a-tag a-tag--small\" href=\"https:\/\/www.visitvarmland.com\/boende\/stallplatser\" target=\"_self\" >\n    <span class='a-card--divider'>St\u00e4llplatser<\/span>\n    <\/a><\/div>\n                        <\/div>\n            <\/article><!-- Card wrapper -->\n<article class=\"a-card a-card--turid\" link-finder     >\n                <div class=\"a-card__image a-card--turid__image\">\n                <div class=\"bg-img\" style=\"background-image:url(https:\/\/img.turid.visitvarmland.com\/legacy\/Arvika\/Kl\u00e4ssbol%20b\u00e5thamn%20red.jpeg?q=80&#038;fit=crop&#038;w=300&#038;h=210&#038;v=1&#038;);\"><\/div>\n            <\/div>\n                        <h2 class=\"a-card__title a-card--turid__title\"><a data-no-translation href=\"https:\/\/www.visitvarmland.com\/arvika\/boende\/stallplatser\/stallplatser-for-husbilar-i-gasthamnen-i-klassbol\">St\u00e4llplatser f\u00f6r husbilar i g\u00e4sthamnen i Kl\u00e4ssbol<\/a><\/h2>\n                        <div class=\"a-card__content a-card--turid__content\">Vid g\u00e4sthamnen i Kl\u00e4ssbol, ca 20 km s\u00f6der&hellip;<\/div>\n                        <div class=\"a-card__bottom-wrapper a-card--turid__bottom-wrapper\" style=\"background-image:url();\">                            <div class=\"a-card__favorite a-card--turid__favorite\"><i class=\"fal fa-heart\"><\/i><\/div>\n                        <div class=\"a-card__tag a-card--turid__tag\"><!-- Button wrapper -->\n\n<a class=\"a-tag a-tag--small\" href=\"https:\/\/www.visitvarmland.com\/boende\/stallplatser\" target=\"_self\" >\n    <span class='a-card--divider'>St\u00e4llplatser<\/span>\n    <\/a><\/div>\n                        <\/div>\n            <\/article><!-- Card wrapper -->\n<article class=\"a-card a-card--turid\" link-finder     >\n                <div class=\"a-card__image a-card--turid__image\">\n                <div class=\"bg-img\" style=\"background-image:url(https:\/\/img.turid.visitvarmland.com\/legacy\/Arvika\/H\u00e4lle%20Fishing%20camp.jpeg?q=80&#038;fit=crop&#038;w=300&#038;h=210&#038;v=1&#038;);\"><\/div>\n            <\/div>\n                        <h2 class=\"a-card__title a-card--turid__title\"><a data-no-translation href=\"https:\/\/www.visitvarmland.com\/arvika\/boende\/stallplatser\/stallplatser-for-husbilar-vid-halle-fishing-camp\">St\u00e4llplatser f\u00f6r husbilar vid H\u00e4lle Fishing Camp<\/a><\/h2>\n                        <div class=\"a-card__content a-card--turid__content\">Fina st\u00e4llplatser direkt vid R\u00e4nkens strand vid H\u00e4lle&hellip;<\/div>\n                        <div class=\"a-card__bottom-wrapper a-card--turid__bottom-wrapper\" style=\"background-image:url();\">                            <div class=\"a-card__favorite a-card--turid__favorite\"><i class=\"fal fa-heart\"><\/i><\/div>\n                        <div class=\"a-card__tag a-card--turid__tag\"><!-- Button wrapper -->\n\n<a class=\"a-tag a-tag--small\" href=\"https:\/\/www.visitvarmland.com\/boende\/stallplatser\" target=\"_self\" >\n    <span class='a-card--divider'>St\u00e4llplatser<\/span>\n    <\/a><\/div>\n                        <\/div>\n            <\/article><!-- Card wrapper -->\n<article class=\"a-card a-card--turid\" link-finder     >\n                <div class=\"a-card__image a-card--turid__image\">\n                <div class=\"bg-img\" style=\"background-image:url(https:\/\/img.turid.visitvarmland.com\/e0107f8e-cb34-41cf-a8b8-b1c07d49a348\/klassbol-parkering.jpg?q=80&#038;fit=crop&#038;w=300&#038;h=210&#038;v=1&#038;);\"><\/div>\n            <\/div>\n                        <h2 class=\"a-card__title a-card--turid__title\"><a data-no-translation href=\"https:\/\/www.visitvarmland.com\/arvika\/boende\/stallplatser\/stallplatser-for-husbilar-vid-klassbols-linnevaveri\">St\u00e4llplatser f\u00f6r husbilar vid Kl\u00e4ssbols Linnev\u00e4veri<\/a><\/h2>\n                        <div class=\"a-card__content a-card--turid__content\">St\u00e4llplatser vid parkeringen intill Kl\u00e4ssbols Linnev\u00e4veri.<\/div>\n                        <div class=\"a-card__bottom-wrapper a-card--turid__bottom-wrapper\" style=\"background-image:url();\">                            <div class=\"a-card__favorite a-card--turid__favorite\"><i class=\"fal fa-heart\"><\/i><\/div>\n                        <div class=\"a-card__tag a-card--turid__tag\"><!-- Button wrapper -->\n\n<a class=\"a-tag a-tag--small\" href=\"https:\/\/www.visitvarmland.com\/boende\/stallplatser\" target=\"_self\" >\n    <span class='a-card--divider'>St\u00e4llplatser<\/span>\n    <\/a><\/div>\n                        <\/div>\n            <\/article><!-- Card wrapper -->\n<article class=\"a-card a-card--turid\" link-finder     >\n                <div class=\"a-card__image a-card--turid__image\">\n                <div class=\"bg-img\" style=\"background-image:url(https:\/\/img.turid.visitvarmland.com\/7f8be2ed-40d1-4b54-a287-40c160ec7710\/stallplats-alga-hembygdsgard.jpg?q=80&#038;fit=crop&#038;w=300&#038;h=210&#038;v=1&#038;);\"><\/div>\n            <\/div>\n                        <h2 class=\"a-card__title a-card--turid__title\"><a data-no-translation href=\"https:\/\/www.visitvarmland.com\/arvika\/boende\/camping\/stallplats-for-husbilar-vid-alga-hembygdsgard\">St\u00e4llplats f\u00f6r husbilar vid \u00c4lg\u00e5 Hembygdsg\u00e5rd<\/a><\/h2>\n                        <div class=\"a-card__content a-card--turid__content\">Fina st\u00e4llplatser f\u00f6r husbilar intill den vackra \u00c4lg\u00e5&hellip;<\/div>\n                        <div class=\"a-card__bottom-wrapper a-card--turid__bottom-wrapper\" style=\"background-image:url();\">                            <div class=\"a-card__favorite a-card--turid__favorite\"><i class=\"fal fa-heart\"><\/i><\/div>\n                        <div class=\"a-card__tag a-card--turid__tag\"><!-- Button wrapper -->\n\n<a class=\"a-tag a-tag--small\" href=\"https:\/\/www.visitvarmland.com\/boende\/stallplatser\" target=\"_self\" >\n    <span class='a-card--divider'>St\u00e4llplatser<\/span>\n    <\/a><\/div>\n                        <\/div>\n            <\/article><!-- Card wrapper -->\n<article class=\"a-card a-card--turid\" link-finder     >\n                <div class=\"a-card__image a-card--turid__image\">\n                <div class=\"bg-img\" style=\"background-image:url(https:\/\/img.turid.visitvarmland.com\/ec305449-5b5a-4b19-a031-86c14fa985a1\/glaskogen-vy-sjo.jpg?q=80&#038;fit=crop&#038;w=300&#038;h=210&#038;v=1&#038;);\"><\/div>\n            <\/div>\n                        <h2 class=\"a-card__title a-card--turid__title\"><a data-no-translation href=\"https:\/\/www.visitvarmland.com\/arvika\/boende\/stallplatser\/stallplatser-i-glaskogens-naturreservat\">St\u00e4llplatser i Glaskogens Naturreservat<\/a><\/h2>\n                        <div class=\"a-card__content a-card--turid__content\">P\u00e5 ett flertal platser i Glaskogens Naturreservat finns&hellip;<\/div>\n                        <div class=\"a-card__bottom-wrapper a-card--turid__bottom-wrapper\" style=\"background-image:url();\">                            <div class=\"a-card__favorite a-card--turid__favorite\"><i class=\"fal fa-heart\"><\/i><\/div>\n                        <div class=\"a-card__tag a-card--turid__tag\"><!-- Button wrapper -->\n\n<a class=\"a-tag a-tag--small\" href=\"https:\/\/www.visitvarmland.com\/boende\/stallplatser\" target=\"_self\" >\n    <span class='a-card--divider'>St\u00e4llplatser<\/span>\n    <\/a><\/div>\n                        <\/div>\n            <\/article>        <\/div>\n        <button class=\"hero-scroll-icon section-scroll-side\" aria-label=\"Next\" aria-hidden=\"true\" tabindex=\"-1\">\n            <div class=\"pre-icon-dot\"><\/div>\n            <div class=\"pre-icon-dot\"><\/div>\n            <i class=\"fal fa-long-arrow-down\" aria-hidden=\"true\"><\/i>\n        <\/button>\n        <button class=\"hero-scroll-icon section-scroll-side-left section-scroll-side-left-hidden\" aria-label=\"Previous\" aria-hidden=\"true\" tabindex=\"-1\">\n            <div class=\"pre-icon-dot\"><\/div>\n            <div class=\"pre-icon-dot\"><\/div>\n            <i class=\"fal fa-long-arrow-down\" aria-hidden=\"true\"><\/i>\n        <\/button>\n    <\/section>\n\n\n\n\n<div class=\"wp-block-image\">\n<figure class=\"aligncenter size-large is-resized\"><img loading=\"lazy\" decoding=\"async\" width=\"1024\" height=\"405\" src=\"https:\/\/www.visitvarmland.com\/arvika\/wp-content\/uploads\/sites\/2\/2025\/03\/Arvika_Payoff_BW-1024x405.jpg\" alt=\"\" class=\"wp-image-8873\" style=\"object-fit:contain;width:240px;height:180px\" \/><\/figure><\/div>","protected":false},"excerpt":{"rendered":"","protected":false},"author":20,"featured_media":0,"parent":0,"menu_order":0,"comment_status":"closed","ping_status":"closed","template":"","meta":{"_acf_changed":false,"footnotes":""},"class_list":["post-980","page","type-page","status-publish","hentry"],"acf":[],"lang":"sv","translations":{"sv":980,"en":7949},"pll_sync_post":[],"_links":{"self":[{"href":"https:\/\/www.visitvarmland.com\/arvika\/wp-json\/wp\/v2\/pages\/980","targetHints":{"allow":["GET"]}}],"collection":[{"href":"https:\/\/www.visitvarmland.com\/arvika\/wp-json\/wp\/v2\/pages"}],"about":[{"href":"https:\/\/www.visitvarmland.com\/arvika\/wp-json\/wp\/v2\/types\/page"}],"author":[{"embeddable":true,"href":"https:\/\/www.visitvarmland.com\/arvika\/wp-json\/wp\/v2\/users\/20"}],"replies":[{"embeddable":true,"href":"https:\/\/www.visitvarmland.com\/arvika\/wp-json\/wp\/v2\/comments?post=980"}],"version-history":[{"count":10,"href":"https:\/\/www.visitvarmland.com\/arvika\/wp-json\/wp\/v2\/pages\/980\/revisions"}],"predecessor-version":[{"id":9612,"href":"https:\/\/www.visitvarmland.com\/arvika\/wp-json\/wp\/v2\/pages\/980\/revisions\/9612"}],"wp:attachment":[{"href":"https:\/\/www.visitvarmland.com\/arvika\/wp-json\/wp\/v2\/media?parent=980"}],"curies":[{"name":"wp","href":"https:\/\/api.w.org\/{rel}","templated":true}]}}