{"id":1946,"date":"2021-08-30T16:45:50","date_gmt":"2021-08-30T14:45:50","guid":{"rendered":"https:\/\/www.visitvarmland.com\/arvika\/?post_type=themepage&#038;p=1946"},"modified":"2025-06-03T11:06:22","modified_gmt":"2025-06-03T09:06:22","slug":"fiska-i-arvika","status":"publish","type":"themepage","link":"https:\/\/www.visitvarmland.com\/arvika\/tema-aktiviteter\/fiska-i-arvika\/","title":{"rendered":"Fiska i Arvika"},"content":{"rendered":"\n<h2 class=\"wp-block-heading\">Fiskev\u00e5rdsomr\u00e5den<\/h2>\n\n\n\n<p>I Arvika hittar du ett 20-tal fiskev\u00e5rdsomr\u00e5den d\u00e4r du kan v\u00e4lja att fiska i sm\u00e5 eller stora sj\u00f6ar, tj\u00e4rn eller andra vattendrag som b\u00e4ckar och \u00e5ar. Gott om fisk finns det ocks\u00e5 &#8211; allt fr\u00e5n abborre och g\u00e4dda till \u00f6ring och r\u00f6ding.  <\/p>\n\n\n\n<p>Det finns \u00e4ven m\u00e5nga Put and take-vatten (\u00e4delfiske) att v\u00e4lja bland med goda f\u00e5ngstm\u00f6jligheter av b\u00e5de \u00f6ring och regnb\u00e5ge. F\u00f6r dig som vill prova fiskelyckan i olika sj\u00f6ar i kommunen kan <a href=\"https:\/\/www.visitvarmland.com\/aktiviteter\/fiska\/fiskekort\/kommunfiskekort-arvika-eda\">kommunfiskekortet<\/a> vara ett alternativ. I l\u00e4nken nedan hittar du mer information om alla fiskev\u00e5rdsomr\u00e5den.<\/p>\n\n\n\n<div class=\"wp-block-atheme-component-action-button atheme-wrapper--action-button-single\"><a href=\"https:\/\/www.visitvarmland.com\/arvika\/fiskevardsomraden\/\" target=\"_blank\" class=\"a-action a-action--arrow\" rel=\"noopener\"><span>Se alla fiskev\u00e5rdsomr\u00e5den<\/span><\/a><\/div>\n\n\n\n<h2 class=\"wp-block-heading\">Fiskekort<\/h2>\n\n\n\n<p>Fiskekort till alla omr\u00e5den finns att k\u00f6pa p\u00e5 Arvika Turistcenter. Vi kan ocks\u00e5 hj\u00e4lpa till med kartor och kontaktuppgifter till varje fiskev\u00e5rdsf\u00f6rening.<\/p>\n\n\n\n<p>Vill du fiska i Glaskogens Naturreservat har de ett eget fiskekort som g\u00e4ller f\u00f6r hela naturreservatet. Detta fiskekort g\u00e5r bland annat att k\u00f6pa p\u00e5 Arvika Turistcenter, Informationscentralen i Lenungshammar och bensinmacken i Glava. <\/p>\n\n\n\n<p>Inte s\u00e4ker p\u00e5 var du vill fiska? Kolla in fiskekartan.se, d\u00e4r hittar du digitala kartor f\u00f6r alla fiskev\u00e5rdsomr\u00e5den. Klicka p\u00e5 l\u00e4nken nedan f\u00f6r att komma till sidan.<\/p>\n\n\n\n<div class=\"wp-block-atheme-component-action-button atheme-wrapper--action-button-single\"><a href=\"https:\/\/fiskekartan.se\/\" target=\"_blank\" class=\"a-action a-action--arrow\" rel=\"noopener\"><span>Bes\u00f6k fiskekartan.se<\/span><\/a><\/div>\n\n\n\n<p>En del fiskekort kan ocks\u00e5 k\u00f6pas online p\u00e5 ifiske.se:<\/p>\n\n\n\n<div class=\"wp-block-atheme-component-action-button atheme-wrapper--action-button-single\"><a href=\"https:\/\/www.ifiske.se\/index.php\/\" target=\"_self\" class=\"a-action a-action--arrow\" rel=\"noopener\"><span>Fiskekort p\u00e5 ifiske.se<\/span><\/a><\/div>\n\n\n\n<div class=\"wp-block-atheme-component-collage-2 atheme-collage\"><div class=\"atheme-collage--double\"><div class=\"atheme-collage--image\" style=\"background-image:url( https:\/\/www.visitvarmland.com\/arvika\/wp-content\/uploads\/sites\/2\/2021\/08\/Namnlos-design-2021-08-31T160431.999.png )\"><div id=\"bLgetjFMVoLGTFRA\" class=\"atheme-collage--infobox\"><p><\/p><\/div><div class=\"atheme-collage--action\"><div class=\"atheme-collage--action-btn\" onclick=\"aToggleInfoBox('bLgetjFMVoLGTFRA')\"><i class=\"fal fa-ellipsis-h\"><\/i><\/div><\/div><\/div><div class=\"atheme-collage--image\" style=\"background-image:url( https:\/\/www.visitvarmland.com\/arvika\/wp-content\/uploads\/sites\/2\/2021\/08\/Namnlos-design-2021-08-31T160339.621.png )\"><div id=\"VdybzfeNzBbLJARV\" class=\"atheme-collage--infobox\"><p><\/p><\/div><div class=\"atheme-collage--action\"><div class=\"atheme-collage--action-btn\" onclick=\"aToggleInfoBox('VdybzfeNzBbLJARV')\"><i class=\"fal fa-ellipsis-h\"><\/i><\/div><\/div><\/div><\/div><\/div>\n\n\n\n<h2 class=\"wp-block-heading\">\u00c4delfiske<\/h2>\n\n\n\n<p>I den v\u00e4nstra kolumnen hittar du alla fiskev\u00e5rdsomr\u00e5den som s\u00e4tter ut \u00e4delfisk, och i den h\u00f6gra kolumnen omr\u00e5den d\u00e4r \u00e4delfisk f\u00f6rekommer naturligt och sporadiskt. Fiskekort kan k\u00f6pas p\u00e5 Arvika Turistcenter.<br>OBS! Nya riktlinjer som g\u00e4ller fr\u00e5n maj 2022 kan inneb\u00e4ra \u00e4ndringar f\u00f6r put and take vattnen i de olika FVOF. Kontakta oss p\u00e5  Arvika Turistcenter eller respektive FVOF f\u00f6r mer information. <\/p>\n\n\n\n<div class=\"wp-block-columns is-layout-flex wp-container-core-columns-is-layout-9d6595d7 wp-block-columns-is-layout-flex\">\n<div class=\"wp-block-column is-layout-flow wp-block-column-is-layout-flow\">\n<ul class=\"wp-block-list\">\n<li><strong>Bogens FVOF<\/strong><br>Sj\u00f6: \u00d6stra Stocketj\u00e4rn<\/li>\n\n\n\n<li><strong>Hillringsbergs FVOF<\/strong><br>Sj\u00f6: M\u00f6rttj\u00e4rn och R\u00f6dvattnet<\/li>\n\n\n\n<li><strong>Mangen-Treen FVOF<\/strong><br>Svarttj\u00e4rn<\/li>\n\n\n\n<li><strong>S\u00f6lje FVOF<\/strong><br>Sj\u00f6ar: \u00d6stra Spjuttj\u00e4rn, Sl\u00f6jtj\u00e4rn, M\u00f6rttj\u00e4rn<\/li>\n\n\n\n<li><strong>Yxesj\u00f6arnas FVOF<\/strong><br>Sj\u00f6ar: Kuvettj\u00e4rn, R\u00f6setj\u00e4rn, Bj\u00f6rtj\u00e4rn, N:a och S:a Svartingtj\u00e4rn<\/li>\n\n\n\n<li><strong>\u00d6rsj\u00f6arnas FVOF<\/strong><br>Sj\u00f6ar: Vasstj\u00e4rn, S:a och N:a \u00d6rsj\u00f6n, Svarttj\u00e4rn<\/li>\n<\/ul>\n<\/div>\n\n\n\n<div class=\"wp-block-column is-layout-flow wp-block-column-is-layout-flow\">\n<ul class=\"wp-block-list\">\n<li><strong>Flagornas FVOF<\/strong><\/li>\n\n\n\n<li><strong>Glafsfjordens FVOF<\/strong><\/li>\n\n\n\n<li><strong>Mangskogs\u00e4lvarnas FVOF<\/strong><\/li>\n\n\n\n<li><strong>Rackens FVOF<\/strong><\/li>\n\n\n\n<li><strong>R\u00e4nken FVOF<\/strong><\/li>\n\n\n\n<li><strong>S\u00f6dra Gunnarskog FVOF<\/strong><\/li>\n\n\n\n<li><strong>Stora Gla FVOF<\/strong><\/li>\n\n\n\n<li><strong>\u00d6vre Gla FVOF<\/strong><\/li>\n<\/ul>\n<\/div>\n<\/div>\n\n\n\n<div class=\"wp-block-atheme-component-collage-2 atheme-collage\"><div class=\"atheme-collage--double\"><div class=\"atheme-collage--image\" style=\"background-image:url( https:\/\/www.visitvarmland.com\/arvika\/wp-content\/uploads\/sites\/2\/2021\/08\/Namnlos-design-2021-08-31T161533.703.png )\"><div id=\"pAuLAhRDZndKjHuV\" class=\"atheme-collage--infobox\"><p><\/p><\/div><div class=\"atheme-collage--action\"><div class=\"atheme-collage--action-btn\" onclick=\"aToggleInfoBox('pAuLAhRDZndKjHuV')\"><i class=\"fal fa-ellipsis-h\"><\/i><\/div><\/div><\/div><div class=\"atheme-collage--image\" style=\"background-image:url( https:\/\/www.visitvarmland.com\/arvika\/wp-content\/uploads\/sites\/2\/2021\/08\/Namnlos-design-2021-08-31T160821.667.png )\"><div id=\"XzGujGtRkVXeYPop\" class=\"atheme-collage--infobox\"><p><\/p><\/div><div class=\"atheme-collage--action\"><div class=\"atheme-collage--action-btn\" onclick=\"aToggleInfoBox('XzGujGtRkVXeYPop')\"><i class=\"fal fa-ellipsis-h\"><\/i><\/div><\/div><\/div><\/div><\/div>\n\n\n\n<h2 class=\"wp-block-heading\">B\u00e5tuthyrning<\/h2>\n\n\n\n<p>Beh\u00f6ver du hyra en b\u00e5t g\u00e5r det att g\u00f6ra p\u00e5 f\u00f6ljande platser i kommunen:<\/p>\n\n\n\n<ul class=\"wp-block-list\">\n<li><strong>Ingestrands Camping<\/strong><br><a href=\"https:\/\/ingestrandscamping.se\/\" target=\"_blank\" rel=\"noopener\">www.ingestrandscamping.se<\/a><\/li>\n\n\n\n<li><strong>Glaskogens Naturreservat<\/strong><br><a href=\"https:\/\/glaskogen.se\/\" target=\"_blank\" rel=\"noopener\">www.glaskogen.se<\/a><\/li>\n\n\n\n<li><strong>H\u00e4lle Fishing Camp<br><\/strong><a href=\"https:\/\/www.hallefishingcamp.com\/\" target=\"_blank\" rel=\"noopener\">www.hallefishingcamp.com<\/a><\/li>\n\n\n\n<li><strong>Savolax<\/strong><br><a href=\"http:\/\/www.savolax.se\/en\/\" target=\"_blank\" rel=\"noopener\">www.savolax.se<\/a><\/li>\n\n\n\n<li><strong>Bowter<\/strong><br><a href=\"https:\/\/www.bowter.com\/\" target=\"_blank\" rel=\"noopener\">www.bowter.com<\/a><\/li>\n<\/ul>\n\n\n\n<div style=\"height:18px\" aria-hidden=\"true\" class=\"wp-block-spacer\"><\/div>\n\n\n\n<h2 class=\"wp-block-heading\">Fisketurer och Fiskecamp<\/h2>\n\n\n\n<p>K\u00f6p ett f\u00e4rdigt fiskepaket, eller ge dig ut tillsammans med en guide. F\u00f6ljande f\u00f6retag erbjuder n\u00e5got av alternativen. <br><\/p>\n\n\n\n<ul class=\"wp-block-list\">\n<li><strong>Arvika Adventures<\/strong><br>Guidade fisketurer.<br><a href=\"http:\/\/www.arvikaadventures.se\/sv\/\" target=\"_blank\" rel=\"noopener\">www.arvikaadventures.se<\/a><\/li>\n\n\n\n<li><strong>H\u00e4lle Fishing Camp<\/strong><br>Boende i stugor vid sj\u00f6n R\u00e4nken med tillg\u00e5ng till b\u00e5t. R\u00e4nken erbjuder fiske i toppklass.<br><a href=\"http:\/\/www.hallefishingcamp.com\/\" target=\"_blank\" rel=\"noopener\">www.hallefishingcamp.com<\/a><\/li>\n\n\n\n<li><strong>Fredros G\u00e5rd \/ Treens Camping<\/strong><br>Boende i stugor med tillg\u00e5ng till b\u00e5t och mycket goda fiskem\u00f6jligheter i den natursk\u00f6na Treen. <br><a href=\"https:\/\/www.treenscamping.se\/boende\/stuga\/\" target=\"_blank\" rel=\"noopener\">www.treenscamping.se<\/a><\/li>\n\n\n\n<li><strong>Ingestrands Camping<\/strong><br>Stugor vid Glafsfjordens strand och b\u00e5tuthyrning. Fiskepaket.<br><a href=\"https:\/\/ingestrandscamping.se\/\" target=\"_blank\" rel=\"noopener\">www.ingestrandscamping.se<\/a><\/li>\n\n\n\n<li><strong>Martin van Esch, fishing &amp; outdoors<\/strong><br>Guidade fisketurer<br><a href=\"https:\/\/www.martinvesch.com\/\" target=\"_blank\" rel=\"noopener\">https:\/\/www.martinvesch.com\/<\/a><br><br><\/li>\n<\/ul>\n\n\n\n<div class=\"wp-block-atheme-component-collage-2 atheme-collage\"><div class=\"atheme-collage--double\"><div class=\"atheme-collage--image\" style=\"background-image:url( https:\/\/www.visitvarmland.com\/arvika\/wp-content\/uploads\/sites\/2\/2021\/08\/fiske-glafsfjorden-aug-22.jpg )\"><div id=\"aSEYmSyztEKLBMsj\" class=\"atheme-collage--infobox\"><p><\/p><\/div><div class=\"atheme-collage--action\"><div class=\"atheme-collage--action-btn\" onclick=\"aToggleInfoBox('aSEYmSyztEKLBMsj')\"><i class=\"fal fa-ellipsis-h\"><\/i><\/div><\/div><\/div><div class=\"atheme-collage--image\" style=\"background-image:url( https:\/\/www.visitvarmland.com\/arvika\/wp-content\/uploads\/sites\/2\/2021\/08\/fiske-Fredros-Gard-scaled.jpg )\"><div id=\"GcqHLPmEQkQateIv\" class=\"atheme-collage--infobox\"><p><\/p><\/div><div class=\"atheme-collage--action\"><div class=\"atheme-collage--action-btn\" onclick=\"aToggleInfoBox('GcqHLPmEQkQateIv')\"><i class=\"fal fa-ellipsis-h\"><\/i><\/div><\/div><\/div><\/div><\/div>\n\n\n\n<h2 class=\"wp-block-heading\">Fiska som r\u00f6relsehindrad <\/h2>\n\n\n\n<p>Vid f\u00f6ljande platser finns handikappanpassade bryggor i Arvika:<\/p>\n\n\n\n<ul class=\"wp-block-list\">\n<li><strong>Ingestrands badplats<\/strong><\/li>\n\n\n\n<li><strong>Buvattnet, \u00d6vre Gla i Sigfridstorp<\/strong><\/li>\n\n\n\n<li><strong>R\u00e4mningstj\u00e4rn i Glaskogens Naturreservat<\/strong><br>H\u00e4r g\u00e4ller fiskekort f\u00f6r Glaskogen<br><\/li>\n<\/ul>\n\n\n\n<p>F\u00f6r dig som \u00f6nskar fiska \u00e4delfiske finns det handikappanpassade bryggor vid f\u00f6ljande put &amp; take vatten:<br><\/p>\n\n\n\n<ul class=\"wp-block-list\">\n<li><strong>\u00d6stra Stocketj\u00e4rn, Bogens FVOF<\/strong><\/li>\n\n\n\n<li><strong>Stora Bogtj\u00e4rn, Bortan &#8211; H\u00e4lgeboda FVOF<\/strong> (ej \u00e4delfiske sen 2022, men bryggan finns)<\/li>\n\n\n\n<li><strong>Svarttj\u00e4rn, Mangen Treens FVOF<\/strong> (Tiskaretj\u00e4rn ej \u00e4delfiske sen 2022, men bryggan finns)<\/li>\n\n\n\n<li>F\u00f6lj l\u00e4nken f\u00f6r en karta \u00f6ver platserna:<br><a href=\"https:\/\/drive.google.com\/open?id=1Bv_u87OxUpvNroXl6MfxvhHwYBG5MtmO&amp;usp=sharing\" target=\"_blank\" rel=\"noopener\">L\u00e4nk till karta<\/a><br>OBS! Nya riktlinjer som g\u00e4ller fr\u00e5n maj 2022 kan inneb\u00e4ra \u00e4ndringar f\u00f6r put and take vattnen i de olika FVOF. Kontakta oss p\u00e5 Arvika Turistcenter eller respektive FVOF f\u00f6r mer information.<\/li>\n<\/ul>\n\n\n\n<p>F\u00f6lj l\u00e4nken nedan f\u00f6r en Google Maps karta \u00f6ver alla handikappanpassade bryggor.<\/p>\n\n\n\n<div class=\"wp-block-atheme-component-action-button atheme-wrapper--action-button-single\"><a href=\"https:\/\/www.google.com\/maps\/d\/edit?mid=1Bv_u87OxUpvNroXl6MfxvhHwYBG5MtmO&amp;ll=59.746794870940874%2C12.608506699999982&amp;z=9\" target=\"_blank\" class=\"a-action a-action--arrow\" rel=\"noopener\"><span>Karta \u00f6ver handikappanpassade bryggor<\/span><\/a><\/div>\n\n\n\n<div class=\"wp-block-atheme-component-collage-2 atheme-collage\"><div class=\"atheme-collage--double\"><div class=\"atheme-collage--image\" style=\"background-image:url( https:\/\/www.visitvarmland.com\/arvika\/wp-content\/uploads\/sites\/2\/2023\/11\/Hostbild-okr-23-fran-Glaskogens-FB-650x500-1.jpg )\"><div id=\"nZFdxgGaBgINtZRs\" class=\"atheme-collage--infobox\"><p><\/p><\/div><div class=\"atheme-collage--action\"><div class=\"atheme-collage--action-btn\" onclick=\"aToggleInfoBox('nZFdxgGaBgINtZRs')\"><i class=\"fal fa-ellipsis-h\"><\/i><\/div><\/div><\/div><div class=\"atheme-collage--image\" style=\"background-image:url( https:\/\/www.visitvarmland.com\/arvika\/wp-content\/uploads\/sites\/2\/2021\/08\/Grillplats-med-bryggor-Buvattnet-Ovre-Gla.jpg )\"><div id=\"BmcUczezXVZMxATy\" class=\"atheme-collage--infobox\"><p><\/p><\/div><div class=\"atheme-collage--action\"><div class=\"atheme-collage--action-btn\" onclick=\"aToggleInfoBox('BmcUczezXVZMxATy')\"><i class=\"fal fa-ellipsis-h\"><\/i><\/div><\/div><\/div><\/div><\/div>\n\n\n\n<h2 class=\"wp-block-heading\">Fiskefolder<\/h2>\n\n\n\n<p>I v\u00e5r fiskefolder hittar du en karta \u00f6ver alla fiskev\u00e5rdsomr\u00e5den, priser f\u00f6r fiskekorten, samt en f\u00f6rteckning \u00f6ver fiskearterna i respektive fiskev\u00e5rdomr\u00e5de. Observera dock att priserna kan ha \u00e4ndrats sedan folden trycktes.<\/p>\n\n\n\n<div class=\"wp-block-atheme-component-action-button atheme-wrapper--action-button-single\"><a href=\"https:\/\/www.visitvarmland.com\/arvika\/wp-content\/uploads\/sites\/2\/2025\/06\/fiske_broschyr_2025.pdf\" target=\"_blank\" class=\"a-action a-action--arrow\" rel=\"noopener\"><span>Ladda ner fiskefolder<\/span><\/a><\/div>\n\n\n\n    <div class=\"cards-section-top\">\n                <h2>L\u00e4s mer<\/h2>\n        <a class=\"a-button\" href=\"https:\/\/visitvarmland.com\/aktiviteter?municipalities=arvika\">Se fler aktiviteter i Arvika<\/a>\n    <\/div>\n    <section class=\"cards-section-wrapper\">\n        <div class=\"cards-section-slide\">\n            <!-- Card wrapper -->\n<article class=\"a-card a-card--turid\" link-finder     >\n                <div class=\"a-card__image a-card--turid__image\">\n                <div class=\"bg-img\" style=\"background-image:url(https:\/\/img.turid.visitvarmland.com\/4bdb1251-27c3-437a-b244-6d7d5c47a41a\/arvika-adventures-pa-sjon-kvallssol.jpg?q=80&#038;fit=crop&#038;w=300&#038;h=210&#038;v=1&#038;);\"><\/div>\n            <\/div>\n                        <h2 class=\"a-card__title a-card--turid__title\"><a href=\"https:\/\/www.visitvarmland.com\/arvika\/aktiviteter\/fiska\/arrangerat\/guidad-fisketur-arvika-adventures\" data-no-translation>Guidad fisketur: Arvika Adventures<\/a><\/h2>\n                        <div class=\"a-card__content a-card--turid__content\">Under en guidad fisketur med Arvika Adventures kombineras&hellip;<\/div>\n                        <div class=\"a-card__bottom-wrapper a-card--turid__bottom-wrapper\" style=\"background-image:url();\">                            <div class=\"a-card__favorite a-card--turid__favorite\"><i class=\"fal fa-heart\"><\/i><\/div>\n                        <div class=\"a-card__tag a-card--turid__tag\"><!-- Button wrapper -->\n\n<a class=\"a-tag a-tag--small\" href=\"https:\/\/www.visitvarmland.com\/aktiviteter\/fiska\/arrangerat\" target=\"_self\">\n    <span class='a-card--divider'>Arrangerat<\/span>\n    <\/a><\/div>\n                        <\/div>\n            <\/article><!-- Card wrapper -->\n<article class=\"a-card a-card--turid\" link-finder     >\n                <div class=\"a-card__image a-card--turid__image\">\n                <div class=\"bg-img\" style=\"background-image:url(https:\/\/img.turid.visitvarmland.com\/95ed7685-aeb6-4f19-856b-1bf74ca6c2ca\/martin-van-esch-fiske-1.png?q=80&#038;fit=crop&#038;w=300&#038;h=210&#038;v=1&#038;);\"><\/div>\n            <\/div>\n                        <h2 class=\"a-card__title a-card--turid__title\"><a href=\"https:\/\/www.visitvarmland.com\/arvika\/aktiviteter\/fiska\/guidad-fisketur-martin-van-esch\" data-no-translation>Guidad fisketur: Martin van Esch<\/a><\/h2>\n                        <div class=\"a-card__content a-card--turid__content\">F\u00f6lj med p\u00e5 en fisketur p\u00e5 Glafsfjorden, V\u00e4rmeln&hellip;<\/div>\n                        <div class=\"a-card__bottom-wrapper a-card--turid__bottom-wrapper\" style=\"background-image:url();\">                            <div class=\"a-card__favorite a-card--turid__favorite\"><i class=\"fal fa-heart\"><\/i><\/div>\n                        <div class=\"a-card__tag a-card--turid__tag\"><!-- Button wrapper -->\n\n<a class=\"a-tag a-tag--small\" href=\"https:\/\/www.visitvarmland.com\/aktiviteter\/fiska\" target=\"_self\">\n    <span class='a-card--divider'>Fiska<\/span>\n    <\/a><\/div>\n                        <\/div>\n            <\/article><!-- Card wrapper -->\n<article class=\"a-card a-card--turid\" link-finder     >\n                <div class=\"a-card__image a-card--turid__image\">\n                <div class=\"bg-img\" style=\"background-image:url(https:\/\/img.turid.visitvarmland.com\/legacy\/Arvika\/Savolax%20b\u00e5t.jpeg?q=80&#038;fit=crop&#038;w=300&#038;h=210&#038;v=1&#038;);\"><\/div>\n            <\/div>\n                        <h2 class=\"a-card__title a-card--turid__title\"><a href=\"https:\/\/www.visitvarmland.com\/arvika\/aktiviteter\/fiska\/savolax-fiske\" data-no-translation>Savolax, fiske<\/a><\/h2>\n                        <div class=\"a-card__content a-card--turid__content\">Testa din fiskelycka i n\u00e5gon av de fina&hellip;<\/div>\n                        <div class=\"a-card__bottom-wrapper a-card--turid__bottom-wrapper\" style=\"background-image:url();\">                            <div class=\"a-card__favorite a-card--turid__favorite\"><i class=\"fal fa-heart\"><\/i><\/div>\n                        <div class=\"a-card__tag a-card--turid__tag\"><!-- Button wrapper -->\n\n<a class=\"a-tag a-tag--small\" href=\"https:\/\/www.visitvarmland.com\/aktiviteter\/fiska\" target=\"_self\">\n    <span class='a-card--divider'>Fiska<\/span>\n    <\/a><\/div>\n                        <\/div>\n            <\/article><!-- Card wrapper -->\n<article class=\"a-card a-card--turid\" link-finder     >\n                <div class=\"a-card__image a-card--turid__image\">\n                <div class=\"bg-img\" style=\"background-image:url(https:\/\/img.turid.visitvarmland.com\/17643176-bb1b-4dbc-8638-83afdc04a927\/bat-ingestrand-vivi-23.jpg?q=80&#038;fit=crop&#038;w=300&#038;h=210&#038;v=1&#038;);\"><\/div>\n            <\/div>\n                        <h2 class=\"a-card__title a-card--turid__title\"><a href=\"https:\/\/www.visitvarmland.com\/arvika\/aktiviteter\/batuthyrning-ingestrands-camping\" data-no-translation>B\u00e5tuthyrning, Ingestrands Camping<\/a><\/h2>\n                        <div class=\"a-card__content a-card--turid__content\">P\u00e5 Ingestrands Camping i Arvika kan du hyra&hellip;<\/div>\n                        <div class=\"a-card__bottom-wrapper a-card--turid__bottom-wrapper\" style=\"background-image:url();\">                            <div class=\"a-card__favorite a-card--turid__favorite\"><i class=\"fal fa-heart\"><\/i><\/div>\n                        <div class=\"a-card__tag a-card--turid__tag\"><!-- Button wrapper -->\n\n<a class=\"a-tag a-tag--small\" href=\"https:\/\/www.visitvarmland.com\/aktiviteter\/pa-vatten\" target=\"_self\">\n    <span class='a-card--divider'>P\u00e5 vatten<\/span>\n    <\/a><\/div>\n                        <\/div>\n            <\/article><!-- Card wrapper -->\n<article class=\"a-card a-card--turid\" link-finder     >\n                <div class=\"a-card__image a-card--turid__image\">\n                <div class=\"bg-img\" style=\"background-image:url(https:\/\/img.turid.visitvarmland.com\/legacy\/Arvika\/H\u00e4lle_1.JPG?q=80&#038;fit=crop&#038;w=300&#038;h=210&#038;v=1&#038;);\"><\/div>\n            <\/div>\n                        <h2 class=\"a-card__title a-card--turid__title\"><a href=\"https:\/\/www.visitvarmland.com\/arvika\/aktiviteter\/batuthyrning-halle-fishing-camp\" data-no-translation>B\u00e5tuthyrning, H\u00e4lle Fishing Camp<\/a><\/h2>\n                        <div class=\"a-card__content a-card--turid__content\">Uthyrning av b\u00e5tar vid sj\u00f6n R\u00e4nken, ca 35&hellip;<\/div>\n                        <div class=\"a-card__bottom-wrapper a-card--turid__bottom-wrapper\" style=\"background-image:url();\">                            <div class=\"a-card__favorite a-card--turid__favorite\"><i class=\"fal fa-heart\"><\/i><\/div>\n                        <div class=\"a-card__tag a-card--turid__tag\"><!-- Button wrapper -->\n\n<a class=\"a-tag a-tag--small\" href=\"https:\/\/www.visitvarmland.com\/aktiviteter\/pa-vatten\" target=\"_self\">\n    <span class='a-card--divider'>P\u00e5 vatten<\/span>\n    <\/a><\/div>\n                        <\/div>\n            <\/article><!-- Card wrapper -->\n<article class=\"a-card a-card--turid\" link-finder     >\n                <div class=\"a-card__image a-card--turid__image\">\n                <div class=\"bg-img\" style=\"background-image:url(https:\/\/img.turid.visitvarmland.com\/493ff2e9-31a7-4472-89b0-063808c746fc\/thumbnail-skarmavbild-2021-01-29-kl-092831.png?q=80&#038;fit=crop&#038;w=300&#038;h=210&#038;v=1&#038;);\"><\/div>\n            <\/div>\n                        <h2 class=\"a-card__title a-card--turid__title\"><a href=\"https:\/\/www.visitvarmland.com\/arvika\/aktiviteter\/bowter-batuthyrning\" data-no-translation>Bowter &#8211; b\u00e5tuthyrning<\/a><\/h2>\n                        <div class=\"a-card__content a-card--turid__content\">Ta en b\u00e5ttur med Bowters milj\u00f6v\u00e4nliga solcells-b\u00e5tar i&hellip;<\/div>\n                        <div class=\"a-card__bottom-wrapper a-card--turid__bottom-wrapper\" style=\"background-image:url();\">                            <div class=\"a-card__favorite a-card--turid__favorite\"><i class=\"fal fa-heart\"><\/i><\/div>\n                        <div class=\"a-card__tag a-card--turid__tag\"><!-- Button wrapper -->\n\n<a class=\"a-tag a-tag--small\" href=\"https:\/\/www.visitvarmland.com\/aktiviteter\/pa-vatten\" target=\"_self\">\n    <span class='a-card--divider'>P\u00e5 vatten<\/span>\n    <\/a><\/div>\n                        <\/div>\n            <\/article><!-- Card wrapper -->\n<article class=\"a-card a-card--turid\" link-finder     >\n                <div class=\"a-card__image a-card--turid__image\">\n                <div class=\"bg-img\" style=\"background-image:url(https:\/\/img.turid.visitvarmland.com\/f60e08f8-9d99-4484-ab65-68b4d02597d6\/glaskogen-bat-fiske.jpg?q=80&#038;fit=crop&#038;w=300&#038;h=210&#038;v=1&#038;);\"><\/div>\n            <\/div>\n                        <h2 class=\"a-card__title a-card--turid__title\"><a href=\"https:\/\/www.visitvarmland.com\/arvika\/aktiviteter\/batuthyrning-glaskogens-vildmarkscamping-and-infocenter\" data-no-translation>B\u00e5tuthyrning, Glaskogens Vildmarkscamping &#038; Infocenter<\/a><\/h2>\n                        <div class=\"a-card__content a-card--turid__content\">Ge dig ut p\u00e5 en roddtur &#8211; kanske&hellip;<\/div>\n                        <div class=\"a-card__bottom-wrapper a-card--turid__bottom-wrapper\" style=\"background-image:url();\">                            <div class=\"a-card__favorite a-card--turid__favorite\"><i class=\"fal fa-heart\"><\/i><\/div>\n                        <div class=\"a-card__tag a-card--turid__tag\"><!-- Button wrapper -->\n\n<a class=\"a-tag a-tag--small\" href=\"https:\/\/www.visitvarmland.com\/aktiviteter\/pa-vatten\" target=\"_self\">\n    <span class='a-card--divider'>P\u00e5 vatten<\/span>\n    <\/a><\/div>\n                        <\/div>\n            <\/article>        <\/div>\n        <button class=\"hero-scroll-icon section-scroll-side\" aria-label=\"Next\" aria-hidden=\"true\" tabindex=\"-1\">\n            <div class=\"pre-icon-dot\"><\/div>\n            <div class=\"pre-icon-dot\"><\/div>\n            <i class=\"fal fa-long-arrow-down\" aria-hidden=\"true\"><\/i>\n        <\/button>\n        <button class=\"hero-scroll-icon section-scroll-side-left section-scroll-side-left-hidden\" aria-label=\"Previous\" aria-hidden=\"true\" tabindex=\"-1\">\n            <div class=\"pre-icon-dot\"><\/div>\n            <div class=\"pre-icon-dot\"><\/div>\n            <i class=\"fal fa-long-arrow-down\" aria-hidden=\"true\"><\/i>\n        <\/button>\n    <\/section>\n\n\n\n\n\n<p><\/p>\n\n\n\n<p><\/p>\n\n\n\n    <div class=\"cards-section-top\">\n                <h2>Fiskepaket<\/h2>\n        <a class=\"a-button\" href=\"https:\/\/visitvarmland.com\/arvika\/tips-och-guider\/paketerade-upplevelser\/\">Fler paketerade upplevelser i Arvika<\/a>\n    <\/div>\n    <section class=\"cards-section-wrapper\">\n        <div class=\"cards-section-slide\">\n            <!-- Card wrapper -->\n<article class=\"a-card a-card--turid\" link-finder     >\n                <div class=\"a-card__image a-card--turid__image\">\n                <div class=\"bg-img\" style=\"background-image:url(https:\/\/img.turid.visitvarmland.com\/5d4230ef-853c-4268-9ba6-3f7b5c66e782\/fiske-ingestrands-camping.jpg?q=80&#038;fit=crop&#038;w=300&#038;h=210&#038;v=1&#038;);\"><\/div>\n            <\/div>\n                        <h2 class=\"a-card__title a-card--turid__title\"><a href=\"https:\/\/www.visitvarmland.com\/arvika\/aktiviteter\/fiska\/fiskepaket-ingestrands-camping\" data-no-translation>Fiskepaket &#8211; Ingestrands Camping<\/a><\/h2>\n                        <div class=\"a-card__content a-card--turid__content\">Ett fint paket f\u00f6r dig som vill testa&hellip;<\/div>\n                        <div class=\"a-card__bottom-wrapper a-card--turid__bottom-wrapper\" style=\"background-image:url();\">                            <div class=\"a-card__favorite a-card--turid__favorite\"><i class=\"fal fa-heart\"><\/i><\/div>\n                        <div class=\"a-card__tag a-card--turid__tag\"><!-- Button wrapper -->\n\n<a class=\"a-tag a-tag--small\" href=\"https:\/\/www.visitvarmland.com\/aktiviteter\/fiska\" target=\"_self\">\n    <span class='a-card--divider'>Fiska<\/span>\n    <\/a><\/div>\n                        <\/div>\n            <\/article><!-- Card wrapper -->\n<article class=\"a-card a-card--turid\" link-finder     >\n                <div class=\"a-card__image a-card--turid__image\">\n                <div class=\"bg-img\" style=\"background-image:url(https:\/\/img.turid.visitvarmland.com\/17643176-bb1b-4dbc-8638-83afdc04a927\/bat-ingestrand-vivi-23.jpg?q=80&#038;fit=crop&#038;w=300&#038;h=210&#038;v=1&#038;);\"><\/div>\n            <\/div>\n                        <h2 class=\"a-card__title a-card--turid__title\"><a href=\"https:\/\/www.visitvarmland.com\/arvika\/aktiviteter\/pa-vatten\/batpaket-ingestrands-camping\" data-no-translation>B\u00e5tpaket &#8211; Ingestrands Camping<\/a><\/h2>\n                        <div class=\"a-card__content a-card--turid__content\">Bo p\u00e5 Ingestrands familjecamping vid Glafsfjordens strand och&hellip;<\/div>\n                        <div class=\"a-card__bottom-wrapper a-card--turid__bottom-wrapper\" style=\"background-image:url();\">                            <div class=\"a-card__favorite a-card--turid__favorite\"><i class=\"fal fa-heart\"><\/i><\/div>\n                        <div class=\"a-card__tag a-card--turid__tag\"><!-- Button wrapper -->\n\n<a class=\"a-tag a-tag--small\" href=\"https:\/\/www.visitvarmland.com\/aktiviteter\/pa-vatten\" target=\"_self\">\n    <span class='a-card--divider'>P\u00e5 vatten<\/span>\n    <\/a><\/div>\n                        <\/div>\n            <\/article><!-- Card wrapper -->\n<article class=\"a-card a-card--turid\" link-finder     >\n                <div class=\"a-card__image a-card--turid__image\">\n                <div class=\"bg-img\" style=\"background-image:url(https:\/\/img.turid.visitvarmland.com\/ec4c9ece-481d-44a3-bbfa-a651fac082be\/stuga-8-treens-camping.jpg?q=80&#038;fit=crop&#038;w=300&#038;h=210&#038;v=1&#038;);\"><\/div>\n            <\/div>\n                        <h2 class=\"a-card__title a-card--turid__title\"><a href=\"https:\/\/www.visitvarmland.com\/arvika\/aktiviteter\/vandra\/3-dagars-rogivande-naturtrip-i-arvika-2\" data-no-translation>3-dagars rogivande naturtrip i Arvika<\/a><\/h2>\n                        <div class=\"a-card__content a-card--turid__content\">F\u00f6rslag p\u00e5 en kortsemester f\u00f6r tre dagar d\u00e4r&hellip;<\/div>\n                        <div class=\"a-card__bottom-wrapper a-card--turid__bottom-wrapper\" style=\"background-image:url();\">                            <div class=\"a-card__favorite a-card--turid__favorite\"><i class=\"fal fa-heart\"><\/i><\/div>\n                        <div class=\"a-card__tag a-card--turid__tag\"><!-- Button wrapper -->\n\n<a class=\"a-tag a-tag--small\" href=\"https:\/\/www.visitvarmland.com\/aktiviteter\/vandra\" target=\"_self\">\n    <span class='a-card--divider'>Vandra<\/span>\n    <\/a><\/div>\n                        <\/div>\n            <\/article>        <\/div>\n        <button class=\"hero-scroll-icon section-scroll-side\" aria-label=\"Next\" aria-hidden=\"true\" tabindex=\"-1\">\n            <div class=\"pre-icon-dot\"><\/div>\n            <div class=\"pre-icon-dot\"><\/div>\n            <i class=\"fal fa-long-arrow-down\" aria-hidden=\"true\"><\/i>\n        <\/button>\n        <button class=\"hero-scroll-icon section-scroll-side-left section-scroll-side-left-hidden\" aria-label=\"Previous\" aria-hidden=\"true\" tabindex=\"-1\">\n            <div class=\"pre-icon-dot\"><\/div>\n            <div class=\"pre-icon-dot\"><\/div>\n            <i class=\"fal fa-long-arrow-down\" aria-hidden=\"true\"><\/i>\n        <\/button>\n    <\/section>\n\n\n\n\n<div class=\"wp-block-image\">\n<figure class=\"aligncenter size-large is-resized\"><img loading=\"lazy\" decoding=\"async\" width=\"1024\" height=\"405\" src=\"https:\/\/www.visitvarmland.com\/arvika\/wp-content\/uploads\/sites\/2\/2025\/03\/Arvika_Payoff_BW-1024x405.jpg\" alt=\"\" class=\"wp-image-8873\" style=\"object-fit:contain;width:240px;height:180px\"\/><\/figure><\/div>","protected":false},"author":20,"featured_media":0,"parent":0,"menu_order":0,"template":"","class_list":["post-1946","themepage","type-themepage","status-publish","hentry"],"acf":[],"lang":"sv","translations":{"sv":1946,"en":8046},"pll_sync_post":[],"_links":{"self":[{"href":"https:\/\/www.visitvarmland.com\/arvika\/wp-json\/wp\/v2\/themepage\/1946","targetHints":{"allow":["GET"]}}],"collection":[{"href":"https:\/\/www.visitvarmland.com\/arvika\/wp-json\/wp\/v2\/themepage"}],"about":[{"href":"https:\/\/www.visitvarmland.com\/arvika\/wp-json\/wp\/v2\/types\/themepage"}],"author":[{"embeddable":true,"href":"https:\/\/www.visitvarmland.com\/arvika\/wp-json\/wp\/v2\/users\/20"}],"wp:attachment":[{"href":"https:\/\/www.visitvarmland.com\/arvika\/wp-json\/wp\/v2\/media?parent=1946"}],"curies":[{"name":"wp","href":"https:\/\/api.w.org\/{rel}","templated":true}]}}