{"id":726,"date":"2021-06-23T11:56:47","date_gmt":"2021-06-23T09:56:47","guid":{"rendered":"https:\/\/www.visitvarmland.com\/arvika\/?post_type=themepage&#038;p=726"},"modified":"2026-02-11T11:04:31","modified_gmt":"2026-02-11T10:04:31","slug":"boende-i-arvika","status":"publish","type":"themepage","link":"https:\/\/www.visitvarmland.com\/arvika\/tema-aktiviteter\/boende-i-arvika\/","title":{"rendered":"Boenden i Arvika"},"content":{"rendered":"\n<h3 class=\"wp-block-heading\">Hotell<\/h3>\n\n\n\n<p>I Arvika har du flera mysiga hotell att v\u00e4lja mellan.&nbsp;Bo bekv\u00e4mt i centrum med n\u00e4rhet till t\u00e5gstation, aff\u00e4rer och restauranger. D\u00e4r hittar du <em>Scandic Hotel, Home Hotel Bristol<\/em> och <em>Hotel Jennys<\/em>. F\u00f6rdrar du att bo p\u00e5 landet finns det familjev\u00e4nliga hotellet <em>Guesthouse Eleven B &amp; B<\/em> eller det charmiga <em>LifestyleStay Hotel Hageg\u00e5rden<\/em> &#8211; b\u00e5da utanf\u00f6r Arvika, n\u00e4ra naturen.<\/p>\n\n\n\n<div class=\"wp-block-atheme-component-action-button atheme-wrapper--action-button-single\"><a href=\"https:\/\/www.visitvarmland.com\/arvika\/hotell-i-arvika\/\" target=\"_blank\" class=\"a-action a-action--arrow\" rel=\"noopener\"><span>Se alla hotell<\/span><\/a><\/div>\n\n\n\n<div class=\"wp-block-atheme-component-collage-2 atheme-collage\"><div class=\"atheme-collage--double\"><div class=\"atheme-collage--image\" style=\"background-image:url( https:\/\/www.visitvarmland.com\/arvika\/wp-content\/uploads\/sites\/2\/2021\/06\/guesthouse.png )\"><div id=\"BlkVRTOhCuPTAHkk\" class=\"atheme-collage--infobox\"><p>Hos mysiga Guesthouse Eleven finns alltid mycket gott p\u00e5 menyn!<\/p><\/div><div class=\"atheme-collage--action\"><div class=\"atheme-collage--action-btn\"><i class=\"fal fa-ellipsis-h\"><\/i><\/div><\/div><\/div><div class=\"atheme-collage--image\" style=\"background-image:url( https:\/\/www.visitvarmland.com\/arvika\/wp-content\/uploads\/sites\/2\/2021\/06\/scandic.png )\"><div id=\"iXYsOkVrpKaQppfB\" class=\"atheme-collage--infobox\"><p>Scandic ligger centralt mitt i staden med n\u00e4rhet till shopping och restauranger.<\/p><\/div><div class=\"atheme-collage--action\"><div class=\"atheme-collage--action-btn\"><i class=\"fal fa-ellipsis-h\"><\/i><\/div><\/div><\/div><\/div><\/div>\n\n\n\n<h3 class=\"wp-block-heading\">Stugor och rum<\/h3>\n\n\n\n<p>Hyr din egen stuga f\u00f6r din vistelse i Arvika &#8211; de allra flesta ligger natursk\u00f6nt med n\u00e4rhet till vatten och skog. Du kan \u00e4ven boka din semesterstuga genom stugf\u00f6retaget Novasol. Vi har samlat de Novasol-stugor som finns i Arvika s\u00e5 att du l\u00e4tt kan hitta din favorit.<\/p>\n\n\n\n<div class=\"wp-block-atheme-component-action-button atheme-wrapper--action-button-single\"><a href=\"https:\/\/www.visitvarmland.com\/arvika\/stugor-och-rum\/\" target=\"_blank\" class=\"a-action a-action--arrow\" rel=\"noopener\"><span>Se stugor och rum<\/span><\/a><\/div>\n\n\n\n<div class=\"wp-block-atheme-component-collage-2 atheme-collage\"><div class=\"atheme-collage--double\"><div class=\"atheme-collage--image\" style=\"background-image:url( https:\/\/www.visitvarmland.com\/arvika\/wp-content\/uploads\/sites\/2\/2021\/06\/s45484_view_01_960x500px.jpg )\"><div id=\"BlkVRTOhCuPTAHkk\" class=\"atheme-collage--infobox\"><p><\/p><\/div><div class=\"atheme-collage--action\"><div class=\"atheme-collage--action-btn\"><i class=\"fal fa-ellipsis-h\"><\/i><\/div><\/div><\/div><div class=\"atheme-collage--image\" style=\"background-image:url( https:\/\/www.visitvarmland.com\/arvika\/wp-content\/uploads\/sites\/2\/2022\/01\/Algsjon-lilla-ute.jpg )\"><div id=\"iXYsOkVrpKaQppfB\" class=\"atheme-collage--infobox\"><p><\/p><\/div><div class=\"atheme-collage--action\"><div class=\"atheme-collage--action-btn\"><i class=\"fal fa-ellipsis-h\"><\/i><\/div><\/div><\/div><\/div><\/div>\n\n\n\n<h3 class=\"wp-block-heading\">Camping<\/h3>\n\n\n\n<p>I Arvika har du fyra fina campingar att v\u00e4lja mellan, alla med sin egen charm! Bo centralt n\u00e4ra staden p\u00e5 kommunens st\u00f6rsta camping &#8211; familjev\u00e4nliga <em>Ingestrands Camping<\/em>. Njut av Solnedg\u00e5ngen vid <em>S\u00f6lje Camping<\/em> n\u00e4ra Glaskogens Naturreservat. Spela discgolf och uppt\u00e4ck vildmarken p\u00e5 <em>Treens Camping<\/em> i Arvikas norra delar.<\/p>\n\n\n\n<p>En av Sveriges f\u00e5 vildmarkscampingar, <em>Glaskogens Vildmarkscamping<\/em>, hittar du i hj\u00e4rtat av Glaskogens Naturreservat. P\u00e5 den natursk\u00f6na campingen campar du med husvagn eller husbil p\u00e5 din egen lilla naturtomt med grillplats. L\u00e4s mer om de olika campingarna i v\u00e5r artikel <em><a href=\"https:\/\/www.visitvarmland.com\/arvika\/tips-och-guider\/campinggladje-i-arvika\/\">Campinggl\u00e4dje i Arvika<\/a><\/em>.<\/p>\n\n\n\n<div class=\"wp-block-atheme-component-action-button atheme-wrapper--action-button-single\"><a href=\"https:\/\/www.visitvarmland.com\/arvika\/camping\/\" target=\"_blank\" class=\"a-action a-action--arrow\" rel=\"noopener\"><span>Se alla campingplatser<\/span><\/a><\/div>\n\n\n\n<div class=\"wp-block-atheme-component-collage-2 atheme-collage\"><div class=\"atheme-collage--double\"><div class=\"atheme-collage--image\" style=\"background-image:url( https:\/\/www.visitvarmland.com\/arvika\/wp-content\/uploads\/sites\/2\/2023\/09\/Ingestrand-stuga-38.jpg )\"><div id=\"BlkVRTOhCuPTAHkk\" class=\"atheme-collage--infobox\"><p><\/p><\/div><div class=\"atheme-collage--action\"><div class=\"atheme-collage--action-btn\"><i class=\"fal fa-ellipsis-h\"><\/i><\/div><\/div><\/div><div class=\"atheme-collage--image\" style=\"background-image:url( https:\/\/www.visitvarmland.com\/arvika\/wp-content\/uploads\/sites\/2\/2021\/06\/Namnlos-design-37.png )\"><div id=\"iXYsOkVrpKaQppfB\" class=\"atheme-collage--infobox\"><p>I Glaskogens Naturreservat hittar du en av f\u00e5 vildmarkscampingar i Sverige.<\/p><\/div><div class=\"atheme-collage--action\"><div class=\"atheme-collage--action-btn\"><i class=\"fal fa-ellipsis-h\"><\/i><\/div><\/div><\/div><\/div><\/div>\n\n\n\n<h3 class=\"wp-block-heading\">St\u00e4llplatser<\/h3>\n\n\n\n<p>\u00c4r du p\u00e5 semester med husbil? I Arvika hittar du flera fina och natursk\u00f6na st\u00e4llplatser, de flesta bel\u00e4gna alldeles vid vattnet. Det finns \u00e4ven platser centralt n\u00e4ra den mysiga stadsk\u00e4rnan d\u00e4r du kan shoppa och njuta av fika och restaurangbes\u00f6k. L\u00e4s v\u00e5r artikel om <a href=\"https:\/\/www.visitvarmland.com\/arvika\/tips-och-guider\/stallplatser\/\">st\u00e4llplatser i Arvika<\/a> och hitta just din favoritplats.<\/p>\n\n\n\n<div class=\"wp-block-atheme-component-action-button atheme-wrapper--action-button-single\"><a href=\"https:\/\/www.visitvarmland.com\/arvika\/stallplatser-i-arvika\/\" target=\"_blank\" class=\"a-action a-action--arrow\" rel=\"noopener\"><span>Se alla st\u00e4llplatser<\/span><\/a><\/div>\n\n\n\n<div class=\"wp-block-atheme-component-collage-2 atheme-collage\"><div class=\"atheme-collage--double\"><div class=\"atheme-collage--image\" style=\"background-image:url( https:\/\/www.visitvarmland.com\/arvika\/wp-content\/uploads\/sites\/2\/2021\/06\/Namnlos-design-36.png )\"><div id=\"leEuqTzYFDDBjysL\" class=\"atheme-collage--infobox\"><p>Det finns flera fina st\u00e4llplatser runt om i kommunen.<\/p><\/div><div class=\"atheme-collage--action\"><div class=\"atheme-collage--action-btn\"><i class=\"fal fa-ellipsis-h\"><\/i><\/div><\/div><\/div><div class=\"atheme-collage--image\" style=\"background-image:url( https:\/\/www.visitvarmland.com\/arvika\/wp-content\/uploads\/sites\/2\/2021\/06\/Namnlos-design-40.png )\"><div id=\"fzvUateEMpnOSURt\" class=\"atheme-collage--infobox\"><p>Du hittar 12 st fina st\u00e4llplatser i Arvika Sm\u00e5b\u00e5tshamn med n\u00e4rhet till stadens centrum.<\/p><\/div><div class=\"atheme-collage--action\"><div class=\"atheme-collage--action-btn\"><i class=\"fal fa-ellipsis-h\"><\/i><\/div><\/div><\/div><\/div><\/div>\n\n\n\n<h3 class=\"wp-block-heading\">Vandrarhem<\/h3>\n\n\n\n<p>S\u00f6ker du ett enklare boende finns flera trevliga vandrarhem att v\u00e4lja mellan. Bo centralt i staden p\u00e5 <em>Go to Sleep<\/em>, eller kombinera vistelsen med en kanottur hos <em>Sandvikeng\u00e5rden<\/em> i Edane. Ta in p\u00e5 <em>Brunskogs Vandrarhem<\/em> och testa den lokala r\u00e4tten N\u00e4vgr\u00f6t &amp; Fl\u00e4sk p\u00e5 Brunskogs Hembygdsg\u00e5rd, eller stanna en natt p\u00e5 <em>Bruksg\u00e5rden<\/em> i Glava Glasbruk och uppt\u00e4ck den historiska milj\u00f6n och Glaskogens Naturreservat.  <\/p>\n\n\n\n<div class=\"wp-block-atheme-component-action-button atheme-wrapper--action-button-single\"><a href=\"https:\/\/www.visitvarmland.com\/arvika\/vandrarhem-i-arvika\/\" target=\"_blank\" class=\"a-action a-action--arrow\" rel=\"noopener\"><span>Se alla vandrarhem<\/span><\/a><\/div>\n\n\n\n<div class=\"wp-block-atheme-component-collage-2 atheme-collage\"><div class=\"atheme-collage--double\"><div class=\"atheme-collage--image\" style=\"background-image:url( https:\/\/www.visitvarmland.com\/arvika\/wp-content\/uploads\/sites\/2\/2021\/06\/Namnlos-design-39.png )\"><div id=\"leEuqTzYFDDBjysL\" class=\"atheme-collage--infobox\"><p>Vandrarhemmet Go to Sleep hittar du i centrala Arvika med n\u00e4rhet till shopping och restauranger.<\/p><\/div><div class=\"atheme-collage--action\"><div class=\"atheme-collage--action-btn\"><i class=\"fal fa-ellipsis-h\"><\/i><\/div><\/div><\/div><div class=\"atheme-collage--image\" style=\"background-image:url( https:\/\/www.visitvarmland.com\/arvika\/wp-content\/uploads\/sites\/2\/2021\/06\/brunskog.png )\"><div id=\"fzvUateEMpnOSURt\" class=\"atheme-collage--infobox\"><p>Fr\u00e5n Bunskogs Vandrarhem har du n\u00e4ra i till Brunskogs Hembygdsg\u00e5rd d\u00e4r det bland annat finns sommar\u00f6ppet caf\u00e9, smedja, keramikverkstad och handelsbod.<\/p><\/div><div class=\"atheme-collage--action\"><div class=\"atheme-collage--action-btn\"><i class=\"fal fa-ellipsis-h\"><\/i><\/div><\/div><\/div><\/div><\/div>\n\n\n\n<h3 class=\"wp-block-heading\">Unikt boende i kolarkoja<\/h3>\n\n\n\n<p>G\u00f6r din vistelse i Arvika lite extra speciell och v\u00e4lj att bo en natt i  kolarkojan p\u00e5 Brunskogs hembygdsg\u00e5rd. I en historisk milj\u00f6 vid V\u00e4rmelns strand ligger du p\u00e5 en granb\u00e4dd i en koja som kolare bodde f\u00f6r i tiden. <\/p>\n\n\n\n    <div class=\"cards-section-top\">\n                <h2>Kolarkojan<\/h2>\n        <a class=\"a-button\" href=\"https:\/\/www.visitvarmland.com\/arvika\/\">Tillbaka till startsidan<\/a>\n    <\/div>\n    <section class=\"cards-section-wrapper\">\n        <div class=\"cards-section-slide\">\n            <!-- Card wrapper -->\n<article class=\"a-card a-card--turid\" link-finder     >\n                <div class=\"a-card__image a-card--turid__image\">\n                <div class=\"bg-img\" style=\"background-image:url(https:\/\/img.turid.visitvarmland.com\/691d98e5-b96b-404c-8653-fbecba16dd18\/namnlos-design-24.png?q=80&#038;fit=crop&#038;w=300&#038;h=210&#038;v=1&#038;);\"><\/div>\n            <\/div>\n                        <h2 class=\"a-card__title a-card--turid__title\"><a data-no-translation href=\"https:\/\/www.visitvarmland.com\/arvika\/boende\/kolarkoja\">Kolarkoja<\/a><\/h2>\n                        <div class=\"a-card__content a-card--turid__content\">\u00d6vernatta p\u00e5 granb\u00e4dd i en gammaldags kolarkoja p\u00e5&hellip;<\/div>\n                        <div class=\"a-card__bottom-wrapper a-card--turid__bottom-wrapper\" style=\"background-image:url();\">                            <div class=\"a-card__favorite a-card--turid__favorite\"><i class=\"fal fa-heart\"><\/i><\/div>\n                        <div class=\"a-card__tag a-card--turid__tag\"><!-- Button wrapper -->\n\n<a class=\"a-tag a-tag--small\" href=\"https:\/\/www.visitvarmland.com\/boende\/unika-boenden\" target=\"_self\" >\n    <span class='a-card--divider'>Unika boenden<\/span>\n    <\/a><\/div>\n                        <\/div>\n            <\/article>        <\/div>\n        <button class=\"hero-scroll-icon section-scroll-side\" aria-label=\"Next\" aria-hidden=\"true\" tabindex=\"-1\">\n            <div class=\"pre-icon-dot\"><\/div>\n            <div class=\"pre-icon-dot\"><\/div>\n            <i class=\"fal fa-long-arrow-down\" aria-hidden=\"true\"><\/i>\n        <\/button>\n        <button class=\"hero-scroll-icon section-scroll-side-left section-scroll-side-left-hidden\" aria-label=\"Previous\" aria-hidden=\"true\" tabindex=\"-1\">\n            <div class=\"pre-icon-dot\"><\/div>\n            <div class=\"pre-icon-dot\"><\/div>\n            <i class=\"fal fa-long-arrow-down\" aria-hidden=\"true\"><\/i>\n        <\/button>\n    <\/section>\n\n\n\n\n\n<div class=\"wp-block-atheme-component-collage-2 atheme-collage\"><div class=\"atheme-collage--double\"><div class=\"atheme-collage--image\" style=\"background-image:url( https:\/\/www.visitvarmland.com\/arvika\/wp-content\/uploads\/sites\/2\/2023\/05\/kolarkojan_brunskog.jpg )\"><div id=\"leEuqTzYFDDBjysL\" class=\"atheme-collage--infobox\"><p><\/p><\/div><div class=\"atheme-collage--action\"><div class=\"atheme-collage--action-btn\"><i class=\"fal fa-ellipsis-h\"><\/i><\/div><\/div><\/div><div class=\"atheme-collage--image\" style=\"background-image:url( https:\/\/www.visitvarmland.com\/arvika\/wp-content\/uploads\/sites\/2\/2021\/06\/Kolarkoja-Brunskog-inne-redigerad.jpg )\"><div id=\"fzvUateEMpnOSURt\" class=\"atheme-collage--infobox\"><p><\/p><\/div><div class=\"atheme-collage--action\"><div class=\"atheme-collage--action-btn\"><i class=\"fal fa-ellipsis-h\"><\/i><\/div><\/div><\/div><\/div><\/div>\n\n\n<div class=\"wp-block-image\">\n<figure class=\"aligncenter size-large is-resized\"><img loading=\"lazy\" decoding=\"async\" width=\"1024\" height=\"405\" src=\"https:\/\/www.visitvarmland.com\/arvika\/wp-content\/uploads\/sites\/2\/2025\/03\/Arvika_Payoff_BW-1024x405.jpg\" alt=\"\" class=\"wp-image-8873\" style=\"object-fit:contain;width:240px;height:180px\" \/><\/figure><\/div>","protected":false},"author":20,"featured_media":0,"parent":0,"menu_order":0,"template":"","class_list":["post-726","themepage","type-themepage","status-publish","hentry"],"acf":[],"lang":"sv","translations":{"sv":726,"en":7739},"pll_sync_post":[],"_links":{"self":[{"href":"https:\/\/www.visitvarmland.com\/arvika\/wp-json\/wp\/v2\/themepage\/726","targetHints":{"allow":["GET"]}}],"collection":[{"href":"https:\/\/www.visitvarmland.com\/arvika\/wp-json\/wp\/v2\/themepage"}],"about":[{"href":"https:\/\/www.visitvarmland.com\/arvika\/wp-json\/wp\/v2\/types\/themepage"}],"author":[{"embeddable":true,"href":"https:\/\/www.visitvarmland.com\/arvika\/wp-json\/wp\/v2\/users\/20"}],"wp:attachment":[{"href":"https:\/\/www.visitvarmland.com\/arvika\/wp-json\/wp\/v2\/media?parent=726"}],"curies":[{"name":"wp","href":"https:\/\/api.w.org\/{rel}","templated":true}]}}