{"id":4937,"date":"2024-12-13T14:46:10","date_gmt":"2024-12-13T13:46:10","guid":{"rendered":"https:\/\/www.visitvarmland.com\/corporate\/?post_type=activity&#038;p=4937"},"modified":"2024-12-13T14:46:11","modified_gmt":"2024-12-13T13:46:11","slug":"infotraff-om-digitala-guider","status":"publish","type":"activity","link":"https:\/\/www.visitvarmland.com\/corporate\/aktiviteter\/infotraff-om-digitala-guider\/","title":{"rendered":"Infotr\u00e4ff om Digitala guider"},"content":{"rendered":"\n<p>Vi bjuder in till ett kort infom\u00f6te f\u00f6r att prata om framtidens guidade turer och hur digitala l\u00f6sningar kan g\u00f6ra det \u00e4nnu enklare och roligare f\u00f6r bes\u00f6kare att uppt\u00e4cka allt fantastiskt som just din verksamhet har att erbjuda.<\/p>\n\n\n\n<p>Under m\u00f6tet delar vi v\u00e5ra tankar och id\u00e9er, men vi vill ocks\u00e5 h\u00f6ra dina!<br>Det \u00e4r din insikt och dina behov som hj\u00e4lper oss att bygga en skalbar l\u00f6sning som kan g\u00f6ra stor skillnad.<\/p>\n\n\n\n<p>Efter m\u00f6tet skickar vi ut en kort enk\u00e4t d\u00e4r du kan bidra med \u00e4nnu fler id\u00e9er.<\/p>\n\n\n\n<p>M\u00f6tet sker digitalt 17\/12 11:00-11:15<\/p>\n\n\n\n<p>Vid intresse, kontakta Jessica p\u00e5 jessica.carlsson@visitvarmland.com<\/p>\n","protected":false},"author":380,"featured_media":4938,"template":"","class_list":["post-4937","activity","type-activity","status-publish","has-post-thumbnail","hentry"],"acf":[],"lang":"sv","translations":{"sv":4937},"pll_sync_post":[],"_links":{"self":[{"href":"https:\/\/www.visitvarmland.com\/corporate\/wp-json\/wp\/v2\/activity\/4937","targetHints":{"allow":["GET"]}}],"collection":[{"href":"https:\/\/www.visitvarmland.com\/corporate\/wp-json\/wp\/v2\/activity"}],"about":[{"href":"https:\/\/www.visitvarmland.com\/corporate\/wp-json\/wp\/v2\/types\/activity"}],"author":[{"embeddable":true,"href":"https:\/\/www.visitvarmland.com\/corporate\/wp-json\/wp\/v2\/users\/380"}],"wp:featuredmedia":[{"embeddable":true,"href":"https:\/\/www.visitvarmland.com\/corporate\/wp-json\/wp\/v2\/media\/4938"}],"wp:attachment":[{"href":"https:\/\/www.visitvarmland.com\/corporate\/wp-json\/wp\/v2\/media?parent=4937"}],"curies":[{"name":"wp","href":"https:\/\/api.w.org\/{rel}","templated":true}]}}