{"id":6930,"date":"2026-01-26T11:22:09","date_gmt":"2026-01-26T10:22:09","guid":{"rendered":"https:\/\/www.visitvarmland.com\/corporate\/?post_type=activity&#038;p=6930"},"modified":"2026-03-03T15:48:23","modified_gmt":"2026-03-03T14:48:23","slug":"testa-nasta-niva-av-ai-vi-soker-tva-foretag","status":"publish","type":"activity","link":"https:\/\/www.visitvarmland.com\/corporate\/aktiviteter\/testa-nasta-niva-av-ai-vi-soker-tva-foretag\/","title":{"rendered":"Testa AI i mailkorgen \u2013 vi s\u00f6ker fem f\u00f6retag!"},"content":{"rendered":"\n<figure class=\"wp-block-image size-large is-resized\"><img loading=\"lazy\" decoding=\"async\" width=\"1024\" height=\"256\" src=\"https:\/\/www.visitvarmland.com\/app\/uploads\/sites\/20\/2025\/10\/Finansiarer-ERU-1024x256.png\" alt=\"\" class=\"wp-image-6668\" style=\"width:437px;height:auto\" srcset=\"https:\/\/www.visitvarmland.com\/app\/uploads\/sites\/20\/2025\/10\/Finansiarer-ERU-1024x256.png 1024w, https:\/\/www.visitvarmland.com\/app\/uploads\/sites\/20\/2025\/10\/Finansiarer-ERU-300x75.png 300w, https:\/\/www.visitvarmland.com\/app\/uploads\/sites\/20\/2025\/10\/Finansiarer-ERU-768x192.png 768w, https:\/\/www.visitvarmland.com\/app\/uploads\/sites\/20\/2025\/10\/Finansiarer-ERU-150x38.png 150w, https:\/\/www.visitvarmland.com\/app\/uploads\/sites\/20\/2025\/10\/Finansiarer-ERU-600x150.png 600w, https:\/\/www.visitvarmland.com\/app\/uploads\/sites\/20\/2025\/10\/Finansiarer-ERU.png 1200w\" sizes=\"auto, (max-width: 1024px) 100vw, 1024px\" \/><\/figure>\n\n\n\n<h1 class=\"wp-block-heading\"><strong>Vill du se hur AI kan frig\u00f6ra tid direkt i din mailkorg?<\/strong><\/h1>\n\n\n\n<p>Vi testar nu en tj\u00e4nst d\u00e4r AI hj\u00e4lper dig i inkorgen och automatiskt f\u00f6resl\u00e5r svar p\u00e5 inkommande mail \u2013 s\u00e5 att du kan l\u00e4gga mer tid p\u00e5 g\u00e4ster, f\u00f6rs\u00e4ljning, utveckling eller andra viktiga delar av verksamheten.<br><strong>Tj\u00e4nsten \u00e4r utvecklad av AiPiX, som specialiserar sig p\u00e5 att skapa konkreta, anv\u00e4ndbara AI\u2011l\u00f6sningar f\u00f6r verksamheter med h\u00f6gt service- och kommunikationstryck.<br><\/strong><br><strong>Tj\u00e4nsten genererar f\u00e4rdiga svar som hamnar i utkorgen. D\u00e4r kan du granska, justera och anpassa formuleringarna innan de skickas vidare. Du v\u00e4ljer sj\u00e4lv vilken tonalitet svaren ska ha, s\u00e5 att kommunikationen k\u00e4nns personlig och helt i linje med er verksamhet.<\/strong><\/p>\n\n\n\n<hr class=\"wp-block-separator has-alpha-channel-opacity\" \/>\n\n\n\n<h2 class=\"wp-block-heading\"><strong>F\u00f6ruts\u00e4ttningar f\u00f6r att delta i piloten<\/strong><\/h2>\n\n\n\n<p><strong>Testperiod:<\/strong><br>3 m\u00e5nader (beroende p\u00e5 s\u00e4song, men senast avslutad testperiod oktober 2026)<\/p>\n\n\n\n<ul class=\"wp-block-list\">\n<li>Deltagande f\u00f6retag anv\u00e4nder tv\u00e5 externa AI\u2011tj\u00e4nster till <strong>sj\u00e4lvkostnadspris<\/strong><\/li>\n\n\n\n<li>Den totala kostnaden \u00e4r <strong>cirka 600 kr per m\u00e5nad<\/strong>, med <strong>1 m\u00e5nads upps\u00e4gningstid<\/strong><\/li>\n\n\n\n<li><strong>AiPiX st\u00f6ttar er med planering, installation och uppstart<\/strong><\/li>\n\n\n\n<li>B\u00e5da AI\u2011tj\u00e4nsterna kan avslutas n\u00e4r som helst med <strong>1 m\u00e5nads upps\u00e4gningstid<\/strong><\/li>\n<\/ul>\n\n\n\n<p><strong>Antal platser:<\/strong><br>Vi s\u00f6ker <strong>fem f\u00f6retag<\/strong> som vill vara f\u00f6rst ut att prova.<\/p>\n\n\n\n<hr class=\"wp-block-separator has-alpha-channel-opacity\" \/>\n\n\n\n<h2 class=\"wp-block-heading\"><strong>Vem passar piloten f\u00f6r?<\/strong><\/h2>\n\n\n\n<p>Piloten \u00e4r framtagen f\u00f6r verksamheter som f\u00e5r m\u00e5nga fr\u00e5gor via mail, har h\u00f6gt tryck under s\u00e4song eller vill minska tiden som g\u00e5r \u00e5t till upprepade eller administrativa uppgifter. S\u00e4rskilt relevant f\u00f6r:<\/p>\n\n\n\n<ul class=\"wp-block-list\">\n<li>bes\u00f6ksn\u00e4ring och upplevelsef\u00f6retag<\/li>\n\n\n\n<li>s\u00e4songsverksamheter<\/li>\n\n\n\n<li>reception, kundservice eller bokning<\/li>\n<\/ul>\n\n\n\n<hr class=\"wp-block-separator has-alpha-channel-opacity\" \/>\n\n\n\n<h2 class=\"wp-block-heading\"><strong>Varf\u00f6r testa AI i inkorgen?<\/strong><\/h2>\n\n\n\n<p>Med hj\u00e4lp av AI kan du:<\/p>\n\n\n\n<ul class=\"wp-block-list\">\n<li><strong>Spara tid<\/strong> p\u00e5 \u00e5terkommande mail<\/li>\n\n\n\n<li><strong>H\u00e5lla en j\u00e4mn och professionell tonalitet<\/strong><\/li>\n\n\n\n<li><strong>Ge snabbare svar<\/strong> till kunder och g\u00e4ster<\/li>\n\n\n\n<li><strong>Avlasta personalen<\/strong> under perioder med h\u00f6gt tryck<\/li>\n<\/ul>\n\n\n\n<p>Du godk\u00e4nner alltid svaren innan de skickas \u2013 AI fungerar som ett st\u00f6d, inte en ers\u00e4ttare.<\/p>\n\n\n\n<hr class=\"wp-block-separator has-alpha-channel-opacity\" \/>\n\n\n\n<h2 class=\"wp-block-heading\"><strong>Vill du vara f\u00f6rst ut att testa?<\/strong><\/h2>\n\n\n\n<p><strong>Anm\u00e4l ditt intresse genom att fylla i formul\u00e4ret.<\/strong><\/p>\n\n\n\n<h3 class=\"wp-block-heading\">Viktigt att veta<\/h3>\n\n\n\n<p>Insatsen \u00e4r EU\u2011finansierad och kr\u00e4ver att ett de\u2011minimisintyg signeras, l\u00e4s mer om intygen<a href=\"https:\/\/www.visitvarmland.com\/corporate\/kunskapsbank\/stodtjanster\/\" data-type=\"link\" data-id=\"https:\/\/www.visitvarmland.com\/corporate\/kunskapsbank\/stodtjanster\/\"> h\u00e4r<\/a><\/p>\n\n\n\n<p>Deminimis skickas ut av Visit V\u00e4rmland efter \u00f6verenskommelse. <\/p>\n","protected":false},"author":380,"featured_media":6939,"template":"","class_list":["post-6930","activity","type-activity","status-publish","has-post-thumbnail","hentry"],"acf":[],"lang":"sv","translations":{"sv":6930},"pll_sync_post":[],"_links":{"self":[{"href":"https:\/\/www.visitvarmland.com\/corporate\/wp-json\/wp\/v2\/activity\/6930","targetHints":{"allow":["GET"]}}],"collection":[{"href":"https:\/\/www.visitvarmland.com\/corporate\/wp-json\/wp\/v2\/activity"}],"about":[{"href":"https:\/\/www.visitvarmland.com\/corporate\/wp-json\/wp\/v2\/types\/activity"}],"author":[{"embeddable":true,"href":"https:\/\/www.visitvarmland.com\/corporate\/wp-json\/wp\/v2\/users\/380"}],"wp:featuredmedia":[{"embeddable":true,"href":"https:\/\/www.visitvarmland.com\/corporate\/wp-json\/wp\/v2\/media\/6939"}],"wp:attachment":[{"href":"https:\/\/www.visitvarmland.com\/corporate\/wp-json\/wp\/v2\/media?parent=6930"}],"curies":[{"name":"wp","href":"https:\/\/api.w.org\/{rel}","templated":true}]}}