{"id":6981,"date":"2026-02-10T09:18:38","date_gmt":"2026-02-10T08:18:38","guid":{"rendered":"https:\/\/www.visitvarmland.com\/corporate\/?post_type=activity&#038;p=6981"},"modified":"2026-04-23T09:08:38","modified_gmt":"2026-04-23T07:08:38","slug":"vill-ni-testa-alma-upptack-ett-verktyg-som-samlar-allt-pa-samma-plats","status":"publish","type":"activity","link":"https:\/\/www.visitvarmland.com\/corporate\/aktiviteter\/vill-ni-testa-alma-upptack-ett-verktyg-som-samlar-allt-pa-samma-plats\/","title":{"rendered":"Testa utbildning- och kommunikationsverktyget ALMA!"},"content":{"rendered":"\n<p>ALMA \u00e4r ett digitalt verktyg fr\u00e5n Kodfolk, utvecklat f\u00f6r verksamheter med exempelvis m\u00e5nga tillf\u00e4lliga eller s\u00e4songsanst\u00e4llda. H\u00e4r samlas all kommunikation, information och arbetsmaterial \u2013 s\u00e5 att alla vet vad som g\u00e4ller, i r\u00e4tt tid. Du slipper spridda tr\u00e5dar i olika appar och f\u00e5r i st\u00e4llet en gemensam kanal f\u00f6r uppdateringar, instruktioner och dialog.<\/p>\n\n\n\n<p>ALMA skapar struktur fr\u00e5n onboarding till daglig drift och ger b\u00e5de nya och befintliga medarbetare en tydlig start. Verktyget passar s\u00e4rskilt bra f\u00f6r verksamheter d\u00e4r m\u00e5nga beh\u00f6ver n\u00e5s av samma information, som event, s\u00e4songsverksamheter, museer och upplevelsemilj\u00f6er.<\/p>\n\n\n\n<p>Utvecklat i dialog med akt\u00f6rer som V\u00e4rmlands museum och Vildmark i V\u00e4rmland.<\/p>\n\n\n\n<p><strong>Med ALMA kan du:<\/strong><\/p>\n\n\n\n<ul class=\"wp-block-list\">\n<li>n\u00e5 ut med uppdateringar till r\u00e4tt personer i r\u00e4tt tid<\/li>\n\n\n\n<li>samla instruktioner, dokument och dialog i samma fl\u00f6de<\/li>\n\n\n\n<li>skapa struktur med checklistor och riktade notiser<\/li>\n\n\n\n<li>anv\u00e4nda AI f\u00f6r att snabbt hitta r\u00e4tt information<\/li>\n<\/ul>\n\n\n\n<p>Intresserad av att testa ALMA under fyra m\u00e5nader 2026? Ett begr\u00e4nsat antal platser finns. Kontakta <a>Pernilla.bredberg@visitvarmland.com<\/a>. Som testpilot f\u00f6rv\u00e4ntas du bidra med feedback efter testperioden.<\/p>\n\n\n\n<p>Insatsen \u00e4r EU-finansierad och kr\u00e4ver ett de-minimisintyg, som skickas ut av Visit V\u00e4rmland efter \u00f6verenskommelse.<\/p>\n","protected":false},"author":380,"featured_media":6982,"template":"","class_list":["post-6981","activity","type-activity","status-publish","has-post-thumbnail","hentry"],"acf":[],"lang":"sv","translations":{"sv":6981},"pll_sync_post":[],"_links":{"self":[{"href":"https:\/\/www.visitvarmland.com\/corporate\/wp-json\/wp\/v2\/activity\/6981","targetHints":{"allow":["GET"]}}],"collection":[{"href":"https:\/\/www.visitvarmland.com\/corporate\/wp-json\/wp\/v2\/activity"}],"about":[{"href":"https:\/\/www.visitvarmland.com\/corporate\/wp-json\/wp\/v2\/types\/activity"}],"author":[{"embeddable":true,"href":"https:\/\/www.visitvarmland.com\/corporate\/wp-json\/wp\/v2\/users\/380"}],"wp:featuredmedia":[{"embeddable":true,"href":"https:\/\/www.visitvarmland.com\/corporate\/wp-json\/wp\/v2\/media\/6982"}],"wp:attachment":[{"href":"https:\/\/www.visitvarmland.com\/corporate\/wp-json\/wp\/v2\/media?parent=6981"}],"curies":[{"name":"wp","href":"https:\/\/api.w.org\/{rel}","templated":true}]}}