{"id":7155,"date":"2026-04-22T09:34:52","date_gmt":"2026-04-22T07:34:52","guid":{"rendered":"https:\/\/www.visitvarmland.com\/corporate\/?post_type=activity&#038;p=7155"},"modified":"2026-04-23T09:18:58","modified_gmt":"2026-04-23T07:18:58","slug":"se-hur-ai-kan-ta-hand-om-din-inkorg-live","status":"publish","type":"activity","link":"https:\/\/www.visitvarmland.com\/corporate\/aktiviteter\/se-hur-ai-kan-ta-hand-om-din-inkorg-live\/","title":{"rendered":"Se hur AI kan ta hand om din inkorg \u2013 live"},"content":{"rendered":"<div class=\"wp-block-image\">\n<figure class=\"aligncenter size-large is-resized\"><img loading=\"lazy\" decoding=\"async\" width=\"1024\" height=\"256\" src=\"https:\/\/www.visitvarmland.com\/app\/uploads\/sites\/20\/2025\/10\/Finansiarer-ERU-1024x256.png\" alt=\"\" class=\"wp-image-6668\" style=\"width:425px;height:auto\" srcset=\"https:\/\/www.visitvarmland.com\/app\/uploads\/sites\/20\/2025\/10\/Finansiarer-ERU-1024x256.png 1024w, https:\/\/www.visitvarmland.com\/app\/uploads\/sites\/20\/2025\/10\/Finansiarer-ERU-300x75.png 300w, https:\/\/www.visitvarmland.com\/app\/uploads\/sites\/20\/2025\/10\/Finansiarer-ERU-768x192.png 768w, https:\/\/www.visitvarmland.com\/app\/uploads\/sites\/20\/2025\/10\/Finansiarer-ERU-150x38.png 150w, https:\/\/www.visitvarmland.com\/app\/uploads\/sites\/20\/2025\/10\/Finansiarer-ERU-600x150.png 600w, https:\/\/www.visitvarmland.com\/app\/uploads\/sites\/20\/2025\/10\/Finansiarer-ERU.png 1200w\" sizes=\"auto, (max-width: 1024px) 100vw, 1024px\" \/><\/figure><\/div>\n\n\n<p>Vill du l\u00e4gga mindre tid p\u00e5 e-post och samtidigt ge snabbare, mer professionella svar? Under detta webinar f\u00e5r du en konkret inblick i hur AI och smart automation kan effektivisera din vardag.<\/p>\n\n\n\n<p><strong>Dessutom f\u00e5r du chansen att sj\u00e4lv testa l\u00f6sningen i tre m\u00e5nader.<\/strong><\/p>\n\n\n\n<p>Tillsammans med AiPix Sweden AB bjuder vi in till ett webinar d\u00e4r vi visar hur tekniken fungerar i praktiken \u2013 och d\u00e4r du sj\u00e4lv f\u00e5r prova hur din e-posthantering kan bli b\u00e5de enklare och mer effektiv.<\/p>\n\n\n\n<h3 class=\"wp-block-heading\">Det h\u00e4r f\u00e5r du med dig<\/h3>\n\n\n\n<p> F\u00f6r dig inom bes\u00f6ksn\u00e4ringen som vill:<br>\u2022 Frig\u00f6ra arbetstid i vardagen (kapa tiden f\u00f6r manuell e-posthantering med upp till 80 %)<br>\u2022 F\u00e5 b\u00e4ttre struktur och sortering p\u00e5 inkommande mejl och f\u00f6rfr\u00e5gningar<br>\u2022 Ge snabbare, tydligare och mer professionella svar<\/p>\n\n\n\n<p>Du f\u00e5r ta del av en live-demo, konkreta exempel och m\u00f6jlighet att sj\u00e4lv testa hur l\u00f6sningen fungerar i din egen verksamhet.<\/p>\n\n\n\n<p><strong>Datum:<\/strong> Onsdag 29 april<br><strong>Tid:<\/strong> 10:00-11:00<br><strong>Plats:<\/strong> Online<\/p>\n\n\n\n<p class=\"has-large-font-size\"><strong>Efter webinariet ges fem f\u00f6retag m\u00f6jlighet att g\u00e5 vidare och testa l\u00f6sningen i sin egen verksamhet under tre m\u00e5nader.<\/strong><\/p>\n\n\n\n<h3 class=\"wp-block-heading\"><strong>Testperiod:<\/strong> 3 m\u00e5nader (beroende p\u00e5 s\u00e4song, men senast avslutad testperiod oktober 2026)<\/h3>\n\n\n\n<ul class=\"wp-block-list\">\n<li>Deltagande f\u00f6retag anv\u00e4nder tv\u00e5 externa AI\u2011tj\u00e4nster till&nbsp;<strong>sj\u00e4lvkostnadspris<\/strong>, den totala kostnaden \u00e4r&nbsp;<strong>cirka 600 kr per m\u00e5nad<\/strong>, med&nbsp;<strong>1 m\u00e5nads upps\u00e4gningstid<\/strong><\/li>\n\n\n\n<li><strong>AiPiX st\u00f6ttar er med planering, installation och uppstart<\/strong><\/li>\n\n\n\n<li>B\u00e5da AI\u2011tj\u00e4nsterna kan avslutas n\u00e4r som helst med&nbsp;<strong>1 m\u00e5nads upps\u00e4gningstid<\/strong><\/li>\n<\/ul>\n\n\n\n<p>Deltagandet r\u00e4knas som ett s\u00e5 kallat de minimis-st\u00f6d, vilket inneb\u00e4r att ditt f\u00f6retag beh\u00f6ver uppfylla EU:s regler f\u00f6r statligt st\u00f6d. Det inneb\u00e4r bland annat att det finns ett tak f\u00f6r hur mycket st\u00f6d ett f\u00f6retag kan ta emot under en tre\u00e5rsperiod, och att tidigare erh\u00e5llet st\u00f6d beh\u00f6ver redovisas, l\u00e4s mer h\u00e4r &#8211; <a href=\"https:\/\/www.visitvarmland.com\/corporate\/kunskapsbank\/stodtjanster\/\">St\u00f6dtj\u00e4nster f\u00f6r f\u00f6retagare &#8211; Visit V\u00e4rmland Corporat<\/a><br>Deminimis skicka ut efter \u00f6verenskommelse med Visit V\u00e4rmland. <\/p>\n\n\n\n<p><\/p>\n\n\n\n<hr class=\"wp-block-separator has-alpha-channel-opacity\" \/>\n\n\n\n<h3 class=\"wp-block-heading\">Anm\u00e4l dig<\/h3>\n\n\n\n<p>S\u00e4kra din plats och ta f\u00f6rsta steget mot en mer effektiv arbetsdag.<\/p>\n\n\n\n<p><\/p>\n","protected":false},"author":380,"featured_media":7157,"template":"","class_list":["post-7155","activity","type-activity","status-publish","has-post-thumbnail","hentry"],"acf":[],"lang":"sv","translations":{"sv":7155},"pll_sync_post":[],"_links":{"self":[{"href":"https:\/\/www.visitvarmland.com\/corporate\/wp-json\/wp\/v2\/activity\/7155","targetHints":{"allow":["GET"]}}],"collection":[{"href":"https:\/\/www.visitvarmland.com\/corporate\/wp-json\/wp\/v2\/activity"}],"about":[{"href":"https:\/\/www.visitvarmland.com\/corporate\/wp-json\/wp\/v2\/types\/activity"}],"author":[{"embeddable":true,"href":"https:\/\/www.visitvarmland.com\/corporate\/wp-json\/wp\/v2\/users\/380"}],"wp:featuredmedia":[{"embeddable":true,"href":"https:\/\/www.visitvarmland.com\/corporate\/wp-json\/wp\/v2\/media\/7157"}],"wp:attachment":[{"href":"https:\/\/www.visitvarmland.com\/corporate\/wp-json\/wp\/v2\/media?parent=7155"}],"curies":[{"name":"wp","href":"https:\/\/api.w.org\/{rel}","templated":true}]}}