{"id":7187,"date":"2026-04-28T09:27:18","date_gmt":"2026-04-28T07:27:18","guid":{"rendered":"https:\/\/www.visitvarmland.com\/corporate\/?post_type=activity&#038;p=7187"},"modified":"2026-04-28T09:27:55","modified_gmt":"2026-04-28T07:27:55","slug":"lagerelden-som-bransle-for-systeminnovation","status":"publish","type":"activity","link":"https:\/\/www.visitvarmland.com\/corporate\/aktiviteter\/lagerelden-som-bransle-for-systeminnovation\/","title":{"rendered":"L\u00e4gerelden som br\u00e4nsle f\u00f6r systeminnovation"},"content":{"rendered":"\n<p>L\u00e4gerelden som br\u00e4nsle f\u00f6r systeminnovation tar avstamp i Bruksort 2.0 och bjuder in till ett samtal om hur demokrati, kultur, tillit och m\u00f6tesplatser kan bli verklig kraft i utvecklingen av attraktiva och h\u00e5llbara platser. Genom ber\u00e4ttelse, poesi, dialog och ett kreativt gruppmoment utforskar vi vad som h\u00e5ller ihop en plats, vad som skapar framtidstro och hur lokala erfarenheter kan bidra till st\u00f6rre samh\u00e4llsf\u00f6rflyttning.<\/p>\n\n\n\n<p>N\u00e4r: Torsdagen 4 juni<br>Tid: 09:00-12:00<br>Plats: Karlstadrummet, Bibliotekshuset<\/p>\n\n\n\n<h2 class=\"wp-block-heading\">Syfte<\/h2>\n\n\n\n<p>Syftet med tr\u00e4ffen \u00e4r att \u00f6ppna ett rum f\u00f6r inspiration, reflektion och gemensamt utforskande kring vad som f\u00e5r m\u00e4nniskor att vilja leva, delta och stanna kvar i en plats. Med avstamp i Bruksort 2.0 vill vi dela erfarenheter fr\u00e5n ett arbete d\u00e4r ber\u00e4ttelser, framtidsbilder, kultur och kreativitet f\u00e5tt forma riktningen fram\u00e5t.<\/p>\n\n\n\n<h2 class=\"wp-block-heading\">M\u00e5lgrupp<\/h2>\n\n\n\n<p>Tr\u00e4ffen riktar sig till kommuner, bruksorter, civilsamh\u00e4lle, kulturakt\u00f6rer, f\u00f6retag, forskare och andra som arbetar med eller engagerar sig i platsutveckling, lokal demokrati och framtidsfr\u00e5gor. Den passar s\u00e4rskilt f\u00f6r personer som vill utforska hur m\u00f6tesplatser, samverkan och lokal kultur kan st\u00e4rka attraktiva samh\u00e4llen.<\/p>\n\n\n\n<h2 class=\"wp-block-heading\">Deltagarnytta<\/h2>\n\n\n\n<p>Deltagarna f\u00e5r med sig nya perspektiv p\u00e5 vad som h\u00e5ller ihop en plats, inspiration fr\u00e5n Bruksort 2.0:s arbetss\u00e4tt och en konkret impuls att t\u00e4nka vidare i sin egen kontext. Genom ber\u00e4ttelsen, poesin och det kreativa momentet f\u00e5r de spr\u00e5k, bilder och id\u00e9er att ta vidare i arbetet med sin egen plats.<\/p>\n","protected":false},"author":380,"featured_media":7188,"template":"","class_list":["post-7187","activity","type-activity","status-publish","has-post-thumbnail","hentry"],"acf":[],"lang":"sv","translations":{"sv":7187},"pll_sync_post":[],"_links":{"self":[{"href":"https:\/\/www.visitvarmland.com\/corporate\/wp-json\/wp\/v2\/activity\/7187","targetHints":{"allow":["GET"]}}],"collection":[{"href":"https:\/\/www.visitvarmland.com\/corporate\/wp-json\/wp\/v2\/activity"}],"about":[{"href":"https:\/\/www.visitvarmland.com\/corporate\/wp-json\/wp\/v2\/types\/activity"}],"author":[{"embeddable":true,"href":"https:\/\/www.visitvarmland.com\/corporate\/wp-json\/wp\/v2\/users\/380"}],"wp:featuredmedia":[{"embeddable":true,"href":"https:\/\/www.visitvarmland.com\/corporate\/wp-json\/wp\/v2\/media\/7188"}],"wp:attachment":[{"href":"https:\/\/www.visitvarmland.com\/corporate\/wp-json\/wp\/v2\/media?parent=7187"}],"curies":[{"name":"wp","href":"https:\/\/api.w.org\/{rel}","templated":true}]}}