{"id":3783,"date":"2023-10-05T13:18:01","date_gmt":"2023-10-05T11:18:01","guid":{"rendered":"https:\/\/www.visitvarmland.com\/corporate\/?page_id=3783"},"modified":"2025-04-16T16:33:41","modified_gmt":"2025-04-16T14:33:41","slug":"innovationssupporten","status":"publish","type":"page","link":"https:\/\/www.visitvarmland.com\/corporate\/kunskapsbank\/innovationssupporten\/","title":{"rendered":"Innovationssupporten"},"content":{"rendered":"\n<p><\/p>\n\n\n\n<div class=\"wp-block-buttons is-content-justification-center is-layout-flex wp-container-core-buttons-is-layout-16018d1d wp-block-buttons-is-layout-flex\">\n<div class=\"wp-block-button\"><a class=\"wp-block-button__link wp-element-button\" href=\"#inspiration\">Inspiration<\/a><\/div>\n\n\n\n<div class=\"wp-block-button\"><a class=\"wp-block-button__link wp-element-button\" href=\"#support\">Innovationssupporten<\/a><\/div>\n\n\n\n<div class=\"wp-block-button\"><a class=\"wp-block-button__link wp-element-button\" href=\"#verktyg\">Verktyg<\/a><\/div>\n\n\n\n<div class=\"wp-block-button\"><a class=\"wp-block-button__link wp-element-button\" href=\"#metod\">Metod f\u00f6r innovationsarbete<\/a><\/div>\n\n\n\n<div class=\"wp-block-button\"><a class=\"wp-block-button__link wp-element-button\" href=\"#stod\">St\u00f6d och projekt att s\u00f6ka<\/a><\/div>\n<\/div>\n\n\n\n<p><\/p>\n\n\n\n<hr class=\"wp-block-separator has-alpha-channel-opacity\"\/>\n\n\n\n<h2 class=\"wp-block-heading\" id=\"inspiration\">Inspiration<\/h2>\n\n\n\n<p>H\u00e4r av vi samlat f\u00f6rslag p\u00e5 tj\u00e4nster som g\u00e5r att ans\u00f6ka via st\u00f6dsystemet, som kan st\u00f6tta dig och ditt f\u00f6retag i din utvecklingsresa. Vill du ha mer inspiration om hur f\u00f6retag har anv\u00e4nt st\u00f6d f\u00f6r att utveckla sin verksamhet, l\u00e4s mer h\u00e4r<\/p>\n\n\n\n<div class=\"wp-block-buttons is-content-justification-center is-layout-flex wp-container-core-buttons-is-layout-16018d1d wp-block-buttons-is-layout-flex\">\n<div class=\"wp-block-button\"><a class=\"wp-block-button__link has-text-align-center wp-element-button\" href=\"https:\/\/www.visitvarmland.com\/corporate\/projekt\/innovationsarenor-besoksnaringen-varmland\/\">V\u00e4rml\u00e4ndsk innovationsinspiration <\/a><\/div>\n<\/div>\n\n\n\n<details class=\"wp-block-details is-layout-flow wp-block-details-is-layout-flow\"><summary>L\u00e4s mer<\/summary>\n<p><\/p>\n\n\n\n<h4 class=\"wp-block-heading\">R\u00e5dgivning inom immateriella r\u00e4ttigheter<\/h4>\n\n\n\n<p>Under r\u00e5dgivningen kommer kunden att f\u00e5 grundl\u00e4ggande information om immateriella tillg\u00e5ngar, s\u00e4rskilt fokus p\u00e5 de som inte kan registreras, och som \u00e4r viktiga f\u00f6r f\u00f6retagare att ha kunskap om. R\u00e5dgivningen ska anpassas efter kundens erfarenhetsniv\u00e5 och bransch. Innan r\u00e5dgivningen \u00e4r det bra om kunden g\u00e5tt igenom PRV:s onlineskola f\u00f6r att \u00f6ka sin kunskap inom omr\u00e5det.&nbsp;<\/p>\n\n\n\n<h4 class=\"wp-block-heading\">Strategi kring Immateriella tillg\u00e5ngar<\/h4>\n\n\n\n<p>Kunden f\u00e5r hj\u00e4lp med att utveckla en strategi som fokuserar p\u00e5 hur man kan anv\u00e4nda immateriella tillg\u00e5ngar som ett verktyg f\u00f6r att skapa v\u00e4rde i f\u00f6retaget, baserat p\u00e5 f\u00f6retagets specifika f\u00f6ruts\u00e4ttningar. Strategin b\u00f6r tydligt visa aktiviteter utifr\u00e5n kundens nul\u00e4ge, \u00f6nskel\u00e4ge och omv\u00e4rldsfaktorer, och \u00e4r n\u00e4ra kopplad till f\u00f6retagets huvudsakliga aff\u00e4rsplan.&nbsp;<\/p>\n\n\n\n<h4 class=\"wp-block-heading\">Marknads- och konkurrensanalys<\/h4>\n\n\n\n<p>Kunden f\u00e5r hj\u00e4lp med att genomf\u00f6ra en marknads- och konkurrensanalys som visar p\u00e5 vilka konkurrenter som finns regionalt, nationellt samt internationellt. Resultatet kan anv\u00e4ndas f\u00f6r att f\u00f6rst\u00e5 marknadsdynamiken, samt vad som kan vara viktiga aspekter f\u00f6r att skapa en differentiering med kundens erbjudande.&nbsp;<\/p>\n\n\n\n<h4 class=\"wp-block-heading\">Framtagning av visuellt koncept<\/h4>\n\n\n\n<p>Kunden f\u00e5r hj\u00e4lp med att ta fram ett visuellt koncept som visualiserar en id\u00e9 eller ett behov som kunden har. &nbsp;<\/p>\n\n\n\n<h4 class=\"wp-block-heading\">Branding<\/h4>\n\n\n\n<p>Kunden f\u00e5r hj\u00e4lp med att ta fram ett formspr\u00e5k och logga som kan anv\u00e4ndas i allt externt material. &nbsp;<\/p>\n\n\n\n<h4 class=\"wp-block-heading\">R\u00e5dgivning inom informationss\u00e4kerhet<\/h4>\n\n\n\n<p>Kunden f\u00e5r hj\u00e4lp med r\u00e5dgivning inom informationss\u00e4kerhet, GDPR och andra generella regelverk som p\u00e5verkar kunden. R\u00e5dgivningen \u00e4r anpassad utifr\u00e5n kundens mognadsgrad och bransch.&nbsp;<\/p>\n\n\n\n<h4 class=\"wp-block-heading\">Digital marknadsf\u00f6ring<\/h4>\n\n\n\n<p>Kunden f\u00e5r hj\u00e4lp med att ta fram en strategi f\u00f6r digital marknadsf\u00f6ring. Strategin utg\u00e5r fr\u00e5n kundens erbjudande och m\u00e5lgrupper och tar utifr\u00e5n det fram hur kunden kan arbeta aktivt med digital marknadsf\u00f6ring.&nbsp;<\/p>\n<\/details>\n\n\n\n<hr class=\"wp-block-separator has-css-opacity\"\/>\n\n\n\n<h2 class=\"wp-block-heading has-text-align-left\" id=\"support\">Innovationssupporten \u2013 bes\u00f6ksn\u00e4ringens egen spr\u00e5ngbr\u00e4da<\/h2>\n\n\n\n<p class=\"has-text-align-left\">Har du en id\u00e9 eller ett behov? D\u00e5 finns Innovationssupporten h\u00e4r f\u00f6r dig. Innovationssupporten st\u00f6ttar bes\u00f6ksn\u00e4ringsf\u00f6retag och entrepren\u00f6rer som har innovativa id\u00e9er som kan l\u00f6sa viktiga behov i bes\u00f6ksn\u00e4ringen i V\u00e4rmland inom exempelvis gr\u00f6n omst\u00e4llning eller digitalisering. Vi st\u00f6ttar b\u00e5de nya id\u00e9er som kan utvecklas och befintliga produkter och tj\u00e4nster som kan innoveras, st\u00e4llas om och till\u00e4mpas p\u00e5 nya s\u00e4tt. En f\u00f6ruts\u00e4ttning f\u00f6r att du ska kunna ta del av Innovationssupportens tj\u00e4nster \u00e4r att din id\u00e9 l\u00f6ser ett faktiskt behov.<\/p>\n\n\n\n<p>H\u00e4r kan du g\u00f6ra en intresseanm\u00e4lan s\u00e5 tittar vi tillsammans p\u00e5 vilka tj\u00e4nster som kan vara aktuella f\u00f6r dig och ditt f\u00f6retag.<\/p>\n\n\n\n<iframe loading=\"lazy\" class=\"airtable-embed\" src=\"https:\/\/airtable.com\/embed\/shrPXIe2q20tEFlQQ?backgroundColor=purple\" frameborder=\"0\" onmousewheel=\"\" width=\"100%\" height=\"533\" style=\"background: transparent; border: 1px solid #ccc;\"><\/iframe>\n\n\n\n<hr class=\"wp-block-separator has-css-opacity\"\/>\n\n\n\n<h2 class=\"wp-block-heading\" id=\"verktyg\">Verktyg<\/h2>\n\n\n\n<p><\/p>\n\n\n<div class=\"wp-block-image\">\n<figure class=\"aligncenter size-large\"><img loading=\"lazy\" decoding=\"async\" width=\"1024\" height=\"503\" src=\"https:\/\/www.visitvarmland.com\/corporate\/wp-content\/uploads\/sites\/20\/2022\/08\/PF-forsattsbild-1024x503.png\" alt=\"Grafisk bild med testen Passionsf\u00f6rs\u00e4kring\" class=\"wp-image-2210\" srcset=\"https:\/\/www.visitvarmland.com\/app\/uploads\/sites\/20\/2022\/08\/PF-forsattsbild-1024x503.png 1024w, https:\/\/www.visitvarmland.com\/app\/uploads\/sites\/20\/2022\/08\/PF-forsattsbild-300x147.png 300w, https:\/\/www.visitvarmland.com\/app\/uploads\/sites\/20\/2022\/08\/PF-forsattsbild-768x377.png 768w, https:\/\/www.visitvarmland.com\/app\/uploads\/sites\/20\/2022\/08\/PF-forsattsbild-1536x754.png 1536w, https:\/\/www.visitvarmland.com\/app\/uploads\/sites\/20\/2022\/08\/PF-forsattsbild-2048x1005.png 2048w, https:\/\/www.visitvarmland.com\/app\/uploads\/sites\/20\/2022\/08\/PF-forsattsbild-150x74.png 150w, https:\/\/www.visitvarmland.com\/app\/uploads\/sites\/20\/2022\/08\/PF-forsattsbild-600x294.png 600w\" sizes=\"auto, (max-width: 1024px) 100vw, 1024px\" \/><\/figure><\/div>\n\n\n<p><\/p>\n\n\n\n<h3 class=\"wp-block-heading\">Passionsf\u00f6rs\u00e4kring &#8211; S\u00e4kra din passion i 3 enkla steg<\/h3>\n\n\n\n<p>Som egenf\u00f6retagare med mycket att g\u00f6ra \u00e4r det l\u00e4tt att fastna i nuet, och d\u00e4rf\u00f6r \u00e4r det viktigt att blicka fram\u00e5t f\u00f6r att trygga sin verksamhet. Det finns s\u00e4tt att f\u00f6rs\u00e4kra framtiden f\u00f6r verksamheten, och g\u00f6ra den l\u00e5ngsiktigt attraktiv f\u00f6r g\u00e4sterna och motst\u00e5ndskraftig f\u00f6r ov\u00e4ntade v\u00e4deromslag.<\/p>\n\n\n\n<div class=\"wp-block-buttons is-horizontal is-content-justification-center is-layout-flex wp-container-core-buttons-is-layout-499968f5 wp-block-buttons-is-layout-flex\">\n<div class=\"wp-block-button\"><a class=\"wp-block-button__link has-svart-color has-text-color wp-element-button\" href=\"https:\/\/www.visitvarmland.com\/corporate\/verktygslador\/affars-och-produktutvecklingsprocesser\/passionsforsakring\/\">Passionsf\u00f6rs\u00e4kringen<\/a><\/div>\n<\/div>\n\n\n\n<h3 class=\"wp-block-heading\">Aktivitet<\/h3>\n\n\n\n<ul class=\"wp-block-list\">\n<li>10 augusti 2022 &#8211; 31 oktober 2024: <strong><a href=\"https:\/\/www.visitvarmland.com\/corporate\/aktiviteter\/passionsforsakring-sakra-din-passion-i-3-enkla-steg\/\" data-type=\"URL\" data-id=\"https:\/\/www.visitvarmland.com\/corporate\/aktiviteter\/passionsforsakring-sakra-din-passion-i-3-enkla-steg\/\" target=\"_blank\" rel=\"noreferrer noopener\">Passionsf\u00f6rs\u00e4kring \u2013 S\u00e4kra din passion i 3 enkla steg<\/a><\/strong><\/li>\n<\/ul>\n\n\n\n<p><\/p>\n\n\n<div class=\"wp-block-image\">\n<figure class=\"aligncenter size-large\"><img loading=\"lazy\" decoding=\"async\" width=\"1024\" height=\"566\" src=\"https:\/\/www.visitvarmland.com\/corporate\/wp-content\/uploads\/sites\/20\/2023\/10\/Ska\u0308rmavbild-2023-10-20-kl.-16.00.46-1024x566.png\" alt=\"\" class=\"wp-image-3899\" srcset=\"https:\/\/www.visitvarmland.com\/app\/uploads\/sites\/20\/2023\/10\/Ska\u0308rmavbild-2023-10-20-kl.-16.00.46-1024x566.png 1024w, https:\/\/www.visitvarmland.com\/app\/uploads\/sites\/20\/2023\/10\/Ska\u0308rmavbild-2023-10-20-kl.-16.00.46-300x166.png 300w, https:\/\/www.visitvarmland.com\/app\/uploads\/sites\/20\/2023\/10\/Ska\u0308rmavbild-2023-10-20-kl.-16.00.46-768x424.png 768w, https:\/\/www.visitvarmland.com\/app\/uploads\/sites\/20\/2023\/10\/Ska\u0308rmavbild-2023-10-20-kl.-16.00.46-1536x848.png 1536w, https:\/\/www.visitvarmland.com\/app\/uploads\/sites\/20\/2023\/10\/Ska\u0308rmavbild-2023-10-20-kl.-16.00.46-2048x1131.png 2048w, https:\/\/www.visitvarmland.com\/app\/uploads\/sites\/20\/2023\/10\/Ska\u0308rmavbild-2023-10-20-kl.-16.00.46-18x10.png 18w, https:\/\/www.visitvarmland.com\/app\/uploads\/sites\/20\/2023\/10\/Ska\u0308rmavbild-2023-10-20-kl.-16.00.46-150x83.png 150w, https:\/\/www.visitvarmland.com\/app\/uploads\/sites\/20\/2023\/10\/Ska\u0308rmavbild-2023-10-20-kl.-16.00.46-600x331.png 600w\" sizes=\"auto, (max-width: 1024px) 100vw, 1024px\" \/><\/figure><\/div>\n\n\n<p><\/p>\n\n\n\n<h3 class=\"wp-block-heading\">Be Digital<\/h3>\n\n\n\n<p>Uppt\u00e4ck de 9 digitala motorerna, g\u00f6r snabbkollen och j\u00e4mf\u00f6r ditt f\u00f6retag med andra &#8211; v\u00e4lkommen till Be digitals digitaliseringsguide!<\/p>\n\n\n\n<div class=\"wp-block-buttons is-horizontal is-content-justification-center is-layout-flex wp-container-core-buttons-is-layout-499968f5 wp-block-buttons-is-layout-flex\">\n<div class=\"wp-block-button\"><a class=\"wp-block-button__link has-svart-color has-text-color wp-element-button\" href=\"https:\/\/be-digital.se\/\" target=\"_blank\" rel=\"noreferrer noopener\">Be Digital<\/a><\/div>\n<\/div>\n\n\n\n<hr class=\"wp-block-separator has-alpha-channel-opacity\"\/>\n\n\n\n<h2 class=\"wp-block-heading\" id=\"metod\">Metod och verktyg f\u00f6r innovationsarbete<\/h2>\n\n\n\n<p>H\u00e4r hittar du fyra metoder och verktyg som du kan anv\u00e4nda dig av f\u00f6r att komma ig\u00e5ng med ditt innovationsarbete, hitta nya infallsvinklar och f\u00f6r att ge din utveckling en skjuts fram\u00e5t.<\/p>\n\n\n\n<h4 class=\"wp-block-heading\">\u00d6vning: Behov<\/h4>\n\n\n\n<p>En \u00f6vning f\u00f6r en grupp om tre personer d\u00e4r ni turas om att coacha, observat\u00f6r och vara kund.<\/p>\n\n\n\n<div class=\"wp-block-atheme-component-action-button atheme-wrapper--action-button-single\"><a href=\"https:\/\/www.visitvarmland.com\/corporate\/wp-content\/uploads\/sites\/20\/2023\/10\/Bilaga-5.1-1.-BEHOV-2.jpg\" target=\"_blank\" class=\"a-action a-action--download\" rel=\"noopener\"><span>\u00d6vning: Behov \u2013 aktivt lyssnande<\/span><\/a><\/div>\n\n\n\n<h4 class=\"wp-block-heading\">\u00d6vning: Samverkan<\/h4>\n\n\n\n<p>Vilka personer utanf\u00f6r din organisation kan det vara bra att ha mer k\u00e4nnedom om? En \u00f6vning i att lyfta blicken.<\/p>\n\n\n\n<div class=\"wp-block-atheme-component-action-button atheme-wrapper--action-button-single\"><a href=\"https:\/\/www.visitvarmland.com\/corporate\/wp-content\/uploads\/sites\/20\/2023\/10\/Bilaga-5.3-3.-SAMVERKAN-2.jpg\" target=\"_blank\" class=\"a-action a-action--download\" rel=\"noopener\"><span>\u00d6vning: Kartl\u00e4gg ditt ekosystem<\/span><\/a><\/div>\n\n\n\n<h4 class=\"wp-block-heading\">\u00d6vning: Vision<\/h4>\n\n\n\n<p>En \u00f6vning som man kan g\u00f6ra ensam eller i en grupp. L\u00e4s texten, lyssna p\u00e5 en l\u00e5t och skriv ner hur visionen kommer till er.<\/p>\n\n\n\n<div class=\"wp-block-atheme-component-action-button atheme-wrapper--action-button-single\"><a href=\"https:\/\/www.visitvarmland.com\/corporate\/wp-content\/uploads\/sites\/20\/2023\/10\/Bilaga-5.2-2.-VISION-2.jpg\" target=\"_blank\" class=\"a-action a-action--download\" rel=\"noopener\"><span>\u00d6vning: Vision \u2013 Dr\u00f6mresan<\/span><\/a><\/div>\n\n\n\n<h4 class=\"wp-block-heading\">\u00d6vning: Testa<\/h4>\n\n\n\n<p>N\u00e4r du b\u00f6rjar skapa id\u00e9er \u00e4r det bra att s\u00e5 snabbt som m\u00f6jligt l\u00e5ta testa id\u00e9erna.<\/p>\n\n\n\n<div class=\"wp-block-atheme-component-action-button atheme-wrapper--action-button-single\"><a href=\"https:\/\/www.visitvarmland.com\/corporate\/wp-content\/uploads\/sites\/20\/2023\/10\/Bilaga-5.4-4.-TESTA-2.jpg\" target=\"_blank\" class=\"a-action a-action--download\" rel=\"noopener\"><span>\u00d6vning: Testa \u2013 Tre snabba tester<\/span><\/a><\/div>\n\n\n\n<hr class=\"wp-block-separator has-alpha-channel-opacity\"\/>\n\n\n\n<h2 class=\"wp-block-heading\" id=\"stod\">St\u00f6d och projekt att s\u00f6ka<\/h2>\n\n\n\n<p>H\u00e4r finns samlad information om st\u00f6d som g\u00e5r att s\u00f6ka f\u00f6r de v\u00e4rml\u00e4ndska bes\u00f6ksn\u00e4ringsf\u00f6retagen. Vill du ha st\u00f6d i ans\u00f6kningsprocessen, kontakta Innovationssupporten!<\/p>\n\n\n\n<div class=\"wp-block-buttons is-layout-flex wp-block-buttons-is-layout-flex\">\n<div class=\"wp-block-button\"><a class=\"wp-block-button__link wp-element-button\" href=\"https:\/\/www.regionvarmland.se\/regionvarmland\/utveckling-tillvaxt\/projektmedel-bidrag-och-foretagsstod\/regionala-foretagsstod\" target=\"_blank\" rel=\"noreferrer noopener\">Region V\u00e4rmland<\/a><\/div>\n\n\n\n<div class=\"wp-block-button\"><a class=\"wp-block-button__link wp-element-button\" href=\"https:\/\/www.energimyndigheten.se\/om-oss\/stod-och-bidrag-att-soka-pa-energiomradet\/\" target=\"_blank\" rel=\"noreferrer noopener\">Energimyndigheten<\/a><\/div>\n\n\n\n<div class=\"wp-block-button\"><a class=\"wp-block-button__link wp-element-button\" href=\"https:\/\/www.naturvardsverket.se\/Klimatklivet\/\" target=\"_blank\" rel=\"noreferrer noopener\">Naturv\u00e5rdsverket<\/a><\/div>\n\n\n\n<div class=\"wp-block-button\"><a class=\"wp-block-button__link wp-element-button\" href=\"https:\/\/www.almi.se\/\" target=\"_blank\" rel=\"noreferrer noopener\">Almi f\u00f6retagspartner<\/a><\/div>\n\n\n\n<div class=\"wp-block-button\"><a class=\"wp-block-button__link wp-element-button\" href=\"https:\/\/www.visitvarmland.com\/corporate\/tips-och-guider\/innovationssupport\/\" target=\"_blank\" rel=\"noreferrer noopener\">Visit V\u00e4rmlands innovationssupport <\/a><\/div>\n<\/div>\n\n\n\n<p><\/p>\n\n\n\n<div class=\"wp-block-atheme-component-action-button atheme-wrapper--action-button-single\"><a href=\"https:\/\/www.visitvarmland.com\/corporate\/projekt\/innovationsarenor-besoksnaringen-varmland\/\" target=\"_self\" class=\"a-action a-action--arrow\" rel=\"noopener\"><span>Tillbaka till Innovationsarenor Bes\u00f6ksn\u00e4ringen<\/span><\/a><\/div>\n\n\n<div class=\"wp-block-image\">\n<figure class=\"aligncenter size-large\"><img loading=\"lazy\" decoding=\"async\" width=\"885\" height=\"150\" src=\"https:\/\/www.visitvarmland.com\/corporate\/wp-content\/uploads\/sites\/20\/2023\/08\/Loggor-samlade.png\" alt=\"\" class=\"wp-image-3655\" srcset=\"https:\/\/www.visitvarmland.com\/app\/uploads\/sites\/20\/2023\/08\/Loggor-samlade.png 885w, https:\/\/www.visitvarmland.com\/app\/uploads\/sites\/20\/2023\/08\/Loggor-samlade-300x51.png 300w, https:\/\/www.visitvarmland.com\/app\/uploads\/sites\/20\/2023\/08\/Loggor-samlade-768x130.png 768w, https:\/\/www.visitvarmland.com\/app\/uploads\/sites\/20\/2023\/08\/Loggor-samlade-18x3.png 18w, https:\/\/www.visitvarmland.com\/app\/uploads\/sites\/20\/2023\/08\/Loggor-samlade-150x25.png 150w, https:\/\/www.visitvarmland.com\/app\/uploads\/sites\/20\/2023\/08\/Loggor-samlade-600x102.png 600w\" sizes=\"auto, (max-width: 885px) 100vw, 885px\" \/><\/figure><\/div>\n\n\n<p><\/p>\n","protected":false},"excerpt":{"rendered":"<p>Inspiration H\u00e4r av vi samlat f\u00f6rslag p\u00e5 tj\u00e4nster som g\u00e5r att ans\u00f6ka via st\u00f6dsystemet, som kan st\u00f6tta dig och ditt f\u00f6retag i din utvecklingsresa. Vill du ha mer inspiration om hur f\u00f6retag har anv\u00e4nt st\u00f6d f\u00f6r att utveckla sin verksamhet, l\u00e4s mer h\u00e4r Innovationssupporten \u2013 bes\u00f6ksn\u00e4ringens egen spr\u00e5ngbr\u00e4da Har du en id\u00e9 eller ett behov? [&hellip;]<\/p>\n","protected":false},"author":380,"featured_media":3929,"parent":4985,"menu_order":0,"comment_status":"closed","ping_status":"closed","template":"","meta":{"_acf_changed":false,"footnotes":""},"class_list":["post-3783","page","type-page","status-publish","has-post-thumbnail","hentry"],"acf":[],"lang":"sv","translations":{"sv":3783},"pll_sync_post":[],"_links":{"self":[{"href":"https:\/\/www.visitvarmland.com\/corporate\/wp-json\/wp\/v2\/pages\/3783","targetHints":{"allow":["GET"]}}],"collection":[{"href":"https:\/\/www.visitvarmland.com\/corporate\/wp-json\/wp\/v2\/pages"}],"about":[{"href":"https:\/\/www.visitvarmland.com\/corporate\/wp-json\/wp\/v2\/types\/page"}],"author":[{"embeddable":true,"href":"https:\/\/www.visitvarmland.com\/corporate\/wp-json\/wp\/v2\/users\/380"}],"replies":[{"embeddable":true,"href":"https:\/\/www.visitvarmland.com\/corporate\/wp-json\/wp\/v2\/comments?post=3783"}],"version-history":[{"count":40,"href":"https:\/\/www.visitvarmland.com\/corporate\/wp-json\/wp\/v2\/pages\/3783\/revisions"}],"predecessor-version":[{"id":6148,"href":"https:\/\/www.visitvarmland.com\/corporate\/wp-json\/wp\/v2\/pages\/3783\/revisions\/6148"}],"up":[{"embeddable":true,"href":"https:\/\/www.visitvarmland.com\/corporate\/wp-json\/wp\/v2\/pages\/4985"}],"wp:featuredmedia":[{"embeddable":true,"href":"https:\/\/www.visitvarmland.com\/corporate\/wp-json\/wp\/v2\/media\/3929"}],"wp:attachment":[{"href":"https:\/\/www.visitvarmland.com\/corporate\/wp-json\/wp\/v2\/media?parent=3783"}],"curies":[{"name":"wp","href":"https:\/\/api.w.org\/{rel}","templated":true}]}}