{"id":4965,"date":"2025-01-07T13:48:44","date_gmt":"2025-01-07T12:48:44","guid":{"rendered":"https:\/\/www.visitvarmland.com\/corporate\/?page_id=4965"},"modified":"2025-04-22T09:06:05","modified_gmt":"2025-04-22T07:06:05","slug":"affarsutvecklingsstegen-steg-3","status":"publish","type":"page","link":"https:\/\/www.visitvarmland.com\/corporate\/vart-erbjudande\/affarsutvecklingsstegen\/affarsutvecklingsstegen-steg-3\/","title":{"rendered":"Aff\u00e4rsutvecklingsstegen \u2013 Steg 3"},"content":{"rendered":"\n<p><strong>I Aff\u00e4rsutvecklingsstegen<\/strong> \u2013 <strong>Steg 3 har vi p\u00e5 Visit V\u00e4rmland specificerat vad vi anser vara n\u00f6dv\u00e4ndiga punkter f\u00f6r att befinna sig p\u00e5 steg tre i aff\u00e4rsutvecklingsstegen. I stegen framg\u00e5r ocks\u00e5 vilka st\u00f6d, verktyg och resurser Visit V\u00e4rmland erbjuder f\u00f6r en organisation som vill g\u00f6ra en f\u00f6rflyttning i sitt marknads- och utvecklingsarbete. F\u00f6r att uppn\u00e5 steg tre erbjuder Visit V\u00e4rmland personlig r\u00e5dgivning, dialog och utbildningstillf\u00e4llen.<\/strong><\/p>\n\n\n\n<h2 class=\"wp-block-heading\">3.1 Professionellt arbete med internationella s\u00e4ljled<\/h2>\n\n\n\n<p>Organisationen tar emot researrang\u00f6rer p\u00e5 ett professionellt s\u00e4tt. Organisationen har kunskap och f\u00f6rst\u00e5else f\u00f6r hur arbetet med internationella s\u00e4ljled fungerar, till exempel provisioner, allotment och kommunikation.<\/p>\n\n\n\n<h4 class=\"wp-block-heading\">Erbjudande:<\/h4>\n\n\n\n<p>Visit V\u00e4rmland planerar och arrangerar visningsresor, bjuder in relevanta researrang\u00f6rer, f\u00f6rmedlar kontakt och skapar aff\u00e4rsrelationer mellan researrang\u00f6rer och organisationen. Visit V\u00e4rmland erbjuder informationsmaterial om arbete med internationella s\u00e4ljled p\u00e5 Visit V\u00e4rmlands corporatesida.<\/p>\n\n\n\n<h4 class=\"wp-block-heading\"><strong>Anv\u00e4ndbara l\u00e4nkar:<\/strong><\/h4>\n\n\n\n<p>\u2022 <a href=\"https:\/\/www.visitvarmland.com\/corporate\/vart-erbjudande\/travel-trade\/\" data-type=\"link\" data-id=\"https:\/\/www.visitvarmland.com\/corporate\/vart-erbjudande\/travel-trade\/\">Visit V\u00e4rmland Travel Trade<\/a><\/p>\n\n\n\n<h2 class=\"wp-block-heading\">3.2 Aktivt arbete med recensioner och interaktion med m\u00e5lgruppen<\/h2>\n\n\n\n<p>Organisationen arbetar med att uppmuntra bes\u00f6kare att l\u00e4mna recensioner och aktivt besvara recensioner p\u00e5 relevanta plattformar.<\/p>\n\n\n\n<h4 class=\"wp-block-heading\">Erbjudande:<\/h4>\n\n\n\n<p>Visit V\u00e4rmland erbjuder coachning och dialog f\u00f6r att utveckla interaktioner med m\u00e5lgruppen.<\/p>\n\n\n\n<h2 class=\"wp-block-heading\">3.3 Spr\u00e5kanpassning av webbplats<\/h2>\n\n\n\n<p>F\u00f6r att vara konkurrenskraftig b\u00f6r det finnas relevant information p\u00e5 m\u00e5lgruppens spr\u00e5k, p\u00e5 antingen utvalda delar av, eller hela webbplatsen.<\/p>\n\n\n\n<h4 class=\"wp-block-heading\">Erbjudande:<\/h4>\n\n\n\n<p>Visit V\u00e4rmland f\u00f6rmedlar kontakt till st\u00f6dfunktioner i det regionala systemet, f\u00f6r medfinansiering av extern konsulttj\u00e4nst f\u00f6r webbutveckling.<\/p>\n\n\n\n<h4 class=\"wp-block-heading\">Anv\u00e4ndbara l\u00e4nkar:<\/h4>\n\n\n\n<p>\u2022 <a href=\"https:\/\/www.regionvarmland.se\/regionvarmland\/utveckling-tillvaxt\/projektmedel-bidrag-och-foretagsstod\/regionala-foretagsstod\/smaforetagscheck\" data-type=\"link\" data-id=\"https:\/\/www.regionvarmland.se\/regionvarmland\/utveckling-tillvaxt\/projektmedel-bidrag-och-foretagsstod\/regionala-foretagsstod\/smaforetagscheck\" target=\"_blank\" rel=\"noopener\">Sm\u00e5f\u00f6retagscheck<\/a><br>\u2022 <a href=\"https:\/\/www.regionvarmland.se\/regionvarmland\/utveckling-tillvaxt\/projektmedel-bidrag-och-foretagsstod\/regionala-foretagsstod\" data-type=\"link\" data-id=\"https:\/\/www.regionvarmland.se\/regionvarmland\/utveckling-tillvaxt\/projektmedel-bidrag-och-foretagsstod\/regionala-foretagsstod\" target=\"_blank\" rel=\"noopener\">Region V\u00e4rmland \u2013 s\u00f6k st\u00f6d&nbsp;<\/a><a href=\"https:\/\/www.regionvarmland.se\/regionvarmland\/utveckling-tillvaxt\/projektmedel-bidrag-och-foretagsstod\/regionala-foretagsstod\/smaforetagscheck\" data-type=\"link\" data-id=\"https:\/\/www.regionvarmland.se\/regionvarmland\/utveckling-tillvaxt\/projektmedel-bidrag-och-foretagsstod\/regionala-foretagsstod\/smaforetagscheck\" target=\"_blank\" rel=\"noopener\"><br><\/a><\/p>\n\n\n\n<figure class=\"wp-block-image size-large\"><img loading=\"lazy\" decoding=\"async\" width=\"683\" height=\"1024\" src=\"https:\/\/www.visitvarmland.com\/corporate\/wp-content\/uploads\/sites\/20\/2025\/01\/Varmland-Fotocred-Kristin-Lagerqvist-Krickelin-mars-9-kopia-683x1024.jpg\" alt=\"\" class=\"wp-image-4999\" style=\"aspect-ratio:4\/3;object-fit:cover\" srcset=\"https:\/\/www.visitvarmland.com\/app\/uploads\/sites\/20\/2025\/01\/Varmland-Fotocred-Kristin-Lagerqvist-Krickelin-mars-9-kopia-683x1024.jpg 683w, https:\/\/www.visitvarmland.com\/app\/uploads\/sites\/20\/2025\/01\/Varmland-Fotocred-Kristin-Lagerqvist-Krickelin-mars-9-kopia-200x300.jpg 200w, https:\/\/www.visitvarmland.com\/app\/uploads\/sites\/20\/2025\/01\/Varmland-Fotocred-Kristin-Lagerqvist-Krickelin-mars-9-kopia-768x1151.jpg 768w, https:\/\/www.visitvarmland.com\/app\/uploads\/sites\/20\/2025\/01\/Varmland-Fotocred-Kristin-Lagerqvist-Krickelin-mars-9-kopia-1025x1536.jpg 1025w, https:\/\/www.visitvarmland.com\/app\/uploads\/sites\/20\/2025\/01\/Varmland-Fotocred-Kristin-Lagerqvist-Krickelin-mars-9-kopia-1366x2048.jpg 1366w, https:\/\/www.visitvarmland.com\/app\/uploads\/sites\/20\/2025\/01\/Varmland-Fotocred-Kristin-Lagerqvist-Krickelin-mars-9-kopia-100x150.jpg 100w, https:\/\/www.visitvarmland.com\/app\/uploads\/sites\/20\/2025\/01\/Varmland-Fotocred-Kristin-Lagerqvist-Krickelin-mars-9-kopia-400x600.jpg 400w, https:\/\/www.visitvarmland.com\/app\/uploads\/sites\/20\/2025\/01\/Varmland-Fotocred-Kristin-Lagerqvist-Krickelin-mars-9-kopia.jpg 1708w\" sizes=\"auto, (max-width: 683px) 100vw, 683px\" \/><\/figure>\n\n\n\n<p><\/p>\n\n\n\n<h2 class=\"wp-block-heading\">3.4 Arbete med digital marknadsf\u00f6ring<\/h2>\n\n\n\n<p>Organisationen anv\u00e4nder sig av digitala kanaler f\u00f6r att marknadsf\u00f6ra sig och sina produkter. Det kan till exempel vara kampanjer p\u00e5 Meta och Google Ads samt att organisationen arbetar strategiskt med kommunikation i sina egna fl\u00f6den.<\/p>\n\n\n\n<h4 class=\"wp-block-heading\">Erbjudande:<\/h4>\n\n\n\n<p>Visit V\u00e4rmland erbjuder coachning och dialog f\u00f6r utveckling av organisationens arbete med marknadsf\u00f6ring.<\/p>\n\n\n\n<h4 class=\"wp-block-heading\">Anv\u00e4ndbara l\u00e4nkar:<\/h4>\n\n\n\n<p>\u2022 <a href=\"https:\/\/www.lalinda.se\/sa-vaxer-du-organiskt-pa-instagram-2022\/\" data-type=\"link\" data-id=\"https:\/\/www.lalinda.se\/sa-vaxer-du-organiskt-pa-instagram-2022\/\" target=\"_blank\" rel=\"noopener\">S\u00e5 v\u00e4xer du organiskt p\u00e5 Instagram 2022!<\/a><br>\u2022 <a href=\"https:\/\/corporate.visitsweden.com\/kunskap\/kanaler\/digitala-kanaler\/att-synas-online\/marknadsforing-i-en-foranderlig-varld\/\" data-type=\"link\" data-id=\"https:\/\/corporate.visitsweden.com\/kunskap\/kanaler\/digitala-kanaler\/att-synas-online\/marknadsforing-i-en-foranderlig-varld\/\" target=\"_blank\" rel=\"noopener\">Marknadsf\u00f6ring i en f\u00f6r\u00e4nderlig v\u00e4rld<\/a><br>\u2022 <a href=\"https:\/\/corporate.visitsweden.com\/kunskap\/kanaler\/digitala-kanaler\/sociala-medier-och-inspiration\/content-sociala-medier\/\" data-type=\"link\" data-id=\"https:\/\/corporate.visitsweden.com\/kunskap\/kanaler\/digitala-kanaler\/sociala-medier-och-inspiration\/content-sociala-medier\/\" target=\"_blank\" rel=\"noopener\">Content f\u00f6r Sociala Medier<br><\/a>\u2022 <a href=\"https:\/\/corporate.visitsweden.com\/kunskap\/kanaler\/digitala-kanaler\/sociala-medier-och-inspiration\/marknadsforing-i-sociala-medier\/\" data-type=\"link\" data-id=\"https:\/\/corporate.visitsweden.com\/kunskap\/kanaler\/digitala-kanaler\/sociala-medier-och-inspiration\/marknadsforing-i-sociala-medier\/\" target=\"_blank\" rel=\"noopener\">Marknadsf\u00f6ring i sociala medier<\/a><br>\u2022 <a href=\"https:\/\/www.one.com\/sv\/digital-marknadsforing\/google-ads\" data-type=\"link\" data-id=\"https:\/\/www.one.com\/sv\/digital-marknadsforing\/google-ads\" target=\"_blank\" rel=\"noopener\">Vad \u00e4r Google Ads och hur fungerar det?<\/a><\/p>\n\n\n\n<h2 class=\"wp-block-heading\">3.5 Strategiskt arbete med statistik, kund\u00e5terkoppling och analys<\/h2>\n\n\n\n<p>Organisationen arbetar aktivt med att analysera g\u00e4stupplevelsen genom hela resecykeln f\u00f6r att utveckla sin verksamhet, sina produkter och sin marknadsf\u00f6ring. Till exempel jobbar organisationen med statistik fr\u00e5n sociala medier, webbplats, s\u00f6kord och recensioner f\u00f6r att f\u00f6rst\u00e5 sina bes\u00f6kare b\u00e4ttre.<\/p>\n\n\n\n<h4 class=\"wp-block-heading\">Erbjudande:<\/h4>\n\n\n\n<p>Visit V\u00e4rmland erbjuder coachning och dialog om det \u00f6vergripande arbetet och rekommenderar relevanta verktyg.<\/p>\n\n\n\n<h4 class=\"wp-block-heading\">Anv\u00e4ndbara l\u00e4nkar:<\/h4>\n\n\n\n<p>\u2022 <a href=\"https:\/\/corporate.visitsweden.com\/kunskap\/maltidsturism\/sokordsoptimera-din-blogg-eller-hemsida\/\" data-type=\"link\" data-id=\"https:\/\/corporate.visitsweden.com\/kunskap\/maltidsturism\/sokordsoptimera-din-blogg-eller-hemsida\/\" target=\"_blank\" rel=\"noopener\">S\u00f6kordsoptimera din blogg, hemsida och sociala medier<\/a><br>\u2022 <a href=\"https:\/\/fjallbyran.se\/blogg\/google-analytics-for-nyborjare\/\" data-type=\"link\" data-id=\"https:\/\/fjallbyran.se\/blogg\/google-analytics-for-nyborjare\/\" target=\"_blank\" rel=\"noopener\">Google Analytics f\u00f6r nyb\u00f6rjare<\/a><\/p>\n\n\n\n<p><\/p>\n\n\n\n<hr class=\"wp-block-separator has-alpha-channel-opacity\"\/>\n\n\n\n<h2 class=\"wp-block-heading has-text-align-center\">Vill du veta mer?<\/h2>\n\n\n\n<figure class=\"wp-block-image size-large\"><img loading=\"lazy\" decoding=\"async\" width=\"1024\" height=\"503\" src=\"https:\/\/www.visitvarmland.com\/corporate\/wp-content\/uploads\/sites\/20\/2022\/08\/PF-forsattsbild-1024x503.png\" alt=\"Grafisk bild med testen Passionsf\u00f6rs\u00e4kring\" class=\"wp-image-2210\" srcset=\"https:\/\/www.visitvarmland.com\/app\/uploads\/sites\/20\/2022\/08\/PF-forsattsbild-1024x503.png 1024w, https:\/\/www.visitvarmland.com\/app\/uploads\/sites\/20\/2022\/08\/PF-forsattsbild-300x147.png 300w, https:\/\/www.visitvarmland.com\/app\/uploads\/sites\/20\/2022\/08\/PF-forsattsbild-768x377.png 768w, https:\/\/www.visitvarmland.com\/app\/uploads\/sites\/20\/2022\/08\/PF-forsattsbild-1536x754.png 1536w, https:\/\/www.visitvarmland.com\/app\/uploads\/sites\/20\/2022\/08\/PF-forsattsbild-2048x1005.png 2048w, https:\/\/www.visitvarmland.com\/app\/uploads\/sites\/20\/2022\/08\/PF-forsattsbild-150x74.png 150w, https:\/\/www.visitvarmland.com\/app\/uploads\/sites\/20\/2022\/08\/PF-forsattsbild-600x294.png 600w\" sizes=\"auto, (max-width: 1024px) 100vw, 1024px\" \/><\/figure>\n\n\n\n<p><\/p>\n\n\n\n<h3 class=\"wp-block-heading\">Passionsf\u00f6rs\u00e4kring<\/h3>\n\n\n\n<p>Missa inte Visit V\u00e4rmlands Passionsf\u00f6rs\u00e4kring, ett verktyg f\u00f6r dig att p\u00e5 egen hand framtidss\u00e4kra ditt f\u00f6retag i tre steg.<\/p>\n\n\n\n<div class=\"wp-block-atheme-component-action-button atheme-wrapper--action-button-single\"><a href=\"https:\/\/www.visitvarmland.com\/corporate\/vart-erbjudande\/affarsutvecklingsstegen\/passionsforsakring\/\" target=\"_self\" class=\"a-action a-action--arrow\" rel=\"noopener\"><span>Till Passionsf\u00f6rs\u00e4kringen<\/span><\/a><\/div>\n\n\n\n<hr class=\"wp-block-separator has-alpha-channel-opacity\"\/>\n\n\n\n<div class=\"wp-block-atheme-component-action-button atheme-wrapper--action-button-single\"><a href=\"https:\/\/www.visitvarmland.com\/corporate\/vart-erbjudande\/affarsutvecklingsstegen\/\" target=\"_self\" class=\"a-action a-action--arrow\" rel=\"noopener\"><span>Till Aff\u00e4rsutvecklingsstegen \u2013 Startsida<\/span><\/a><\/div>\n","protected":false},"excerpt":{"rendered":"<p>I Aff\u00e4rsutvecklingsstegen \u2013 Steg 3 har vi p\u00e5 Visit V\u00e4rmland specificerat vad vi anser vara n\u00f6dv\u00e4ndiga punkter f\u00f6r att befinna sig p\u00e5 steg tre i aff\u00e4rsutvecklingsstegen. I stegen framg\u00e5r ocks\u00e5 vilka st\u00f6d, verktyg och resurser Visit V\u00e4rmland erbjuder f\u00f6r en organisation som vill g\u00f6ra en f\u00f6rflyttning i sitt marknads- och utvecklingsarbete. F\u00f6r att uppn\u00e5 steg [&hellip;]<\/p>\n","protected":false},"author":383,"featured_media":4998,"parent":4955,"menu_order":0,"comment_status":"closed","ping_status":"closed","template":"","meta":{"_acf_changed":false,"footnotes":""},"class_list":["post-4965","page","type-page","status-publish","has-post-thumbnail","hentry"],"acf":[],"lang":"sv","translations":{"sv":4965},"pll_sync_post":[],"_links":{"self":[{"href":"https:\/\/www.visitvarmland.com\/corporate\/wp-json\/wp\/v2\/pages\/4965","targetHints":{"allow":["GET"]}}],"collection":[{"href":"https:\/\/www.visitvarmland.com\/corporate\/wp-json\/wp\/v2\/pages"}],"about":[{"href":"https:\/\/www.visitvarmland.com\/corporate\/wp-json\/wp\/v2\/types\/page"}],"author":[{"embeddable":true,"href":"https:\/\/www.visitvarmland.com\/corporate\/wp-json\/wp\/v2\/users\/383"}],"replies":[{"embeddable":true,"href":"https:\/\/www.visitvarmland.com\/corporate\/wp-json\/wp\/v2\/comments?post=4965"}],"version-history":[{"count":18,"href":"https:\/\/www.visitvarmland.com\/corporate\/wp-json\/wp\/v2\/pages\/4965\/revisions"}],"predecessor-version":[{"id":6081,"href":"https:\/\/www.visitvarmland.com\/corporate\/wp-json\/wp\/v2\/pages\/4965\/revisions\/6081"}],"up":[{"embeddable":true,"href":"https:\/\/www.visitvarmland.com\/corporate\/wp-json\/wp\/v2\/pages\/4955"}],"wp:featuredmedia":[{"embeddable":true,"href":"https:\/\/www.visitvarmland.com\/corporate\/wp-json\/wp\/v2\/media\/4998"}],"wp:attachment":[{"href":"https:\/\/www.visitvarmland.com\/corporate\/wp-json\/wp\/v2\/media?parent=4965"}],"curies":[{"name":"wp","href":"https:\/\/api.w.org\/{rel}","templated":true}]}}