{"id":5639,"date":"2025-04-14T15:39:17","date_gmt":"2025-04-14T13:39:17","guid":{"rendered":"https:\/\/www.visitvarmland.com\/corporate\/?page_id=5639"},"modified":"2025-04-22T09:10:22","modified_gmt":"2025-04-22T07:10:22","slug":"passionsforsakring","status":"publish","type":"page","link":"https:\/\/www.visitvarmland.com\/corporate\/vart-erbjudande\/affarsutvecklingsstegen\/passionsforsakring\/","title":{"rendered":"Passionsf\u00f6rs\u00e4kring"},"content":{"rendered":"\n<p><\/p>\n\n\n\n<p><strong>Din passion \u00e4r k\u00e4rnan i din verksamhet \u2013 men hur g\u00f6r du f\u00f6r att skydda den mot f\u00f6r\u00e4ndringar och utmaningar du inte r\u00e5r \u00f6ver? Vi har tagit fram tre enkla \u00f6vningar som hj\u00e4lper dig att framtidss\u00e4kra din verksamhet, g\u00f6ra den mer motst\u00e5ndskraftig och l\u00e5ngsiktigt attraktiv.<\/strong><\/p>\n\n\n\n<h2 class=\"wp-block-heading\" id=\"block-94addfcd-91f5-428f-8156-21042a8fe4db\">F\u00f6rs\u00e4kra din passion utan att investera en enda krona<\/h2>\n\n\n\n<p id=\"block-9b18507d-c47b-4e05-bb1c-d6f6a074e987\">F\u00f6r entrepren\u00f6rer \u00e4r passion en stark drivkraft. Det d\u00e4r vi f\u00f6rvaltar, \u00e4lskar att uppleva eller har kunskap om som ingen annan \u2013 det bara m\u00e5ste delas med v\u00e4rlden. Hur passionen tar sitt uttryck varierar lika mycket som entrepren\u00f6rerna sj\u00e4lva, men det som \u00e4r gemensamt f\u00f6r alla \u00e4r att denna passion \u00e4r v\u00e4rd att v\u00e5rda, skydda och bevara. Tyv\u00e4rr kan man inte f\u00f6rs\u00e4kra sin passion p\u00e5 samma s\u00e4tt som andra typer av tillg\u00e5ngar. S\u00e5 vad h\u00e4nder om din passion hotas av omv\u00e4rldsfaktorer du inte kan styra \u00f6ver? Eller kanske inte ens trott skulle ske? Hur kan du framtidss\u00e4kra din verksamhet s\u00e5 att du kan st\u00e5 stabilt oavsett utmaning och omst\u00e4llning?<\/p>\n\n\n\n<p id=\"block-2d21eb17-5209-4d42-87e0-94b3496a79dc\">Som egenf\u00f6retagare med mycket att g\u00f6ra \u00e4r det l\u00e4tt att fastna i nuet, och d\u00e4rf\u00f6r \u00e4r det viktigt att blicka fram\u00e5t f\u00f6r att trygga sin verksamhet. Det finns s\u00e4tt att f\u00f6rs\u00e4kra framtiden f\u00f6r verksamheten, och g\u00f6ra den l\u00e5ngsiktigt attraktiv f\u00f6r g\u00e4sterna och motst\u00e5ndskraftig f\u00f6r ov\u00e4ntade v\u00e4deromslag. Vi har tagit fram tre \u00f6vningar som du kan g\u00f6ra direkt vid datorn eller med papper och penna, som hj\u00e4lper dig att f\u00f6rst\u00e5 vad du kan g\u00f6ra f\u00f6r att ligga steget f\u00f6re n\u00e4r f\u00f6r\u00e4ndringen sl\u00e5r till. N\u00e4r du \u00e4r klar kommer du ha en b\u00e4ttre f\u00f6rst\u00e5else f\u00f6r dig sj\u00e4lv, hur du formar din verksamhet och en plan f\u00f6r din framtid.<\/p>\n\n\n\n<div style=\"height:100px\" aria-hidden=\"true\" class=\"wp-block-spacer\"><\/div>\n\n\n<div class=\"wp-block-image\">\n<figure class=\"aligncenter\" id=\"block-b2bd2cdf-0460-4c3d-81e8-f4b429ff596a\"><img decoding=\"async\" src=\"https:\/\/www.visitvarmland.com\/corporate\/wp-content\/uploads\/sites\/20\/2022\/08\/image-1024x238.png\" alt=\"Denna bild har ett alt-attribut som \u00e4r tomt. Dess filnamn \u00e4r image-1024x238.png\"\/><\/figure><\/div>\n\n\n<div style=\"height:100px\" aria-hidden=\"true\" class=\"wp-block-spacer\"><\/div>\n\n\n\n<h2 class=\"wp-block-heading\" id=\"block-68f1012b-8c0e-4b9d-9d6b-f58210b796f6\"><strong>F\u00f6rberedelser<\/strong><\/h2>\n\n\n\n<h3 class=\"wp-block-heading\" id=\"block-b8e3e58d-b020-4464-ac25-f12a4eee9a05\"><strong>Planera<\/strong><\/h3>\n\n\n\n<p id=\"block-d0e8cb51-cb6a-453e-9df0-7aae072f65f3\">Planera in s\u00e5 att du kan g\u00f6ra samtliga 3 uppgifter utan att f\u00f6r mycket tid g\u00e5r mellan uppgifterna. \u00d6vningarna b\u00f6r ta mellan 30 och 75 ost\u00f6rda minuter. Ett f\u00f6rslag \u00e4r att ta en vecka till att g\u00e5 igenom hela passionsf\u00f6rs\u00e4kringen &#8211; g\u00f6r f\u00f6rberedelserna p\u00e5 m\u00e5ndagen, g\u00f6r steg 1 p\u00e5 tisdagen, steg 2 p\u00e5 onsdagen, steg 3 p\u00e5 torsdagen och avsluta med att reflektera p\u00e5 fredagen. \u00d6vningarna g\u00e5r sj\u00e4lvklart ocks\u00e5 att g\u00f6ra alla p\u00e5 samma dag &#8211; men det \u00e4r bara bra om de f\u00e5r marinera en i taget \u00f6ver natten. L\u00e4s igenom alla steg nedan f\u00f6r att f\u00e5 ett grepp om vilket uppl\u00e4gg som passar b\u00e4st f\u00f6r dig.<\/p>\n\n\n\n<h3 class=\"wp-block-heading\" id=\"block-9bac8611-b3fe-4275-9ab8-03ea5a73fd27\"><strong>Involvera<\/strong><\/h3>\n\n\n\n<p id=\"block-d55383df-1b40-4b8b-828f-6b1f1d04210f\">\u00d6vningarna kan g\u00f6ras ensam, tillsammans tv\u00e5 och tv\u00e5 eller i en mindre grupp som en workshop. Fundera p\u00e5 om du skulle vilja bjuda in n\u00e5gon eller n\u00e5gra till \u00f6vningarna &#8211; kanske n\u00e5gon som \u00e4r tongivande i verksamhetens utveckling, eller n\u00e5gon utomst\u00e5ende som kommer med nya perspektiv?&nbsp; Steg 1 och 2 g\u00f6rs individuellt &#8211; g\u00e5 igenom dem tillsammans, men fyll i individuella svar. Steg 3 kan g\u00f6ras i grupp d\u00e4r en person h\u00e5ller i pennan.<\/p>\n\n\n\n<h3 class=\"wp-block-heading\" id=\"block-2bd33242-c4a6-4180-9c3b-10bc6fe03785\"><strong>Redskap<\/strong><\/h3>\n\n\n\n<ul class=\"wp-block-list\" id=\"block-44c59687-6eba-47c2-83f3-96eae8c5b5bf\">\n<li>Steg 1: Varje deltagare beh\u00f6ver en dator eller smartphone. Internetuppkoppling kr\u00e4vs.<\/li>\n\n\n\n<li>Steg 2: Skriv ut ett arbetsblad per person, helst p\u00e5 A3. Ta med pennor.<\/li>\n\n\n\n<li>Steg 3: Skriv ut ett arbetsblad, helst p\u00e5 A3, och l\u00e5t en person h\u00e5lla i pennan.<\/li>\n\n\n\n<li>Reflektion<\/li>\n<\/ul>\n\n\n\n<p id=\"block-3d952d26-7571-4f5b-8dba-684cb5334cc0\">Arbetsbladen g\u00e5r ocks\u00e5 att fylla i direkt i datorn om du har ett program som kan redigera PDF:er.<\/p>\n\n\n\n<h2 class=\"wp-block-heading\" id=\"block-4e46c63e-8a0a-443d-b7e1-04de0900bda7\">Steg 1 &#8211; L\u00e4r k\u00e4nna dig sj\u00e4lv<\/h2>\n\n\n\n<p id=\"block-089f300d-cd8e-4b9a-99ce-1164ab85331a\"><strong>Tids\u00e5tg\u00e5ng: <\/strong>ca 30 min<br><strong>Du beh\u00f6ver: <\/strong>dator eller smartphone<\/p>\n\n\n\n<h3 class=\"wp-block-heading\" id=\"block-278d56f0-8e27-486e-a733-85dd09c2e1f5\"><strong>Hur t\u00e4nker och agerar du i olika situationer och hur kan ditt agerande hj\u00e4lpa dig att utveckla dig sj\u00e4lv och din verksamhet?&nbsp;<\/strong><\/h3>\n\n\n\n<p id=\"block-27abac13-30a9-43fc-9a85-0adf10d5b750\">F\u00f6rsta steget f\u00f6r att f\u00f6rs\u00e4kra din passion \u00e4r en sj\u00e4lvskattning som du fyller i med hj\u00e4lp av ett formul\u00e4r. Formul\u00e4ret best\u00e5r av sju fr\u00e5gor som hj\u00e4lper dig att blicka in\u00e5t, och ger tips och r\u00e5d om hur du kan t\u00e4nka och agera i olika situationer du st\u00e4lls inf\u00f6r. Syftet med sj\u00e4lvskattningen \u00e4r att du ska f\u00e5 reflektera \u00f6ver vilka styrkor och svagheter du har som entrepren\u00f6r.<\/p>\n\n\n\n<div class=\"wp-block-buttons is-layout-flex wp-block-buttons-is-layout-flex\">\n<div class=\"wp-block-button\"><a class=\"wp-block-button__link wp-element-button\" href=\"https:\/\/ui.ungpd.com\/Surveys\/b6069397-bab1-44bd-a9e9-4f36a5094521\" target=\"_blank\" rel=\"noreferrer noopener\">Starta formul\u00e4ret<\/a><\/div>\n<\/div>\n\n\n\n<h2 class=\"wp-block-heading\" id=\"block-b3a079bb-d526-45b5-9553-8da07b8a7978\"><strong>Steg 2 &#8211; Framtidskollen<\/strong><\/h2>\n\n\n\n<p id=\"block-ec6862e9-d944-4159-91b7-a0fc6a396417\"><strong>Tids\u00e5tg\u00e5ng: <\/strong>ca 45-75 min<br><strong>Du beh\u00f6ver: <\/strong>Skrivare, penna. Eller redigera direkt i PDFen.<\/p>\n\n\n\n<h3 class=\"wp-block-heading\" id=\"block-693cc146-779b-418d-b54e-565fda4c7aca\"><strong>Hur t\u00e4nker du kring framtiden f\u00f6r dig och din verksamhet? Vad tror, hoppas och \u00f6nskar du dig av den?<\/strong><\/h3>\n\n\n\n<p id=\"block-41e1f62a-5a97-4e6a-b190-e5e56f9bf5f6\">Andra steget \u00e4r en utv\u00e4rdering som du fyller i med hj\u00e4lp av ett arbetsblad. I det h\u00e4r steget blickar du ut\u00e5t och funderar \u00f6ver din framtid. Arbetsbladet v\u00e4gleder dig genom en utv\u00e4rdering av hur framtiden ser ut och hur du vill att den ska se ut. Syftet med utv\u00e4rderingen \u00e4r att synligg\u00f6ra bilden av framtiden som du ser och \u00f6nskar.<\/p>\n\n\n\n<div class=\"wp-block-buttons is-layout-flex wp-block-buttons-is-layout-flex\">\n<div class=\"wp-block-button\"><a class=\"wp-block-button__link wp-element-button\" href=\"https:\/\/www.visitvarmland.com\/corporate\/wp-content\/uploads\/sites\/20\/2022\/10\/Framtidskollen-\u2013-Passionsforsakring-steg-2.pdf\" target=\"_blank\" rel=\"noreferrer noopener\">\u00d6ppna PDF<\/a><\/div>\n<\/div>\n\n\n\n<h2 class=\"wp-block-heading\" id=\"block-42e02e82-d6c3-4f9e-b080-2c2d3113cd78\"><strong>Steg 3 &#8211; Framtidsplanen<\/strong><\/h2>\n\n\n\n<p id=\"block-2aab570c-b99b-4b6d-944f-29b57c2d361c\"><strong>Tids\u00e5tg\u00e5ng: <\/strong>ca 45-75 min<br><strong>Du beh\u00f6ver: <\/strong>Skrivare, penna. Eller redigera direkt i PDF:en.<\/p>\n\n\n\n<h3 class=\"wp-block-heading\" id=\"block-8958d1a6-ad7d-4d5a-899a-7ed687f38a11\"><strong>Hur kan du ta kontroll \u00f6ver din framtid och arbeta f\u00f6r att s\u00e5 mycket som m\u00f6jligt av det du \u00f6nskar g\u00e5r i uppfyllelse?<\/strong><\/h3>\n\n\n\n<p id=\"block-06010db6-78f4-4ff8-be58-0503412db7e4\">Tredje steget \u00e4r en handlingsplan f\u00f6r att ta kontroll \u00f6ver din egen framtid, som du tar fram med hj\u00e4lp av ett arbetsblad. Som sista \u00f6vning tar du de framtidstankar som du fick med dig fr\u00e5n steg 1 och 2 och \u00f6vers\u00e4tter till konkreta aktiviteter. Arbetsbladet hj\u00e4lper dig att plotta ut vad som beh\u00f6ver g\u00f6ras och i vilken ordning, och vad som skulle beh\u00f6va g\u00f6ras ifall planen inte g\u00e5r som du t\u00e4nkt dig. Syftet med handlingsplanen \u00e4r handlingsplanen i sig, men ocks\u00e5 att tr\u00e4na dig i att t\u00e4nka fram\u00e5t i termer av handling.<\/p>\n\n\n\n<div class=\"wp-block-buttons is-layout-flex wp-block-buttons-is-layout-flex\">\n<div class=\"wp-block-button\"><a class=\"wp-block-button__link wp-element-button\" href=\"https:\/\/www.visitvarmland.com\/corporate\/wp-content\/uploads\/sites\/20\/2022\/10\/Framtidsplanen-\u2013-Passionsforsakring-steg-3.pdf\" target=\"_blank\" rel=\"noreferrer noopener\">\u00d6ppna PDF<\/a><\/div>\n<\/div>\n\n\n\n<h2 class=\"wp-block-heading\" id=\"block-39eef289-8b26-433c-b84f-9b1b20b3486a\"><strong>Reflektion<\/strong><\/h2>\n\n\n\n<p id=\"block-3ec508a9-f2b0-4845-8522-3c4cea11cb55\"><strong>Tids\u00e5tg\u00e5ng: <\/strong>ca 30 min<br><strong>Du beh\u00f6ver: <\/strong>dator eller smartphone<\/p>\n\n\n\n<p id=\"block-a43e217d-bf05-47f7-8772-4c32c29d99fb\">N\u00e4r tredje steget \u00e4r gjort avslutas Passionsf\u00f6rs\u00e4kringen med en reflektion genom att du svarar p\u00e5 n\u00e5gra fr\u00e5gor i ett formul\u00e4r. Syftet med reflektionen \u00e4r att f\u00e5nga upp de tankar och ideer som kommit upp under de tre stegen, och f\u00f6r att skapa underlag f\u00f6r uppf\u00f6ljning tillsammans med oss p\u00e5 Visit V\u00e4rmland.Starta formul\u00e4ret<\/p>\n\n\n\n<div class=\"wp-block-buttons is-layout-flex wp-block-buttons-is-layout-flex\">\n<div class=\"wp-block-button\"><a class=\"wp-block-button__link wp-element-button\" href=\"https:\/\/ui.ungpd.com\/Surveys\/25771809-e1a6-4cf5-b569-e97bd9cb311c\" target=\"_blank\" rel=\"noreferrer noopener\">Starta formul\u00e4ret<\/a><\/div>\n<\/div>\n\n\n\n<hr class=\"wp-block-separator has-css-opacity\"\/>\n\n\n\n<h2 class=\"wp-block-heading has-text-align-center\">Fler verktyg f\u00f6r att utveckla din verksamhet<\/h2>\n\n\n\n<figure class=\"wp-block-image size-large\"><img loading=\"lazy\" decoding=\"async\" width=\"1024\" height=\"683\" src=\"https:\/\/www.visitvarmland.com\/corporate\/wp-content\/uploads\/sites\/20\/2025\/01\/NORR_Varmland_Oktober2023_MelanieHaas_2689-kopia-1024x683.jpeg\" alt=\"Kvinnor som blickar ut \u00f6ver ett landskap\" class=\"wp-image-4997\" srcset=\"https:\/\/www.visitvarmland.com\/app\/uploads\/sites\/20\/2025\/01\/NORR_Varmland_Oktober2023_MelanieHaas_2689-kopia-1024x683.jpeg 1024w, https:\/\/www.visitvarmland.com\/app\/uploads\/sites\/20\/2025\/01\/NORR_Varmland_Oktober2023_MelanieHaas_2689-kopia-300x200.jpeg 300w, https:\/\/www.visitvarmland.com\/app\/uploads\/sites\/20\/2025\/01\/NORR_Varmland_Oktober2023_MelanieHaas_2689-kopia-768x513.jpeg 768w, https:\/\/www.visitvarmland.com\/app\/uploads\/sites\/20\/2025\/01\/NORR_Varmland_Oktober2023_MelanieHaas_2689-kopia-1536x1025.jpeg 1536w, https:\/\/www.visitvarmland.com\/app\/uploads\/sites\/20\/2025\/01\/NORR_Varmland_Oktober2023_MelanieHaas_2689-kopia-150x100.jpeg 150w, https:\/\/www.visitvarmland.com\/app\/uploads\/sites\/20\/2025\/01\/NORR_Varmland_Oktober2023_MelanieHaas_2689-kopia-600x400.jpeg 600w, https:\/\/www.visitvarmland.com\/app\/uploads\/sites\/20\/2025\/01\/NORR_Varmland_Oktober2023_MelanieHaas_2689-kopia-1200x800.jpeg 1200w, https:\/\/www.visitvarmland.com\/app\/uploads\/sites\/20\/2025\/01\/NORR_Varmland_Oktober2023_MelanieHaas_2689-kopia.jpeg 1804w\" sizes=\"auto, (max-width: 1024px) 100vw, 1024px\" \/><\/figure>\n\n\n\n<p><\/p>\n\n\n\n<h3 class=\"wp-block-heading\">Aff\u00e4rsutvecklingsstegen<\/h3>\n\n\n\n<p>Visit V\u00e4rmlands Aff\u00e4rsutvecklingsstegen hj\u00e4lper dig att utveckla din verksamhet och skapa l\u00e5ngsiktig framg\u00e5ng med hj\u00e4lp av konkreta verktyg och st\u00f6d f\u00f6r att m\u00f6ta bes\u00f6karnas f\u00f6rv\u00e4ntningar och st\u00e4rka din konkurrenskraft.<\/p>\n\n\n\n<div class=\"wp-block-atheme-component-action-button atheme-wrapper--action-button-single\"><a href=\"https:\/\/www.visitvarmland.com\/corporate\/vart-erbjudande\/affarsutvecklingsstegen\/\" target=\"_self\" class=\"a-action a-action--arrow\" rel=\"noopener\"><span>Till Aff\u00e4rsutvecklingsstegen<\/span><\/a><\/div>\n\n\n\n<hr class=\"wp-block-separator has-alpha-channel-opacity\"\/>\n\n\n<div class=\"wp-block-image\">\n<figure class=\"aligncenter size-large is-resized\"><img loading=\"lazy\" decoding=\"async\" width=\"214\" height=\"212\" src=\"https:\/\/www.visitvarmland.com\/corporate\/wp-content\/uploads\/sites\/20\/2021\/10\/EUlogo_c_RGB-e1663322275659.jpg\" alt=\"\" class=\"wp-image-1374\" style=\"width:112px;height:111px\"\/><\/figure><\/div>\n\n<div class=\"wp-block-image\">\n<figure class=\"aligncenter size-large is-resized\"><img loading=\"lazy\" decoding=\"async\" width=\"1024\" height=\"339\" src=\"https:\/\/www.visitvarmland.com\/corporate\/wp-content\/uploads\/sites\/20\/2021\/10\/huvudlogotyp-regionvarmland-bla-300-1024x339.png\" alt=\"\" class=\"wp-image-1794\" style=\"width:140px;height:46px\"\/><\/figure><\/div>","protected":false},"excerpt":{"rendered":"<p>Din passion \u00e4r k\u00e4rnan i din verksamhet \u2013 men hur g\u00f6r du f\u00f6r att skydda den mot f\u00f6r\u00e4ndringar och utmaningar du inte r\u00e5r \u00f6ver? Vi har tagit fram tre enkla \u00f6vningar som hj\u00e4lper dig att framtidss\u00e4kra din verksamhet, g\u00f6ra den mer motst\u00e5ndskraftig och l\u00e5ngsiktigt attraktiv. F\u00f6rs\u00e4kra din passion utan att investera en enda krona F\u00f6r [&hellip;]<\/p>\n","protected":false},"author":383,"featured_media":2210,"parent":4955,"menu_order":0,"comment_status":"closed","ping_status":"closed","template":"","meta":{"_acf_changed":false,"footnotes":""},"class_list":["post-5639","page","type-page","status-publish","has-post-thumbnail","hentry"],"acf":[],"lang":"sv","translations":{"sv":5639,"en":2205},"pll_sync_post":[],"_links":{"self":[{"href":"https:\/\/www.visitvarmland.com\/corporate\/wp-json\/wp\/v2\/pages\/5639","targetHints":{"allow":["GET"]}}],"collection":[{"href":"https:\/\/www.visitvarmland.com\/corporate\/wp-json\/wp\/v2\/pages"}],"about":[{"href":"https:\/\/www.visitvarmland.com\/corporate\/wp-json\/wp\/v2\/types\/page"}],"author":[{"embeddable":true,"href":"https:\/\/www.visitvarmland.com\/corporate\/wp-json\/wp\/v2\/users\/383"}],"replies":[{"embeddable":true,"href":"https:\/\/www.visitvarmland.com\/corporate\/wp-json\/wp\/v2\/comments?post=5639"}],"version-history":[{"count":5,"href":"https:\/\/www.visitvarmland.com\/corporate\/wp-json\/wp\/v2\/pages\/5639\/revisions"}],"predecessor-version":[{"id":6083,"href":"https:\/\/www.visitvarmland.com\/corporate\/wp-json\/wp\/v2\/pages\/5639\/revisions\/6083"}],"up":[{"embeddable":true,"href":"https:\/\/www.visitvarmland.com\/corporate\/wp-json\/wp\/v2\/pages\/4955"}],"wp:featuredmedia":[{"embeddable":true,"href":"https:\/\/www.visitvarmland.com\/corporate\/wp-json\/wp\/v2\/media\/2210"}],"wp:attachment":[{"href":"https:\/\/www.visitvarmland.com\/corporate\/wp-json\/wp\/v2\/media?parent=5639"}],"curies":[{"name":"wp","href":"https:\/\/api.w.org\/{rel}","templated":true}]}}