{"id":6449,"date":"2025-08-25T11:15:57","date_gmt":"2025-08-25T09:15:57","guid":{"rendered":"https:\/\/www.visitvarmland.com\/corporate\/?page_id=6449"},"modified":"2025-09-08T15:56:39","modified_gmt":"2025-09-08T13:56:39","slug":"marknadsevent-pa-svenska-ambassaden-i-kopenhamn","status":"publish","type":"page","link":"https:\/\/www.visitvarmland.com\/corporate\/marknadsevent-pa-svenska-ambassaden-i-kopenhamn\/","title":{"rendered":"Marknadsevent p\u00e5 svenska ambassaden i K\u00f6penhamn"},"content":{"rendered":"\n<p><\/p>\n\n\n<div class=\"wp-block-image\">\n<figure class=\"aligncenter size-large is-resized\"><img loading=\"lazy\" decoding=\"async\" width=\"1024\" height=\"238\" src=\"https:\/\/www.visitvarmland.com\/corporate\/wp-content\/uploads\/sites\/20\/2024\/06\/Bild1-1024x238.jpg\" alt=\"EU-logga och region v\u00e4rmland-logga\" class=\"wp-image-4513\" style=\"width:536px;height:auto\" srcset=\"https:\/\/www.visitvarmland.com\/app\/uploads\/sites\/20\/2024\/06\/Bild1-1024x238.jpg 1024w, https:\/\/www.visitvarmland.com\/app\/uploads\/sites\/20\/2024\/06\/Bild1-300x70.jpg 300w, https:\/\/www.visitvarmland.com\/app\/uploads\/sites\/20\/2024\/06\/Bild1-768x178.jpg 768w, https:\/\/www.visitvarmland.com\/app\/uploads\/sites\/20\/2024\/06\/Bild1-1536x356.jpg 1536w, https:\/\/www.visitvarmland.com\/app\/uploads\/sites\/20\/2024\/06\/Bild1-2048x475.jpg 2048w, https:\/\/www.visitvarmland.com\/app\/uploads\/sites\/20\/2024\/06\/Bild1-150x35.jpg 150w, https:\/\/www.visitvarmland.com\/app\/uploads\/sites\/20\/2024\/06\/Bild1-600x139.jpg 600w\" sizes=\"auto, (max-width: 1024px) 100vw, 1024px\" \/><\/figure><\/div>\n\n\n<hr class=\"wp-block-separator has-alpha-channel-opacity\"\/>\n\n\n\n<p>Tack f\u00f6r att du deltog vid v\u00e5rt event p\u00e5 Svenska ambassaden i K\u00f6penhamn den 11 september. Vi \u00e4r glada \u00f6ver att f\u00e5 dela med oss av V\u00e4rmland \u2013 en destination som f\u00f6renar storslagen natur, levande kultur och minnesv\u00e4rda m\u00e5ltidsupplevelser.<\/p>\n\n\n\n<p>H\u00e4r m\u00f6ts du av vidstr\u00e4ckta skogar, glittrande sj\u00f6ar och Klar\u00e4lvens lugna fl\u00f6de \u2013 en milj\u00f6 som b\u00e5de bjuder p\u00e5 stillhet och \u00e4ventyr. V\u00e4rmland \u00e4r dessutom n\u00e4ra, bara n\u00e5gra timmar fr\u00e5n K\u00f6penhamn, vilket g\u00f6r det enkelt att uppleva.<\/p>\n\n\n\n<p>F\u00f6rutom naturen erbjuder V\u00e4rmland starka ber\u00e4ttelser, sp\u00e4nnande kulturmilj\u00f6er och matupplevelser som l\u00e5ter dig komma n\u00e4ra b\u00e5de platsen och m\u00e4nniskorna h\u00e4r. Kombinationen av n\u00e4rhet, autenticitet och variation g\u00f6r regionen till en plats som b\u00e5de inspirerar och ber\u00f6r.<\/p>\n\n\n\n<p>P\u00e5 den h\u00e4r sidan hittar du samlad information fr\u00e5n eventet, s\u00e5 att du enkelt kan \u00e5terv\u00e4nda till inspiration, fakta och exempel p\u00e5 vad som g\u00f6r V\u00e4rmland till en attraktiv destination.<\/p>\n\n\n\n<p>Vi hoppas att du f\u00e5r lust att uppt\u00e4cka mer \u2013 och att V\u00e4rmland kan bli en k\u00e4lla till b\u00e5de nya ber\u00e4ttelser och framtida resor.<\/p>\n\n\n\n<p><strong>V\u00e4lkommen till V\u00e4rmland!<\/strong><\/p>\n\n\n\n<p><em>\/Cajsa, Elin och Jessica<\/em><br><a href=\"#kontakt\" data-type=\"internal\" data-id=\"#kontakt\">\ud83d\udc49 H\u00e4r hittar du v\u00e5ra kontaktuppgifter.<\/a><\/p>\n\n\n\n<hr class=\"wp-block-separator has-alpha-channel-opacity\"\/>\n\n\n\n<h2 class=\"wp-block-heading has-text-align-center\">Natur<\/h2>\n\n\n\n<div class=\"wp-block-group atheme-wrapper--full\"><div class=\"wp-block-group__inner-container is-layout-flow wp-block-group-is-layout-flow\">\n<div class=\"wp-block-columns is-layout-flex wp-container-core-columns-is-layout-9d6595d7 wp-block-columns-is-layout-flex\">\n<div class=\"wp-block-column is-layout-flow wp-block-column-is-layout-flow\">\n<div class=\"wp-block-atheme-component-cta-button atheme-wrapper\"><div class=\"atheme-components-cta--decoration-right\"><\/div><div class=\"atheme-components-cta--decoration-left\"><\/div><div class=\"atheme-components-cta\" style=\"height:600px;min-height:300px;background-image:url( https:\/\/www.visitvarmland.com\/corporate\/wp-content\/uploads\/sites\/20\/2022\/12\/Roger-Borgelid_Visit-Varmland-Vandring-Sormon-Stig-Ljus-Vandring-01-kopiera-e1755092345978.jpg );background-size:cover;background-position:center center;background-repeat:no-repeat;background-attachment:scroll\"><div class=\"atheme-components-cta--overlay\" style=\"background-color:rgb(0,0,0);opacity:0.3\"> <\/div><div class=\"atheme-components-cta--text-wrapper\"><h3 style=\"color:#ffffff\">Hiking V\u00e4rmland<\/h3><p style=\"color:#ffffff\">Vandra p\u00e5 certifierade leder<\/p><a href=\"https:\/\/www.visitvarmland.com\/destinationer\/hiking-varmland\/\" target=\"_self\" rel=\"noopener\">L\u00e4s mer<\/a><\/div><\/div><\/div>\n<\/div>\n\n\n\n<div class=\"wp-block-column is-layout-flow wp-block-column-is-layout-flow\">\n<div class=\"wp-block-atheme-component-cta-button atheme-wrapper\"><div class=\"atheme-components-cta--decoration-right\"><\/div><div class=\"atheme-components-cta--decoration-left\"><\/div><div class=\"atheme-components-cta\" style=\"height:600px;min-height:300px;background-image:url( https:\/\/www.visitvarmland.com\/corporate\/wp-content\/uploads\/sites\/20\/2025\/08\/Visit-Varmland-Mtb-I2-Drone-03.jpg );background-size:cover;background-position:center center;background-repeat:no-repeat;background-attachment:scroll\"><div class=\"atheme-components-cta--overlay\" style=\"background-color:rgb(0,0,0);opacity:0.3\"> <\/div><div class=\"atheme-components-cta--text-wrapper\"><h3 style=\"color:#ffffff\">Biking V\u00e4rmland<\/h3><p style=\"color:#ffffff\">MTB och gravelbiking p\u00e5 certifierade leder<\/p><a href=\"https:\/\/www.visitvarmland.com\/destinationer\/biking-varmland\/\" target=\"_self\" rel=\"noopener\">L\u00e4s mer<\/a><\/div><\/div><\/div>\n<\/div>\n\n\n\n<div class=\"wp-block-column is-layout-flow wp-block-column-is-layout-flow\">\n<div class=\"wp-block-atheme-component-cta-button atheme-wrapper\"><div class=\"atheme-components-cta--decoration-right\"><\/div><div class=\"atheme-components-cta--decoration-left\"><\/div><div class=\"atheme-components-cta\" style=\"height:600px;min-height:300px;background-image:url( https:\/\/www.visitvarmland.com\/corporate\/wp-content\/uploads\/sites\/20\/2022\/01\/Vanerleden-foto-henrik-lindholm-1920x962-1.jpg );background-size:cover;background-position:center center;background-repeat:no-repeat;background-attachment:scroll\"><div class=\"atheme-components-cta--overlay\" style=\"background-color:rgb(0,0,0);opacity:0.3\"> <\/div><div class=\"atheme-components-cta--text-wrapper\"><h3 style=\"color:#ffffff\">Unionsleden &amp;<br>V\u00e4nerleden<\/h3><p style=\"color:#ffffff\">Leisure biking p\u00e5 nationellt certifierade leder<\/p><a href=\"https:\/\/www.visitvarmland.com\/en\/tips-and-guides\/biking-in-sweden-and-norway\/\" target=\"_self\" rel=\"noopener\">L\u00e4s mer<\/a><\/div><\/div><\/div>\n<\/div>\n<\/div>\n\n\n\n<h2 class=\"wp-block-heading has-text-align-center\">Mat &amp; dryck<\/h2>\n\n\n\n<div class=\"wp-block-columns is-layout-flex wp-container-core-columns-is-layout-9d6595d7 wp-block-columns-is-layout-flex\">\n<div class=\"wp-block-column is-layout-flow wp-block-column-is-layout-flow\">\n<div class=\"wp-block-atheme-component-cta-button atheme-wrapper\"><div class=\"atheme-components-cta--decoration-right\"><\/div><div class=\"atheme-components-cta--decoration-left\"><\/div><div class=\"atheme-components-cta\" style=\"height:600px;min-height:300px;background-image:url( https:\/\/www.visitvarmland.com\/corporate\/wp-content\/uploads\/sites\/20\/2025\/01\/Hotell-Fratelli-A7R05082-kopia.jpg );background-size:cover;background-position:center center;background-repeat:no-repeat;background-attachment:scroll\"><div class=\"atheme-components-cta--overlay\" style=\"background-color:rgb(0,0,0);opacity:0.3\"> <\/div><div class=\"atheme-components-cta--text-wrapper\"><h3 style=\"color:#ffffff\">M\u00e5ltidsupplevelser<\/h3><p style=\"color:#ffffff\">restauranger, caf\u00e9er och g\u00e5rdsbutiker<\/p><a href=\"https:\/\/www.visitvarmland.com\/tema-aktiviteter\/varmlandska-smaker\/\" target=\"_self\" rel=\"noopener\">L\u00e4s mer<\/a><\/div><\/div><\/div>\n<\/div>\n\n\n\n<div class=\"wp-block-column is-layout-flow wp-block-column-is-layout-flow\">\n<div class=\"wp-block-atheme-component-cta-button atheme-wrapper\"><div class=\"atheme-components-cta--decoration-right\"><\/div><div class=\"atheme-components-cta--decoration-left\"><\/div><div class=\"atheme-components-cta\" style=\"height:600px;min-height:300px;background-image:url( https:\/\/www.visitvarmland.com\/corporate\/wp-content\/uploads\/sites\/20\/2025\/08\/9-Artisan-Bread-AB-@artisan_bread_karlstad-\u2022-Foton-och-videor-pa-Instagram.png );background-size:cover;background-position:center center;background-repeat:no-repeat;background-attachment:scroll\"><div class=\"atheme-components-cta--overlay\" style=\"background-color:rgb(0,0,0);opacity:0.3\"> <\/div><div class=\"atheme-components-cta--text-wrapper\"><h3 style=\"color:#ffffff\">Swedish fika<\/h3><p style=\"color:#ffffff\">kanelbullar, semlor, kladdkakor, choklabollar och kaffe<\/p><a href=\"https:\/\/www.visitvarmland.com\/tips-och-guider\/fika-i-varmland\/\" target=\"_self\" rel=\"noopener\">L\u00e4s mer<\/a><\/div><\/div><\/div>\n<\/div>\n\n\n\n<div class=\"wp-block-column is-layout-flow wp-block-column-is-layout-flow\">\n<div class=\"wp-block-atheme-component-cta-button atheme-wrapper\"><div class=\"atheme-components-cta--decoration-right\"><\/div><div class=\"atheme-components-cta--decoration-left\"><\/div><div class=\"atheme-components-cta\" style=\"height:600px;min-height:300px;background-image:url( https:\/\/www.visitvarmland.com\/corporate\/wp-content\/uploads\/sites\/20\/2025\/08\/Ruds-Gard.png );background-size:cover;background-position:center center;background-repeat:no-repeat;background-attachment:scroll\"><div class=\"atheme-components-cta--overlay\" style=\"background-color:rgb(0,0,0);opacity:0.3\"> <\/div><div class=\"atheme-components-cta--text-wrapper\"><h3 style=\"color:#ffffff\">G\u00e5rdsbutiker<\/h3><p style=\"color:#ffffff\">P\u00e4rlor med lokala produkter<\/p><a href=\"https:\/\/www.visitvarmland.com\/tips-och-guider\/gardsbutiker-i-varmland\/\" target=\"_self\" rel=\"noopener\">L\u00e4s mer<\/a><\/div><\/div><\/div>\n<\/div>\n<\/div>\n\n\n\n<div class=\"wp-block-atheme-component-cta atheme-wrapper\"><div class=\"atheme-components-cta--decoration-right\"><\/div><div class=\"atheme-components-cta--decoration-left\"><\/div><div class=\"atheme-components-cta\" style=\"height:600px;min-height:300px;background-image:url( https:\/\/www.visitvarmland.com\/corporate\/wp-content\/uploads\/sites\/20\/2025\/08\/Matresan-Terassen-MiddagsSittning-0-webb2.png );background-size:cover;background-position:center center;background-repeat:no-repeat;background-attachment:scroll\"><div class=\"atheme-components-cta--overlay\" style=\"background-color:rgb(0,0,0);opacity:0.16\"> <\/div><div class=\"atheme-components-cta--text\"><div><a href=\"https:\/\/www.visitvarmland.com\/tips-och-guider\/kultur-och-historia-i-varmland\/varmland-dar-kultur-och-smaker-mots\/\" target=\"_self\" rel=\"noopener\"><h3>D\u00e4r kulturen och smakerna m\u00f6ts<\/h3><p>En resa genom V\u00e4rmland<\/p><div class=\"atheme-components-cta--text-border\"><\/div><\/a><\/div><\/div><\/div><\/div>\n\n\n\n<h2 class=\"wp-block-heading has-text-align-center\">Kultur<\/h2>\n\n\n\n<div class=\"wp-block-columns is-layout-flex wp-container-core-columns-is-layout-9d6595d7 wp-block-columns-is-layout-flex\">\n<div class=\"wp-block-column is-layout-flow wp-block-column-is-layout-flow\">\n<div class=\"wp-block-atheme-component-cta-button atheme-wrapper\"><div class=\"atheme-components-cta--decoration-right\"><\/div><div class=\"atheme-components-cta--decoration-left\"><\/div><div class=\"atheme-components-cta\" style=\"height:600px;min-height:300px;background-image:url( https:\/\/www.visitvarmland.com\/corporate\/wp-content\/uploads\/sites\/20\/2025\/08\/Sliperiet-2023-2-edited.jpg );background-size:cover;background-position:center center;background-repeat:no-repeat;background-attachment:scroll\"><div class=\"atheme-components-cta--overlay\" style=\"background-color:rgb(0,0,0);opacity:0.3\"> <\/div><div class=\"atheme-components-cta--text-wrapper\"><h3 style=\"color:#ffffff\">Kulturen<\/h3><p style=\"color:#ffffff\">museum, konst, arkitektur, historia<\/p><a href=\"https:\/\/www.visitvarmland.com\/kultur-och-historia-i-varmland\/\" target=\"_self\" rel=\"noopener\">L\u00e4s mer<\/a><\/div><\/div><\/div>\n<\/div>\n\n\n\n<div class=\"wp-block-column is-layout-flow wp-block-column-is-layout-flow\">\n<div class=\"wp-block-atheme-component-cta-button atheme-wrapper\"><div class=\"atheme-components-cta--decoration-right\"><\/div><div class=\"atheme-components-cta--decoration-left\"><\/div><div class=\"atheme-components-cta\" style=\"height:600px;min-height:300px;background-image:url( https:\/\/www.visitvarmland.com\/corporate\/wp-content\/uploads\/sites\/20\/2025\/08\/May-Silja-00031-lo.jpg );background-size:cover;background-position:center center;background-repeat:no-repeat;background-attachment:scroll\"><div class=\"atheme-components-cta--overlay\" style=\"background-color:rgb(0,0,0);opacity:0.3\"> <\/div><div class=\"atheme-components-cta--text-wrapper\"><h3 style=\"color:#ffffff\">May Siljas kulturweekend<\/h3><p style=\"color:#ffffff\">konst, opera, fika och njut<\/p><a href=\"https:\/\/www.visitvarmland.com\/tips-och-guider\/roadtrip-may-siljas-kulturweekend-i-varmland\/\" target=\"_self\" rel=\"noopener\">L\u00e4s mer<\/a><\/div><\/div><\/div>\n<\/div>\n\n\n\n<div class=\"wp-block-column is-layout-flow wp-block-column-is-layout-flow\">\n<div class=\"wp-block-atheme-component-cta-button atheme-wrapper\"><div class=\"atheme-components-cta--decoration-right\"><\/div><div class=\"atheme-components-cta--decoration-left\"><\/div><div class=\"atheme-components-cta\" style=\"height:559px;min-height:300px;background-image:url( https:\/\/www.visitvarmland.com\/corporate\/wp-content\/uploads\/sites\/20\/2025\/08\/Gamla-kvarnen-i-borgvik.jpg );background-size:cover;background-position:center center;background-repeat:no-repeat;background-attachment:scroll\"><div class=\"atheme-components-cta--overlay\" style=\"background-color:rgb(0,0,0);opacity:0.3\"> <\/div><div class=\"atheme-components-cta--text-wrapper\"><h3 style=\"color:#ffffff\">Road trip<\/h3><p style=\"color:#ffffff\">fr\u00e5n \u00f6st till v\u00e4st, fr\u00e5n norr till s\u00f6der<\/p><a href=\"https:\/\/www.visitvarmland.com\/roadtrips-i-varmland\/\" target=\"_self\" rel=\"noopener\">L\u00e4s mer<\/a><\/div><\/div><\/div>\n<\/div>\n<\/div>\n\n\n\n<div class=\"wp-block-atheme-component-cta atheme-wrapper\"><div class=\"atheme-components-cta--decoration-right\"><\/div><div class=\"atheme-components-cta--decoration-left\"><\/div><div class=\"atheme-components-cta\" style=\"height:600px;min-height:300px;background-image:url( https:\/\/www.visitvarmland.com\/corporate\/wp-content\/uploads\/sites\/20\/2025\/08\/Selma-Lagerlof-Christine-Holm-e1699265365530.jpg );background-size:cover;background-position:center center;background-repeat:no-repeat;background-attachment:scroll\"><div class=\"atheme-components-cta--overlay\" style=\"background-color:rgb(0,0,0);opacity:0.16\"> <\/div><div class=\"atheme-components-cta--text\"><div><a href=\"https:\/\/www.visitvarmland.com\/tips-och-guider\/historiska-hem\/\" target=\"_self\" rel=\"noopener\"><h3>Historiska hem<\/h3><p>Selma Lagerl\u00f6f, Alfred Nobel, Gustaf Fr\u00f6ding<\/p><div class=\"atheme-components-cta--text-border\"><\/div><\/a><\/div><\/div><\/div><\/div>\n\n\n\n<h2 class=\"wp-block-heading has-text-align-center\">Boende<\/h2>\n\n\n\n<div class=\"wp-block-columns is-layout-flex wp-container-core-columns-is-layout-9d6595d7 wp-block-columns-is-layout-flex\">\n<div class=\"wp-block-column is-layout-flow wp-block-column-is-layout-flow\">\n<div class=\"wp-block-atheme-component-cta-button atheme-wrapper\"><div class=\"atheme-components-cta--decoration-right\"><\/div><div class=\"atheme-components-cta--decoration-left\"><\/div><div class=\"atheme-components-cta\" style=\"height:600px;min-height:300px;background-image:url( https:\/\/www.visitvarmland.com\/corporate\/wp-content\/uploads\/sites\/20\/2023\/04\/Naturbyn-4-edit-Foto-Ingeborg-Lindseth-kopiera.jpg );background-size:cover;background-position:center center;background-repeat:no-repeat;background-attachment:scroll\"><div class=\"atheme-components-cta--overlay\" style=\"background-color:rgb(0,0,0);opacity:0.3\"> <\/div><div class=\"atheme-components-cta--text-wrapper\"><h3 style=\"color:#ffffff\">Unika boenden<\/h3><p style=\"color:#ffffff\">i skogen eller varf\u00f6r inte p\u00e5 vattnet?<\/p><a href=\"https:\/\/www.visitvarmland.com\/tips-och-guider\/unika-boenden-2\/\" target=\"_self\" rel=\"noopener\">L\u00e4s mer<\/a><\/div><\/div><\/div>\n<\/div>\n\n\n\n<div class=\"wp-block-column is-layout-flow wp-block-column-is-layout-flow\">\n<div class=\"wp-block-atheme-component-cta-button atheme-wrapper\"><div class=\"atheme-components-cta--decoration-right\"><\/div><div class=\"atheme-components-cta--decoration-left\"><\/div><div class=\"atheme-components-cta\" style=\"height:600px;min-height:300px;background-image:url( https:\/\/www.visitvarmland.com\/corporate\/wp-content\/uploads\/sites\/20\/2025\/08\/Hennickehammar.jpg );background-size:cover;background-position:center center;background-repeat:no-repeat;background-attachment:scroll\"><div class=\"atheme-components-cta--overlay\" style=\"background-color:rgb(0,0,0);opacity:0.3\"> <\/div><div class=\"atheme-components-cta--text-wrapper\"><h3 style=\"color:#ffffff\">Herrg\u00e5rdar<\/h3><p style=\"color:#ffffff\">slappna av och njut i eleganta milj\u00f6er<\/p><a href=\"https:\/\/www.visitvarmland.com\/tips-och-guider\/avkopplande-herrgardsliv-och-god-mat\/\" target=\"_self\" rel=\"noopener\">L\u00e4s mer<\/a><\/div><\/div><\/div>\n<\/div>\n\n\n\n<div class=\"wp-block-column is-layout-flow wp-block-column-is-layout-flow\">\n<div class=\"wp-block-atheme-component-cta-button atheme-wrapper\"><div class=\"atheme-components-cta--decoration-right\"><\/div><div class=\"atheme-components-cta--decoration-left\"><\/div><div class=\"atheme-components-cta\" style=\"height:559px;min-height:300px;background-image:url( https:\/\/www.visitvarmland.com\/corporate\/wp-content\/uploads\/sites\/20\/2021\/12\/Arvika-\u2013-Alex-Waldner-\u2013-Visit-Va\u0308rmland.jpg );background-size:cover;background-position:center center;background-repeat:no-repeat;background-attachment:scroll\"><div class=\"atheme-components-cta--overlay\" style=\"background-color:rgb(0,0,0);opacity:0.3\"> <\/div><div class=\"atheme-components-cta--text-wrapper\"><h3 style=\"color:#ffffff\">Mer boende<\/h3><p style=\"color:#ffffff\">h\u00e4r finns boende som passar alla<\/p><a href=\"https:\/\/www.visitvarmland.com\/boende\" target=\"_self\" rel=\"noopener\">L\u00e4s mer<\/a><\/div><\/div><\/div>\n<\/div>\n<\/div>\n\n\n\n<h2 class=\"wp-block-heading has-text-align-center\">Resa till V\u00e4rmland<\/h2>\n\n\n\n<div class=\"wp-block-columns is-layout-flex wp-container-core-columns-is-layout-9d6595d7 wp-block-columns-is-layout-flex\">\n<div class=\"wp-block-column is-layout-flow wp-block-column-is-layout-flow\">\n<div class=\"wp-block-atheme-component-cta-button atheme-wrapper\"><div class=\"atheme-components-cta--decoration-right\"><\/div><div class=\"atheme-components-cta--decoration-left\"><\/div><div class=\"atheme-components-cta\" style=\"height:600px;min-height:300px;background-image:url( https:\/\/www.visitvarmland.com\/corporate\/wp-content\/uploads\/sites\/20\/2025\/08\/171016-Transport-08-1.jpg );background-size:cover;background-position:center center;background-repeat:no-repeat;background-attachment:scroll\"><div class=\"atheme-components-cta--overlay\" style=\"background-color:rgb(0,0,0);opacity:0.3\"> <\/div><div class=\"atheme-components-cta--text-wrapper\"><h3 style=\"color:#ffffff\">Res till V\u00e4rmland<\/h3><p style=\"color:#ffffff\">t\u00e5g, buss, b\u00e5t eller bil<\/p><a href=\"https:\/\/www.visitvarmland.com\/resa-hit\/\" target=\"_self\" rel=\"noopener\">L\u00e4s mer<\/a><\/div><\/div><\/div>\n<\/div>\n\n\n\n<div class=\"wp-block-column is-layout-flow wp-block-column-is-layout-flow\">\n<div class=\"wp-block-atheme-component-cta-button atheme-wrapper\"><div class=\"atheme-components-cta--decoration-right\"><\/div><div class=\"atheme-components-cta--decoration-left\"><\/div><div class=\"atheme-components-cta\" style=\"height:600px;min-height:300px;background-image:url( https:\/\/www.visitvarmland.com\/corporate\/wp-content\/uploads\/sites\/20\/2025\/09\/Sola-Air-stjartvinge-scaled.jpg );background-size:cover;background-position:center center;background-repeat:no-repeat;background-attachment:scroll\"><div class=\"atheme-components-cta--overlay\" style=\"background-color:rgb(0,0,0);opacity:0.3\"> <\/div><div class=\"atheme-components-cta--text-wrapper\"><h3 style=\"color:#ffffff\">Sola Air<\/h3><p style=\"color:#ffffff\">Direkt flyg K\u00f6penhamn &#8211; Karlstad<\/p><a href=\"https:\/\/www.solaair.se\/\" target=\"_self\" rel=\"noopener\">L\u00e4s mer<\/a><\/div><\/div><\/div>\n<\/div>\n<\/div>\n\n\n\n<h2 class=\"wp-block-heading has-text-align-center\">Tips p\u00e5 rundresor<\/h2>\n\n\n\n<div class=\"wp-block-columns is-layout-flex wp-container-core-columns-is-layout-9d6595d7 wp-block-columns-is-layout-flex\">\n<div class=\"wp-block-column is-layout-flow wp-block-column-is-layout-flow\" style=\"flex-basis:25%\">\n<div class=\"wp-block-atheme-component-cta-button atheme-wrapper\"><div class=\"atheme-components-cta--decoration-right\"><\/div><div class=\"atheme-components-cta--decoration-left\"><\/div><div class=\"atheme-components-cta\" style=\"height:600px;min-height:300px;background-image:url( https:\/\/www.visitvarmland.com\/corporate\/wp-content\/uploads\/sites\/20\/2025\/09\/1507111982.jpg );background-size:cover;background-position:center center;background-repeat:no-repeat;background-attachment:scroll\"><div class=\"atheme-components-cta--overlay\" style=\"background-color:rgb(0,0,0);opacity:0.3\"> <\/div><div class=\"atheme-components-cta--text-wrapper\"><h3 style=\"color:#ffffff\">V\u00e4nern<\/h3><p style=\"color:#ffffff\"><\/p><a href=\"https:\/\/travefy.com\/trip\/6yw9rqttze6wqz2a2fw4qzx7xjwtqhq?d=65164885\" target=\"_self\" rel=\"noopener\">L\u00e4s mer<\/a><\/div><\/div><\/div>\n<\/div>\n\n\n\n<div class=\"wp-block-column is-layout-flow wp-block-column-is-layout-flow\" style=\"flex-basis:25%\">\n<div class=\"wp-block-atheme-component-cta-button atheme-wrapper\"><div class=\"atheme-components-cta--decoration-right\"><\/div><div class=\"atheme-components-cta--decoration-left\"><\/div><div class=\"atheme-components-cta\" style=\"height:600px;min-height:300px;background-image:url( https:\/\/www.visitvarmland.com\/corporate\/wp-content\/uploads\/sites\/20\/2025\/09\/Mattila-Mia-Gyllenberg-475.jpg );background-size:cover;background-position:center center;background-repeat:no-repeat;background-attachment:scroll\"><div class=\"atheme-components-cta--overlay\" style=\"background-color:rgb(0,0,0);opacity:0.3\"> <\/div><div class=\"atheme-components-cta--text-wrapper\"><h3 style=\"color:#ffffff\">Vinter med guldkant<\/h3><p style=\"color:#ffffff\"><\/p><a href=\"https:\/\/travefy.com\/trip\/6yw9rqttwtgwqz2a7ldbp7qb8k2x8pq\" target=\"_self\" rel=\"noopener\">L\u00e4s mer<\/a><\/div><\/div><\/div>\n<\/div>\n\n\n\n<div class=\"wp-block-column is-layout-flow wp-block-column-is-layout-flow\" style=\"flex-basis:25%\">\n<div class=\"wp-block-atheme-component-cta-button atheme-wrapper\"><div class=\"atheme-components-cta--decoration-right\"><\/div><div class=\"atheme-components-cta--decoration-left\"><\/div><div class=\"atheme-components-cta\" style=\"height:600px;min-height:300px;background-image:url( https:\/\/www.visitvarmland.com\/corporate\/wp-content\/uploads\/sites\/20\/2025\/09\/Visit-Va\u2560ermland-Va\u2560ermlands-Museum-LunchUppla\u2560egg-04-low.jpg );background-size:cover;background-position:center center;background-repeat:no-repeat;background-attachment:scroll\"><div class=\"atheme-components-cta--overlay\" style=\"background-color:rgb(0,0,0);opacity:0.3\"> <\/div><div class=\"atheme-components-cta--text-wrapper\"><h3 style=\"color:#ffffff\">M\u00e5ltid &amp; soft adventure<\/h3><p style=\"color:#ffffff\"><\/p><a href=\"https:\/\/travefy.com\/trip\/6yw9rqrtvz8wqz2a4xt7velkakff72q\" target=\"_self\" rel=\"noopener\">L\u00e4s mer<\/a><\/div><\/div><\/div>\n<\/div>\n\n\n\n<div class=\"wp-block-column is-layout-flow wp-block-column-is-layout-flow\" style=\"flex-basis:25%\">\n<div class=\"wp-block-atheme-component-cta-button atheme-wrapper\"><div class=\"atheme-components-cta--decoration-right\"><\/div><div class=\"atheme-components-cta--decoration-left\"><\/div><div class=\"atheme-components-cta\" style=\"height:600px;min-height:300px;background-image:url( https:\/\/www.visitvarmland.com\/corporate\/wp-content\/uploads\/sites\/20\/2025\/09\/pask_pa_elins_04.jpg );background-size:cover;background-position:center center;background-repeat:no-repeat;background-attachment:scroll\"><div class=\"atheme-components-cta--overlay\" style=\"background-color:rgb(0,0,0);opacity:0.3\"> <\/div><div class=\"atheme-components-cta--text-wrapper\"><h3 style=\"color:#ffffff\">Swedish fika<\/h3><p style=\"color:#ffffff\"><\/p><a href=\"https:\/\/travefy.com\/trip\/6yw9rqrt4mwwqz2abd48wxmcjvd69jq\" target=\"_self\" rel=\"noopener\">L\u00e4s mer<\/a><\/div><\/div><\/div>\n<\/div>\n<\/div>\n\n\n\n<h2 class=\"wp-block-heading has-text-align-center\">Vinter<\/h2>\n\n\n\n<div class=\"wp-block-atheme-component-cta atheme-wrapper\"><div class=\"atheme-components-cta--decoration-right\"><\/div><div class=\"atheme-components-cta--decoration-left\"><\/div><div class=\"atheme-components-cta\" style=\"height:600px;min-height:300px;background-image:url( https:\/\/www.visitvarmland.com\/corporate\/wp-content\/uploads\/sites\/20\/2025\/08\/7_Foto_Branasgruppen.jpg );background-size:cover;background-position:center center;background-repeat:no-repeat;background-attachment:scroll\"><div class=\"atheme-components-cta--overlay\" style=\"background-color:rgb(0,0,0);opacity:0.16\"> <\/div><div class=\"atheme-components-cta--text\"><div><a href=\"https:\/\/www.visitvarmland.com\/tips-och-guider\/skidakning-i-varmland\/\" target=\"_self\" rel=\"noopener\"><h3>Vinter <\/h3><p>\u00c5k skidor utf\u00f6r och p\u00e5 l\u00e4ngden<\/p><div class=\"atheme-components-cta--text-border\"><\/div><\/a><\/div><\/div><\/div><\/div>\n\n\n\n<div class=\"wp-block-media-text is-stacked-on-mobile\"><figure class=\"wp-block-media-text__media\"><a href=\"https:\/\/matcha.visitvarmland.com\/\"><img loading=\"lazy\" decoding=\"async\" width=\"1024\" height=\"768\" src=\"https:\/\/www.visitvarmland.com\/corporate\/wp-content\/uploads\/sites\/20\/2025\/08\/Visit_Varmland_matchningssajt_puff-1024x768.png\" alt=\"\" class=\"wp-image-6506 size-full\" srcset=\"https:\/\/www.visitvarmland.com\/app\/uploads\/sites\/20\/2025\/08\/Visit_Varmland_matchningssajt_puff-1024x768.png 1024w, https:\/\/www.visitvarmland.com\/app\/uploads\/sites\/20\/2025\/08\/Visit_Varmland_matchningssajt_puff-300x225.png 300w, https:\/\/www.visitvarmland.com\/app\/uploads\/sites\/20\/2025\/08\/Visit_Varmland_matchningssajt_puff-768x576.png 768w, https:\/\/www.visitvarmland.com\/app\/uploads\/sites\/20\/2025\/08\/Visit_Varmland_matchningssajt_puff-1536x1152.png 1536w, https:\/\/www.visitvarmland.com\/app\/uploads\/sites\/20\/2025\/08\/Visit_Varmland_matchningssajt_puff-150x113.png 150w, https:\/\/www.visitvarmland.com\/app\/uploads\/sites\/20\/2025\/08\/Visit_Varmland_matchningssajt_puff-600x450.png 600w, https:\/\/www.visitvarmland.com\/app\/uploads\/sites\/20\/2025\/08\/Visit_Varmland_matchningssajt_puff.png 1600w\" sizes=\"auto, (max-width: 1024px) 100vw, 1024px\" \/><\/a><\/figure><div class=\"wp-block-media-text__content\">\n<h2 class=\"wp-block-heading\"><a href=\"https:\/\/matcha.visitvarmland.com\/\" data-type=\"link\" data-id=\"https:\/\/matcha.visitvarmland.com\/\">Fler tips? Matcha med V\u00e4rmland!<\/a><\/h2>\n\n\n\n<p>Testa matchningstj\u00e4nsten f\u00f6r att hitta bes\u00f6ksm\u00e5l som passar just dina intressen. Kanske hittar du en \u00e4ventyrslusten gastronom, en stillsam romantik eller varf\u00f6r inte en badsugen t\u00e4ltare. Swipa och se vart du landar. <\/p>\n<\/div><\/div>\n\n\n\n<hr class=\"wp-block-separator has-alpha-channel-opacity\"\/>\n\n\n\n<h2 class=\"wp-block-heading\" id=\"kontakt\">Kontakt<\/h2>\n\n\n\n<p>Vi som fanns p\u00e5 plats i K\u00f6penhamn <\/p>\n\n\n\n<div class=\"wp-block-columns is-layout-flex wp-container-core-columns-is-layout-9d6595d7 wp-block-columns-is-layout-flex\">\n<div class=\"wp-block-column is-layout-flow wp-block-column-is-layout-flow\">\n<figure class=\"wp-block-image size-large\"><img loading=\"lazy\" decoding=\"async\" width=\"768\" height=\"1024\" src=\"https:\/\/www.visitvarmland.com\/corporate\/wp-content\/uploads\/sites\/20\/2025\/02\/Cajsa-768x1024.jpg\" alt=\"\" class=\"wp-image-5168\" srcset=\"https:\/\/www.visitvarmland.com\/app\/uploads\/sites\/20\/2025\/02\/Cajsa-768x1024.jpg 768w, https:\/\/www.visitvarmland.com\/app\/uploads\/sites\/20\/2025\/02\/Cajsa-225x300.jpg 225w, https:\/\/www.visitvarmland.com\/app\/uploads\/sites\/20\/2025\/02\/Cajsa-112x150.jpg 112w, https:\/\/www.visitvarmland.com\/app\/uploads\/sites\/20\/2025\/02\/Cajsa-450x600.jpg 450w, https:\/\/www.visitvarmland.com\/app\/uploads\/sites\/20\/2025\/02\/Cajsa.jpg 800w\" sizes=\"auto, (max-width: 768px) 100vw, 768px\" \/><\/figure>\n\n\n\n<p><strong>Cajsa Jansson, travel trade<\/strong><\/p>\n\n\n\n<p>+46 54-776 60 03, <a href=\"mailto:cajsa.jansson@visitvarmland.com\">cajsa.jansson@visitvarmland.com<\/a><\/p>\n<\/div>\n\n\n\n<div class=\"wp-block-column is-layout-flow wp-block-column-is-layout-flow\">\n<figure class=\"wp-block-image size-large\"><img loading=\"lazy\" decoding=\"async\" width=\"768\" height=\"1024\" src=\"https:\/\/www.visitvarmland.com\/corporate\/wp-content\/uploads\/sites\/20\/2025\/03\/Elin-F-768x1024.jpg\" alt=\"\" class=\"wp-image-5369\" srcset=\"https:\/\/www.visitvarmland.com\/app\/uploads\/sites\/20\/2025\/03\/Elin-F-768x1023.jpg 768w, https:\/\/www.visitvarmland.com\/app\/uploads\/sites\/20\/2025\/03\/Elin-F-225x300.jpg 225w, https:\/\/www.visitvarmland.com\/app\/uploads\/sites\/20\/2025\/03\/Elin-F-113x150.jpg 113w, https:\/\/www.visitvarmland.com\/app\/uploads\/sites\/20\/2025\/03\/Elin-F-450x600.jpg 450w, https:\/\/www.visitvarmland.com\/app\/uploads\/sites\/20\/2025\/03\/Elin-F.jpg 800w\" sizes=\"auto, (max-width: 768px) 100vw, 768px\" \/><\/figure>\n\n\n\n<p><strong>Elin Flyg, aff\u00e4rsutvecklare m\u00e5ltidsupplevelser<\/strong><\/p>\n\n\n\n<p>+46 54 77 66 007, <a href=\"mailto:elin.flyg@visitvarmland.com\">elin.flyg@visitvarmland.com<\/a><\/p>\n<\/div>\n\n\n\n<div class=\"wp-block-column is-layout-flow wp-block-column-is-layout-flow\">\n<figure class=\"wp-block-image size-large\"><img loading=\"lazy\" decoding=\"async\" width=\"767\" height=\"1024\" src=\"https:\/\/www.visitvarmland.com\/corporate\/wp-content\/uploads\/sites\/20\/2025\/02\/Jessica-767x1024.jpg\" alt=\"\" class=\"wp-image-5173\" srcset=\"https:\/\/www.visitvarmland.com\/app\/uploads\/sites\/20\/2025\/02\/Jessica-767x1024.jpg 767w, https:\/\/www.visitvarmland.com\/app\/uploads\/sites\/20\/2025\/02\/Jessica-225x300.jpg 225w, https:\/\/www.visitvarmland.com\/app\/uploads\/sites\/20\/2025\/02\/Jessica-768x1025.jpg 768w, https:\/\/www.visitvarmland.com\/app\/uploads\/sites\/20\/2025\/02\/Jessica-112x150.jpg 112w, https:\/\/www.visitvarmland.com\/app\/uploads\/sites\/20\/2025\/02\/Jessica-449x600.jpg 449w, https:\/\/www.visitvarmland.com\/app\/uploads\/sites\/20\/2025\/02\/Jessica.jpg 800w\" sizes=\"auto, (max-width: 767px) 100vw, 767px\" \/><\/figure>\n\n\n\n<p><strong>Jessica Carlsson, senior aff\u00e4rsutvecklare<\/strong><\/p>\n\n\n\n<p>+46 054 77 66 005, <a href=\"mailto:jessica.carlsson@visitvarmland.com\">jessica.carlsson@visitvarmland.com<\/a><\/p>\n<\/div>\n<\/div>\n<\/div><\/div>\n","protected":false},"excerpt":{"rendered":"<p>Tack f\u00f6r att du deltog vid v\u00e5rt event p\u00e5 Svenska ambassaden i K\u00f6penhamn den 11 september. Vi \u00e4r glada \u00f6ver att f\u00e5 dela med oss av V\u00e4rmland \u2013 en destination som f\u00f6renar storslagen natur, levande kultur och minnesv\u00e4rda m\u00e5ltidsupplevelser. H\u00e4r m\u00f6ts du av vidstr\u00e4ckta skogar, glittrande sj\u00f6ar och Klar\u00e4lvens lugna fl\u00f6de \u2013 en milj\u00f6 som [&hellip;]<\/p>\n","protected":false},"author":378,"featured_media":0,"parent":0,"menu_order":0,"comment_status":"closed","ping_status":"closed","template":"","meta":{"_acf_changed":false,"footnotes":""},"class_list":["post-6449","page","type-page","status-publish","hentry"],"acf":[],"lang":"sv","translations":{"sv":6449},"pll_sync_post":[],"_links":{"self":[{"href":"https:\/\/www.visitvarmland.com\/corporate\/wp-json\/wp\/v2\/pages\/6449","targetHints":{"allow":["GET"]}}],"collection":[{"href":"https:\/\/www.visitvarmland.com\/corporate\/wp-json\/wp\/v2\/pages"}],"about":[{"href":"https:\/\/www.visitvarmland.com\/corporate\/wp-json\/wp\/v2\/types\/page"}],"author":[{"embeddable":true,"href":"https:\/\/www.visitvarmland.com\/corporate\/wp-json\/wp\/v2\/users\/378"}],"replies":[{"embeddable":true,"href":"https:\/\/www.visitvarmland.com\/corporate\/wp-json\/wp\/v2\/comments?post=6449"}],"version-history":[{"count":51,"href":"https:\/\/www.visitvarmland.com\/corporate\/wp-json\/wp\/v2\/pages\/6449\/revisions"}],"predecessor-version":[{"id":6577,"href":"https:\/\/www.visitvarmland.com\/corporate\/wp-json\/wp\/v2\/pages\/6449\/revisions\/6577"}],"wp:attachment":[{"href":"https:\/\/www.visitvarmland.com\/corporate\/wp-json\/wp\/v2\/media?parent=6449"}],"curies":[{"name":"wp","href":"https:\/\/api.w.org\/{rel}","templated":true}]}}