{"id":3720,"date":"2023-09-11T14:07:13","date_gmt":"2023-09-11T12:07:13","guid":{"rendered":"https:\/\/www.visitvarmland.com\/corporate\/?post_type=project&#038;p=3720"},"modified":"2024-06-03T17:47:57","modified_gmt":"2024-06-03T15:47:57","slug":"hajk-hallbarhet-attraktivitet-och-konkurrenskraft","status":"publish","type":"project","link":"https:\/\/www.visitvarmland.com\/corporate\/projekt\/hajk-hallbarhet-attraktivitet-och-konkurrenskraft\/","title":{"rendered":"HAJK &#8211; H\u00e5llbar Attraktivitet, J\u00e4mst\u00e4lldhet och Konkurrenskraft"},"content":{"rendered":"\n<h3 class=\"wp-block-heading\">Projektets syfte<\/h3>\n\n\n\n<p>Syftet med projektet \u00e4r att st\u00e4rka f\u00f6retagens konkurrenskraft och bidra till utveckling av h\u00e5llbara och attraktiva platser genom att utveckla bes\u00f6ksn\u00e4ringens f\u00f6retag inom omr\u00e5dena: h\u00e5llbarhet, digitalisering och internationalisering.&nbsp;<\/p>\n\n\n\n<h3 class=\"wp-block-heading\">Kortsiktiga m\u00e5l<\/h3>\n\n\n\n<p>En h\u00e5llbar utveckling bygger p\u00e5 dimensionerna milj\u00f6m\u00e4ssig, social och ekonomisk h\u00e5llbarhet. Aktiviteterna i projektet leder p\u00e5 kort&nbsp;sikt till:&nbsp;<\/p>\n\n\n\n<ul class=\"wp-block-list\"><li>Fler f\u00f6retag inom bes\u00f6ksn\u00e4ringen har g\u00e5tt fr\u00e5n en kunskapsm\u00e4ssig basniv\u00e5 inom h\u00e5llbarhet, digitalisering och internationalisering till en niv\u00e5 d\u00e4r de \u00e4r redo att forts\u00e4tta sin utveckling till exempel med hj\u00e4lp av f\u00f6retagscheckar.&nbsp;&nbsp;&nbsp;<\/li><li>F\u00f6retagen f\u00f6rst\u00e5r och arbetar med h\u00e5llbarhetsarbete. De vet vad som m\u00e5ste utvecklas f\u00f6r att de ska bli konkurrenskraftiga.&nbsp;<\/li><li>Insamlande och analys av m\u00e5lgrupper och segment f\u00f6r internationalisering har genomf\u00f6rts och f\u00f6retagen anpassar arbetss\u00e4tt och tar utifr\u00e5n kundernas behov och \u00f6nskem\u00e5l fram nya och utvecklade h\u00e5llbara produkter.&nbsp;&nbsp;<\/li><\/ul>\n\n\n\n<ul class=\"wp-block-list\"><li>En pilot har genomf\u00f6rts med researrang\u00f6rer, f\u00f6retag och andra intressenter f\u00f6r att tillsammans arbeta med plats- och produktutveckling med h\u00e5llbarhetsfokus.&nbsp;&nbsp;<\/li><li>Perspektiven j\u00e4mst\u00e4lldhet, j\u00e4mlikhet och inkludering finns med i alla delar av projektets processer och aktiviteter.&nbsp;&nbsp;<\/li><\/ul>\n\n\n\n<h3 class=\"wp-block-heading\">L\u00e5ngsiktiga m\u00e5l<\/h3>\n\n\n\n<p>Projektet bidrar med generell kompetensutveckling inom h\u00e5llbarhet, digitalisering och internationalisering hos f\u00f6retagen. F\u00f6retagen ska komma fram till en l\u00e5ngsiktig id\u00e9 om hur verksamheten ska utvecklas och genom detta blir de mer konkurrenskraftiga. Projektet ska till detta ocks\u00e5 bidra till att identifiera f\u00f6retag som redan idag kan omfattas av, och sprida kunskap om, de befintliga st\u00f6d som finns hos bland annat Region V\u00e4rmland. Detta arbete ska ske i samverkan med regionens st\u00f6dfunktioner.&nbsp;&nbsp;<\/p>\n\n\n\n<ul class=\"wp-block-list\"><li>Fler f\u00f6retag inom bes\u00f6ksn\u00e4ringen \u00e4r kvalificerade att s\u00f6ka f\u00f6retagsst\u00f6d f\u00f6r att utveckla sig ytterligare &#8211; och f\u00e4rre f\u00f6retag \u00e4r i behov av att s\u00f6ka f\u00f6retagsst\u00f6d f\u00f6r sin utveckling.&nbsp;<\/li><li>&nbsp;Bes\u00f6ksn\u00e4ringen i V\u00e4rmland arbetar med h\u00e5llbarhet som en sj\u00e4lvklar del i sina verksamheter.&nbsp;&nbsp;<\/li><li>&nbsp;F\u00f6retagens kunskap och f\u00e4rdigheter om digitalisering har \u00f6kat. De har st\u00e4rkt sin konkurrenskraft, har effektivare arbetss\u00e4tt och utvecklat v\u00e4rdeskapande tj\u00e4nster. Det i sin tur m\u00f6jligg\u00f6r h\u00f6gre \u00f6verlevnadsgrad f\u00f6r f\u00f6retagen.&nbsp;&nbsp;<\/li><li>&nbsp;Medvetenheten och \u00e5tg\u00e4rder inom omr\u00e5det j\u00e4mlikhet, j\u00e4mst\u00e4lldhet och inkludering har \u00f6kat vilket \u00e4r viktig drivkraft f\u00f6r V\u00e4rmlands utvecklings- och innovationsf\u00f6rm\u00e5ga.&nbsp;&nbsp;<\/li><li>&nbsp;M\u00e5ngfald av bakgrunder, kunskaper och id\u00e9er bidrar till ekonomisk tillv\u00e4xt och det \u00e4r d\u00e4rf\u00f6r en sj\u00e4lvklar del b\u00e5de f\u00f6r Visit V\u00e4rmland och f\u00f6retagen inom bes\u00f6ksn\u00e4ringen att arbeta utifr\u00e5n dessa perspektiv.&nbsp;&nbsp;<\/li><\/ul>\n\n\n\n<h3 class=\"wp-block-heading\">M\u00e5lgrupp&nbsp;<\/h3>\n\n\n\n<p>Projektets prim\u00e4ra m\u00e5lgrupper \u00e4r sm\u00e5 och medelstora f\u00f6retag, sociala f\u00f6retag och id\u00e9burna organisationer inom bes\u00f6ksn\u00e4ringen i V\u00e4rmland.&nbsp;&nbsp;<\/p>\n\n\n\n<p>Projektets sekund\u00e4ra m\u00e5lgrupper \u00e4r bes\u00f6kare till V\u00e4rmland. Det som \u00e4r bra f\u00f6r V\u00e4rmland \u00e4r ocks\u00e5 bra f\u00f6r inv\u00e5narna, s\u00e5 \u00e4ven de ing\u00e5r som sekund\u00e4r m\u00e5lgrupp. V\u00e4rmlands 18 kommuner och andra offentliga organisationer \u00e4r \u00e4ven de en sekund\u00e4r m\u00e5lgrupp&nbsp;f\u00f6r projektet.&nbsp;<\/p>\n\n\n\n<p>I samarbete mellan Region V\u00e4rmland, Visit V\u00e4rmland, NIFA, L\u00e4nsstyrelsen i V\u00e4rmland, med flera, togs det 2020 fram en rapport med syftet att underl\u00e4tta n\u00e4ringslivsanalyser som ska anv\u00e4ndas f\u00f6r att g\u00f6ra ber\u00e4kningar och kartl\u00e4ggningar inom n\u00e4ringen.<\/p>\n\n\n\n<p>&nbsp;&nbsp;&nbsp;<img loading=\"lazy\" decoding=\"async\" width=\"150\" height=\"129\" class=\"wp-image-3522\" style=\"width: 150px;\" src=\"https:\/\/www.visitvarmland.com\/corporate\/wp-content\/uploads\/sites\/20\/2023\/05\/Medfinansieras_BlaGul_350x300.jpg\" alt=\"EU-logga\" srcset=\"https:\/\/www.visitvarmland.com\/app\/uploads\/sites\/20\/2023\/05\/Medfinansieras_BlaGul_350x300.jpg 350w, https:\/\/www.visitvarmland.com\/app\/uploads\/sites\/20\/2023\/05\/Medfinansieras_BlaGul_350x300-300x257.jpg 300w, https:\/\/www.visitvarmland.com\/app\/uploads\/sites\/20\/2023\/05\/Medfinansieras_BlaGul_350x300-14x12.jpg 14w, https:\/\/www.visitvarmland.com\/app\/uploads\/sites\/20\/2023\/05\/Medfinansieras_BlaGul_350x300-150x129.jpg 150w\" sizes=\"auto, (max-width: 150px) 100vw, 150px\" \/><img loading=\"lazy\" decoding=\"async\" width=\"150\" height=\"50\" class=\"wp-image-3564\" style=\"width: 150px;\" src=\"https:\/\/www.visitvarmland.com\/corporate\/wp-content\/uploads\/sites\/20\/2023\/06\/huvudlogotyp-regionvarmland-svart-300.png\" alt=\"Region V\u00e4rmland logga\" srcset=\"https:\/\/www.visitvarmland.com\/app\/uploads\/sites\/20\/2023\/06\/huvudlogotyp-regionvarmland-svart-300.png 1535w, https:\/\/www.visitvarmland.com\/app\/uploads\/sites\/20\/2023\/06\/huvudlogotyp-regionvarmland-svart-300-300x99.png 300w, https:\/\/www.visitvarmland.com\/app\/uploads\/sites\/20\/2023\/06\/huvudlogotyp-regionvarmland-svart-300-1024x339.png 1024w, https:\/\/www.visitvarmland.com\/app\/uploads\/sites\/20\/2023\/06\/huvudlogotyp-regionvarmland-svart-300-768x254.png 768w, https:\/\/www.visitvarmland.com\/app\/uploads\/sites\/20\/2023\/06\/huvudlogotyp-regionvarmland-svart-300-18x6.png 18w, https:\/\/www.visitvarmland.com\/app\/uploads\/sites\/20\/2023\/06\/huvudlogotyp-regionvarmland-svart-300-150x50.png 150w, https:\/\/www.visitvarmland.com\/app\/uploads\/sites\/20\/2023\/06\/huvudlogotyp-regionvarmland-svart-300-600x199.png 600w\" sizes=\"auto, (max-width: 150px) 100vw, 150px\" \/><\/p>\n","protected":false},"author":383,"featured_media":3756,"template":"","class_list":["post-3720","project","type-project","status-publish","has-post-thumbnail","hentry"],"acf":[],"lang":"sv","translations":{"sv":3720},"pll_sync_post":[],"_links":{"self":[{"href":"https:\/\/www.visitvarmland.com\/corporate\/wp-json\/wp\/v2\/project\/3720","targetHints":{"allow":["GET"]}}],"collection":[{"href":"https:\/\/www.visitvarmland.com\/corporate\/wp-json\/wp\/v2\/project"}],"about":[{"href":"https:\/\/www.visitvarmland.com\/corporate\/wp-json\/wp\/v2\/types\/project"}],"author":[{"embeddable":true,"href":"https:\/\/www.visitvarmland.com\/corporate\/wp-json\/wp\/v2\/users\/383"}],"wp:featuredmedia":[{"embeddable":true,"href":"https:\/\/www.visitvarmland.com\/corporate\/wp-json\/wp\/v2\/media\/3756"}],"wp:attachment":[{"href":"https:\/\/www.visitvarmland.com\/corporate\/wp-json\/wp\/v2\/media?parent=3720"}],"curies":[{"name":"wp","href":"https:\/\/api.w.org\/{rel}","templated":true}]}}