{"id":3822,"date":"2023-10-25T11:52:58","date_gmt":"2023-10-25T09:52:58","guid":{"rendered":"https:\/\/www.visitvarmland.com\/corporate\/?post_type=project&#038;p=3822"},"modified":"2025-04-17T09:10:54","modified_gmt":"2025-04-17T07:10:54","slug":"innovationsarenor-besoksnaringen-varmland","status":"publish","type":"project","link":"https:\/\/www.visitvarmland.com\/corporate\/projekt\/innovationsarenor-besoksnaringen-varmland\/","title":{"rendered":"Innovationsarenor Bes\u00f6ksn\u00e4ringen V\u00e4rmland"},"content":{"rendered":"\n<p><strong>Innovationsarenor bes\u00f6ksn\u00e4ringen i V\u00e4rmland har arbetat f\u00f6r att st\u00e4rka och st\u00f6tta sm\u00e5 och medelstora f\u00f6retag i sin innovativa utveckling med fokus p\u00e5 digitalisering och gr\u00f6n omst\u00e4llning.<\/strong> <\/p>\n\n\n\n<p><strong>Resultatet av projektet blev 5 Innovationsarenor, geografiskt eller behovsstyrda samt flera enskilda innovationsprocesser med enskilda f\u00f6retagare.<\/strong><\/p>\n\n\n\n<hr class=\"wp-block-separator has-css-opacity\"\/>\n\n\n\n<p><br>Syftet har varit att st\u00e4rka bes\u00f6ksn\u00e4ringsf\u00f6retagens attraktions- och konkurrenskraft genom exempelvis en ny produkt eller tj\u00e4nst f\u00f6r bes\u00f6karna eller n\u00e5got som underl\u00e4ttar arbetet i den dagliga verksamheten.<\/p>\n\n\n\n<p>Tillsammans med Stiftelsen Compare och deras n\u00e4tverk har projektet \u00e4ven arbetat f\u00f6r att st\u00e4rka f\u00f6retagens ekosystem och l\u00e5ta n\u00e4ringar korsbefruktas. Genom att ta ett problem eller ett behov hos ett f\u00f6retag och l\u00e5ta ett bolag fr\u00e5n exempelvis IT-sektorn komma med modeller och l\u00f6sningar &#8211; s\u00e5 kan innovationer skapas.&nbsp;<\/p>\n\n\n\n<p>Det \u00f6vergripande m\u00e5let f\u00f6r projektet Innovationsarenor Bes\u00f6ksn\u00e4ring har varit att f\u00f6retag inom bes\u00f6ksn\u00e4ringen ska \u00f6ka sin innovationskraft och omst\u00e4llningsf\u00f6rm\u00e5ga n\u00e4r det kommer till digitala och gr\u00f6na omst\u00e4llningar.<\/p>\n\n\n\n<hr class=\"wp-block-separator has-css-opacity\"\/>\n\n\n\n<h2 class=\"wp-block-heading has-text-align-center\">Uppt\u00e4ck Innovationsarenor Bes\u00f6ksn\u00e4ringen <br>och Innovationssupporten<\/h2>\n\n\n\n<p class=\"has-text-align-center\"><strong>L\u00e4s mer om projektets syfte och m\u00e5l och ta del av alla v\u00e5ra fiffiga, smarta och inspirerande verktyg, metoder och tips kring st\u00f6d att s\u00f6ka. H\u00e4r finns mycket matnyttigt f\u00f6r dig inom bes\u00f6ksn\u00e4ringen.<\/strong><\/p>\n\n\n\n<figure class=\"wp-block-image size-large\"><img loading=\"lazy\" decoding=\"async\" width=\"1024\" height=\"576\" src=\"https:\/\/www.visitvarmland.com\/corporate\/wp-content\/uploads\/sites\/20\/2023\/10\/Om-Iav-kopiera-1024x576.jpg\" alt=\"\" class=\"wp-image-3926\" srcset=\"https:\/\/www.visitvarmland.com\/app\/uploads\/sites\/20\/2023\/10\/Om-Iav-kopiera-1024x576.jpg 1024w, https:\/\/www.visitvarmland.com\/app\/uploads\/sites\/20\/2023\/10\/Om-Iav-kopiera-300x169.jpg 300w, https:\/\/www.visitvarmland.com\/app\/uploads\/sites\/20\/2023\/10\/Om-Iav-kopiera-768x432.jpg 768w, https:\/\/www.visitvarmland.com\/app\/uploads\/sites\/20\/2023\/10\/Om-Iav-kopiera-1536x864.jpg 1536w, https:\/\/www.visitvarmland.com\/app\/uploads\/sites\/20\/2023\/10\/Om-Iav-kopiera-18x10.jpg 18w, https:\/\/www.visitvarmland.com\/app\/uploads\/sites\/20\/2023\/10\/Om-Iav-kopiera-150x84.jpg 150w, https:\/\/www.visitvarmland.com\/app\/uploads\/sites\/20\/2023\/10\/Om-Iav-kopiera-600x338.jpg 600w, https:\/\/www.visitvarmland.com\/app\/uploads\/sites\/20\/2023\/10\/Om-Iav-kopiera.jpg 1600w\" sizes=\"auto, (max-width: 1024px) 100vw, 1024px\" \/><\/figure>\n\n\n\n<p><\/p>\n\n\n\n<h3 class=\"wp-block-heading\" id=\"om-iav\">Om Innovationsarenor Bes\u00f6ksn\u00e4ringen V\u00e4rmland<\/h3>\n\n\n\n<p>Innovationsarenor Bes\u00f6ksn\u00e4ringen V\u00e4rmland hj\u00e4lper sm\u00e5 och medelstora f\u00f6retag i V\u00e4rmland att st\u00e4rka sin innovationsf\u00f6rm\u00e5ga och st\u00e4lla om digitalt och h\u00e5llbart \u2013 f\u00f6r en starkare, mer konkurrenskraftig bes\u00f6ksn\u00e4ring.<\/p>\n\n\n\n<details class=\"wp-block-details is-layout-flow wp-block-details-is-layout-flow\"><summary>L\u00e4s mer<\/summary>\n<h4 class=\"wp-block-heading\">\u00d6vergripande m\u00e5l<\/h4>\n\n\n\n<p>Det \u00f6vergripande m\u00e5let f\u00f6r projektet Innovationsarenor Bes\u00f6ksn\u00e4ring \u00e4r att f\u00f6retag inom bes\u00f6ksn\u00e4ringen ska \u00f6ka sin innovationskraft och omst\u00e4llningsf\u00f6rm\u00e5ga n\u00e4r det kommer till digitala och gr\u00f6na omst\u00e4llningar. Detta ska medf\u00f6ra att sm\u00e5 och medelstora f\u00f6retag inom bes\u00f6ksn\u00e4ringen i V\u00e4rmland har st\u00e4rkt sin attraktionskraft och klarar pandemins effekter f\u00f6r en konkurrenskraftig n\u00e4ring \u00e4ven efter pandemin.<\/p>\n\n\n\n<p>\u00d6ppenheten inom de sm\u00e5 och medelstora f\u00f6retagen inom bes\u00f6ksn\u00e4ringen f\u00f6r att digitalisera verksamheten och sitts\u00e4tt att arbeta \u00e4r numera stor. F\u00f6rm\u00e5gan att digitalisera sin verksamhet och med digitalisering se nya m\u00f6jligheter avseende nya tj\u00e4nster och aff\u00e4rsmodeller \u00e4r dock m\u00e5nga g\u00e5nger l\u00e5g. \u00c4ven kunskapen kring begreppet innovation \u00e4r l\u00e5g hos m\u00e5lgruppen, vilket leder till att m\u00e5nga har f\u00f6rest\u00e4llningar av att innovation m\u00e5ste vara n\u00e5got stort och omv\u00e4lvande. D\u00e4rf\u00f6r \u00e4r det \u00e4ven viktigt att dessa f\u00f6retag f\u00e5r upp \u00f6gonen f\u00f6r vad innovation \u00e4r, att det snarare handlar om att hitta nya l\u00f6sningar p\u00e5 ett befintligt problem p\u00e5 just det f\u00f6retaget.<\/p>\n\n\n\n<h4 class=\"wp-block-heading\">Hur ska m\u00e5len n\u00e5s<\/h4>\n\n\n\n<p>F\u00f6r att n\u00e5 m\u00e5len kommer projektet att arbeta med olika arbetspaket; etablering, utveckling av innovationsplattformar, genomf\u00f6rande av innovationsarenor och innovationssupport Be Digital samt marknadsbearbetning och internationalisering. Projektet kommer att rikta ett extra fokus p\u00e5 sm\u00e5 och medelstora f\u00f6retag som har ett \u00f6kat behov av att st\u00e4lla om i och med pandemin och som historiskt haft en stor andel utl\u00e4ndskag\u00e4ster. Projektet kommer \u00e4ven att jobba med nya och befintliga sm\u00e5 och medelstora f\u00f6retag och entrepren\u00f6rer som vill utveckla hela eller delar av sin verksamhet till bes\u00f6ksn\u00e4ring, d\u00e5 ett ut\u00f6kat utbud \u00e4r viktigt f\u00f6r bes\u00f6ksn\u00e4ringens attraktionskraft i stort.<\/p>\n\n\n\n<h4 class=\"wp-block-heading\">Kortsiktiga m\u00e5l<\/h4>\n\n\n\n<p>P\u00e5 kort sikt kommer projektet att bidra till en \u00f6kad \u00f6verlevnadsgrad, tillv\u00e4xt och innovationskraft hos deltagandef\u00f6retag samt \u00f6kad andel av f\u00f6retag som genomf\u00f6rt en gr\u00f6n och\/eller digital omst\u00e4llning. Nya arbetss\u00e4tt i samverkan etableras med fokus p\u00e5 innovation inom digital och gr\u00f6n omst\u00e4llning och f\u00f6retagen bearbetar nya marknader och m\u00e5lgrupper baserat p\u00e5 sina innovationer. Innovationsarenor och innovationssupport f\u00f6r platsutveckling skapas d\u00e4r f\u00f6retagen f\u00e5r utrymme att praktiskt testa sina id\u00e9er f\u00f6r att utveckla innovationer i praktiken genom st\u00f6dtj\u00e4nster.<\/p>\n\n\n\n<h4 class=\"wp-block-heading\">L\u00e5ngsiktiga m\u00e5l<\/h4>\n\n\n\n<p>Projektet bidrar p\u00e5 l\u00e5ngt sikt till \u00e4ndrade attityder kring innovation bland f\u00f6retagen inom bes\u00f6ksn\u00e4ringen. Projektet bidrar ocks\u00e5 till en \u00f6kad samverkan mellan sm\u00e5 och medelstora f\u00f6retag inom branscherna bes\u00f6ksn\u00e4ring och IT men \u00e4ven mellan bes\u00f6ksn\u00e4ringen och akt\u00f6rer fr\u00e5n andra branscher i V\u00e4rmland.<\/p>\n\n\n\n<p>Projektet bidrar prim\u00e4rt till V\u00e4rmlandsstrategins \u00e5tg\u00e4rd Fler och starkare f\u00f6retag d\u00e4r bes\u00f6ksn\u00e4ringen pekas ut som en tillv\u00e4xtbransch. Det handlar bland annat om fungerande samarbeten, kompetensf\u00f6rs\u00f6rjning, kapitalf\u00f6rs\u00f6rjning, f\u00f6rnyelse, kommunikationer, marknadsf\u00f6ring, gynnsamma kommunala f\u00f6ruts\u00e4ttningar och service men ocks\u00e5 om att \u00f6ka intresset och skapa f\u00f6ruts\u00e4ttningar f\u00f6r s\u00e5v\u00e4l kvinnor som m\u00e4n att starta och drivaf\u00f6retag. Projektet har \u00e4ven stor betydelse och bidrar till \u00e5tg\u00e4rden Livskvalitet f\u00f6r alla genom att tillg\u00e4ngligg\u00f6ra kultur och naturv\u00e4rden f\u00f6r m\u00e5nga fler av V\u00e4rmlands inv\u00e5nare. Projektet \u00e4r en direkt forts\u00e4ttning, utveckling och uppskalning av projektet Platsens digitaliserade upplevelser. D\u00e4rmed ing\u00e5r projektet \u00e4ven i V\u00e4rmlands forsknings- och innovationsstrategi f\u00f6r smart specialisering.<\/p>\n<\/details>\n\n\n\n<p><\/p>\n\n\n\n<figure class=\"wp-block-image size-large\"><img loading=\"lazy\" decoding=\"async\" width=\"1024\" height=\"576\" src=\"https:\/\/www.visitvarmland.com\/corporate\/wp-content\/uploads\/sites\/20\/2023\/10\/Innovationssupporten-kopiera-1024x576.jpg\" alt=\"\" class=\"wp-image-3929\" srcset=\"https:\/\/www.visitvarmland.com\/app\/uploads\/sites\/20\/2023\/10\/Innovationssupporten-kopiera-1024x576.jpg 1024w, https:\/\/www.visitvarmland.com\/app\/uploads\/sites\/20\/2023\/10\/Innovationssupporten-kopiera-300x169.jpg 300w, https:\/\/www.visitvarmland.com\/app\/uploads\/sites\/20\/2023\/10\/Innovationssupporten-kopiera-768x432.jpg 768w, https:\/\/www.visitvarmland.com\/app\/uploads\/sites\/20\/2023\/10\/Innovationssupporten-kopiera-1536x864.jpg 1536w, https:\/\/www.visitvarmland.com\/app\/uploads\/sites\/20\/2023\/10\/Innovationssupporten-kopiera-18x10.jpg 18w, https:\/\/www.visitvarmland.com\/app\/uploads\/sites\/20\/2023\/10\/Innovationssupporten-kopiera-150x84.jpg 150w, https:\/\/www.visitvarmland.com\/app\/uploads\/sites\/20\/2023\/10\/Innovationssupporten-kopiera-600x338.jpg 600w, https:\/\/www.visitvarmland.com\/app\/uploads\/sites\/20\/2023\/10\/Innovationssupporten-kopiera.jpg 1600w\" sizes=\"auto, (max-width: 1024px) 100vw, 1024px\" \/><\/figure>\n\n\n\n<p><\/p>\n\n\n\n<h3 class=\"wp-block-heading\">Innovationssupporten<\/h3>\n\n\n\n<p>Hos Innovationssupporten hittar du st\u00f6d f\u00f6r att f\u00e5 dina id\u00e9er att bli verklighet och ditt f\u00f6retag att utvecklas. H\u00e4r kan du hitta verktyg, s\u00f6ka st\u00f6d och f\u00e5 hj\u00e4lp att komma ur gamla hjulsp\u00e5r genom inspirerande \u00f6vningar och goda exempel.<\/p>\n\n\n\n<div class=\"wp-block-buttons is-horizontal is-content-justification-center is-layout-flex wp-container-core-buttons-is-layout-499968f5 wp-block-buttons-is-layout-flex\">\n<div class=\"wp-block-button\"><a class=\"wp-block-button__link has-svart-color has-text-color wp-element-button\" href=\"https:\/\/www.visitvarmland.com\/corporate\/kunskapsbank\/innovationssupporten\/\" target=\"_blank\" rel=\"noreferrer noopener\">S\u00f6k st\u00f6d hos Innovationssupporten<\/a><\/div>\n<\/div>\n\n\n\n<hr class=\"wp-block-separator has-css-opacity\"\/>\n\n\n\n<h2 class=\"wp-block-heading has-text-align-center\">Innovationsarenor<\/h2>\n\n\n\n<p class=\"has-text-align-center\"><strong>I v\u00e5ra innovationsarenor har vi sammanf\u00f6rt flera akt\u00f6rer f\u00f6r att hitta l\u00f6sningar och innovationer till problem eller behov<\/strong>.<\/p>\n\n\n\n<figure class=\"wp-block-image size-large\"><img loading=\"lazy\" decoding=\"async\" width=\"1024\" height=\"576\" src=\"https:\/\/www.visitvarmland.com\/corporate\/wp-content\/uploads\/sites\/20\/2023\/10\/Mattilapuff-1024x576.jpg\" alt=\"\" class=\"wp-image-3927\" srcset=\"https:\/\/www.visitvarmland.com\/app\/uploads\/sites\/20\/2023\/10\/Mattilapuff-1024x576.jpg 1024w, https:\/\/www.visitvarmland.com\/app\/uploads\/sites\/20\/2023\/10\/Mattilapuff-300x169.jpg 300w, https:\/\/www.visitvarmland.com\/app\/uploads\/sites\/20\/2023\/10\/Mattilapuff-768x432.jpg 768w, https:\/\/www.visitvarmland.com\/app\/uploads\/sites\/20\/2023\/10\/Mattilapuff-1536x864.jpg 1536w, https:\/\/www.visitvarmland.com\/app\/uploads\/sites\/20\/2023\/10\/Mattilapuff-18x10.jpg 18w, https:\/\/www.visitvarmland.com\/app\/uploads\/sites\/20\/2023\/10\/Mattilapuff-150x84.jpg 150w, https:\/\/www.visitvarmland.com\/app\/uploads\/sites\/20\/2023\/10\/Mattilapuff-600x338.jpg 600w, https:\/\/www.visitvarmland.com\/app\/uploads\/sites\/20\/2023\/10\/Mattilapuff.jpg 1600w\" sizes=\"auto, (max-width: 1024px) 100vw, 1024px\" \/><\/figure>\n\n\n\n<p><\/p>\n\n\n\n<h3 class=\"wp-block-heading\" id=\"mattila\">Mattila med omnejd<\/h3>\n\n\n\n<p>Mattila med omnejd \u00e4r sedan \u00e5rhundraden pr\u00e4glat av Finnkulturen och de m\u00e4nniskor som befolkat omr\u00e5det. En plats utan gr\u00e4nser d\u00e4r samverkan och granns\u00e4mja har varit viktiga delar i den kultur som utvecklats. Nu p\u00e5g\u00e5r ett arbete med att utveckla platsen genom historien.<\/p>\n\n\n\n<details class=\"wp-block-details is-layout-flow wp-block-details-is-layout-flow\"><summary>L\u00e4s mer<\/summary>\n<p><\/p>\n\n\n\n<h4 class=\"wp-block-heading\">Marjas \u00c4ventyr &#8211; en del av V\u00e4gvisare Mattila<\/h4>\n\n\n\n<p>\u2013 Mattila \u00e4r en plats fylld av tidsepoker, fyra \u00e5rhundraden med historier kring skogsfinnar och deras traditioner, kultur och byggnader till det mer nutida som \u00e4r i fokus f\u00f6r kommande arbete. I dagens oroliga tid n\u00e4r hotet utifr\u00e5n \u00e4r mer verkligt \u00e4n p\u00e5 l\u00e4nge, s\u00e5 k\u00e4nns det angel\u00e4get att p\u00e5minna om och lyfta fram ber\u00e4ttelser fr\u00e5n andra v\u00e4rldskriget, att ber\u00e4tta historier om det som skedde f\u00f6r bara n\u00e5gra \u00e5rtionden sedan, s\u00e4ger Bengt Fjellstedt talesperson och drivkraft i Mattila.<\/p>\n\n\n\n<p>V\u00e4rmlandsantikvarien Terese Myrin samlade under h\u00f6sten in ber\u00e4ttelser kring tiden fr\u00e5n andra v\u00e4rldskriget i Mattila, om m\u00e4nniskorna under denna tid som riskerade livet f\u00f6r sina grannar. Med sig p\u00e5 resan hade hon Christer Nilsson som under 30 \u00e5rs tid har intervjuat och samlat material om minnen fr\u00e5n Finnskogen, d\u00e4ribland historier fr\u00e5n andra v\u00e4rldskriget.<\/p>\n\n\n\n<figure class=\"wp-block-image size-large\"><img loading=\"lazy\" decoding=\"async\" width=\"1024\" height=\"576\" src=\"https:\/\/www.visitvarmland.com\/corporate\/wp-content\/uploads\/sites\/20\/2023\/03\/Presentation_Mattila_230314_utkast_Sida_23-1024x576.jpg\" alt=\"Skogsbild med flicka p\u00e5 inf\u00e4lld mobiltelefon\" class=\"wp-image-3351\" srcset=\"https:\/\/www.visitvarmland.com\/app\/uploads\/sites\/20\/2023\/03\/Presentation_Mattila_230314_utkast_Sida_23-1024x576.jpg 1024w, https:\/\/www.visitvarmland.com\/app\/uploads\/sites\/20\/2023\/03\/Presentation_Mattila_230314_utkast_Sida_23-300x169.jpg 300w, https:\/\/www.visitvarmland.com\/app\/uploads\/sites\/20\/2023\/03\/Presentation_Mattila_230314_utkast_Sida_23-768x432.jpg 768w, https:\/\/www.visitvarmland.com\/app\/uploads\/sites\/20\/2023\/03\/Presentation_Mattila_230314_utkast_Sida_23-1536x864.jpg 1536w, https:\/\/www.visitvarmland.com\/app\/uploads\/sites\/20\/2023\/03\/Presentation_Mattila_230314_utkast_Sida_23-2048x1152.jpg 2048w, https:\/\/www.visitvarmland.com\/app\/uploads\/sites\/20\/2023\/03\/Presentation_Mattila_230314_utkast_Sida_23-18x10.jpg 18w, https:\/\/www.visitvarmland.com\/app\/uploads\/sites\/20\/2023\/03\/Presentation_Mattila_230314_utkast_Sida_23-150x84.jpg 150w, https:\/\/www.visitvarmland.com\/app\/uploads\/sites\/20\/2023\/03\/Presentation_Mattila_230314_utkast_Sida_23-600x337.jpg 600w, https:\/\/www.visitvarmland.com\/app\/uploads\/sites\/20\/2023\/03\/Presentation_Mattila_230314_utkast_Sida_23-1600x900.jpg 1600w\" sizes=\"auto, (max-width: 1024px) 100vw, 1024px\" \/><\/figure>\n\n\n\n<p>Arbetet resulterade i en rapport med \u00f6ver 60 skildringar fr\u00e5n h\u00e4ndelser i och omkring Mattila under krigstiden.<\/p>\n\n\n\n<p>\u2013 Det \u00e4r s\u00e5 speciellt med gr\u00e4nstrakter, fr\u00e5gan \u00e4r om det ens existerat en gr\u00e4ns f\u00f6r m\u00e4nniskor i detta skogslandskap. Men pl\u00f6tsligt befann sig sl\u00e4ktingar och v\u00e4nner, arbetskamrater, f\u00e4stm\u00e4n och f\u00e4stm\u00f6r i ett land i krig. \u00d6ver gr\u00e4nsen kom flyktingar och desert\u00f6rer och i motsatt riktning fraktades meddelanden, vapen och f\u00f6rn\u00f6denheter till motst\u00e5ndsr\u00f6relsen i Norge. Kvinnor, m\u00e4n och \u00e4ven barn visade prov p\u00e5 stort mod och medm\u00e4nsklighet som lotsar och kurirer. Det \u00e4r n\u00e4r man kommer m\u00e4nniskorna n\u00e4ra som historien k\u00e4nns verklig, s\u00e4ger V\u00e4rmlandsantikvarien Terese Myrin.<\/p>\n\n\n\n<p>Ber\u00e4ttelserna l\u00e5g till grund f\u00f6r flera workshops aktiviteter d\u00e4r deltagare fr\u00e5n lokalsamh\u00e4llet, n\u00e4ringsliv, kommun och universitet, med flera, deltog f\u00f6r en inkluderande process. Ett delsyfte var att skapa ett starkt ekosystem d\u00e4r akt\u00f6rerna kan agera tillsammans och f\u00e5 gemensamma effekter, ist\u00e4llet f\u00f6r &#8221;var man f\u00f6r sig sj\u00e4lv&#8221;. <\/p>\n\n\n\n<p>Tillsammans kreerade deltagarna fram underlaget till &#8221;Marjas \u00e4ventyr&#8221; som tar dig p\u00e5 en resa tillbaka till andra v\u00e4rldskriget och du f\u00e5r f\u00f6lja 11-\u00e5riga Marja p\u00e5 ett \u00e4ventyr. Ber\u00e4ttelserna \u00e4r autentiska och kopplade till fysiska platser f\u00f6r att skapa en genuin upplevelse. P\u00e5 de fysiska platserna finns utmaningar som uppmuntrar till lek, fantasi och aktivitet. <br>Till Marjas \u00e4ventyr har nu de lokala akt\u00f6rerna en gemensam plattform d\u00e4r de kan knyta erbjudanden och samskapa om bes\u00f6karens upplevelser. <\/p>\n\n\n\n<p>Upplevelsen syftar \u00e4ven till att knyta samman natur, kultur och historia f\u00f6r att f\u00e5 barn och unga att uppt\u00e4cka dessa omr\u00e5den p\u00e5 ett nytt s\u00e4tt, med hj\u00e4lp av digitalisering. <\/p>\n\n\n\n<figure class=\"wp-block-embed is-type-video is-provider-youtube wp-block-embed-youtube wp-embed-aspect-16-9 wp-has-aspect-ratio\"><div class=\"wp-block-embed__wrapper\">\n<iframe loading=\"lazy\" title=\"Marjas \u00e4ventyr - Innovationsarena i Mattila med omnejd\" width=\"640\" height=\"360\" src=\"https:\/\/www.youtube.com\/embed\/c2mBt_qfl0E?feature=oembed\" frameborder=\"0\" allow=\"accelerometer; autoplay; clipboard-write; encrypted-media; gyroscope; picture-in-picture; web-share\" referrerpolicy=\"strict-origin-when-cross-origin\" allowfullscreen><\/iframe>\n<\/div><\/figure>\n\n\n\n<p><\/p>\n\n\n\n<h4 class=\"wp-block-heading\">Lyssna p\u00e5 Marjas \u00e4ventyr<\/h4>\n\n\n\n<p>H\u00e4r kan du lyssna p\u00e5 de ljudklipp som du kan h\u00f6ra i Marjas \u00e4ventyr.<\/p>\n\n\n\n<figure class=\"wp-block-audio\"><audio controls src=\"https:\/\/www.visitvarmland.com\/corporate\/wp-content\/uploads\/sites\/20\/2023\/10\/Mattila-1_mixdown-V.1.wav\"><\/audio><\/figure>\n\n\n\n<figure class=\"wp-block-audio\"><audio controls src=\"https:\/\/www.visitvarmland.com\/corporate\/wp-content\/uploads\/sites\/20\/2023\/10\/Mattila-2_mixdown-V.1.wav\"><\/audio><\/figure>\n\n\n\n<figure class=\"wp-block-audio\"><audio controls src=\"https:\/\/www.visitvarmland.com\/corporate\/wp-content\/uploads\/sites\/20\/2023\/10\/Mattila-3_mixdown-V.1.wav\"><\/audio><\/figure>\n\n\n\n<figure class=\"wp-block-audio\"><audio controls src=\"https:\/\/www.visitvarmland.com\/corporate\/wp-content\/uploads\/sites\/20\/2023\/10\/Mattila-4_mixdown-V.1.wav\"><\/audio><\/figure>\n\n\n\n<figure class=\"wp-block-audio\"><audio controls src=\"https:\/\/www.visitvarmland.com\/corporate\/wp-content\/uploads\/sites\/20\/2023\/10\/Mattila-5_mixdown-V.1.wav\"><\/audio><\/figure>\n\n\n\n<figure class=\"wp-block-audio\"><audio controls src=\"https:\/\/www.visitvarmland.com\/corporate\/wp-content\/uploads\/sites\/20\/2023\/10\/Mattila-6_mixdown-V.1-1.wav\"><\/audio><\/figure>\n\n\n\n<figure class=\"wp-block-audio\"><audio controls src=\"https:\/\/www.visitvarmland.com\/corporate\/wp-content\/uploads\/sites\/20\/2023\/10\/Mattila-7_mixdown-V.1-mindre.wav\"><\/audio><\/figure>\n\n\n\n<p><\/p>\n\n\n\n<h4 class=\"wp-block-heading\">Aktiviteter<\/h4>\n\n\n\n<p>H\u00e4r hittar du aktiviteter som vi genomf\u00f6rt inom Innovationsarena Mattila med omnejd.<\/p>\n\n\n\n<ul class=\"wp-block-list\">\n<li>15 februari 2023: <a rel=\"noreferrer noopener\" href=\"https:\/\/www.visitvarmland.com\/corporate\/aktiviteter\/tillbaka-till-framtiden-pa-en-granslos-plats\/\" target=\"_blank\"><strong>Workshop: Tillbaka till framtiden \u2013 p\u00e5 en gr\u00e4nsl\u00f6s plats<\/strong><\/a><\/li>\n\n\n\n<li>4 april 2023: <a rel=\"noreferrer noopener\" href=\"https:\/\/www.visitvarmland.com\/corporate\/aktiviteter\/valkommen-ut-till-en-granslos-del-av-finnskogen\/\" target=\"_blank\"><strong>Uppf\u00f6ljning: En gr\u00e4nsl\u00f6s del av Finnskogen<\/strong><\/a><\/li>\n\n\n\n<li>3 juli 2023: <a rel=\"noreferrer noopener\" href=\"https:\/\/www.visitvarmland.com\/corporate\/aktiviteter\/lansering-av-marjas-aventyr\/\" target=\"_blank\"><strong>Lanseringen av Marjas \u00c4ventyr<\/strong><\/a><\/li>\n\n\n\n<li>28 september 2023: <a rel=\"noreferrer noopener\" href=\"https:\/\/www.visitvarmland.com\/corporate\/aktiviteter\/utvardering-innovationsarenan-mattila-och-marjas-aventyr\/\" target=\"_blank\"><strong>Utv\u00e4rdering: Innovationsarenan Mattila med omnejd och Marjas \u00e4ventyr<\/strong><\/a><\/li>\n<\/ul>\n\n\n\n<p><\/p>\n\n\n\n<h4 class=\"wp-block-heading\">Nyheter<\/h4>\n\n\n\n<ul class=\"wp-block-list\">\n<li>2 februari 2023: <a rel=\"noreferrer noopener\" href=\"https:\/\/www.visitvarmland.com\/corporate\/nyheter\/tillbaka-till-framtiden-pa-en-granslos-plats\/\" target=\"_blank\"><strong>Tillbaka till Framtiden \u2013 P\u00e5 en gr\u00e4nsl\u00f6s plats<\/strong><\/a><\/li>\n<\/ul>\n\n\n\n<p><\/p>\n\n\n\n<h4 class=\"wp-block-heading\">Se mer<\/h4>\n\n\n\n<p>L\u00e4s mer om Marjas \u00e4ventyr p\u00e5 <a href=\"https:\/\/mattila.se\/marja\/\" target=\"_blank\" data-type=\"link\" data-id=\"https:\/\/mattila.se\/marja\/\" rel=\"noreferrer noopener\">Mattilas webbplats<\/a>.<\/p>\n\n\n\n<p><\/p>\n<\/details>\n\n\n\n<p><\/p>\n\n\n\n<figure class=\"wp-block-image size-large\"><img loading=\"lazy\" decoding=\"async\" width=\"1024\" height=\"576\" src=\"https:\/\/www.visitvarmland.com\/corporate\/wp-content\/uploads\/sites\/20\/2023\/10\/Raibloxpuff-1024x576.jpg\" alt=\"\" class=\"wp-image-3928\" srcset=\"https:\/\/www.visitvarmland.com\/app\/uploads\/sites\/20\/2023\/10\/Raibloxpuff-1024x576.jpg 1024w, https:\/\/www.visitvarmland.com\/app\/uploads\/sites\/20\/2023\/10\/Raibloxpuff-300x169.jpg 300w, https:\/\/www.visitvarmland.com\/app\/uploads\/sites\/20\/2023\/10\/Raibloxpuff-768x432.jpg 768w, https:\/\/www.visitvarmland.com\/app\/uploads\/sites\/20\/2023\/10\/Raibloxpuff-1536x864.jpg 1536w, https:\/\/www.visitvarmland.com\/app\/uploads\/sites\/20\/2023\/10\/Raibloxpuff-18x10.jpg 18w, https:\/\/www.visitvarmland.com\/app\/uploads\/sites\/20\/2023\/10\/Raibloxpuff-150x84.jpg 150w, https:\/\/www.visitvarmland.com\/app\/uploads\/sites\/20\/2023\/10\/Raibloxpuff-600x338.jpg 600w, https:\/\/www.visitvarmland.com\/app\/uploads\/sites\/20\/2023\/10\/Raibloxpuff.jpg 1600w\" sizes=\"auto, (max-width: 1024px) 100vw, 1024px\" \/><\/figure>\n\n\n\n<p><\/p>\n\n\n\n<h3 class=\"wp-block-heading\" id=\"railblox\">Railblox Hagfors J\u00e4rnv\u00e4gsmuseum<\/h3>\n\n\n\n<p>Den analoga v\u00e4rlden i Hagfors j\u00e4rnv\u00e4gsmuseum har flyttat in i ett av v\u00e4rldens popul\u00e4raste onlinespel f\u00f6r barn och ungdomar, Roblox. I denna spelv\u00e4rld finns nu en digital tvilling av Hagfors j\u00e4rnv\u00e4gsmuseum: Railblox. Det inneb\u00e4r att barn och unga b\u00e5de kan ta en virtuell titt i museet och testa n\u00e5got av minispelen. Railblox Hagfors J\u00e4rnv\u00e4gsmuseum \u00e4r en del av projektet Innovationsarenor Bes\u00f6ksn\u00e4ringen V\u00e4rmland.<\/p>\n\n\n\n<details class=\"wp-block-details is-layout-flow wp-block-details-is-layout-flow\"><summary>L\u00e4s mer<\/summary>\n<h4 class=\"wp-block-heading\">S\u00e5 skapades Railblox Hagfors J\u00e4rnv\u00e4gsmuseum<\/h4>\n\n\n\n<p>J\u00e4rnv\u00e4gsmuseet har ing\u00e5tt i ett samarbete med flera akt\u00f6rer, inklusive Visit V\u00e4rmland, Compare och flera f\u00f6retag fr\u00e5n n\u00e4tverket, s\u00e5som JR Education, Bacill och Kontento. JR education har tillsammans med studenter skapat Railblox, en digital kopia av Hagfors J\u00e4rnv\u00e4gsmuseum. Tanken \u00e4r att anv\u00e4nda Roblox f\u00f6r att skapa en spelv\u00e4rld d\u00e4r spelare, fr\u00e4mst barn och ungdomar, kan utforska b\u00e5de museet och staden Hagfors. Detta g\u00f6rs genom att sm\u00e4lta samman den digitala och fysiska milj\u00f6n med hj\u00e4lp av utmaningar och bel\u00f6ningar<\/p>\n\n\n\n<figure class=\"wp-block-embed aligncenter is-type-video is-provider-youtube wp-block-embed-youtube wp-embed-aspect-16-9 wp-has-aspect-ratio\"><div class=\"wp-block-embed__wrapper\">\n<iframe loading=\"lazy\" title=\"Railblox \u2013 Hagfors j\u00e4rnv\u00e4gsmuseum i en digital v\u00e4rld\" width=\"640\" height=\"360\" src=\"https:\/\/www.youtube.com\/embed\/whM-EWgYH5A?feature=oembed\" frameborder=\"0\" allow=\"accelerometer; autoplay; clipboard-write; encrypted-media; gyroscope; picture-in-picture; web-share\" referrerpolicy=\"strict-origin-when-cross-origin\" allowfullscreen><\/iframe>\n<\/div><\/figure>\n\n\n\n<p>Under h\u00f6sten 2022 p\u00e5b\u00f6rjades arbetet med workshops i Hagfors med syfte att hitta lokala ber\u00e4ttelser att knyta an till i spelet. Intresset var stort och flera sp\u00e4nnande ber\u00e4ttelser fr\u00e5n Hagfors historia, fr\u00e4mst kopplat till j\u00e4rnv\u00e4gen, diskuterades.<\/p>\n\n\n\n<p>Under v\u00e5ren 2023 arbetade JReducation\/Karlstad Makers tillsammans med studenter p\u00e5 en digital tvilling och en handfull minigames som ger ytterligare utmaningar i spelet. De spelen \u00e4r inspirerade av Hagfors j\u00e4rnv\u00e4gshistoria och inkluderar att styra den b\u00e5ngstyriga \u00c5ngh\u00e4sten, leka kondukt\u00f6r och uttyda morsekoder.<\/p>\n\n\n\n<figure class=\"wp-block-gallery has-nested-images columns-default is-cropped wp-block-gallery-1 is-layout-flex wp-block-gallery-is-layout-flex\">\n<figure class=\"wp-block-image size-large\"><img loading=\"lazy\" decoding=\"async\" width=\"1024\" height=\"768\" data-id=\"3570\" src=\"https:\/\/www.visitvarmland.com\/corporate\/wp-content\/uploads\/sites\/20\/2023\/06\/bild-hagfors-2-1024x768.jpg\" alt=\"\" class=\"wp-image-3570\" srcset=\"https:\/\/www.visitvarmland.com\/app\/uploads\/sites\/20\/2023\/06\/bild-hagfors-2-1024x768.jpg 1024w, https:\/\/www.visitvarmland.com\/app\/uploads\/sites\/20\/2023\/06\/bild-hagfors-2-300x225.jpg 300w, https:\/\/www.visitvarmland.com\/app\/uploads\/sites\/20\/2023\/06\/bild-hagfors-2-768x576.jpg 768w, https:\/\/www.visitvarmland.com\/app\/uploads\/sites\/20\/2023\/06\/bild-hagfors-2-1536x1152.jpg 1536w, https:\/\/www.visitvarmland.com\/app\/uploads\/sites\/20\/2023\/06\/bild-hagfors-2-2048x1536.jpg 2048w, https:\/\/www.visitvarmland.com\/app\/uploads\/sites\/20\/2023\/06\/bild-hagfors-2-16x12.jpg 16w, https:\/\/www.visitvarmland.com\/app\/uploads\/sites\/20\/2023\/06\/bild-hagfors-2-150x113.jpg 150w, https:\/\/www.visitvarmland.com\/app\/uploads\/sites\/20\/2023\/06\/bild-hagfors-2-600x450.jpg 600w\" sizes=\"auto, (max-width: 1024px) 100vw, 1024px\" \/><\/figure>\n\n\n\n<figure class=\"wp-block-image size-large\"><img loading=\"lazy\" decoding=\"async\" width=\"768\" height=\"1024\" data-id=\"3574\" src=\"https:\/\/www.visitvarmland.com\/corporate\/wp-content\/uploads\/sites\/20\/2023\/06\/bild-hagfors-768x1024.jpg\" alt=\"\" class=\"wp-image-3574\" srcset=\"https:\/\/www.visitvarmland.com\/app\/uploads\/sites\/20\/2023\/06\/bild-hagfors-768x1024.jpg 768w, https:\/\/www.visitvarmland.com\/app\/uploads\/sites\/20\/2023\/06\/bild-hagfors-225x300.jpg 225w, https:\/\/www.visitvarmland.com\/app\/uploads\/sites\/20\/2023\/06\/bild-hagfors-1152x1536.jpg 1152w, https:\/\/www.visitvarmland.com\/app\/uploads\/sites\/20\/2023\/06\/bild-hagfors-1536x2048.jpg 1536w, https:\/\/www.visitvarmland.com\/app\/uploads\/sites\/20\/2023\/06\/bild-hagfors-9x12.jpg 9w, https:\/\/www.visitvarmland.com\/app\/uploads\/sites\/20\/2023\/06\/bild-hagfors-113x150.jpg 113w, https:\/\/www.visitvarmland.com\/app\/uploads\/sites\/20\/2023\/06\/bild-hagfors-450x600.jpg 450w, https:\/\/www.visitvarmland.com\/app\/uploads\/sites\/20\/2023\/06\/bild-hagfors-scaled.jpg 1920w\" sizes=\"auto, (max-width: 768px) 100vw, 768px\" \/><figcaption class=\"wp-element-caption\">Intervju med SVT Nyheter V\u00e4rmland.<\/figcaption><\/figure>\n\n\n\n<figure class=\"wp-block-image size-large\"><img loading=\"lazy\" decoding=\"async\" width=\"1024\" height=\"542\" data-id=\"3374\" src=\"https:\/\/www.visitvarmland.com\/corporate\/wp-content\/uploads\/sites\/20\/2023\/03\/Railblox-1-1024x542.png\" alt=\"\" class=\"wp-image-3374\" srcset=\"https:\/\/www.visitvarmland.com\/app\/uploads\/sites\/20\/2023\/03\/Railblox-1-1024x542.png 1024w, https:\/\/www.visitvarmland.com\/app\/uploads\/sites\/20\/2023\/03\/Railblox-1-300x159.png 300w, https:\/\/www.visitvarmland.com\/app\/uploads\/sites\/20\/2023\/03\/Railblox-1-768x406.png 768w, https:\/\/www.visitvarmland.com\/app\/uploads\/sites\/20\/2023\/03\/Railblox-1-18x10.png 18w, https:\/\/www.visitvarmland.com\/app\/uploads\/sites\/20\/2023\/03\/Railblox-1-150x79.png 150w, https:\/\/www.visitvarmland.com\/app\/uploads\/sites\/20\/2023\/03\/Railblox-1-600x317.png 600w, https:\/\/www.visitvarmland.com\/app\/uploads\/sites\/20\/2023\/03\/Railblox-1.png 1040w\" sizes=\"auto, (max-width: 1024px) 100vw, 1024px\" \/><figcaption class=\"wp-element-caption\">Bild fr\u00e5n Railblox Hagfors J\u00e4rnv\u00e4gsmuseum.<\/figcaption><\/figure>\n\n\n\n<figure class=\"wp-block-image size-large\"><img loading=\"lazy\" decoding=\"async\" width=\"1024\" height=\"643\" data-id=\"3375\" src=\"https:\/\/www.visitvarmland.com\/corporate\/wp-content\/uploads\/sites\/20\/2023\/03\/Railblox-2-1024x643.png\" alt=\"\" class=\"wp-image-3375\" srcset=\"https:\/\/www.visitvarmland.com\/app\/uploads\/sites\/20\/2023\/03\/Railblox-2-1024x643.png 1024w, https:\/\/www.visitvarmland.com\/app\/uploads\/sites\/20\/2023\/03\/Railblox-2-300x188.png 300w, https:\/\/www.visitvarmland.com\/app\/uploads\/sites\/20\/2023\/03\/Railblox-2-768x482.png 768w, https:\/\/www.visitvarmland.com\/app\/uploads\/sites\/20\/2023\/03\/Railblox-2-18x12.png 18w, https:\/\/www.visitvarmland.com\/app\/uploads\/sites\/20\/2023\/03\/Railblox-2-150x94.png 150w, https:\/\/www.visitvarmland.com\/app\/uploads\/sites\/20\/2023\/03\/Railblox-2-600x377.png 600w, https:\/\/www.visitvarmland.com\/app\/uploads\/sites\/20\/2023\/03\/Railblox-2.png 1090w\" sizes=\"auto, (max-width: 1024px) 100vw, 1024px\" \/><figcaption class=\"wp-element-caption\">Bild fr\u00e5n Railblox Hagfors J\u00e4rnv\u00e4gsmuseum.<\/figcaption><\/figure>\n\n\n\n<figure class=\"wp-block-image size-large\"><img loading=\"lazy\" decoding=\"async\" width=\"1024\" height=\"425\" data-id=\"3376\" src=\"https:\/\/www.visitvarmland.com\/corporate\/wp-content\/uploads\/sites\/20\/2023\/03\/Railblox-3-1024x425.png\" alt=\"\" class=\"wp-image-3376\" srcset=\"https:\/\/www.visitvarmland.com\/app\/uploads\/sites\/20\/2023\/03\/Railblox-3-1024x425.png 1024w, https:\/\/www.visitvarmland.com\/app\/uploads\/sites\/20\/2023\/03\/Railblox-3-300x124.png 300w, https:\/\/www.visitvarmland.com\/app\/uploads\/sites\/20\/2023\/03\/Railblox-3-768x319.png 768w, https:\/\/www.visitvarmland.com\/app\/uploads\/sites\/20\/2023\/03\/Railblox-3-1536x637.png 1536w, https:\/\/www.visitvarmland.com\/app\/uploads\/sites\/20\/2023\/03\/Railblox-3-2048x850.png 2048w, https:\/\/www.visitvarmland.com\/app\/uploads\/sites\/20\/2023\/03\/Railblox-3-18x7.png 18w, https:\/\/www.visitvarmland.com\/app\/uploads\/sites\/20\/2023\/03\/Railblox-3-150x62.png 150w, https:\/\/www.visitvarmland.com\/app\/uploads\/sites\/20\/2023\/03\/Railblox-3-600x249.png 600w\" sizes=\"auto, (max-width: 1024px) 100vw, 1024px\" \/><figcaption class=\"wp-element-caption\">Bild fr\u00e5n Railblox Hagfors J\u00e4rnv\u00e4gsmuseum.<\/figcaption><\/figure>\n\n\n\n<figure class=\"wp-block-image size-large\"><img loading=\"lazy\" decoding=\"async\" width=\"654\" height=\"449\" data-id=\"3377\" src=\"https:\/\/www.visitvarmland.com\/corporate\/wp-content\/uploads\/sites\/20\/2023\/03\/Railblox.png\" alt=\"Grafik Railblox\" class=\"wp-image-3377\" srcset=\"https:\/\/www.visitvarmland.com\/app\/uploads\/sites\/20\/2023\/03\/Railblox.png 654w, https:\/\/www.visitvarmland.com\/app\/uploads\/sites\/20\/2023\/03\/Railblox-300x206.png 300w, https:\/\/www.visitvarmland.com\/app\/uploads\/sites\/20\/2023\/03\/Railblox-18x12.png 18w, https:\/\/www.visitvarmland.com\/app\/uploads\/sites\/20\/2023\/03\/Railblox-150x103.png 150w, https:\/\/www.visitvarmland.com\/app\/uploads\/sites\/20\/2023\/03\/Railblox-600x412.png 600w\" sizes=\"auto, (max-width: 654px) 100vw, 654px\" \/><figcaption class=\"wp-element-caption\">Bild fr\u00e5n Railblox Hagfors J\u00e4rnv\u00e4gsmuseum.<\/figcaption><\/figure>\n\n\n\n<figure class=\"wp-block-image size-large\"><img loading=\"lazy\" decoding=\"async\" width=\"1024\" height=\"369\" data-id=\"3504\" src=\"https:\/\/www.visitvarmland.com\/corporate\/wp-content\/uploads\/sites\/20\/2023\/05\/jvn-museet-1024x369.png\" alt=\"\" class=\"wp-image-3504\" srcset=\"https:\/\/www.visitvarmland.com\/app\/uploads\/sites\/20\/2023\/05\/jvn-museet-1024x369.png 1024w, https:\/\/www.visitvarmland.com\/app\/uploads\/sites\/20\/2023\/05\/jvn-museet-300x108.png 300w, https:\/\/www.visitvarmland.com\/app\/uploads\/sites\/20\/2023\/05\/jvn-museet-768x277.png 768w, https:\/\/www.visitvarmland.com\/app\/uploads\/sites\/20\/2023\/05\/jvn-museet-18x6.png 18w, https:\/\/www.visitvarmland.com\/app\/uploads\/sites\/20\/2023\/05\/jvn-museet-150x54.png 150w, https:\/\/www.visitvarmland.com\/app\/uploads\/sites\/20\/2023\/05\/jvn-museet-600x216.png 600w, https:\/\/www.visitvarmland.com\/app\/uploads\/sites\/20\/2023\/05\/jvn-museet.png 1258w\" sizes=\"auto, (max-width: 1024px) 100vw, 1024px\" \/><figcaption class=\"wp-element-caption\">Originalfordon vs i spelet.<\/figcaption><\/figure>\n\n\n\n<figure class=\"wp-block-image size-large\"><img loading=\"lazy\" decoding=\"async\" width=\"753\" height=\"527\" data-id=\"3506\" src=\"https:\/\/www.visitvarmland.com\/corporate\/wp-content\/uploads\/sites\/20\/2023\/05\/test-1.jpg\" alt=\"\" class=\"wp-image-3506\" srcset=\"https:\/\/www.visitvarmland.com\/app\/uploads\/sites\/20\/2023\/05\/test-1.jpg 753w, https:\/\/www.visitvarmland.com\/app\/uploads\/sites\/20\/2023\/05\/test-1-300x210.jpg 300w, https:\/\/www.visitvarmland.com\/app\/uploads\/sites\/20\/2023\/05\/test-1-18x12.jpg 18w, https:\/\/www.visitvarmland.com\/app\/uploads\/sites\/20\/2023\/05\/test-1-150x105.jpg 150w, https:\/\/www.visitvarmland.com\/app\/uploads\/sites\/20\/2023\/05\/test-1-600x420.jpg 600w\" sizes=\"auto, (max-width: 753px) 100vw, 753px\" \/><figcaption class=\"wp-element-caption\">Originalfordon vs i spelet.<\/figcaption><\/figure>\n\n\n\n<figure class=\"wp-block-image size-large\"><img loading=\"lazy\" decoding=\"async\" width=\"925\" height=\"592\" data-id=\"3507\" src=\"https:\/\/www.visitvarmland.com\/corporate\/wp-content\/uploads\/sites\/20\/2023\/05\/test-2.jpg\" alt=\"\" class=\"wp-image-3507\" srcset=\"https:\/\/www.visitvarmland.com\/app\/uploads\/sites\/20\/2023\/05\/test-2.jpg 925w, https:\/\/www.visitvarmland.com\/app\/uploads\/sites\/20\/2023\/05\/test-2-300x192.jpg 300w, https:\/\/www.visitvarmland.com\/app\/uploads\/sites\/20\/2023\/05\/test-2-768x492.jpg 768w, https:\/\/www.visitvarmland.com\/app\/uploads\/sites\/20\/2023\/05\/test-2-18x12.jpg 18w, https:\/\/www.visitvarmland.com\/app\/uploads\/sites\/20\/2023\/05\/test-2-150x96.jpg 150w, https:\/\/www.visitvarmland.com\/app\/uploads\/sites\/20\/2023\/05\/test-2-600x384.jpg 600w\" sizes=\"auto, (max-width: 925px) 100vw, 925px\" \/><figcaption class=\"wp-element-caption\">Originalfordon vs i spelet.<\/figcaption><\/figure>\n\n\n\n<figure class=\"wp-block-image size-large\"><img loading=\"lazy\" decoding=\"async\" width=\"1024\" height=\"505\" data-id=\"3568\" src=\"https:\/\/www.visitvarmland.com\/corporate\/wp-content\/uploads\/sites\/20\/2023\/06\/JVN6-1024x505.png\" alt=\"Grafik ur Railblox\" class=\"wp-image-3568\" srcset=\"https:\/\/www.visitvarmland.com\/app\/uploads\/sites\/20\/2023\/06\/JVN6-1024x505.png 1024w, https:\/\/www.visitvarmland.com\/app\/uploads\/sites\/20\/2023\/06\/JVN6-300x148.png 300w, https:\/\/www.visitvarmland.com\/app\/uploads\/sites\/20\/2023\/06\/JVN6-768x379.png 768w, https:\/\/www.visitvarmland.com\/app\/uploads\/sites\/20\/2023\/06\/JVN6-18x9.png 18w, https:\/\/www.visitvarmland.com\/app\/uploads\/sites\/20\/2023\/06\/JVN6-150x74.png 150w, https:\/\/www.visitvarmland.com\/app\/uploads\/sites\/20\/2023\/06\/JVN6-600x296.png 600w, https:\/\/www.visitvarmland.com\/app\/uploads\/sites\/20\/2023\/06\/JVN6.png 1532w\" sizes=\"auto, (max-width: 1024px) 100vw, 1024px\" \/><figcaption class=\"wp-element-caption\">Bild fr\u00e5n Railblox Hagfors J\u00e4rnv\u00e4gsmuseum.<\/figcaption><\/figure>\n\n\n\n<figure class=\"wp-block-image size-large\"><img loading=\"lazy\" decoding=\"async\" width=\"1024\" height=\"505\" data-id=\"3575\" src=\"https:\/\/www.visitvarmland.com\/corporate\/wp-content\/uploads\/sites\/20\/2023\/06\/Railblox-2-1024x505.png\" alt=\"\" class=\"wp-image-3575\" srcset=\"https:\/\/www.visitvarmland.com\/app\/uploads\/sites\/20\/2023\/06\/Railblox-2-1024x505.png 1024w, https:\/\/www.visitvarmland.com\/app\/uploads\/sites\/20\/2023\/06\/Railblox-2-300x148.png 300w, https:\/\/www.visitvarmland.com\/app\/uploads\/sites\/20\/2023\/06\/Railblox-2-768x379.png 768w, https:\/\/www.visitvarmland.com\/app\/uploads\/sites\/20\/2023\/06\/Railblox-2-18x9.png 18w, https:\/\/www.visitvarmland.com\/app\/uploads\/sites\/20\/2023\/06\/Railblox-2-150x74.png 150w, https:\/\/www.visitvarmland.com\/app\/uploads\/sites\/20\/2023\/06\/Railblox-2-600x296.png 600w, https:\/\/www.visitvarmland.com\/app\/uploads\/sites\/20\/2023\/06\/Railblox-2.png 1532w\" sizes=\"auto, (max-width: 1024px) 100vw, 1024px\" \/><figcaption class=\"wp-element-caption\">Bild fr\u00e5n Railblox Hagfors J\u00e4rnv\u00e4gsmuseum.<\/figcaption><\/figure>\n\n\n\n<figure class=\"wp-block-image size-large\"><img loading=\"lazy\" decoding=\"async\" width=\"1024\" height=\"500\" data-id=\"3576\" src=\"https:\/\/www.visitvarmland.com\/corporate\/wp-content\/uploads\/sites\/20\/2023\/06\/Railblox-3-1024x500.png\" alt=\"\" class=\"wp-image-3576\" srcset=\"https:\/\/www.visitvarmland.com\/app\/uploads\/sites\/20\/2023\/06\/Railblox-3-1024x500.png 1024w, https:\/\/www.visitvarmland.com\/app\/uploads\/sites\/20\/2023\/06\/Railblox-3-300x146.png 300w, https:\/\/www.visitvarmland.com\/app\/uploads\/sites\/20\/2023\/06\/Railblox-3-768x375.png 768w, https:\/\/www.visitvarmland.com\/app\/uploads\/sites\/20\/2023\/06\/Railblox-3-18x9.png 18w, https:\/\/www.visitvarmland.com\/app\/uploads\/sites\/20\/2023\/06\/Railblox-3-150x73.png 150w, https:\/\/www.visitvarmland.com\/app\/uploads\/sites\/20\/2023\/06\/Railblox-3-600x293.png 600w, https:\/\/www.visitvarmland.com\/app\/uploads\/sites\/20\/2023\/06\/Railblox-3.png 1532w\" sizes=\"auto, (max-width: 1024px) 100vw, 1024px\" \/><figcaption class=\"wp-element-caption\">Bild fr\u00e5n Railblox Hagfors J\u00e4rnv\u00e4gsmuseum.<\/figcaption><\/figure>\n\n\n\n<figure class=\"wp-block-image size-large\"><img loading=\"lazy\" decoding=\"async\" width=\"888\" height=\"756\" data-id=\"3589\" src=\"https:\/\/www.visitvarmland.com\/corporate\/wp-content\/uploads\/sites\/20\/2023\/06\/Railblox.png\" alt=\"\" class=\"wp-image-3589\" srcset=\"https:\/\/www.visitvarmland.com\/app\/uploads\/sites\/20\/2023\/06\/Railblox.png 888w, https:\/\/www.visitvarmland.com\/app\/uploads\/sites\/20\/2023\/06\/Railblox-300x255.png 300w, https:\/\/www.visitvarmland.com\/app\/uploads\/sites\/20\/2023\/06\/Railblox-768x654.png 768w, https:\/\/www.visitvarmland.com\/app\/uploads\/sites\/20\/2023\/06\/Railblox-14x12.png 14w, https:\/\/www.visitvarmland.com\/app\/uploads\/sites\/20\/2023\/06\/Railblox-150x128.png 150w, https:\/\/www.visitvarmland.com\/app\/uploads\/sites\/20\/2023\/06\/Railblox-600x511.png 600w\" sizes=\"auto, (max-width: 888px) 100vw, 888px\" \/><figcaption class=\"wp-element-caption\">Bild fr\u00e5n Railblox Hagfors J\u00e4rnv\u00e4gsmuseum.<\/figcaption><\/figure>\n\n\n\n<figure class=\"wp-block-image size-large\"><img loading=\"lazy\" decoding=\"async\" width=\"1024\" height=\"576\" data-id=\"3577\" src=\"https:\/\/www.visitvarmland.com\/corporate\/wp-content\/uploads\/sites\/20\/2023\/06\/railblox_barn-2-1024x576.jpg\" alt=\"Raioblox p\u00e5 en laptop\" class=\"wp-image-3577\" srcset=\"https:\/\/www.visitvarmland.com\/app\/uploads\/sites\/20\/2023\/06\/railblox_barn-2-1024x576.jpg 1024w, https:\/\/www.visitvarmland.com\/app\/uploads\/sites\/20\/2023\/06\/railblox_barn-2-300x169.jpg 300w, https:\/\/www.visitvarmland.com\/app\/uploads\/sites\/20\/2023\/06\/railblox_barn-2-768x432.jpg 768w, https:\/\/www.visitvarmland.com\/app\/uploads\/sites\/20\/2023\/06\/railblox_barn-2-1536x864.jpg 1536w, https:\/\/www.visitvarmland.com\/app\/uploads\/sites\/20\/2023\/06\/railblox_barn-2-2048x1152.jpg 2048w, https:\/\/www.visitvarmland.com\/app\/uploads\/sites\/20\/2023\/06\/railblox_barn-2-18x10.jpg 18w, https:\/\/www.visitvarmland.com\/app\/uploads\/sites\/20\/2023\/06\/railblox_barn-2-150x84.jpg 150w, https:\/\/www.visitvarmland.com\/app\/uploads\/sites\/20\/2023\/06\/railblox_barn-2-600x338.jpg 600w, https:\/\/www.visitvarmland.com\/app\/uploads\/sites\/20\/2023\/06\/railblox_barn-2-1600x900.jpg 1600w\" sizes=\"auto, (max-width: 1024px) 100vw, 1024px\" \/><figcaption class=\"wp-element-caption\">Barnen fick givetvis vara f\u00f6rst ut att testa spelet.<\/figcaption><\/figure>\n\n\n\n<figure class=\"wp-block-image size-large\"><img loading=\"lazy\" decoding=\"async\" width=\"1024\" height=\"576\" data-id=\"3578\" src=\"https:\/\/www.visitvarmland.com\/corporate\/wp-content\/uploads\/sites\/20\/2023\/06\/railblox_barn-3-1024x576.jpg\" alt=\"\" class=\"wp-image-3578\" srcset=\"https:\/\/www.visitvarmland.com\/app\/uploads\/sites\/20\/2023\/06\/railblox_barn-3-1024x576.jpg 1024w, https:\/\/www.visitvarmland.com\/app\/uploads\/sites\/20\/2023\/06\/railblox_barn-3-300x169.jpg 300w, https:\/\/www.visitvarmland.com\/app\/uploads\/sites\/20\/2023\/06\/railblox_barn-3-768x432.jpg 768w, https:\/\/www.visitvarmland.com\/app\/uploads\/sites\/20\/2023\/06\/railblox_barn-3-1536x864.jpg 1536w, https:\/\/www.visitvarmland.com\/app\/uploads\/sites\/20\/2023\/06\/railblox_barn-3-2048x1152.jpg 2048w, https:\/\/www.visitvarmland.com\/app\/uploads\/sites\/20\/2023\/06\/railblox_barn-3-18x10.jpg 18w, https:\/\/www.visitvarmland.com\/app\/uploads\/sites\/20\/2023\/06\/railblox_barn-3-150x84.jpg 150w, https:\/\/www.visitvarmland.com\/app\/uploads\/sites\/20\/2023\/06\/railblox_barn-3-600x338.jpg 600w, https:\/\/www.visitvarmland.com\/app\/uploads\/sites\/20\/2023\/06\/railblox_barn-3-1600x900.jpg 1600w\" sizes=\"auto, (max-width: 1024px) 100vw, 1024px\" \/><figcaption class=\"wp-element-caption\">Barnen fick givetvis vara f\u00f6rst ut att testa spelet.<\/figcaption><\/figure>\n\n\n\n<figure class=\"wp-block-image size-large\"><img loading=\"lazy\" decoding=\"async\" width=\"1024\" height=\"576\" data-id=\"3579\" src=\"https:\/\/www.visitvarmland.com\/corporate\/wp-content\/uploads\/sites\/20\/2023\/06\/railblox_barn-12-1024x576.jpg\" alt=\"\" class=\"wp-image-3579\" srcset=\"https:\/\/www.visitvarmland.com\/app\/uploads\/sites\/20\/2023\/06\/railblox_barn-12-1024x576.jpg 1024w, https:\/\/www.visitvarmland.com\/app\/uploads\/sites\/20\/2023\/06\/railblox_barn-12-300x169.jpg 300w, https:\/\/www.visitvarmland.com\/app\/uploads\/sites\/20\/2023\/06\/railblox_barn-12-768x432.jpg 768w, https:\/\/www.visitvarmland.com\/app\/uploads\/sites\/20\/2023\/06\/railblox_barn-12-1536x864.jpg 1536w, https:\/\/www.visitvarmland.com\/app\/uploads\/sites\/20\/2023\/06\/railblox_barn-12-2048x1152.jpg 2048w, https:\/\/www.visitvarmland.com\/app\/uploads\/sites\/20\/2023\/06\/railblox_barn-12-18x10.jpg 18w, https:\/\/www.visitvarmland.com\/app\/uploads\/sites\/20\/2023\/06\/railblox_barn-12-150x84.jpg 150w, https:\/\/www.visitvarmland.com\/app\/uploads\/sites\/20\/2023\/06\/railblox_barn-12-600x338.jpg 600w, https:\/\/www.visitvarmland.com\/app\/uploads\/sites\/20\/2023\/06\/railblox_barn-12-1600x900.jpg 1600w\" sizes=\"auto, (max-width: 1024px) 100vw, 1024px\" \/><figcaption class=\"wp-element-caption\">Barnen fick givetvis vara f\u00f6rst ut att testa spelet.<\/figcaption><\/figure>\n\n\n\n<figure class=\"wp-block-image size-large\"><img loading=\"lazy\" decoding=\"async\" width=\"1024\" height=\"576\" data-id=\"3580\" src=\"https:\/\/www.visitvarmland.com\/corporate\/wp-content\/uploads\/sites\/20\/2023\/06\/railblox_barn-16-1024x576.jpg\" alt=\"\" class=\"wp-image-3580\" srcset=\"https:\/\/www.visitvarmland.com\/app\/uploads\/sites\/20\/2023\/06\/railblox_barn-16-1024x576.jpg 1024w, https:\/\/www.visitvarmland.com\/app\/uploads\/sites\/20\/2023\/06\/railblox_barn-16-300x169.jpg 300w, https:\/\/www.visitvarmland.com\/app\/uploads\/sites\/20\/2023\/06\/railblox_barn-16-768x432.jpg 768w, https:\/\/www.visitvarmland.com\/app\/uploads\/sites\/20\/2023\/06\/railblox_barn-16-1536x864.jpg 1536w, https:\/\/www.visitvarmland.com\/app\/uploads\/sites\/20\/2023\/06\/railblox_barn-16-2048x1152.jpg 2048w, https:\/\/www.visitvarmland.com\/app\/uploads\/sites\/20\/2023\/06\/railblox_barn-16-18x10.jpg 18w, https:\/\/www.visitvarmland.com\/app\/uploads\/sites\/20\/2023\/06\/railblox_barn-16-150x84.jpg 150w, https:\/\/www.visitvarmland.com\/app\/uploads\/sites\/20\/2023\/06\/railblox_barn-16-600x338.jpg 600w, https:\/\/www.visitvarmland.com\/app\/uploads\/sites\/20\/2023\/06\/railblox_barn-16-1600x900.jpg 1600w\" sizes=\"auto, (max-width: 1024px) 100vw, 1024px\" \/><figcaption class=\"wp-element-caption\">Barnen fick givetvis vara f\u00f6rst ut att testa spelet.<\/figcaption><\/figure>\n\n\n\n<figure class=\"wp-block-image size-large\"><img loading=\"lazy\" decoding=\"async\" width=\"1024\" height=\"576\" data-id=\"3581\" src=\"https:\/\/www.visitvarmland.com\/corporate\/wp-content\/uploads\/sites\/20\/2023\/06\/railblox_barn-22-1024x576.jpg\" alt=\"\" class=\"wp-image-3581\" srcset=\"https:\/\/www.visitvarmland.com\/app\/uploads\/sites\/20\/2023\/06\/railblox_barn-22-1024x576.jpg 1024w, https:\/\/www.visitvarmland.com\/app\/uploads\/sites\/20\/2023\/06\/railblox_barn-22-300x169.jpg 300w, https:\/\/www.visitvarmland.com\/app\/uploads\/sites\/20\/2023\/06\/railblox_barn-22-768x432.jpg 768w, https:\/\/www.visitvarmland.com\/app\/uploads\/sites\/20\/2023\/06\/railblox_barn-22-1536x864.jpg 1536w, https:\/\/www.visitvarmland.com\/app\/uploads\/sites\/20\/2023\/06\/railblox_barn-22-2048x1152.jpg 2048w, https:\/\/www.visitvarmland.com\/app\/uploads\/sites\/20\/2023\/06\/railblox_barn-22-18x10.jpg 18w, https:\/\/www.visitvarmland.com\/app\/uploads\/sites\/20\/2023\/06\/railblox_barn-22-150x84.jpg 150w, https:\/\/www.visitvarmland.com\/app\/uploads\/sites\/20\/2023\/06\/railblox_barn-22-600x338.jpg 600w, https:\/\/www.visitvarmland.com\/app\/uploads\/sites\/20\/2023\/06\/railblox_barn-22-1600x900.jpg 1600w\" sizes=\"auto, (max-width: 1024px) 100vw, 1024px\" \/><figcaption class=\"wp-element-caption\">Barnen fick givetvis vara f\u00f6rst ut att testa spelet.<\/figcaption><\/figure>\n<\/figure>\n\n\n\n<h4 class=\"wp-block-heading\">Testperioden v\u00e5ren\/sommaren 2023<\/h4>\n\n\n\n<p>I slutet av maj m\u00e5nad genomf\u00f6rdes ett test i Hagfors tillsammans med barn som d\u00e5 fick testa upplevelsen. F\u00f6rst fick de m\u00f6jlighet att testa spelet och uppm\u00e4rksamma buggar eller annat som inte fungerade. D\u00e4refter fick de bes\u00f6ka den fysiska milj\u00f6n \u2013 igenk\u00e4nningen var stor!<\/p>\n\n\n\n<h4 class=\"wp-block-heading\">Reklamfilm<\/h4>\n\n\n\n<p><a href=\"https:\/\/youtube.com\/shorts\/pJfOl45D2Os?si=MjhWXb_2xvOa6-ZJ\" target=\"_blank\" rel=\"noopener\"><strong>H\u00e4r kan du se en reklamfilm om Railblox Hagfors J\u00e4rnv\u00e4gsmuseum.<\/strong><\/a><\/p>\n\n\n\n<h4 class=\"wp-block-heading\">Aktiviteter<\/h4>\n\n\n\n<ul class=\"wp-block-list\">\n<li>7 november 2022: <strong><a href=\"https:\/\/www.visitvarmland.com\/corporate\/aktiviteter\/hagfors-jarnvagsmuseum-roblox-sant\/\" data-type=\"URL\" data-id=\"https:\/\/www.visitvarmland.com\/corporate\/aktiviteter\/hagfors-jarnvagsmuseum-roblox-sant\/\" target=\"_blank\" rel=\"noreferrer noopener\">Hagfors j\u00e4rnv\u00e4gsmuseum + Roblox = sant<\/a><\/strong><\/li>\n\n\n\n<li>24 maj 2023: <a rel=\"noreferrer noopener\" href=\"https:\/\/www.visitvarmland.com\/corporate\/aktiviteter\/test-railblox-hagfors\/\" target=\"_blank\"><strong>Premi\u00e4rtestet av Railblox Hagfors J\u00e4rnv\u00e4gsmuseum<\/strong><\/a><\/li>\n\n\n\n<li>20 juni &#8211; 31 augusti 2023: <a href=\"https:\/\/www.visitvarmland.com\/corporate\/aktiviteter\/testa-railblox-hagfors-i-sommar-en-digital-tvilling-av-hagfors-jarnvagsmuseet-i-spelplattformen-roblox\/\" target=\"_blank\" rel=\"noreferrer noopener\"><strong>Testperioden av Railblox Hagfors J\u00e4rnv\u00e4gsmuseum<\/strong><\/a><\/li>\n<\/ul>\n\n\n\n<p><\/p>\n\n\n\n<h4 class=\"wp-block-heading\">Railblox Hagfors J\u00e4rnv\u00e4gsmuseum i media<\/h4>\n\n\n\n<p>Oavsett spelets popularitet s\u00e5 har Railblox Hagfors J\u00e4rnv\u00e4gsmuseum v\u00e4ckt stort intresse b\u00e5de i media och bes\u00f6ksn\u00e4ringen.<\/p>\n\n\n\n<ul class=\"wp-block-list\">\n<li><a href=\"https:\/\/sverigesradio.se\/artikel\/jarnvagsmuseet-vill-locka-unga-med-roblox-nar-en-ny-malgrupp\" data-type=\"URL\" data-id=\"https:\/\/sverigesradio.se\/artikel\/jarnvagsmuseet-vill-locka-unga-med-roblox-nar-en-ny-malgrupp\" target=\"_blank\" rel=\"noreferrer noopener\"><strong>J\u00e4rnv\u00e4gsmuseet vill locka unga med Roblox: &#8221;N\u00e5r en ny m\u00e5lgrupp&#8221;<\/strong><\/a> &#8211; P4 V\u00e4rmland, 7 november 2022<\/li>\n\n\n\n<li><strong><a rel=\"noreferrer noopener\" href=\"https:\/\/www.vf.se\/2022\/11\/07\/hagfors-jarnvagsmuseum-hamnar-pa-roblox-de926\/\" data-type=\"URL\" data-id=\"https:\/\/www.vf.se\/2022\/11\/07\/hagfors-jarnvagsmuseum-hamnar-pa-roblox-de926\/\" target=\"_blank\">Nu hamnar j\u00e4rnv\u00e4gsmuseet p\u00e5 Roblox: \u201dEtt nytt ben att st\u00e5 p\u00e5\u201d<\/a> <\/strong>&#8211; V\u00e4rmlands Folkblad, 7 november 2022<\/li>\n\n\n\n<li><a rel=\"noreferrer noopener\" href=\"https:\/\/www.svt.se\/nyheter\/lokalt\/varmland\/hagfors-tar-plats-i-roblox\" target=\"_blank\"><strong>Hagfors tar plats i spelplattformen Roblox<\/strong><\/a> &#8211; SVT Nyheter V\u00e4rmland, 22 november 2022<\/li>\n\n\n\n<li><a href=\"https:\/\/www.vf.se\/2023\/05\/24\/hagfors-och-jarnvagsmuseet-hamnar-pa-roblox-i-form-av-banan-railblox-f4bac\/\" data-type=\"URL\" data-id=\"https:\/\/www.vf.se\/2023\/05\/24\/hagfors-och-jarnvagsmuseet-hamnar-pa-roblox-i-form-av-banan-railblox-f4bac\/\" target=\"_blank\" rel=\"noreferrer noopener\"><strong>Barnpanel fick testa \u2013 nu hamnar Hagfors i den enorma spelv\u00e4rlden<\/strong><\/a> &#8211; V\u00e4rmlands Folkblad, 24 maj 2023<\/li>\n<\/ul>\n<\/details>\n\n\n\n<p><\/p>\n\n\n\n<p><\/p>\n\n\n\n<figure class=\"wp-block-image size-large\"><img loading=\"lazy\" decoding=\"async\" width=\"1024\" height=\"576\" src=\"https:\/\/www.visitvarmland.com\/corporate\/wp-content\/uploads\/sites\/20\/2023\/10\/Guidebok-och-va\u0308rdskap-puff-1024x576.jpg\" alt=\"\" class=\"wp-image-3931\" srcset=\"https:\/\/www.visitvarmland.com\/app\/uploads\/sites\/20\/2023\/10\/Guidebok-och-va\u0308rdskap-puff-1024x576.jpg 1024w, https:\/\/www.visitvarmland.com\/app\/uploads\/sites\/20\/2023\/10\/Guidebok-och-va\u0308rdskap-puff-300x169.jpg 300w, https:\/\/www.visitvarmland.com\/app\/uploads\/sites\/20\/2023\/10\/Guidebok-och-va\u0308rdskap-puff-768x432.jpg 768w, https:\/\/www.visitvarmland.com\/app\/uploads\/sites\/20\/2023\/10\/Guidebok-och-va\u0308rdskap-puff-1536x864.jpg 1536w, https:\/\/www.visitvarmland.com\/app\/uploads\/sites\/20\/2023\/10\/Guidebok-och-va\u0308rdskap-puff-18x10.jpg 18w, https:\/\/www.visitvarmland.com\/app\/uploads\/sites\/20\/2023\/10\/Guidebok-och-va\u0308rdskap-puff-150x84.jpg 150w, https:\/\/www.visitvarmland.com\/app\/uploads\/sites\/20\/2023\/10\/Guidebok-och-va\u0308rdskap-puff-600x338.jpg 600w, https:\/\/www.visitvarmland.com\/app\/uploads\/sites\/20\/2023\/10\/Guidebok-och-va\u0308rdskap-puff.jpg 1600w\" sizes=\"auto, (max-width: 1024px) 100vw, 1024px\" \/><\/figure>\n\n\n\n<p><\/p>\n\n\n\n<h3 class=\"wp-block-heading\" id=\"guidebok\">Guidebok och V\u00e4rdskap<\/h3>\n\n\n\n<p>Hur kan vi hitta nya s\u00e4tt att utbilda s\u00e4songspersonal? Den fr\u00e5gan diskuterade projektet tillsammans med akt\u00f6rer inom bes\u00f6ksn\u00e4ringen. Behovet kokades ner till tv\u00e5 innovationsprocesser \u2013 V\u00e4rdskap och Guideboken.<\/p>\n\n\n\n<details class=\"wp-block-details is-layout-flow wp-block-details-is-layout-flow\"><summary>L\u00e4s mer<\/summary>\n<p><\/p>\n\n\n\n<p>Den yngre generationen s\u00e4songspersonal \u00e4r inte van att ta till sig stora dokument av rutiner och regler. Dessutom tar det tid och resurser f\u00f6r att akt\u00f6ren att kontrollera om den anst\u00e4llda tar till sig av informationen. D\u00e4r f\u00f6ddes id\u00e9n till en v\u00e4rdskapsapp och en digital guidebok.<\/p>\n\n\n\n<h4 class=\"wp-block-heading\">V\u00e4rdskap<\/h4>\n\n\n\n<p>V\u00e4rdskap \u00e4r en av nycklarna f\u00f6r att skapa en attraktiv region dit bes\u00f6karna vill \u00e5terkomma.<\/p>\n\n\n\n<p>Det \u00e4r ett generellt behov och det finns en m\u00e4ngd utbildningar som oftast \u00e4r lokalt f\u00f6rankrade och en pappersprodukt. Projektet ville tillsammans med akt\u00f6rer och kommuner ta fram ett ramverk f\u00f6r en digital v\u00e4rdskapsapp som skulle vara anpassningsbar kommunalt, regionalt och nationellt. Fokus \u00e4r \u00e4ven att V\u00e4rdskap i detta fall handlar om bem\u00f6tande utifr\u00e5n olika situationer.<\/p>\n\n\n\n<p>Appen testades under sommaren och fr\u00e5gorna \u00e4r st\u00e4llda f\u00f6r att skapa reflektion och diskussion. Det finns m\u00f6jlighet f\u00f6r administrat\u00f6rer att kontrollera vilka som besvarat och om det finns behov av utbildning som beh\u00f6ver bem\u00f6tas.<\/p>\n\n\n\n<p>Projektet unders\u00f6ker nu m\u00f6jligheterna f\u00f6r att V\u00e4rmlands kommuner kan forts\u00e4tta utveckla och f\u00f6rvalta verktyget och i samarbete kommer en grundligare behovsanalys att genomf\u00f6ras. <\/p>\n\n\n\n<figure class=\"wp-block-gallery has-nested-images columns-default is-cropped wp-block-gallery-2 is-layout-flex wp-block-gallery-is-layout-flex\">\n<figure class=\"wp-block-image size-large\"><img loading=\"lazy\" decoding=\"async\" width=\"1024\" height=\"576\" data-id=\"4016\" src=\"https:\/\/www.visitvarmland.com\/corporate\/wp-content\/uploads\/sites\/20\/2023\/10\/va\u0308rdskapsappen-ska\u0308rmdumpar-1024x576.jpg\" alt=\"\" class=\"wp-image-4016\" srcset=\"https:\/\/www.visitvarmland.com\/app\/uploads\/sites\/20\/2023\/10\/va\u0308rdskapsappen-ska\u0308rmdumpar-1024x576.jpg 1024w, https:\/\/www.visitvarmland.com\/app\/uploads\/sites\/20\/2023\/10\/va\u0308rdskapsappen-ska\u0308rmdumpar-300x169.jpg 300w, https:\/\/www.visitvarmland.com\/app\/uploads\/sites\/20\/2023\/10\/va\u0308rdskapsappen-ska\u0308rmdumpar-768x432.jpg 768w, https:\/\/www.visitvarmland.com\/app\/uploads\/sites\/20\/2023\/10\/va\u0308rdskapsappen-ska\u0308rmdumpar-1536x864.jpg 1536w, https:\/\/www.visitvarmland.com\/app\/uploads\/sites\/20\/2023\/10\/va\u0308rdskapsappen-ska\u0308rmdumpar-18x10.jpg 18w, https:\/\/www.visitvarmland.com\/app\/uploads\/sites\/20\/2023\/10\/va\u0308rdskapsappen-ska\u0308rmdumpar-150x84.jpg 150w, https:\/\/www.visitvarmland.com\/app\/uploads\/sites\/20\/2023\/10\/va\u0308rdskapsappen-ska\u0308rmdumpar-600x338.jpg 600w, https:\/\/www.visitvarmland.com\/app\/uploads\/sites\/20\/2023\/10\/va\u0308rdskapsappen-ska\u0308rmdumpar.jpg 1600w\" sizes=\"auto, (max-width: 1024px) 100vw, 1024px\" \/><figcaption class=\"wp-element-caption\">V\u00e4rdskapsappen<\/figcaption><\/figure>\n\n\n\n<figure class=\"wp-block-image size-large\"><img loading=\"lazy\" decoding=\"async\" width=\"1024\" height=\"576\" data-id=\"4015\" src=\"https:\/\/www.visitvarmland.com\/corporate\/wp-content\/uploads\/sites\/20\/2023\/10\/va\u0308rdskapsappen-ska\u0308rmdumpar-2-1024x576.jpg\" alt=\"\" class=\"wp-image-4015\" srcset=\"https:\/\/www.visitvarmland.com\/app\/uploads\/sites\/20\/2023\/10\/va\u0308rdskapsappen-ska\u0308rmdumpar-2-1024x576.jpg 1024w, https:\/\/www.visitvarmland.com\/app\/uploads\/sites\/20\/2023\/10\/va\u0308rdskapsappen-ska\u0308rmdumpar-2-300x169.jpg 300w, https:\/\/www.visitvarmland.com\/app\/uploads\/sites\/20\/2023\/10\/va\u0308rdskapsappen-ska\u0308rmdumpar-2-768x432.jpg 768w, https:\/\/www.visitvarmland.com\/app\/uploads\/sites\/20\/2023\/10\/va\u0308rdskapsappen-ska\u0308rmdumpar-2-1536x864.jpg 1536w, https:\/\/www.visitvarmland.com\/app\/uploads\/sites\/20\/2023\/10\/va\u0308rdskapsappen-ska\u0308rmdumpar-2-18x10.jpg 18w, https:\/\/www.visitvarmland.com\/app\/uploads\/sites\/20\/2023\/10\/va\u0308rdskapsappen-ska\u0308rmdumpar-2-150x84.jpg 150w, https:\/\/www.visitvarmland.com\/app\/uploads\/sites\/20\/2023\/10\/va\u0308rdskapsappen-ska\u0308rmdumpar-2-600x338.jpg 600w, https:\/\/www.visitvarmland.com\/app\/uploads\/sites\/20\/2023\/10\/va\u0308rdskapsappen-ska\u0308rmdumpar-2.jpg 1600w\" sizes=\"auto, (max-width: 1024px) 100vw, 1024px\" \/><figcaption class=\"wp-element-caption\">V\u00e4rdskapsappen<\/figcaption><\/figure>\n<\/figure>\n\n\n\n<p><\/p>\n\n\n\n<h4 class=\"wp-block-heading\">Guideboken<\/h4>\n\n\n\n<p>Guideboken har utvecklats tillsammans med Karlstadf\u00f6retaget Kodfolk och \u00e4r ett ramverk f\u00f6r bes\u00f6ksn\u00e4ringsf\u00f6retagen och andra verksamheter med samma behov. Ramverket inneb\u00e4r att f\u00f6retagen sj\u00e4lva kan anpassa appen och l\u00e4gga in sin egen verksamhets rutiner, checklistor och utbildningsmaterial.<\/p>\n\n\n\n<figure class=\"wp-block-gallery has-nested-images columns-default is-cropped wp-block-gallery-3 is-layout-flex wp-block-gallery-is-layout-flex\">\n<figure class=\"wp-block-image size-large\"><img loading=\"lazy\" decoding=\"async\" width=\"1024\" height=\"576\" data-id=\"4010\" src=\"https:\/\/www.visitvarmland.com\/corporate\/wp-content\/uploads\/sites\/20\/2023\/10\/guideboken-mobil-1-1024x576.jpg\" alt=\"\" class=\"wp-image-4010\" srcset=\"https:\/\/www.visitvarmland.com\/app\/uploads\/sites\/20\/2023\/10\/guideboken-mobil-1-1024x576.jpg 1024w, https:\/\/www.visitvarmland.com\/app\/uploads\/sites\/20\/2023\/10\/guideboken-mobil-1-300x169.jpg 300w, https:\/\/www.visitvarmland.com\/app\/uploads\/sites\/20\/2023\/10\/guideboken-mobil-1-768x432.jpg 768w, https:\/\/www.visitvarmland.com\/app\/uploads\/sites\/20\/2023\/10\/guideboken-mobil-1-1536x864.jpg 1536w, https:\/\/www.visitvarmland.com\/app\/uploads\/sites\/20\/2023\/10\/guideboken-mobil-1-18x10.jpg 18w, https:\/\/www.visitvarmland.com\/app\/uploads\/sites\/20\/2023\/10\/guideboken-mobil-1-150x84.jpg 150w, https:\/\/www.visitvarmland.com\/app\/uploads\/sites\/20\/2023\/10\/guideboken-mobil-1-600x338.jpg 600w, https:\/\/www.visitvarmland.com\/app\/uploads\/sites\/20\/2023\/10\/guideboken-mobil-1.jpg 1600w\" sizes=\"auto, (max-width: 1024px) 100vw, 1024px\" \/><figcaption class=\"wp-element-caption\">Mockups av Guideboken i mobilvy <\/figcaption><\/figure>\n\n\n\n<figure class=\"wp-block-image size-large\"><img loading=\"lazy\" decoding=\"async\" width=\"1024\" height=\"576\" data-id=\"4011\" src=\"https:\/\/www.visitvarmland.com\/corporate\/wp-content\/uploads\/sites\/20\/2023\/10\/guideboken-mobil-2-1024x576.jpg\" alt=\"\" class=\"wp-image-4011\" srcset=\"https:\/\/www.visitvarmland.com\/app\/uploads\/sites\/20\/2023\/10\/guideboken-mobil-2-1024x576.jpg 1024w, https:\/\/www.visitvarmland.com\/app\/uploads\/sites\/20\/2023\/10\/guideboken-mobil-2-300x169.jpg 300w, https:\/\/www.visitvarmland.com\/app\/uploads\/sites\/20\/2023\/10\/guideboken-mobil-2-768x432.jpg 768w, https:\/\/www.visitvarmland.com\/app\/uploads\/sites\/20\/2023\/10\/guideboken-mobil-2-1536x864.jpg 1536w, https:\/\/www.visitvarmland.com\/app\/uploads\/sites\/20\/2023\/10\/guideboken-mobil-2-18x10.jpg 18w, https:\/\/www.visitvarmland.com\/app\/uploads\/sites\/20\/2023\/10\/guideboken-mobil-2-150x84.jpg 150w, https:\/\/www.visitvarmland.com\/app\/uploads\/sites\/20\/2023\/10\/guideboken-mobil-2-600x338.jpg 600w, https:\/\/www.visitvarmland.com\/app\/uploads\/sites\/20\/2023\/10\/guideboken-mobil-2.jpg 1600w\" sizes=\"auto, (max-width: 1024px) 100vw, 1024px\" \/><figcaption class=\"wp-element-caption\">Mockups av Guideboken i mobilvy <\/figcaption><\/figure>\n\n\n\n<figure class=\"wp-block-image size-large\"><img loading=\"lazy\" decoding=\"async\" width=\"1024\" height=\"576\" data-id=\"4012\" src=\"https:\/\/www.visitvarmland.com\/corporate\/wp-content\/uploads\/sites\/20\/2023\/10\/guideboken-desktop-dashboard-1024x576.jpg\" alt=\"\" class=\"wp-image-4012\" srcset=\"https:\/\/www.visitvarmland.com\/app\/uploads\/sites\/20\/2023\/10\/guideboken-desktop-dashboard-1024x576.jpg 1024w, https:\/\/www.visitvarmland.com\/app\/uploads\/sites\/20\/2023\/10\/guideboken-desktop-dashboard-300x169.jpg 300w, https:\/\/www.visitvarmland.com\/app\/uploads\/sites\/20\/2023\/10\/guideboken-desktop-dashboard-768x432.jpg 768w, https:\/\/www.visitvarmland.com\/app\/uploads\/sites\/20\/2023\/10\/guideboken-desktop-dashboard-1536x864.jpg 1536w, https:\/\/www.visitvarmland.com\/app\/uploads\/sites\/20\/2023\/10\/guideboken-desktop-dashboard-18x10.jpg 18w, https:\/\/www.visitvarmland.com\/app\/uploads\/sites\/20\/2023\/10\/guideboken-desktop-dashboard-150x84.jpg 150w, https:\/\/www.visitvarmland.com\/app\/uploads\/sites\/20\/2023\/10\/guideboken-desktop-dashboard-600x338.jpg 600w, https:\/\/www.visitvarmland.com\/app\/uploads\/sites\/20\/2023\/10\/guideboken-desktop-dashboard.jpg 1600w\" sizes=\"auto, (max-width: 1024px) 100vw, 1024px\" \/><figcaption class=\"wp-element-caption\">Mockups av Guideboken i desktopvy <\/figcaption><\/figure>\n\n\n\n<figure class=\"wp-block-image size-large\"><img loading=\"lazy\" decoding=\"async\" width=\"1024\" height=\"576\" data-id=\"4013\" src=\"https:\/\/www.visitvarmland.com\/corporate\/wp-content\/uploads\/sites\/20\/2023\/10\/guideboken-desktop-bibliotek-1024x576.jpg\" alt=\"\" class=\"wp-image-4013\" srcset=\"https:\/\/www.visitvarmland.com\/app\/uploads\/sites\/20\/2023\/10\/guideboken-desktop-bibliotek-1024x576.jpg 1024w, https:\/\/www.visitvarmland.com\/app\/uploads\/sites\/20\/2023\/10\/guideboken-desktop-bibliotek-300x169.jpg 300w, https:\/\/www.visitvarmland.com\/app\/uploads\/sites\/20\/2023\/10\/guideboken-desktop-bibliotek-768x432.jpg 768w, https:\/\/www.visitvarmland.com\/app\/uploads\/sites\/20\/2023\/10\/guideboken-desktop-bibliotek-1536x864.jpg 1536w, https:\/\/www.visitvarmland.com\/app\/uploads\/sites\/20\/2023\/10\/guideboken-desktop-bibliotek-18x10.jpg 18w, https:\/\/www.visitvarmland.com\/app\/uploads\/sites\/20\/2023\/10\/guideboken-desktop-bibliotek-150x84.jpg 150w, https:\/\/www.visitvarmland.com\/app\/uploads\/sites\/20\/2023\/10\/guideboken-desktop-bibliotek-600x338.jpg 600w, https:\/\/www.visitvarmland.com\/app\/uploads\/sites\/20\/2023\/10\/guideboken-desktop-bibliotek.jpg 1600w\" sizes=\"auto, (max-width: 1024px) 100vw, 1024px\" \/><figcaption class=\"wp-element-caption\">Mockups av Guideboken i desktopvy <\/figcaption><\/figure>\n<\/figure>\n\n\n\n<p><\/p>\n\n\n\n<h4 class=\"wp-block-heading\">Aktiviteter<\/h4>\n\n\n\n<ul class=\"wp-block-list\">\n<li>1 november 2022: <a rel=\"noreferrer noopener\" href=\"https:\/\/www.visitvarmland.com\/corporate\/aktiviteter\/vardskap\/\" data-type=\"URL\" data-id=\"https:\/\/www.visitvarmland.com\/corporate\/aktiviteter\/vardskap\/\" target=\"_blank\"><strong>Samtal kring v\u00e4rdskap<\/strong><\/a><\/li>\n\n\n\n<li>1 &#8211; 18 november 2022: <a rel=\"noreferrer noopener\" href=\"https:\/\/www.visitvarmland.com\/corporate\/aktiviteter\/camping-varmland\/\" data-type=\"URL\" data-id=\"https:\/\/www.visitvarmland.com\/corporate\/aktiviteter\/camping-varmland\/\" target=\"_blank\"><strong>Workshop kring &#8221;ny p\u00e5 jobbet&#8221; och v\u00e4rdskap<\/strong><\/a><\/li>\n\n\n\n<li>31 maj 2023: <a rel=\"noreferrer noopener\" href=\"https:\/\/www.visitvarmland.com\/corporate\/aktiviteter\/release-och-infotraff-vardskap\/\" data-type=\"URL\" data-id=\"https:\/\/www.visitvarmland.com\/corporate\/aktiviteter\/release-och-infotraff-vardskap\/\" target=\"_blank\"><strong>Releasetr\u00e4ff om appen V\u00e4rdskap<\/strong><\/a><\/li>\n\n\n\n<li>2 juni &#8211; 31 augusti 2023: <a rel=\"noreferrer noopener\" href=\"https:\/\/www.visitvarmland.com\/corporate\/aktiviteter\/testa-app-for-vardskap-i-sommar\/\" data-type=\"URL\" data-id=\"https:\/\/www.visitvarmland.com\/corporate\/aktiviteter\/testa-app-for-vardskap-i-sommar\/\" target=\"_blank\"><strong>Testperiod av V\u00e4rdskapsappen<\/strong><\/a><\/li>\n<\/ul>\n\n\n\n<p><\/p>\n<\/details>\n\n\n\n<p><\/p>\n\n\n\n<figure class=\"wp-block-image size-large\"><img loading=\"lazy\" decoding=\"async\" width=\"1024\" height=\"576\" src=\"https:\/\/www.visitvarmland.com\/corporate\/wp-content\/uploads\/sites\/20\/2023\/10\/Om-IOT-1024x576.jpg\" alt=\"\" class=\"wp-image-3930\" srcset=\"https:\/\/www.visitvarmland.com\/app\/uploads\/sites\/20\/2023\/10\/Om-IOT-1024x576.jpg 1024w, https:\/\/www.visitvarmland.com\/app\/uploads\/sites\/20\/2023\/10\/Om-IOT-300x169.jpg 300w, https:\/\/www.visitvarmland.com\/app\/uploads\/sites\/20\/2023\/10\/Om-IOT-768x432.jpg 768w, https:\/\/www.visitvarmland.com\/app\/uploads\/sites\/20\/2023\/10\/Om-IOT-1536x864.jpg 1536w, https:\/\/www.visitvarmland.com\/app\/uploads\/sites\/20\/2023\/10\/Om-IOT-18x10.jpg 18w, https:\/\/www.visitvarmland.com\/app\/uploads\/sites\/20\/2023\/10\/Om-IOT-150x84.jpg 150w, https:\/\/www.visitvarmland.com\/app\/uploads\/sites\/20\/2023\/10\/Om-IOT-600x338.jpg 600w, https:\/\/www.visitvarmland.com\/app\/uploads\/sites\/20\/2023\/10\/Om-IOT.jpg 1600w\" sizes=\"auto, (max-width: 1024px) 100vw, 1024px\" \/><\/figure>\n\n\n\n<p><\/p>\n\n\n\n<h3 class=\"wp-block-heading\" id=\"energi\">Energieffektivisering p\u00e5 boendeanl\u00e4ggningar<\/h3>\n\n\n\n<p>Genom ett brett samarbete tog vi tillsammans fram l\u00f6sningar f\u00f6r att f\u00f6rb\u00e4ttra bes\u00f6karupplevelsen och spara energi p\u00e5 boendeanl\u00e4ggningar i V\u00e4rmland med hj\u00e4lp av genom IoT-teknik.<\/p>\n\n\n\n<details class=\"wp-block-details is-layout-flow wp-block-details-is-layout-flow\"><summary>L\u00e4s mer<\/summary>\n<p><\/p>\n\n\n\n<p>Tillsammans med Sommarvik AB och Advant tog projektet oss an fr\u00e5gan: \u201dHur kan vi f\u00e5 bes\u00f6karen att t\u00e4nka och bete sig mer energieffektivt och samtidigt h\u00f6ja upplevelsen?&#8221; Ett utav fokusomr\u00e5dena blev IoT och en \u00f6nskan om att kunna bevaka bes\u00f6karens energif\u00f6rbrukning och i f\u00f6rl\u00e4ngningen kunna p\u00e5verka deras beteende.<\/p>\n\n\n\n<p>Utifr\u00e5n det perspektivet ansl\u00f6t sig \u00e4ven Bomstadbaden camping till processen och tillf\u00e4lliga sensorer installerades p\u00e5 Herrg\u00e5rdscampingen i Kristinehamn och Bomstadbadens camping i Karlstad.<\/p>\n\n\n\n<p>Under sommaren testades sensorerna som kopplades upp mot en IoT-plattform. Omr\u00e5det \u00e4r stort och relativt komplext vilket bidrog till att ambitionerna fick s\u00e4nkas. Projektet och akt\u00f6rerna fick dock m\u00e5nga insikter och kunskaper som kommer att vara v\u00e4rdefulla fram\u00f6ver. Projektet har en f\u00f6rhoppning om att forts\u00e4tta arbetet med IoT och datainsamling i framtida projekt d\u00e5 det kan vara en betydande resurs f\u00f6r f\u00f6retagen inom bes\u00f6ksn\u00e4ringen i V\u00e4rmland.<\/p>\n\n\n\n<h3 class=\"wp-block-heading\">Vad \u00e4r Internet of Things?<\/h3>\n\n\n\n<p>Sakernas internet (fr\u00e5n engelskans Internet of Things, IoT) \u00e4r ett samlingsnamn f\u00f6r de tekniker som g\u00f6r att saker med inbyggd elektronik och internetuppkoppling, kan styras eller utbyta data \u00f6ver ett n\u00e4tverk. Exempel p\u00e5 f\u00f6rem\u00e5l kan vara hush\u00e5llsapparater, kl\u00e4der, maskiner, fordon och byggnader.<br><strong>K\u00e4lla:<\/strong> <a href=\"https:\/\/iotsverige.se\/om-oss\/iot-sa-funkar-det\" target=\"_blank\" rel=\"noreferrer noopener\">IoT Sverige.<\/a><\/p>\n\n\n\n<h4 class=\"wp-block-heading\">Aktiviteter<\/h4>\n\n\n\n<ul class=\"wp-block-list\">\n<li>17-18 november 2022: <a rel=\"noreferrer noopener\" href=\"https:\/\/www.visitvarmland.com\/corporate\/aktiviteter\/energieffektiv-workshop\/\" data-type=\"URL\" data-id=\"https:\/\/www.visitvarmland.com\/corporate\/aktiviteter\/energieffektiv-workshop\/\" target=\"_blank\"><strong>Workshopen &#8221;Energieffektivisera utan att kompromissa om upplevelsen&#8221;<\/strong><\/a><\/li>\n\n\n\n<li>21 december 2022: <a rel=\"noreferrer noopener\" href=\"https:\/\/www.visitvarmland.com\/corporate\/aktiviteter\/spara-energi-utan-att-kompromissa-om-upplevelsen\/\" data-type=\"URL\" data-id=\"https:\/\/www.visitvarmland.com\/corporate\/aktiviteter\/spara-energi-utan-att-kompromissa-om-upplevelsen\/\" target=\"_blank\"><strong>Presentation av workshopens resultat<\/strong><\/a><\/li>\n<\/ul>\n<\/details>\n\n\n\n<hr class=\"wp-block-separator has-alpha-channel-opacity\"\/>\n\n\n<div class=\"wp-block-image\">\n<figure class=\"aligncenter size-large\"><img loading=\"lazy\" decoding=\"async\" width=\"1024\" height=\"576\" src=\"https:\/\/www.visitvarmland.com\/corporate\/wp-content\/uploads\/sites\/20\/2023\/10\/Innovationscase-bild-1-1024x576.jpg\" alt=\"Grafik med tre gl\u00f6dlampor med inklippta bilder i\" class=\"wp-image-4053\" srcset=\"https:\/\/www.visitvarmland.com\/app\/uploads\/sites\/20\/2023\/10\/Innovationscase-bild-1-1024x576.jpg 1024w, https:\/\/www.visitvarmland.com\/app\/uploads\/sites\/20\/2023\/10\/Innovationscase-bild-1-300x169.jpg 300w, https:\/\/www.visitvarmland.com\/app\/uploads\/sites\/20\/2023\/10\/Innovationscase-bild-1-768x432.jpg 768w, https:\/\/www.visitvarmland.com\/app\/uploads\/sites\/20\/2023\/10\/Innovationscase-bild-1-1536x864.jpg 1536w, https:\/\/www.visitvarmland.com\/app\/uploads\/sites\/20\/2023\/10\/Innovationscase-bild-1-18x10.jpg 18w, https:\/\/www.visitvarmland.com\/app\/uploads\/sites\/20\/2023\/10\/Innovationscase-bild-1-150x84.jpg 150w, https:\/\/www.visitvarmland.com\/app\/uploads\/sites\/20\/2023\/10\/Innovationscase-bild-1-600x338.jpg 600w, https:\/\/www.visitvarmland.com\/app\/uploads\/sites\/20\/2023\/10\/Innovationscase-bild-1.jpg 1600w\" sizes=\"auto, (max-width: 1024px) 100vw, 1024px\" \/><\/figure><\/div>\n\n\n<p><\/p>\n\n\n\n<h2 class=\"wp-block-heading has-text-align-center\" id=\"innovationscase\">Innovationscase<\/h2>\n\n\n\n<p class=\"has-text-align-center\"><strong>Innovationscase inneb\u00e4r att projektet har arbetet direkt med en enskild f\u00f6retagare. Tillsammans med f\u00f6retaget har vi diskuterat behov och utmaningar och d\u00e4refter landat i specifika st\u00f6dtj\u00e4nster som f\u00f6retagen fick ta del av.<\/strong><\/p>\n\n\n\n<details class=\"wp-block-details is-layout-flow wp-block-details-is-layout-flow\"><summary>L\u00e4s mer<\/summary>\n<p><\/p>\n\n\n<div class=\"wp-block-image\">\n<figure class=\"aligncenter size-large\"><img loading=\"lazy\" decoding=\"async\" width=\"605\" height=\"340\" src=\"https:\/\/www.visitvarmland.com\/corporate\/wp-content\/uploads\/sites\/20\/2022\/01\/Fisk.png\" alt=\"Sk\u00e4rmdump spelet Hungry Fisk\" class=\"wp-image-2446\" srcset=\"https:\/\/www.visitvarmland.com\/app\/uploads\/sites\/20\/2022\/01\/Fisk.png 605w, https:\/\/www.visitvarmland.com\/app\/uploads\/sites\/20\/2022\/01\/Fisk-300x169.png 300w, https:\/\/www.visitvarmland.com\/app\/uploads\/sites\/20\/2022\/01\/Fisk-150x84.png 150w, https:\/\/www.visitvarmland.com\/app\/uploads\/sites\/20\/2022\/01\/Fisk-600x337.png 600w\" sizes=\"auto, (max-width: 605px) 100vw, 605px\" \/><\/figure><\/div>\n\n\n<p><\/p>\n\n\n\n<h3 class=\"wp-block-heading\">Skyltf\u00f6nstret<\/h3>\n\n\n\n<p>Tomma skyltf\u00f6nster finns i de flesta st\u00e4der, sm\u00e5 som stora. Varf\u00f6r inte fylla dem med ett spel f\u00f6r att attrahera bes\u00f6kare till stadsk\u00e4rnan? <br>I centrala Karlstad fick under december 2021 spelet HungryFisk ta plats som en aktivitet f\u00f6r b\u00e5de sm\u00e5 som stora spelare. Spelet \u00e4r ett interaktivt digitalt skyltf\u00f6nsterspel d\u00e4r deltagarna f\u00e5r mata fiskar och t\u00e4vla om en plats p\u00e5 ledartavlan. Spelet utvecklades av <a href=\"https:\/\/www.forgebytestudio.com\/\" data-type=\"URL\" data-id=\"https:\/\/www.forgebytestudio.com\/\" target=\"_blank\" rel=\"noreferrer noopener\">Forgebyte studios<\/a> som \u00e4r en lokal spelutvecklare i Karlstad.<\/p>\n\n\n\n<hr class=\"wp-block-separator has-alpha-channel-opacity\"\/>\n\n\n\n<p><\/p>\n\n\n\n<h3 class=\"wp-block-heading\">Happie Camp testar innovativ metod f\u00f6r utveckling av ny aff\u00e4rsmodell<\/h3>\n\n\n\n<p>Staffan Svantesson p\u00e5 Happie camp fick st\u00f6d f\u00f6r en Google Sprint fr\u00e5n projektet och uttrycker \u201dfr\u00e5n att det har varit v\u00e4ldigt v\u00e4rdefullt att s\u00e5 tidigt i processen kunna f\u00e5 st\u00f6d till annars kostsamma innovationsprocesser som l\u00e4tt nedprioriteras till f\u00f6rm\u00e5n f\u00f6r den dagliga verksamheten\u201d. <\/p>\n\n\n\n<blockquote class=\"wp-block-quote is-style-large is-layout-flow wp-block-quote-is-layout-flow\">\n<p class=\"has-normal-font-size\">I f\u00f6r\u00e4ndringsprocesser vet man s\u00e4llan vart det landar i slut\u00e4ndan, bara att det finns ett problem i grunden som beh\u00f6ver l\u00f6sningar. Som f\u00f6retagare beh\u00f6ver man vara \u00f6dmjuk inf\u00f6r att inte alla svaren finns fr\u00e5n start utan f\u00f6rlita sig p\u00e5 bepr\u00f6vade metoder f\u00f6r att l\u00f6pande hitta b\u00e4sta l\u00f6sningarna p\u00e5 uppkomna problem, det \u00e4r innovation.<\/p>\n<cite>Staffan Svantesson, VD Happie Camp<\/cite><\/blockquote>\n\n\n\n<p>Projektet Innovationsarenor bes\u00f6ksn\u00e4ringen i V\u00e4rmland har gett st\u00f6d \u00e5t Happie Nation f\u00f6r en design sprint.<\/p>\n\n\n\n<p>Happie Nation f\u00e5tt st\u00f6d f\u00f6r en designsprint d\u00e4r de ska utarbeta ett koncept f\u00f6r att koppla samman mark\u00e4gare med franchisetagare. Konceptet kommer att vara givande f\u00f6r hela regionen d\u00e5 det \u00f6ppnar upp f\u00f6r mark\u00e4gare och franchisetagare att m\u00f6tas och utveckla fler unika boenden i V\u00e4rmland.&nbsp;<\/p>\n\n\n\n<h4 class=\"wp-block-heading\">Innovationsveckan<\/h4>\n\n\n\n<p>Under innovationsveckan kunde deltagarna h\u00f6ra Happie Camps vd och grundare Staffan Svantesson som en programpunkt d\u00e4r Happie Camp-modellen beskrevs. Staffan delade med sig om utmaningarna kring skalbarhet inom bes\u00f6ksn\u00e4ringen med etablering p\u00e5 flera platser samt till\u00e4mpning av digitala innovationsprocesser i en traditionell och mycket fysisk bransch<\/p>\n\n\n\n<h4 class=\"wp-block-heading\">Happie Camp-modellen<\/h4>\n\n\n\n<p>F\u00f6r att m\u00f6ta det \u00f6kande trycket av naturturister beh\u00f6vs boendeinfrastrukturen utvecklas effektivt, h\u00e5llbart och med bibeh\u00e5llen j\u00e4mn kvalitet. &#8221;Happie Camp-modellen&#8221; m\u00f6jligg\u00f6r en snabb utrullning av boenden f\u00f6r ekoturism och rekreation genom att f\u00f6rena bes\u00f6ksn\u00e4ring och skogsbruk inom ramen f\u00f6r m\u00e5ngbruket och g\u00f6r skogs\u00e4garna till boendev\u00e4rdar.<\/p>\n\n\n\n<p>Happie Camp har sedan starten 2019 bevisat en framg\u00e5ngsrik och h\u00e5llbar modell f\u00f6r mindre och enkla boenden i form av t\u00e4lt uppst\u00e4llda p\u00e5 t\u00e4ltplatser med attraktiva l\u00e4gen i n\u00e4ra anslutning till unika naturomr\u00e5den. Konceptet har f\u00e5tt stort genomslag med exceptionellt h\u00f6g kundn\u00f6jdhet (NPS 62) och skogs\u00e4gare som gladeligen delar med sig av sina finaste platser. Konceptet bygger p\u00e5 turism p\u00e5 annans mark och involverar privata skogs\u00e4gare som ges en procentuell ers\u00e4ttning av int\u00e4kterna som historiskt uppg\u00e5tt till uppemot 10x h\u00f6gre ers\u00e4ttning per Ha \/ \u00e5r i j\u00e4mf\u00f6relse med ett traditionellt produktivt skogsbruk, dessutom st\u00e5r skogen kvar.<\/p>\n\n\n\n<figure class=\"wp-block-embed is-type-video is-provider-youtube wp-block-embed-youtube wp-embed-aspect-16-9 wp-has-aspect-ratio\"><div class=\"wp-block-embed__wrapper\">\n<iframe loading=\"lazy\" title=\"Happie Camp final\" width=\"640\" height=\"360\" src=\"https:\/\/www.youtube.com\/embed\/txOmmoKO1nU?feature=oembed\" frameborder=\"0\" allow=\"accelerometer; autoplay; clipboard-write; encrypted-media; gyroscope; picture-in-picture; web-share\" referrerpolicy=\"strict-origin-when-cross-origin\" allowfullscreen><\/iframe>\n<\/div><\/figure>\n\n\n\n<p>Happie Camp exporterar nu sin modell till nya regioner efter att den pr\u00f6vats p\u00e5 3 olika platser i V\u00e4rmland och i n\u00e4ra dialog med s\u00e5v\u00e4l kommuner, regionen, myndigheter och intresseorganisationer. Expansionen kommer att ske genom en franchise-modell i grunden och kombineras med en digital plattform f\u00f6r att ge skogs\u00e4gare i hela Sverige m\u00f6jligheten att sk\u00f6rda skogens sociala v\u00e4rden med hj\u00e4lp av Happie Camp. Plattformen kommer hj\u00e4lpa franchisetagare med alla delar kring att framg\u00e5ngsrikt driva Happie Camps med allt fr\u00e5n b\u00e4ddning, mat, g\u00e4stsupport, till ekonomi, bokningssystem och marknadsf\u00f6ring. M\u00e5ls\u00e4ttningen \u00e4r att modellen i framtiden \u00e4ven kommer addera en ny dimension f\u00f6r frivilliga avs\u00e4ttningar genom att involvera skogs\u00e4garna som v\u00e4rdar f\u00f6r boenden avsedda f\u00f6r naturturism och rekreation och d\u00e4rigenom kraftigt \u00f6ka antalet tillg\u00e4ngliga och attraktiva platser i Sverige att utg\u00e5 ifr\u00e5n f\u00f6r att uppleva lugnet, spektakul\u00e4r natur och v\u00e4lsk\u00f6tta svenska skogar.<\/p>\n\n\n\n<p>Med hj\u00e4lp av ny teknik och innovationsprocesser h\u00e4mtade fr\u00e5n digital startupmetodik \u00e4r m\u00e5let med satsningen att inom ett par \u00e5r ha uppr\u00e4ttat ett par hundra tempor\u00e4ra boenden i form av t\u00e4lt p\u00e5 attraktiva platser under sommars\u00e4songen f\u00f6r att v\u00e4lkomna det v\u00e4xande antalet naturturister p\u00e5 landsbygden. Modellen ger samtidigt m\u00f6jligheten att sprida ut naturturister p\u00e5 en st\u00f6rre geografisk yta f\u00f6r att minimera slitage och \u00f6verturism i k\u00e4nsliga naturomr\u00e5den.<\/p>\n\n\n\n<p>N\u00e4sta steg blir att skapa kontakt med expansiva och nyt\u00e4nkande kommuner som ser behovet av nya etableringar f\u00f6r utveckling av attraktiva platser p\u00e5 landsbygden. Detta f\u00f6r att f\u00f6ra dialog kring utvecklandet av modellen och involvera de kommuner som \u00e4r villiga att testa nya grepp och vill vara en del av att hitta l\u00f6sningen f\u00f6r att h\u00e5llbart utveckla naturturismen i de svenska skogarna tillsammans med skogs\u00e4garna och sm\u00e5f\u00f6retagare p\u00e5 landsbygden. H\u00f6r Happie Camps VD och grundare Staffan Svantesson ber\u00e4tta om utmaningarna kring skalbarhet inom bes\u00f6ksn\u00e4ringen med etablering p\u00e5 flera platser samt till\u00e4mpning av digitala innovationsprocesser i en traditionell och mycket fysisk bransch.<\/p>\n\n\n\n<h4 class=\"wp-block-heading\">Designsprint<\/h4>\n\n\n\n<p>En sprint inneb\u00e4r att under ett par dagar g\u00e5 fr\u00e5n id\u00e9 till testbar prototyp. Id\u00e9n som&nbsp;<a href=\"https:\/\/www.linkedin.com\/in\/ACoAAACN4tMB5ybS6ksQy-XROr3aqqD8YftVbXI\" target=\"_blank\" rel=\"noopener\">Staffan Svantesson<\/a>&nbsp;och hans kollegor p\u00e5 Happie Nation vill arbeta med var att koppla samman mark\u00e4gare och franchisetagare f\u00f6r att \u00f6ppna upp fler attraktiva platser f\u00f6r bes\u00f6ksn\u00e4ringen i V\u00e4rmland. I den h\u00e4r filmen ber\u00e4ttar Staffan Svantesson f\u00e5r Happie Camp och Mikael Engstr\u00f6m fr\u00e5n Advant om hur man p\u00e5 bara n\u00e5gra dagar tillsammans g\u00e5r fr\u00e5n id\u00e9 till innovation. Ett s\u00e4tt, eller en metod f\u00f6r att p\u00e5 kort tid pr\u00f6va id\u00e9er eller l\u00f6sa komplicerade utmaningar.<\/p>\n\n\n\n<p><br><br><\/p>\n\n\n\n<blockquote class=\"wp-block-quote is-style-plain is-layout-flow wp-block-quote-is-layout-flow\">\n<p class=\"has-normal-font-size\">&#8221;Det har varit v\u00e4ldigt v\u00e4rdefullt att s\u00e5 tidigt i processen kunna f\u00e5 st\u00f6d till annars kostsamma innovationsprocesser som l\u00e4tt nedprioriteras till f\u00f6rm\u00e5n f\u00f6r den dagliga verksamheten.<\/p>\n<cite>Staffan Svantesson om projektet Innovationsarenor Bes\u00f6ksn\u00e4ringen V\u00e4rmland<\/cite><\/blockquote>\n\n\n\n<p>Staffan uppmuntrar \u00e4ven bes\u00f6ksn\u00e4ringsf\u00f6retagen i V\u00e4rmland att v\u00e5ga prova. I f\u00f6r\u00e4ndringsprocesser vet man s\u00e4llan vart det landar i slut\u00e4ndan, bara att det finns ett problem i grunden som beh\u00f6ver l\u00f6sningar. Som f\u00f6retagare beh\u00f6ver man vara \u00f6dmjuk inf\u00f6r att inte alla svaren finns fr\u00e5n start utan f\u00f6rlita sig p\u00e5 bepr\u00f6vade metoder f\u00f6r att l\u00f6pande hitta b\u00e4sta l\u00f6sningarna p\u00e5 uppkomna problem, det \u00e4r innovation\u201d.<\/p>\n\n\n\n<hr class=\"wp-block-separator has-alpha-channel-opacity\"\/>\n\n\n\n<p><\/p>\n\n\n<div class=\"wp-block-image\">\n<figure class=\"aligncenter size-large\"><img loading=\"lazy\" decoding=\"async\" width=\"1024\" height=\"683\" src=\"https:\/\/www.visitvarmland.com\/corporate\/wp-content\/uploads\/sites\/20\/2023\/10\/1-1024x683.jpg\" alt=\"En \u00e4ng med rallarrosor i f\u00f6rgrunde och ett campingt\u00e4lt i bakgrunden\" class=\"wp-image-3878\" srcset=\"https:\/\/www.visitvarmland.com\/app\/uploads\/sites\/20\/2023\/10\/1-1024x683.jpg 1024w, https:\/\/www.visitvarmland.com\/app\/uploads\/sites\/20\/2023\/10\/1-300x200.jpg 300w, https:\/\/www.visitvarmland.com\/app\/uploads\/sites\/20\/2023\/10\/1-768x512.jpg 768w, https:\/\/www.visitvarmland.com\/app\/uploads\/sites\/20\/2023\/10\/1-1536x1024.jpg 1536w\" sizes=\"auto, (max-width: 1024px) 100vw, 1024px\" \/><\/figure><\/div>\n\n\n<p><\/p>\n\n\n\n<h3 class=\"wp-block-heading\">V\u00e4rmland Camper <\/h3>\n\n\n\n<p>(Aff\u00e4rsutvecklingsst\u00f6d)<\/p>\n\n\n\n<p>Akt\u00f6ren ans\u00f6kte till innovationssupporten f\u00f6r att f\u00e5 st\u00f6d f\u00f6r att testa ett nytt koncept. Akt\u00f6ren fick st\u00f6d f\u00f6r aff\u00e4rsmodellering f\u00f6r tillsammans med experter testa id\u00e9n. Utifr\u00e5n m\u00f6ten med expert valde akt\u00f6ren att skala upp id\u00e9n och arbeta f\u00f6r att f\u00e5 ett exklusivt kontrakt i Norden, vilket akt\u00f6ren lyckades med. D\u00e4refter fick akt\u00f6ren ytterligaste st\u00f6d f\u00f6r att tillsammans med expert utveckla ett gynnsamt avtal. Akt\u00f6ren har innan sommaren etablerat sig p\u00e5 V\u00e4nerleden och Klar\u00e4lvsbanan i V\u00e4rmland men \u00e4ven skalat upp och levererar cykelvagnar till akt\u00f6rer p\u00e5 Sydostleden och Sydkustleden, \u00e4ven G\u00f6ta Kanal \u00e4r p\u00e5 g\u00e5ng.<\/p>\n\n\n\n<h3 class=\"wp-block-heading\">Sunne Ski and Bike <\/h3>\n\n\n\n<p>Sunne Ski &amp; Bike satsade stort p\u00e5 att skapa ett erbjudande sommartid som bestod av nedf\u00f6r-cykling och cykelparker i anslutning till anl\u00e4ggningen. De var \u00f6ppna f\u00f6r att nyttja digital teknik f\u00f6r att differentiera sig mot konkurrerande anl\u00e4ggningar med liknande erbjudande.<br>Genom utforskande m\u00f6ten kom projektet och Sunne Ski &amp; Bike fram till att p\u00e5b\u00f6rja ett ar-bete med att ta fram utbildningsmaterial som i en f\u00f6rl\u00e4ngning kunde blir ett s\u00e4tt att locka m\u00e5lgruppen barnfamiljer till anl\u00e4ggningen. Detta genom att f\u00f6rbereda g\u00e4sten genom hela kundresan s\u00e5 de k\u00e4nner sig trygga med att testa sporten p\u00e5 ett s\u00e4kert s\u00e4tt. Processen mynnade ut i ett f\u00f6rslag p\u00e5 hur ett f\u00f6rsta steg kunde se ut med utbildning p\u00e5 plats. Sunne Ski &amp; Bike var n\u00f6jda med resultatet. men p\u00e5 grund av andra prioriteringar fick arbetet pausas.<\/p>\n\n\n\n<h3 class=\"wp-block-heading\">M\u00e5rbacka \u2013 fr\u00e5n f\u00f6rvaltning till utveckling<\/h3>\n\n\n\n<p>Selma Lagerl\u00f6f \u00e4r en k\u00e4nd personlighet och ett k\u00e4nt varum\u00e4rke v\u00e4rlden \u00f6ver. P\u00e5 M\u00e5rbackas minnesg\u00e5rd f\u00e5r bes\u00f6karen en genuin upplevelse av Selmas liv och personlighet genom guidade turer. Verksamheten leds operativt av en heltidsanst\u00e4lld intendent som har ett starkt engagemang f\u00f6r platsen, har en vilja av att utveckla och \u00e4r lyh\u00f6rd f\u00f6r nya m\u00f6jligheter. Det finns \u00e4ven en engagerad styrelse.<br>Under projektets g\u00e5ng har styrelsens f\u00f6rm\u00e5ga att se m\u00f6jligheter som ny teknik kan ge \u00f6kat, genom att se b\u00e5de de ekonomiska och milj\u00f6m\u00e4ssiga f\u00f6rdelarna. <br>Projektets tanke var att ta sm\u00e5 steg f\u00f6r att visa p\u00e5 nyttan som digitalisering kan ge, d\u00e4r det f\u00f6rsta steget var att ta fram ett f\u00f6rslag p\u00e5 hur personer med funktionsvariation kan uppleva \u00f6verv\u00e5ningen p\u00e5 minnesg\u00e5rden under en guidad tur, trots att de inte kan ta sig upp rent praktiskt. Genom detta steg skapades en f\u00f6rst\u00e5else f\u00f6r hur digitala upplevelser kring minnesg\u00e5rden kan \u00f6ppna upp f\u00f6r nya m\u00f6jligheter. <br>Under v\u00e5rden 2023 genomf\u00f6rde Compare en r\u00e5dgivning enligt Be Digital-metoden vilket skapade en nyfikenhet inom styrelsen f\u00f6r hur de kan skapa en samsyn kring framtiden. Projektet satte d\u00e4rf\u00f6r ihop en workshop f\u00f6r att styrelsen skulle f\u00e5 m\u00f6jlighet om att enas om en uppdaterad vision och mission som sedan skulle mynna ut i en verksamhetsplan. Inf\u00f6r workshopen fick M\u00e5rbacka Minnesg\u00e5rd hj\u00e4lp med att ta fram en IP-strategi utifr\u00e5n varum\u00e4rket Selma Lagerl\u00f6f. Detta i kombination med inspiration fr\u00e5n hur andra museer och minnesg\u00e5rdar arbetar med digitalisering lade grunden f\u00f6r en uppdaterad vision som arbetades fram under workshopen.<br>Som ett n\u00e4sta steg, efter sommaren 2023, genomf\u00f6rdes en andra workshop som syftade till att ta fram en konkret handlingsplan utifr\u00e5n den nya visionen. Som en input till denna works-hop fick M\u00e5rbacka hj\u00e4lp med att analysera nya m\u00e5lgrupper och hur de skulle kunna lockas till att bes\u00f6ka platsen. De fick \u00e4ven hj\u00e4lp med ett A\/B-test i SoMe f\u00f6r att f\u00e5 en \u00f6kad f\u00f6rst\u00e5else f\u00f6r vilka m\u00e5lgrupper som \u00e4r intresserade av det befintliga erbjudandet. Den andra workshopen resulterade i en handlingsplan som \u00e4r framtagen och d\u00e4rmed bef\u00e4st av styrelsen d\u00e4r de nu har en enhetlighet kring vilka steg de beh\u00f6ver ta det kommande \u00e5ret.<\/p>\n\n\n\n<h3 class=\"wp-block-heading\">Sahlstr\u00f6msg\u00e5rden \u2013 Bevara historierna<\/h3>\n\n\n\n<p>Uppdatering kommer.<\/p>\n\n\n\n<p><\/p>\n\n\n\n<figure class=\"wp-block-embed aligncenter is-type-video is-provider-youtube wp-block-embed-youtube wp-embed-aspect-16-9 wp-has-aspect-ratio\"><div class=\"wp-block-embed__wrapper\">\n<iframe loading=\"lazy\" title=\"Tina Th\u00f6rner tipsar - bli en smartare bilf\u00f6rare! FIA Smart Driving Challange to H\u00f6ljes\" width=\"640\" height=\"360\" src=\"https:\/\/www.youtube.com\/embed\/tc6xR0dn8m0?feature=oembed\" frameborder=\"0\" allow=\"accelerometer; autoplay; clipboard-write; encrypted-media; gyroscope; picture-in-picture; web-share\" referrerpolicy=\"strict-origin-when-cross-origin\" allowfullscreen><\/iframe>\n<\/div><\/figure>\n\n\n\n<p><\/p>\n\n\n\n<h3 class=\"wp-block-heading\">H\u00f6ljes RX \u2013 Smart driving challenge<\/h3>\n\n\n\n<p>Hur kan man f\u00e5 bes\u00f6kare i V\u00e4rmland att k\u00f6ra smartare och mer h\u00e5llbart med en app? FIA SmartDriving Challenge to H\u00f6ljes RX \u00e4r en utmaning som tagits fram i samarbete mellan&nbsp;Visit V\u00e4rmland,&nbsp;<a href=\"https:\/\/www.linkedin.com\/company\/compare-holding-ab\/\" target=\"_blank\" rel=\"noopener\">Compare<\/a>,&nbsp;<a href=\"https:\/\/www.linkedin.com\/company\/torsby-kommun\/\" target=\"_blank\" rel=\"noopener\">Torsby kommun<\/a>, H\u00f6ljes RX samt FIA Smart Driving Challenge och Tina Th\u00f6rner. N\u00e4r man laddar ner appen FIA SDC och kopplar upp den i bilen m\u00e4ts bilk\u00f6rningen och man f\u00e5r po\u00e4ng utifr\u00e5n hur smart och milj\u00f6v\u00e4nligt man k\u00f6r. Den som bes\u00f6ker Rallycrosshelgen i H\u00f6ljes kan dessutom vinna en av 100 weekendbiljetter till eventet. Det enda som beh\u00f6vs \u00e4r en smartphone och en bil med bluetooth.<\/p>\n\n\n\n<p class=\"has-text-align-center\"><strong><a href=\"https:\/\/www.visitvarmland.com\/corporate\/aktiviteter\/smart-driving-challenge-to-holjes-rx\/\" data-type=\"URL\" data-id=\"https:\/\/www.visitvarmland.com\/corporate\/aktiviteter\/smart-driving-challenge-to-holjes-rx\/\" target=\"_blank\" rel=\"noreferrer noopener\">L\u00e4s mer om H\u00f6ljes RX \u2013 Smart driving challenge h\u00e4r.<\/a><\/strong> <\/p>\n\n\n\n<p><\/p>\n\n\n\n<h3 class=\"wp-block-heading\">Aktiviteter<\/h3>\n\n\n\n<ul class=\"wp-block-list\">\n<li>1 december 2021 &#8211; 10 januari 2022: <strong><a rel=\"noreferrer noopener\" href=\"https:\/\/www.visitvarmland.com\/corporate\/aktiviteter\/skyltfonsterspel-hungryfisk\/\" data-type=\"URL\" data-id=\"https:\/\/www.visitvarmland.com\/corporate\/aktiviteter\/skyltfonsterspel-hungryfisk\/\" target=\"_blank\">Skyltf\u00f6nsterspelet Hungry Fisk<\/a><\/strong><\/li>\n\n\n\n<li>20 juni 2022: <strong><a rel=\"noreferrer noopener\" href=\"https:\/\/www.visitvarmland.com\/corporate\/aktiviteter\/smart-driving-challenge-to-holjes-rx\/\" data-type=\"URL\" data-id=\"https:\/\/www.visitvarmland.com\/corporate\/aktiviteter\/smart-driving-challenge-to-holjes-rx\/\" target=\"_blank\">Smart Driving Challenge to H\u00f6ljes RX<\/a><\/strong><\/li>\n\n\n\n<li>24 juni 2022: <a rel=\"noreferrer noopener\" href=\"https:\/\/www.visitvarmland.com\/corporate\/aktiviteter\/fia-smartdriving-challenge-to-holjes-rx\/\" data-type=\"URL\" data-id=\"https:\/\/www.visitvarmland.com\/corporate\/aktiviteter\/fia-smartdriving-challenge-to-holjes-rx\/\" target=\"_blank\"><strong>FIA SmartDriving Challenge to H\u00f6ljes RX<\/strong><\/a><\/li>\n\n\n\n<li>24 augusti 2022: <a rel=\"noreferrer noopener\" href=\"https:\/\/www.visitvarmland.com\/corporate\/aktiviteter\/gamejam-pa-luro\/\" data-type=\"URL\" data-id=\"https:\/\/www.visitvarmland.com\/corporate\/aktiviteter\/gamejam-pa-luro\/\" target=\"_blank\"><strong>GameJam p\u00e5 Lur\u00f6<\/strong><\/a><\/li>\n\n\n\n<li>6 september 2022: <strong><a href=\"https:\/\/www.visitvarmland.com\/corporate\/aktiviteter\/innovationsprojektet-besokte-rise-och-lindholmens-science-park\/\" data-type=\"URL\" data-id=\"https:\/\/www.visitvarmland.com\/corporate\/aktiviteter\/innovationsprojektet-besokte-rise-och-lindholmens-science-park\/\" target=\"_blank\" rel=\"noreferrer noopener\">Bes\u00f6k p\u00e5 Rise och Lindholmens Science Park<\/a><\/strong><\/li>\n\n\n\n<li>6 oktober 2022: <strong><a rel=\"noreferrer noopener\" href=\"https:\/\/www.visitvarmland.com\/corporate\/aktiviteter\/innovationsveckan-utveckling-av-naturturism\/\" data-type=\"URL\" data-id=\"https:\/\/www.visitvarmland.com\/corporate\/aktiviteter\/innovationsveckan-utveckling-av-naturturism\/\" target=\"_blank\">Innovationsveckan \u2013 Utveckling av naturturism<\/a><\/strong><\/li>\n<\/ul>\n<\/details>\n\n\n\n<p><\/p>\n\n\n\n<hr class=\"wp-block-separator has-css-opacity\"\/>\n\n\n\n<div class=\"wp-block-columns is-layout-flex wp-container-core-columns-is-layout-9d6595d7 wp-block-columns-is-layout-flex\">\n<div class=\"wp-block-column is-layout-flow wp-block-column-is-layout-flow\"><div class=\"wp-block-image is-resized\">\n<figure class=\"aligncenter size-large\"><img loading=\"lazy\" decoding=\"async\" width=\"214\" height=\"212\" src=\"https:\/\/www.visitvarmland.com\/corporate\/wp-content\/uploads\/sites\/20\/2021\/10\/EUlogo_c_RGB-e1663322275659.jpg\" alt=\"\" class=\"wp-image-1374\" style=\"width:auto;height:100px\"\/><\/figure><\/div><\/div>\n\n\n\n<div class=\"wp-block-column is-layout-flow wp-block-column-is-layout-flow\"><div class=\"wp-block-image is-resized\">\n<figure class=\"aligncenter size-large\"><img loading=\"lazy\" decoding=\"async\" width=\"1024\" height=\"339\" src=\"https:\/\/www.visitvarmland.com\/corporate\/wp-content\/uploads\/sites\/20\/2021\/10\/huvudlogotyp-regionvarmland-bla-300-1024x339.png\" alt=\"\" class=\"wp-image-1794\" style=\"width:auto;height:100px\"\/><\/figure><\/div><\/div>\n<\/div>\n\n\n\n<p><\/p>\n","protected":false},"author":383,"featured_media":4096,"template":"","class_list":["post-3822","project","type-project","status-publish","has-post-thumbnail","hentry"],"acf":[],"lang":"sv","translations":{"sv":3822},"pll_sync_post":[],"_links":{"self":[{"href":"https:\/\/www.visitvarmland.com\/corporate\/wp-json\/wp\/v2\/project\/3822","targetHints":{"allow":["GET"]}}],"collection":[{"href":"https:\/\/www.visitvarmland.com\/corporate\/wp-json\/wp\/v2\/project"}],"about":[{"href":"https:\/\/www.visitvarmland.com\/corporate\/wp-json\/wp\/v2\/types\/project"}],"author":[{"embeddable":true,"href":"https:\/\/www.visitvarmland.com\/corporate\/wp-json\/wp\/v2\/users\/383"}],"wp:featuredmedia":[{"embeddable":true,"href":"https:\/\/www.visitvarmland.com\/corporate\/wp-json\/wp\/v2\/media\/4096"}],"wp:attachment":[{"href":"https:\/\/www.visitvarmland.com\/corporate\/wp-json\/wp\/v2\/media?parent=3822"}],"curies":[{"name":"wp","href":"https:\/\/api.w.org\/{rel}","templated":true}]}}