{"id":6842,"date":"2025-11-20T09:47:26","date_gmt":"2025-11-20T08:47:26","guid":{"rendered":"https:\/\/www.visitvarmland.com\/corporate\/?post_type=project&#038;p=6842"},"modified":"2025-11-20T09:47:26","modified_gmt":"2025-11-20T08:47:26","slug":"eru-evenemang-som-resurs-for-regional-utveckling","status":"publish","type":"project","link":"https:\/\/www.visitvarmland.com\/corporate\/projekt\/eru-evenemang-som-resurs-for-regional-utveckling\/","title":{"rendered":"ERU \u2013 Evenemang som resurs f\u00f6r regional utveckling"},"content":{"rendered":"\n<p><strong>Evenemang kan driva ekonomisk, social och milj\u00f6m\u00e4ssig utveckling. Projektet <em>Evenemang som resurs f\u00f6r regional utveckling<\/em><\/strong> <strong>tar fram ett regionalt system f\u00f6r samordning, tydliga st\u00f6d\u00adkriterier och uppf\u00f6ljning, s\u00e5 att evenemang b\u00e4ttre kan st\u00e4rka h\u00e5llbar platsutveckling och f\u00f6retagens konkurrenskraft.<\/strong><\/p>\n\n\n\n<hr class=\"wp-block-separator has-alpha-channel-opacity\"\/>\n\n\n\n<figure class=\"wp-block-image size-large\"><img loading=\"lazy\" decoding=\"async\" width=\"1024\" height=\"107\" src=\"https:\/\/www.visitvarmland.com\/app\/uploads\/sites\/20\/2023\/12\/Bild1-1024x107.png\" alt=\"Eu-logga och Region V\u00e4rmland-logga\" class=\"wp-image-4209\" srcset=\"https:\/\/www.visitvarmland.com\/app\/uploads\/sites\/20\/2023\/12\/Bild1-1024x107.png 1024w, https:\/\/www.visitvarmland.com\/app\/uploads\/sites\/20\/2023\/12\/Bild1-300x31.png 300w, https:\/\/www.visitvarmland.com\/app\/uploads\/sites\/20\/2023\/12\/Bild1-768x80.png 768w, https:\/\/www.visitvarmland.com\/app\/uploads\/sites\/20\/2023\/12\/Bild1-1536x160.png 1536w, https:\/\/www.visitvarmland.com\/app\/uploads\/sites\/20\/2023\/12\/Bild1-2048x213.png 2048w, https:\/\/www.visitvarmland.com\/app\/uploads\/sites\/20\/2023\/12\/Bild1-18x2.png 18w, https:\/\/www.visitvarmland.com\/app\/uploads\/sites\/20\/2023\/12\/Bild1-150x16.png 150w, https:\/\/www.visitvarmland.com\/app\/uploads\/sites\/20\/2023\/12\/Bild1-600x62.png 600w\" sizes=\"auto, (max-width: 1024px) 100vw, 1024px\" \/><\/figure>\n\n\n\n<p><\/p>\n\n\n\n<h2 class=\"wp-block-heading\">Om projektet<\/h2>\n\n\n\n<p>Projektet utg\u00e5r fr\u00e5n att evenemang kan bidra med positiva effekter p\u00e5 platsers utveckling inom ekonomisk, social och milj\u00f6m\u00e4ssig h\u00e5llbarhet.&nbsp; Vid st\u00f6rre evenemang \u00e4r ofta n\u00e5gon form av offentligt st\u00f6d en f\u00f6ruts\u00e4ttning. I V\u00e4rmland finns ingen regional samordnings- eller st\u00f6dfunktion i dagsl\u00e4get, men detta finns i flertalet andra regioner. Flera av kommunerna arbetar med evenemang som ett verktyg i utvecklingsarbetet. M\u00e5lgruppen f\u00f6r projektet \u00e4r det f\u00f6retagsfr\u00e4mjande systemet d\u00e4r vi vill ta fram ett system f\u00f6r hur man kan anv\u00e4nda evenemang f\u00f6r att f\u00e5 \u00f6nskv\u00e4rda effekter. Genom systemet kan man ge tydliga f\u00f6ruts\u00e4ttningar vilka kriterier som g\u00e4ller f\u00f6r arrang\u00f6rer som \u00f6nskar st\u00f6d och prioritera vilka samh\u00e4llseffekter som \u00e4r \u00f6nskv\u00e4rda, m\u00e4tbara och d\u00e4rmed m\u00f6jliga f\u00f6lja upp. Evenemangen bidrar till attraktion genom h\u00e5llbar platsutveckling och st\u00e4rker s\u00e5v\u00e4l direkt som indirekt f\u00f6retagens konkurrenskraft och bidrar till en h\u00e5llbar utveckling.<\/p>\n\n\n\n<h2 class=\"wp-block-heading\">M\u00e5l och resultat<\/h2>\n\n\n\n<p>Projektm\u00e5let \u00e4r att implementera ett regionalt system f\u00f6r urval och utv\u00e4rdering av evenemang s\u00e5 de bidrar till en \u00f6nskad samh\u00e4llsutveckling. Evenemang kan p\u00e5 ett tydligt s\u00e4tt bidra till att st\u00e4rka bes\u00f6ksn\u00e4ringens konkurrenskraft och l\u00f6nsamhet samtidigt som de bidrar till utveckling av platsens attraktivitet och d\u00e4rmed \u00f6kar potentialen f\u00f6r inflyttning och f\u00f6retagsetableringar och g\u00f6r det l\u00e4ttare f\u00f6r f\u00f6retag att rekrytera. Genom tydliga krav p\u00e5 ROI, h\u00e5llbarhetskriterier som ska prioriteras och hur evenemang som st\u00f6ds ska utv\u00e4rderas s\u00e4kerst\u00e4lls att de \u00f6nskade effekterna av evenemangen uppn\u00e5s. Det f\u00f6retagsfr\u00e4mjande systemet kan bidra till att etablera evenemang som det \u00e4r sv\u00e5rt f\u00f6r enskilda f\u00f6retag eller kommuner att n\u00e5, och d\u00e4rmed uppn\u00e5 betydande effekter hos f\u00f6retagen. Genom tydliga kriterier vad g\u00e4ller social, ekonomisk och milj\u00f6m\u00e4ssig h\u00e5llbarhet p\u00e5 evenemangen som st\u00f6ds kan dessa bidra till att m\u00f6ta olika samh\u00e4llsutmaningar och leda utvecklingen mot de globala m\u00e5len.<\/p>\n\n\n\n<p>Projektet ligger inom V\u00e4rmlands smarta specialisering &#8221;Attraktion genom h\u00e5llbar platsutveckling&#8221;. Genom st\u00e4rkt tydlighet i det f\u00f6retagsfr\u00e4mjande systemet vad g\u00e4ller evenemangsst\u00f6d blir det l\u00e4ttare f\u00f6r evenemangsarrang\u00f6rer att f\u00f6rst\u00e5 vilka effekter som efterfr\u00e5gas av evenemang som st\u00f6ds. Evenemang bidrar direkt till utvecklad ekonomisk h\u00e5llbarhet och konkurrenskraft hos sm\u00e5 och medelstora f\u00f6retag inom bes\u00f6ksn\u00e4ringen. \u00d6kad platsattraktion inneb\u00e4r att det blir l\u00e4ttare f\u00f6r andra branscher att attrahera personal\/inflyttare och d\u00e4rmed bibeh\u00e5lla och st\u00e4rka \u00e4ven deras konkurrenskraft. Genom tydliga kravst\u00e4llningar p\u00e5 evenemangen som st\u00f6ds vad g\u00e4ller h\u00e5llbarhetskriterier kan vi \u00e5stadkomma effekter inom s\u00e5v\u00e4l social h\u00e5llbarhet, t ex genom att tydligt involvera f\u00f6reningslivet och civilsamh\u00e4llet i evenemangens genomf\u00f6rande som milj\u00f6m\u00e4ssigt genom krav p\u00e5 det faktiska genomf\u00f6randet av evenemangen. Med evenemang som verktyg kan vi st\u00e4rka konkurrenskraften och driva mot en h\u00e5llbar tillv\u00e4xt.<\/p>\n\n\n\n<h2 class=\"wp-block-heading\">M\u00e5lgrupper<\/h2>\n\n\n\n<p>Prim\u00e4r m\u00e5lgrupp \u00e4r f\u00f6retagsfr\u00e4mjande akt\u00f6rer. Sekund\u00e4r m\u00e5lgrupp \u00e4r sm\u00e5 och medelstora f\u00f6retag, id\u00e9burna organisationer, offentliga organisationer samt stora f\u00f6retag.<\/p>\n\n\n\n<p><\/p>\n","protected":false},"author":383,"featured_media":6844,"template":"","class_list":["post-6842","project","type-project","status-publish","has-post-thumbnail","hentry"],"acf":[],"lang":"sv","translations":{"sv":6842},"pll_sync_post":[],"_links":{"self":[{"href":"https:\/\/www.visitvarmland.com\/corporate\/wp-json\/wp\/v2\/project\/6842","targetHints":{"allow":["GET"]}}],"collection":[{"href":"https:\/\/www.visitvarmland.com\/corporate\/wp-json\/wp\/v2\/project"}],"about":[{"href":"https:\/\/www.visitvarmland.com\/corporate\/wp-json\/wp\/v2\/types\/project"}],"author":[{"embeddable":true,"href":"https:\/\/www.visitvarmland.com\/corporate\/wp-json\/wp\/v2\/users\/383"}],"wp:featuredmedia":[{"embeddable":true,"href":"https:\/\/www.visitvarmland.com\/corporate\/wp-json\/wp\/v2\/media\/6844"}],"wp:attachment":[{"href":"https:\/\/www.visitvarmland.com\/corporate\/wp-json\/wp\/v2\/media?parent=6842"}],"curies":[{"name":"wp","href":"https:\/\/api.w.org\/{rel}","templated":true}]}}