{"id":6850,"date":"2025-11-20T10:38:36","date_gmt":"2025-11-20T09:38:36","guid":{"rendered":"https:\/\/www.visitvarmland.com\/corporate\/?post_type=project&#038;p=6850"},"modified":"2025-11-20T10:46:18","modified_gmt":"2025-11-20T09:46:18","slug":"forstudie-varmlandsvagen","status":"publish","type":"project","link":"https:\/\/www.visitvarmland.com\/corporate\/projekt\/forstudie-varmlandsvagen\/","title":{"rendered":"F\u00f6rstudie V\u00e4rmlandsv\u00e4gen"},"content":{"rendered":"\n<figure class=\"wp-block-image size-large\"><img loading=\"lazy\" decoding=\"async\" width=\"1024\" height=\"107\" src=\"https:\/\/www.visitvarmland.com\/app\/uploads\/sites\/20\/2023\/12\/Bild1-1024x107.png\" alt=\"Eu-logga och Region V\u00e4rmland-logga\" class=\"wp-image-4209\" srcset=\"https:\/\/www.visitvarmland.com\/app\/uploads\/sites\/20\/2023\/12\/Bild1-1024x107.png 1024w, https:\/\/www.visitvarmland.com\/app\/uploads\/sites\/20\/2023\/12\/Bild1-300x31.png 300w, https:\/\/www.visitvarmland.com\/app\/uploads\/sites\/20\/2023\/12\/Bild1-768x80.png 768w, https:\/\/www.visitvarmland.com\/app\/uploads\/sites\/20\/2023\/12\/Bild1-1536x160.png 1536w, https:\/\/www.visitvarmland.com\/app\/uploads\/sites\/20\/2023\/12\/Bild1-2048x213.png 2048w, https:\/\/www.visitvarmland.com\/app\/uploads\/sites\/20\/2023\/12\/Bild1-18x2.png 18w, https:\/\/www.visitvarmland.com\/app\/uploads\/sites\/20\/2023\/12\/Bild1-150x16.png 150w, https:\/\/www.visitvarmland.com\/app\/uploads\/sites\/20\/2023\/12\/Bild1-600x62.png 600w\" sizes=\"auto, (max-width: 1024px) 100vw, 1024px\" \/><\/figure>\n\n\n\n<hr class=\"wp-block-separator has-alpha-channel-opacity\"\/>\n\n\n\n<h2 class=\"wp-block-heading\">Syfte<\/h2>\n\n\n\n<p>Att ta fram ett systematiskt arbetss\u00e4tt f\u00f6r h\u00e5llbar utveckling i bes\u00f6ksn\u00e4ringen i V\u00e4rmland<\/p>\n\n\n\n<h2 class=\"wp-block-heading\"><strong>M\u00e5l<\/strong><\/h2>\n\n\n\n<ul class=\"wp-block-list\">\n<li>Kartl\u00e4gga best practice fr\u00e5n andra regioner<\/li>\n\n\n\n<li>Ta fram en metod f\u00f6r h\u00e5llbarhetsarbete tillsammans med f\u00f6retagen i bes\u00f6ksn\u00e4ringen<\/li>\n\n\n\n<li>F\u00f6rb\u00e4ttra SME-f\u00f6retagens konkurrenskraft<\/li>\n<\/ul>\n\n\n\n<p><\/p>\n\n\n\n<h2 class=\"wp-block-heading\">Resultatm\u00e5l och indikatorer<\/h2>\n\n\n\n<h3 class=\"wp-block-heading\"><strong>Projektm\u00e5l<\/strong><\/h3>\n\n\n\n<p>Framtagning av ett metodst\u00f6d<br>f\u00f6r h\u00e5llbarhetsarbete<br>Skapa f\u00f6ruts\u00e4ttningar f\u00f6r ett framtida implementeringsprojekt<\/p>\n\n\n\n<h3 class=\"wp-block-heading\"><strong>F\u00f6rv\u00e4ntade resultat<\/strong><\/h3>\n\n\n\n<p>Dokumenterad metodik<br>f\u00f6r h\u00e5llbarhetsarbete<br>Minst 2 workshops genomf\u00f6rda Minst 5 goda exempel fr\u00e5n andra regioner identifierade<\/p>\n\n\n\n<h3 class=\"wp-block-heading\"><strong>Agenda 2030-m\u00e5l<\/strong><\/h3>\n\n\n\n<p>8 \u2013 Anst\u00e4ndiga arbetsvillkor<br>11 \u2013 H\u00e5llbara st\u00e4der och samh\u00e4llen<br>12 \u2013 H\u00e5llbar konsumtion och produktion<\/p>\n\n\n\n<h3 class=\"wp-block-heading\"><strong>M\u00e5lgrupp<\/strong><\/h3>\n\n\n\n<p>F\u00f6retagsfr\u00e4mjande akt\u00f6rer och bes\u00f6ksn\u00e4ringens f\u00f6retag i V\u00e4rmland<\/p>\n\n\n\n<p><\/p>\n\n\n\n<h2 class=\"wp-block-heading\">Aktiviteter<\/h2>\n\n\n\n<ul class=\"wp-block-list\">\n<li><strong>Kartl\u00e4ggning<\/strong> av bland annat andra regioners arbete med h\u00e5llbarhet f\u00f6r f\u00f6retag i bes\u00f6ksn\u00e4ringen<\/li>\n\n\n\n<li><strong>Inspirationsresa<\/strong> f\u00f6r att f\u00e5 nya id\u00e9er, f\u00f6rdjupad kunskap och praktiska exempel fr\u00e5n en region som ligger i framkant inom h\u00e5llbar destinationsutveckling. L\u00e4rdomarna kommer att bidra till utvecklingen av strategier och samverkansmodeller inom ramen f\u00f6r f\u00f6rstudien \u201dV\u00e4rmlandsv\u00e4gen \u2013 v\u00e5r h\u00e5llbarhetsresa\u201d, och \u00e5terf\u00f6ras till bes\u00f6ksn\u00e4ringen i V\u00e4rmland genom presentationer, workshops och dokumentation.<\/li>\n\n\n\n<li><strong>Utbildningar<\/strong>. Inom ramen f\u00f6r f\u00f6rstu- dien deltar vi d\u00e4rf\u00f6r i utvalda utbildningar, workshops och n\u00e4tverkstr\u00e4ffar med fokus p\u00e5 en h\u00e5llbar bes\u00f6ksn\u00e4- ring. Syftet \u00e4r att h\u00e4mta in nya perspektiv, bepr\u00f6vade metoder och konkreta verktyg som sedan \u00e5terf\u00f6rs till V\u00e4rmlands bes\u00f6ksn\u00e4ring.<\/li>\n\n\n\n<li><strong>Workshops och n\u00e4tverkstr\u00e4ffar f\u00f6r att:<\/strong>\n<ul class=\"wp-block-list\">\n<li>Samla in insikter, behov och erfarenheter fr\u00e5n n\u00e4ringslivet. Testa id\u00e9er och f\u00e5 feedback p\u00e5 t\u00e4nkta insatser eller verktyg.<\/li>\n\n\n\n<li>Skapa delaktighet, f\u00f6rankring och engagemang inf\u00f6r ev. huvudprojekt.<\/li>\n\n\n\n<li>Bidra till l\u00e4rande och kapacitetsbyggande direkt i f\u00f6rstudien.<\/li>\n<\/ul>\n<\/li>\n<\/ul>\n\n\n\n<h2 class=\"wp-block-heading\"><br><strong>Finansi\u00e4rer <\/strong><\/h2>\n\n\n\n<p>Projektet finansieras av Tillv\u00e4xtverket, Region V\u00e4rmland och Visit V\u00e4rmland.<\/p>\n","protected":false},"author":383,"featured_media":6847,"template":"","class_list":["post-6850","project","type-project","status-publish","has-post-thumbnail","hentry"],"acf":[],"lang":"sv","translations":{"sv":6850},"pll_sync_post":[],"_links":{"self":[{"href":"https:\/\/www.visitvarmland.com\/corporate\/wp-json\/wp\/v2\/project\/6850","targetHints":{"allow":["GET"]}}],"collection":[{"href":"https:\/\/www.visitvarmland.com\/corporate\/wp-json\/wp\/v2\/project"}],"about":[{"href":"https:\/\/www.visitvarmland.com\/corporate\/wp-json\/wp\/v2\/types\/project"}],"author":[{"embeddable":true,"href":"https:\/\/www.visitvarmland.com\/corporate\/wp-json\/wp\/v2\/users\/383"}],"wp:featuredmedia":[{"embeddable":true,"href":"https:\/\/www.visitvarmland.com\/corporate\/wp-json\/wp\/v2\/media\/6847"}],"wp:attachment":[{"href":"https:\/\/www.visitvarmland.com\/corporate\/wp-json\/wp\/v2\/media?parent=6850"}],"curies":[{"name":"wp","href":"https:\/\/api.w.org\/{rel}","templated":true}]}}