{"id":196,"date":"2021-05-19T14:58:32","date_gmt":"2021-05-19T12:58:32","guid":{"rendered":"https:\/\/www.visitvarmland.com\/degerfors\/?page_id=196"},"modified":"2025-03-14T11:28:19","modified_gmt":"2025-03-14T10:28:19","slug":"resa-hit","status":"publish","type":"page","link":"https:\/\/www.visitvarmland.com\/degerfors\/resa-hit\/","title":{"rendered":"Resa hit"},"content":{"rendered":"\n<div class=\"wp-block-columns is-layout-flex wp-container-core-columns-is-layout-9d6595d7 wp-block-columns-is-layout-flex\">\n<div class=\"wp-block-column is-layout-flow wp-block-column-is-layout-flow\" style=\"flex-basis:33.33%\">\n<figure class=\"wp-block-image size-large is-resized\"><img loading=\"lazy\" decoding=\"async\" width=\"1024\" height=\"1006\" src=\"https:\/\/www.visitvarmland.com\/degerfors\/wp-content\/uploads\/sites\/3\/2021\/05\/car-1024x1006.png\" alt=\"\" class=\"wp-image-240\" srcset=\"https:\/\/www.visitvarmland.com\/app\/uploads\/sites\/3\/2021\/05\/car-1024x1006.png 1024w, https:\/\/www.visitvarmland.com\/app\/uploads\/sites\/3\/2021\/05\/car-300x295.png 300w, https:\/\/www.visitvarmland.com\/app\/uploads\/sites\/3\/2021\/05\/car-768x754.png 768w, https:\/\/www.visitvarmland.com\/app\/uploads\/sites\/3\/2021\/05\/car-1536x1509.png 1536w, https:\/\/www.visitvarmland.com\/app\/uploads\/sites\/3\/2021\/05\/car-150x147.png 150w, https:\/\/www.visitvarmland.com\/app\/uploads\/sites\/3\/2021\/05\/car-600x589.png 600w, https:\/\/www.visitvarmland.com\/app\/uploads\/sites\/3\/2021\/05\/car.png 1735w\" sizes=\"auto, (max-width: 1024px) 100vw, 1024px\" \/><\/figure>\n<\/div>\n\n\n\n<div class=\"wp-block-column is-layout-flow wp-block-column-is-layout-flow\" style=\"flex-basis:66.66%\">\n<h3 class=\"wp-block-heading\">Med bil<\/h3>\n\n\n\n<p>E 18 leder dig raka v\u00e4gen in i centrala Karlskoga. Tar du sen av (i vad en g\u00e5ng var Nordeuropas st\u00f6rsta rondell) in p\u00e5 v\u00e4g 205 s\u00f6derut s\u00e5 \u00e5ker du l\u00e4ngs M\u00f6ckelns strand till Degerfors. \u00c5ker du d\u00e4remot norrut kommer du till anrika Geller\u00e5sen d\u00e4r Karlskoga Motorstadion ligger och forts\u00e4tter du hamnar du s\u00e5 sm\u00e5ningom i bl.a. Loka Brunn.<\/p>\n<\/div>\n<\/div>\n\n\n\n<div class=\"wp-block-columns is-layout-flex wp-container-core-columns-is-layout-9d6595d7 wp-block-columns-is-layout-flex\">\n<div class=\"wp-block-column is-layout-flow wp-block-column-is-layout-flow\" style=\"flex-basis:33.33%\">\n<figure class=\"wp-block-image size-large is-resized\"><img loading=\"lazy\" decoding=\"async\" width=\"1024\" height=\"1006\" src=\"https:\/\/www.visitvarmland.com\/degerfors\/wp-content\/uploads\/sites\/3\/2021\/05\/bus-1-1024x1006.png\" alt=\"\" class=\"wp-image-237\" srcset=\"https:\/\/www.visitvarmland.com\/app\/uploads\/sites\/3\/2021\/05\/bus-1-1024x1006.png 1024w, https:\/\/www.visitvarmland.com\/app\/uploads\/sites\/3\/2021\/05\/bus-1-300x295.png 300w, https:\/\/www.visitvarmland.com\/app\/uploads\/sites\/3\/2021\/05\/bus-1-768x754.png 768w, https:\/\/www.visitvarmland.com\/app\/uploads\/sites\/3\/2021\/05\/bus-1-1536x1509.png 1536w, https:\/\/www.visitvarmland.com\/app\/uploads\/sites\/3\/2021\/05\/bus-1-150x147.png 150w, https:\/\/www.visitvarmland.com\/app\/uploads\/sites\/3\/2021\/05\/bus-1-600x589.png 600w, https:\/\/www.visitvarmland.com\/app\/uploads\/sites\/3\/2021\/05\/bus-1.png 1735w\" sizes=\"auto, (max-width: 1024px) 100vw, 1024px\" \/><\/figure>\n<\/div>\n\n\n\n<div class=\"wp-block-column is-layout-flow wp-block-column-is-layout-flow\" style=\"flex-basis:66.66%\">\n<h3 class=\"wp-block-heading\">Med buss<\/h3>\n\n\n\n<p>Flera bussbolag trafikerar V\u00e4rmland och \u00d6rebro L\u00e4n med expressbussar, exempelvis&nbsp;<a rel=\"noreferrer noopener\" href=\"http:\/\/www.swebus.se\/\" target=\"_blank\">Swebus<\/a>,&nbsp;<a rel=\"noreferrer noopener\" href=\"https:\/\/www.nettbuss.se\/\" target=\"_blank\">Nettbuss<\/a>,&nbsp;<a rel=\"noreferrer noopener\" href=\"https:\/\/www.flixbus.se\/buss\/karlskoga\" target=\"_blank\">Flixbus<\/a>&nbsp;och&nbsp;<a rel=\"noreferrer noopener\" href=\"http:\/\/www.charterbuss.se\/\" target=\"_blank\">Charterbuss<\/a>.&nbsp;N\u00e4r du v\u00e4l \u00e4r i Karlskoga Degerfors, s\u00e5 k\u00f6r&nbsp;<a rel=\"noreferrer noopener\" href=\"http:\/\/www.lanstrafiken.se\/Orebro\/Reseinformation\/stadsbuss-tidtabeller\/Karlskoga-Stadsbuss\/\" target=\"_blank\">L\u00e4nstrafiken M\u00e4lardalen<\/a>&nbsp;med sina bl\u00e5 bussar p\u00e5 fyra olika linjer och&nbsp;<a href=\"http:\/\/www.varmlandstrafik.se\/\" target=\"_blank\" rel=\"noopener\">V\u00e4rmlandstrafik<\/a>&nbsp;k\u00f6r v\u00e4sterut med sina gula bussar.&nbsp;<\/p>\n<\/div>\n<\/div>\n\n\n\n<div class=\"wp-block-columns is-layout-flex wp-container-core-columns-is-layout-9d6595d7 wp-block-columns-is-layout-flex\">\n<div class=\"wp-block-column is-layout-flow wp-block-column-is-layout-flow\" style=\"flex-basis:33.33%\">\n<figure class=\"wp-block-image size-large is-resized\"><img loading=\"lazy\" decoding=\"async\" width=\"1024\" height=\"1006\" src=\"https:\/\/www.visitvarmland.com\/degerfors\/wp-content\/uploads\/sites\/3\/2021\/05\/boat-1-1024x1006.png\" alt=\"\" class=\"wp-image-236\" srcset=\"https:\/\/www.visitvarmland.com\/app\/uploads\/sites\/3\/2021\/05\/boat-1-1024x1006.png 1024w, https:\/\/www.visitvarmland.com\/app\/uploads\/sites\/3\/2021\/05\/boat-1-300x295.png 300w, https:\/\/www.visitvarmland.com\/app\/uploads\/sites\/3\/2021\/05\/boat-1-768x754.png 768w, https:\/\/www.visitvarmland.com\/app\/uploads\/sites\/3\/2021\/05\/boat-1-1536x1509.png 1536w, https:\/\/www.visitvarmland.com\/app\/uploads\/sites\/3\/2021\/05\/boat-1-150x147.png 150w, https:\/\/www.visitvarmland.com\/app\/uploads\/sites\/3\/2021\/05\/boat-1-600x589.png 600w, https:\/\/www.visitvarmland.com\/app\/uploads\/sites\/3\/2021\/05\/boat-1.png 1735w\" sizes=\"auto, (max-width: 1024px) 100vw, 1024px\" \/><\/figure>\n<\/div>\n\n\n\n<div class=\"wp-block-column is-layout-flow wp-block-column-is-layout-flow\" style=\"flex-basis:66.66%\">\n<h3 class=\"wp-block-heading\">Med b\u00e5t<\/h3>\n\n\n\n<p>Bergslagskanalen med sina 14 sj\u00f6ar, 4 \u00e4lvar och 6 slussar g\u00f6r det m\u00f6jligt att vattenv\u00e4gen ta dig fr\u00e5n Filipstad till Karlskoga. Sj\u00f6n M\u00f6ckeln binder sen ihop Karlskoga och Degerfors som ligger i var sin \u00e4nde.<\/p>\n<\/div>\n<\/div>\n\n\n\n<div class=\"wp-block-columns is-layout-flex wp-container-core-columns-is-layout-9d6595d7 wp-block-columns-is-layout-flex\">\n<div class=\"wp-block-column is-layout-flow wp-block-column-is-layout-flow\" style=\"flex-basis:33.33%\">\n<figure class=\"wp-block-image size-large is-resized\"><img loading=\"lazy\" decoding=\"async\" width=\"1024\" height=\"1006\" src=\"https:\/\/www.visitvarmland.com\/degerfors\/wp-content\/uploads\/sites\/3\/2021\/05\/cycle-1-1024x1006.png\" alt=\"\" class=\"wp-image-235\" srcset=\"https:\/\/www.visitvarmland.com\/app\/uploads\/sites\/3\/2021\/05\/cycle-1-1024x1006.png 1024w, https:\/\/www.visitvarmland.com\/app\/uploads\/sites\/3\/2021\/05\/cycle-1-300x295.png 300w, https:\/\/www.visitvarmland.com\/app\/uploads\/sites\/3\/2021\/05\/cycle-1-768x754.png 768w, https:\/\/www.visitvarmland.com\/app\/uploads\/sites\/3\/2021\/05\/cycle-1-1536x1509.png 1536w, https:\/\/www.visitvarmland.com\/app\/uploads\/sites\/3\/2021\/05\/cycle-1-150x147.png 150w, https:\/\/www.visitvarmland.com\/app\/uploads\/sites\/3\/2021\/05\/cycle-1-600x589.png 600w, https:\/\/www.visitvarmland.com\/app\/uploads\/sites\/3\/2021\/05\/cycle-1.png 1735w\" sizes=\"auto, (max-width: 1024px) 100vw, 1024px\" \/><\/figure>\n<\/div>\n\n\n\n<div class=\"wp-block-column is-layout-flow wp-block-column-is-layout-flow\" style=\"flex-basis:66.66%\">\n<h3 class=\"wp-block-heading\">P\u00e5 cykel<\/h3>\n\n\n\n<p>S\u00e5 m\u00e5nga kanske inte cyklar till Karlskoga och Degerfors. Men n\u00e4r du v\u00e4l \u00e4r h\u00e4r, s\u00e5 finns det finfina m\u00f6jligheter till bra upplevelser fr\u00e5n cykelsadeln. H\u00e4r finns fina cykelleder som tar dig i alla v\u00e4derstreck och till olika slags milj\u00f6er. Cykelkartor h\u00e4mtar du p\u00e5 Turistbyr\u00e5erna.<\/p>\n<\/div>\n<\/div>\n\n\n\n<div class=\"wp-block-columns is-layout-flex wp-container-core-columns-is-layout-9d6595d7 wp-block-columns-is-layout-flex\">\n<div class=\"wp-block-column is-layout-flow wp-block-column-is-layout-flow\" style=\"flex-basis:33.33%\">\n<figure class=\"wp-block-image size-large is-resized\"><img loading=\"lazy\" decoding=\"async\" width=\"1024\" height=\"1006\" src=\"https:\/\/www.visitvarmland.com\/degerfors\/wp-content\/uploads\/sites\/3\/2021\/05\/airplane-1024x1006.png\" alt=\"\" class=\"wp-image-225\" srcset=\"https:\/\/www.visitvarmland.com\/app\/uploads\/sites\/3\/2021\/05\/airplane-1024x1006.png 1024w, https:\/\/www.visitvarmland.com\/app\/uploads\/sites\/3\/2021\/05\/airplane-300x295.png 300w, https:\/\/www.visitvarmland.com\/app\/uploads\/sites\/3\/2021\/05\/airplane-768x754.png 768w, https:\/\/www.visitvarmland.com\/app\/uploads\/sites\/3\/2021\/05\/airplane-1536x1509.png 1536w, https:\/\/www.visitvarmland.com\/app\/uploads\/sites\/3\/2021\/05\/airplane-150x147.png 150w, https:\/\/www.visitvarmland.com\/app\/uploads\/sites\/3\/2021\/05\/airplane-600x589.png 600w, https:\/\/www.visitvarmland.com\/app\/uploads\/sites\/3\/2021\/05\/airplane.png 1735w\" sizes=\"auto, (max-width: 1024px) 100vw, 1024px\" \/><\/figure>\n<\/div>\n\n\n\n<div class=\"wp-block-column is-layout-flow wp-block-column-is-layout-flow\" style=\"flex-basis:66.66%\">\n<h3 class=\"wp-block-heading\">Med flyg<\/h3>\n\n\n\n<p>Karlskoga och Degerfors har under en timmes restid till tv\u00e5 flygplatser. Fr\u00e5n&nbsp;<a rel=\"noreferrer noopener\" href=\"http:\/\/ksdarprt.se\/\" target=\"_blank\">Karlstad Airport<\/a>&nbsp;g\u00e5r linjeflyg till Stockholm-Arlanda &amp; K\u00f6penhamn upp till fyra g\u00e5nger per dag. Ryanair flyger t\/r Barcelona,&nbsp;Norwegian flyger t\/r&nbsp;Las Palmas och Scandjet flyger t\/r Kroatien. Dessutom flyger flera charterbolag fr\u00e5n Karlstad. Fr\u00e5n&nbsp;<a rel=\"noreferrer noopener\" href=\"http:\/\/www.orebroairport.se\/\" target=\"_blank\">\u00d6rebro Airport<\/a>&nbsp;g\u00e5r regulj\u00e4rflyg till Malm\u00f6 och charterresorna tar dig till 9 olika destinationer runt om i v\u00e4rlden.<\/p>\n<\/div>\n<\/div>\n\n\n\n<div class=\"wp-block-columns is-layout-flex wp-container-core-columns-is-layout-9d6595d7 wp-block-columns-is-layout-flex\">\n<div class=\"wp-block-column is-layout-flow wp-block-column-is-layout-flow\" style=\"flex-basis:33.33%\"><\/div>\n\n\n\n<div class=\"wp-block-column is-layout-flow wp-block-column-is-layout-flow\" style=\"flex-basis:66.66%\">\n<h3 class=\"wp-block-heading\">Med t\u00e5g<\/h3>\n\n\n\n<p>J\u00e4rnv\u00e4gsstationen ligger i Degerfors och har bra avg\u00e5ngstider&nbsp;bland annat via V\u00e4rmlandsbanan till och fr\u00e5n Stockholm och Oslo. Med X 2000 tar t\u00e5gresan bara tv\u00e5 timmar i varje riktning.<\/p>\n<\/div>\n<\/div>\n\n\n\n<p><\/p>\n","protected":false},"excerpt":{"rendered":"<p>Med bil E 18 leder dig raka v\u00e4gen in i centrala Karlskoga. Tar du sen av (i vad en g\u00e5ng var Nordeuropas st\u00f6rsta rondell) in p\u00e5 v\u00e4g 205 s\u00f6derut s\u00e5 \u00e5ker du l\u00e4ngs M\u00f6ckelns strand till Degerfors. \u00c5ker du d\u00e4remot norrut kommer du till anrika Geller\u00e5sen d\u00e4r Karlskoga Motorstadion ligger och forts\u00e4tter du hamnar du [&hellip;]<\/p>\n","protected":false},"author":7,"featured_media":0,"parent":0,"menu_order":0,"comment_status":"closed","ping_status":"open","template":"","meta":{"_acf_changed":false,"footnotes":""},"class_list":["post-196","page","type-page","status-publish","hentry"],"acf":[],"lang":"sv","translations":{"sv":196},"pll_sync_post":[],"_links":{"self":[{"href":"https:\/\/www.visitvarmland.com\/degerfors\/wp-json\/wp\/v2\/pages\/196","targetHints":{"allow":["GET"]}}],"collection":[{"href":"https:\/\/www.visitvarmland.com\/degerfors\/wp-json\/wp\/v2\/pages"}],"about":[{"href":"https:\/\/www.visitvarmland.com\/degerfors\/wp-json\/wp\/v2\/types\/page"}],"author":[{"embeddable":true,"href":"https:\/\/www.visitvarmland.com\/degerfors\/wp-json\/wp\/v2\/users\/7"}],"replies":[{"embeddable":true,"href":"https:\/\/www.visitvarmland.com\/degerfors\/wp-json\/wp\/v2\/comments?post=196"}],"version-history":[{"count":11,"href":"https:\/\/www.visitvarmland.com\/degerfors\/wp-json\/wp\/v2\/pages\/196\/revisions"}],"predecessor-version":[{"id":567,"href":"https:\/\/www.visitvarmland.com\/degerfors\/wp-json\/wp\/v2\/pages\/196\/revisions\/567"}],"wp:attachment":[{"href":"https:\/\/www.visitvarmland.com\/degerfors\/wp-json\/wp\/v2\/media?parent=196"}],"curies":[{"name":"wp","href":"https:\/\/api.w.org\/{rel}","templated":true}]}}