{"id":336,"date":"2022-03-21T09:07:25","date_gmt":"2022-03-21T08:07:25","guid":{"rendered":"https:\/\/www.visitvarmland.com\/degerfors\/?page_id=336"},"modified":"2025-07-25T13:44:18","modified_gmt":"2025-07-25T11:44:18","slug":"upptack-degerfors","status":"publish","type":"page","link":"https:\/\/www.visitvarmland.com\/degerfors\/upptack-degerfors\/","title":{"rendered":"Uppt\u00e4ck Degerfors &#8211; Natur, smaker och upplevelser i hj\u00e4rtat av Sverige"},"content":{"rendered":"\n<p>V\u00e4lkommen till Degerfors \u2013 en plats d\u00e4r naturens stillhet m\u00f6ter genuina upplevelser och lokal charm. Oavsett om du s\u00f6ker \u00e4ventyr, avkoppling eller kulinariska upplevelser, har Degerfors, \u00c5torp och Svart\u00e5 n\u00e5got f\u00f6r dig. <\/p>\n\n\n\n<h2 class=\"wp-block-heading\">Bo som du vill<\/h2>\n\n\n\n<p>I Degerfors finns Degern\u00e4s camping och stugor d\u00e4r du bor n\u00e4ra strand, golf och naturupplevelser. I centrala Degerfors finns bland annat Lenas Bed &amp; Breakfast och Degerfors Bed &amp; Breakfast som hyr ut rum och l\u00e4genheter f\u00f6r dig som vill bo n\u00e4ra Stora Valla eller butiker.<\/p>\n\n\n\n<p>Du kan hitta st\u00e4llplatser f\u00f6r husbil och husvagn p\u00e5 flera platser i kommunen, bland annat vid Stora Degern\u00e4s, \u00c5torp vid \u00c5vallen och Svart\u00e5. St\u00e4llplatserna \u00e4r ett perfekt s\u00e4tt att komma riktigt n\u00e4ra naturen eller kanske mountainbikeleden.<\/p>\n\n\n\n<figure class=\"wp-block-gallery has-nested-images columns-default is-cropped wp-block-gallery-1 is-layout-flex wp-block-gallery-is-layout-flex\">\n<figure class=\"wp-block-image size-large\"><img loading=\"lazy\" decoding=\"async\" width=\"1024\" height=\"683\" data-id=\"635\" src=\"https:\/\/www.visitvarmland.com\/degerfors\/wp-content\/uploads\/sites\/3\/2025\/07\/LEnas-BB-rum-1024x683.png\" alt=\"\" class=\"wp-image-635\" srcset=\"https:\/\/www.visitvarmland.com\/app\/uploads\/sites\/3\/2025\/07\/LEnas-BB-rum-1024x683.png 1024w, https:\/\/www.visitvarmland.com\/app\/uploads\/sites\/3\/2025\/07\/LEnas-BB-rum-300x200.png 300w, https:\/\/www.visitvarmland.com\/app\/uploads\/sites\/3\/2025\/07\/LEnas-BB-rum-768x512.png 768w, https:\/\/www.visitvarmland.com\/app\/uploads\/sites\/3\/2025\/07\/LEnas-BB-rum-150x100.png 150w, https:\/\/www.visitvarmland.com\/app\/uploads\/sites\/3\/2025\/07\/LEnas-BB-rum-600x400.png 600w, https:\/\/www.visitvarmland.com\/app\/uploads\/sites\/3\/2025\/07\/LEnas-BB-rum-1200x800.png 1200w, https:\/\/www.visitvarmland.com\/app\/uploads\/sites\/3\/2025\/07\/LEnas-BB-rum.png 1500w\" sizes=\"auto, (max-width: 1024px) 100vw, 1024px\" \/><\/figure>\n\n\n<\/figure>\n\n\n\n<h2 class=\"wp-block-heading\">Matupplevelser i Degerfors<\/h2>\n\n\n\n<p>F\u00f6r dig som \u00e4r ute efter en matupplevelse med lokalt producerad mat, v\u00e4l utvalda r\u00e5varor och en dunderutsikt s\u00e5 \u00e4r Sj\u00f6tullen i Svart\u00e5 ett m\u00e5ste. I det gamla j\u00e4rnv\u00e4gshotellet kan du b\u00e5de \u00e4ta mat, g\u00e5 p\u00e5 vinprovning och k\u00f6pa delikatesser i delibutiken. Precis intill Sj\u00f6tullen hittar du ocks\u00e5 Sur-Annas hembageri som bakar os\u00f6tat surdegsbr\u00f6d och bullar med olika fyllningar. Smaka p\u00e5 prisbel\u00f6nt surdegsbr\u00f6d p\u00e5 lokalt odlat spannm\u00e5l som det ljusa &#8221;Svart\u00e5&#8221; eller det m\u00f6rka, saftiga &#8221;R\u00e5gsur&#8221;.<\/p>\n\n\n\n<p>Om du \u00e4r ute efter pizza, asiatiskt eller vanlig husmans finns det flera att v\u00e4lja p\u00e5. Bosna i centrala Degerfors \u00e4r k\u00e4nt f\u00f6r sin goda st\u00e4mning och n\u00e4rmast fanatiska uppskattning av det lokala fotbollslaget Degerfors IF. Pizzeria Empoli och Pizzeria Agen \u00e4r ocks\u00e5 popul\u00e4ra pizzahak f\u00f6r Degerforsarna. Bong Sen i centrum har en liten men v\u00e4l kurerad meny av thail\u00e4nska r\u00e4tter som den popul\u00e4ra nudelsoppan pho och fr\u00e4scha mackan bahn mi.<\/p>\n\n\n\n<figure class=\"wp-block-gallery has-nested-images columns-default is-cropped wp-block-gallery-2 is-layout-flex wp-block-gallery-is-layout-flex\">\n<figure class=\"wp-block-image size-large\"><img loading=\"lazy\" decoding=\"async\" width=\"1024\" height=\"768\" data-id=\"634\" src=\"https:\/\/www.visitvarmland.com\/degerfors\/wp-content\/uploads\/sites\/3\/2025\/07\/bong-sen-nudlar-1024x768.jpg\" alt=\"\" class=\"wp-image-634\" srcset=\"https:\/\/www.visitvarmland.com\/app\/uploads\/sites\/3\/2025\/07\/bong-sen-nudlar-1024x768.jpg 1024w, https:\/\/www.visitvarmland.com\/app\/uploads\/sites\/3\/2025\/07\/bong-sen-nudlar-300x225.jpg 300w, https:\/\/www.visitvarmland.com\/app\/uploads\/sites\/3\/2025\/07\/bong-sen-nudlar-768x576.jpg 768w, https:\/\/www.visitvarmland.com\/app\/uploads\/sites\/3\/2025\/07\/bong-sen-nudlar-150x113.jpg 150w, https:\/\/www.visitvarmland.com\/app\/uploads\/sites\/3\/2025\/07\/bong-sen-nudlar-600x450.jpg 600w, https:\/\/www.visitvarmland.com\/app\/uploads\/sites\/3\/2025\/07\/bong-sen-nudlar.jpg 1440w\" sizes=\"auto, (max-width: 1024px) 100vw, 1024px\" \/><\/figure>\n\n\n\n<figure class=\"wp-block-image size-large\"><img loading=\"lazy\" decoding=\"async\" width=\"1017\" height=\"607\" data-id=\"633\" src=\"https:\/\/www.visitvarmland.com\/degerfors\/wp-content\/uploads\/sites\/3\/2025\/07\/orangeri-sjotullen.jpg\" alt=\"\" class=\"wp-image-633\" srcset=\"https:\/\/www.visitvarmland.com\/app\/uploads\/sites\/3\/2025\/07\/orangeri-sjotullen.jpg 1017w, https:\/\/www.visitvarmland.com\/app\/uploads\/sites\/3\/2025\/07\/orangeri-sjotullen-300x179.jpg 300w, https:\/\/www.visitvarmland.com\/app\/uploads\/sites\/3\/2025\/07\/orangeri-sjotullen-768x458.jpg 768w, https:\/\/www.visitvarmland.com\/app\/uploads\/sites\/3\/2025\/07\/orangeri-sjotullen-150x90.jpg 150w, https:\/\/www.visitvarmland.com\/app\/uploads\/sites\/3\/2025\/07\/orangeri-sjotullen-600x358.jpg 600w\" sizes=\"auto, (max-width: 1017px) 100vw, 1017px\" \/><\/figure>\n<\/figure>\n\n\n\n<h2 class=\"wp-block-heading\">Fika, sm\u00f6rg\u00e5st\u00e5rtor och kaffe<\/h2>\n\n\n\n<p>En kaffet\u00e5r och en bulle \u00e4r obligatoriskt och h\u00e4r \u00e4r du aldrig f\u00f6r l\u00e5ngt fr\u00e5n ett caf\u00e9 oavsett var du \u00e4r. Dahlgrensbagaren p\u00e5 Degern\u00e4s herrg\u00e5rd serverar bullar och kakor i herrg\u00e5rdsmilj\u00f6, n\u00e4ra badstrand och golfbana. Manal\u00b4s caf\u00e9 i centrala Degerfors och Caf\u00e9 Berget serverar goda bakelser, sm\u00f6rg\u00e5sar och kaffe. D\u00e4r kan du ocks\u00e5 best\u00e4lla riktigt goda sm\u00f6rg\u00e5st\u00e5rtor.<\/p>\n\n\n\n<figure class=\"wp-block-gallery has-nested-images columns-default is-cropped wp-block-gallery-3 is-layout-flex wp-block-gallery-is-layout-flex\">\n<figure class=\"wp-block-image size-large\"><img loading=\"lazy\" decoding=\"async\" width=\"1024\" height=\"768\" data-id=\"632\" src=\"https:\/\/www.visitvarmland.com\/degerfors\/wp-content\/uploads\/sites\/3\/2025\/07\/cafe-berget-bakelser-1024x768.jpg\" alt=\"\" class=\"wp-image-632\" srcset=\"https:\/\/www.visitvarmland.com\/app\/uploads\/sites\/3\/2025\/07\/cafe-berget-bakelser-1024x768.jpg 1024w, https:\/\/www.visitvarmland.com\/app\/uploads\/sites\/3\/2025\/07\/cafe-berget-bakelser-300x225.jpg 300w, https:\/\/www.visitvarmland.com\/app\/uploads\/sites\/3\/2025\/07\/cafe-berget-bakelser-768x576.jpg 768w, https:\/\/www.visitvarmland.com\/app\/uploads\/sites\/3\/2025\/07\/cafe-berget-bakelser-1536x1152.jpg 1536w, https:\/\/www.visitvarmland.com\/app\/uploads\/sites\/3\/2025\/07\/cafe-berget-bakelser-2048x1536.jpg 2048w, https:\/\/www.visitvarmland.com\/app\/uploads\/sites\/3\/2025\/07\/cafe-berget-bakelser-150x113.jpg 150w, https:\/\/www.visitvarmland.com\/app\/uploads\/sites\/3\/2025\/07\/cafe-berget-bakelser-600x450.jpg 600w\" sizes=\"auto, (max-width: 1024px) 100vw, 1024px\" \/><\/figure>\n\n\n\n<figure class=\"wp-block-image size-large\"><img loading=\"lazy\" decoding=\"async\" width=\"1024\" height=\"508\" data-id=\"631\" src=\"https:\/\/www.visitvarmland.com\/degerfors\/wp-content\/uploads\/sites\/3\/2025\/07\/cafe-berget-utsida-1024x508.jpg\" alt=\"\" class=\"wp-image-631\" srcset=\"https:\/\/www.visitvarmland.com\/app\/uploads\/sites\/3\/2025\/07\/cafe-berget-utsida-1024x508.jpg 1024w, https:\/\/www.visitvarmland.com\/app\/uploads\/sites\/3\/2025\/07\/cafe-berget-utsida-300x149.jpg 300w, https:\/\/www.visitvarmland.com\/app\/uploads\/sites\/3\/2025\/07\/cafe-berget-utsida-768x381.jpg 768w, https:\/\/www.visitvarmland.com\/app\/uploads\/sites\/3\/2025\/07\/cafe-berget-utsida-1536x762.jpg 1536w, https:\/\/www.visitvarmland.com\/app\/uploads\/sites\/3\/2025\/07\/cafe-berget-utsida-150x74.jpg 150w, https:\/\/www.visitvarmland.com\/app\/uploads\/sites\/3\/2025\/07\/cafe-berget-utsida-600x297.jpg 600w, https:\/\/www.visitvarmland.com\/app\/uploads\/sites\/3\/2025\/07\/cafe-berget-utsida.jpg 1541w\" sizes=\"auto, (max-width: 1024px) 100vw, 1024px\" \/><\/figure>\n<\/figure>\n\n\n\n<h2 class=\"wp-block-heading\">Trampa genom landskapet p\u00e5 cykel &#8211; eller dressin<\/h2>\n\n\n\n<p>\u00c5torp \u00e4r ett paradis f\u00f6r cyklister med fyra MTB-leder och fyra grusleder i varierande sv\u00e5righetsgrad. Leder som Mulle, Tallmon, Dynamitk\u00e4llaren och Gl\u00e4djen bjuder p\u00e5 allt fr\u00e5n l\u00e4tt singletrack till mer utmanande terr\u00e4ng genom tallskog, historiska platser och vackra landskap. I Svart\u00e5 kan du cykla Sirsj\u00f6n runt \u2013 en 18 km l\u00e5ng led i kuperad terr\u00e4ng med grusv\u00e4gar och stigar som slingrar sig runt sj\u00f6n.<\/p>\n\n\n\n<p>Om du \u00e4r ute efter en rolig aktivitet f\u00f6r hela familjen \u00e4r dressinbanan Trel\u00e4nsbanan en fantastisk sommarupplevelse. Hyr ett par dressiner i Degerfors och trampa p\u00e5 l\u00e4ngs den gamla j\u00e4rnv\u00e4gen \u00f6ver f\u00e4lt, genom skogar och f\u00f6rbi sm\u00e5 sj\u00f6ar. Stanna n\u00e4r du vill f\u00f6r att fika eller bada, och v\u00e4nd sedan p\u00e5 ekipaget och trampa tillbaka igen.<\/p>\n\n\n\n<figure class=\"wp-block-gallery has-nested-images columns-default is-cropped wp-block-gallery-4 is-layout-flex wp-block-gallery-is-layout-flex\">\n<figure class=\"wp-block-image size-large is-style-default\"><img loading=\"lazy\" decoding=\"async\" width=\"1024\" height=\"767\" data-id=\"572\" src=\"https:\/\/www.visitvarmland.com\/degerfors\/wp-content\/uploads\/sites\/3\/2025\/03\/Dressinbana-Pernilla-original-1257758-1024x767.jpg\" alt=\"\" class=\"wp-image-572\" srcset=\"https:\/\/www.visitvarmland.com\/app\/uploads\/sites\/3\/2025\/03\/Dressinbana-Pernilla-original-1257758-1024x767.jpg 1024w, https:\/\/www.visitvarmland.com\/app\/uploads\/sites\/3\/2025\/03\/Dressinbana-Pernilla-original-1257758-300x225.jpg 300w, https:\/\/www.visitvarmland.com\/app\/uploads\/sites\/3\/2025\/03\/Dressinbana-Pernilla-original-1257758-768x575.jpg 768w, https:\/\/www.visitvarmland.com\/app\/uploads\/sites\/3\/2025\/03\/Dressinbana-Pernilla-original-1257758-1536x1151.jpg 1536w\" sizes=\"auto, (max-width: 1024px) 100vw, 1024px\" \/><\/figure>\n\n\n\n<figure class=\"wp-block-image size-large\"><img loading=\"lazy\" decoding=\"async\" width=\"1024\" height=\"683\" data-id=\"448\" src=\"https:\/\/www.visitvarmland.com\/degerfors\/wp-content\/uploads\/sites\/3\/2023\/04\/Dressin-Rosita-Holm-1024x683.jpg\" alt=\"\" class=\"wp-image-448\" srcset=\"https:\/\/www.visitvarmland.com\/app\/uploads\/sites\/3\/2023\/04\/Dressin-Rosita-Holm-1024x683.jpg 1024w, https:\/\/www.visitvarmland.com\/app\/uploads\/sites\/3\/2023\/04\/Dressin-Rosita-Holm-300x200.jpg 300w, https:\/\/www.visitvarmland.com\/app\/uploads\/sites\/3\/2023\/04\/Dressin-Rosita-Holm-768x512.jpg 768w, https:\/\/www.visitvarmland.com\/app\/uploads\/sites\/3\/2023\/04\/Dressin-Rosita-Holm-1536x1024.jpg 1536w, https:\/\/www.visitvarmland.com\/app\/uploads\/sites\/3\/2023\/04\/Dressin-Rosita-Holm-2048x1365.jpg 2048w, https:\/\/www.visitvarmland.com\/app\/uploads\/sites\/3\/2023\/04\/Dressin-Rosita-Holm-18x12.jpg 18w, https:\/\/www.visitvarmland.com\/app\/uploads\/sites\/3\/2023\/04\/Dressin-Rosita-Holm-150x100.jpg 150w, https:\/\/www.visitvarmland.com\/app\/uploads\/sites\/3\/2023\/04\/Dressin-Rosita-Holm-600x400.jpg 600w, https:\/\/www.visitvarmland.com\/app\/uploads\/sites\/3\/2023\/04\/Dressin-Rosita-Holm-1200x800.jpg 1200w\" sizes=\"auto, (max-width: 1024px) 100vw, 1024px\" \/><\/figure>\n<\/figure>\n\n\n\n<div class=\"wp-block-group atheme-wrapper--full\"><div class=\"wp-block-group__inner-container is-layout-flow wp-block-group-is-layout-flow\">\n<div class=\"wp-block-columns is-layout-flex wp-container-core-columns-is-layout-9d6595d7 wp-block-columns-is-layout-flex\">\n<div class=\"wp-block-column is-layout-flow wp-block-column-is-layout-flow\"><\/div>\n<\/div>\n<\/div><\/div>\n","protected":false},"excerpt":{"rendered":"<p>V\u00e4lkommen till Degerfors \u2013 en plats d\u00e4r naturens stillhet m\u00f6ter genuina upplevelser och lokal charm. Oavsett om du s\u00f6ker \u00e4ventyr, avkoppling eller kulinariska upplevelser, har Degerfors, \u00c5torp och Svart\u00e5 n\u00e5got f\u00f6r dig. Bo som du vill I Degerfors finns Degern\u00e4s camping och stugor d\u00e4r du bor n\u00e4ra strand, golf och naturupplevelser. I centrala Degerfors finns [&hellip;]<\/p>\n","protected":false},"author":39,"featured_media":0,"parent":0,"menu_order":0,"comment_status":"closed","ping_status":"closed","template":"","meta":{"_acf_changed":false,"footnotes":""},"class_list":["post-336","page","type-page","status-publish","hentry"],"acf":[],"lang":"sv","translations":{"sv":336},"pll_sync_post":[],"_links":{"self":[{"href":"https:\/\/www.visitvarmland.com\/degerfors\/wp-json\/wp\/v2\/pages\/336","targetHints":{"allow":["GET"]}}],"collection":[{"href":"https:\/\/www.visitvarmland.com\/degerfors\/wp-json\/wp\/v2\/pages"}],"about":[{"href":"https:\/\/www.visitvarmland.com\/degerfors\/wp-json\/wp\/v2\/types\/page"}],"author":[{"embeddable":true,"href":"https:\/\/www.visitvarmland.com\/degerfors\/wp-json\/wp\/v2\/users\/39"}],"replies":[{"embeddable":true,"href":"https:\/\/www.visitvarmland.com\/degerfors\/wp-json\/wp\/v2\/comments?post=336"}],"version-history":[{"count":13,"href":"https:\/\/www.visitvarmland.com\/degerfors\/wp-json\/wp\/v2\/pages\/336\/revisions"}],"predecessor-version":[{"id":637,"href":"https:\/\/www.visitvarmland.com\/degerfors\/wp-json\/wp\/v2\/pages\/336\/revisions\/637"}],"wp:attachment":[{"href":"https:\/\/www.visitvarmland.com\/degerfors\/wp-json\/wp\/v2\/media?parent=336"}],"curies":[{"name":"wp","href":"https:\/\/api.w.org\/{rel}","templated":true}]}}