{"id":369,"date":"2022-03-21T10:18:22","date_gmt":"2022-03-21T09:18:22","guid":{"rendered":"https:\/\/www.visitvarmland.com\/degerfors\/?page_id=369"},"modified":"2024-06-03T10:22:31","modified_gmt":"2024-06-03T08:22:31","slug":"vandra-i-degerfors","status":"publish","type":"page","link":"https:\/\/www.visitvarmland.com\/degerfors\/vandra-i-degerfors\/","title":{"rendered":"Vandra i Degerfors"},"content":{"rendered":"\n<p><\/p>\n\n\n<div class=\"ahteme-wrapper atheme-wrapper--full\">\n    <div class=\"atheme-components-news\">\n        <div class=\"atheme-components-news--content\">\n            <!-- Image Wrapper -->\n            <div id=\"a3pSjD2HnPa0DyMKI_images\" class=\"atheme-components-news--content-images\">\n                                <div id=\"acnImg-28968\" class=\"atheme-components-news--content-images-image ac-display--block\" style=\"background-image: url('https:\/\/img.turid.visitvarmland.com\/56e8624d-e7d6-4aff-b84c-d8b16a4f5405\/domedagsdalen-klattring-sveafallen.jpeg?q=80&#038;fit=contain&#038;w=1920&#038;h=1920&#038;')\"><\/div>\n                                <div id=\"acnImg-28493\" class=\"atheme-components-news--content-images-image \" style=\"background-image: url('https:\/\/img.turid.visitvarmland.com\/legacy\/Degerfors\/gryten2.jpeg?q=80&#038;fit=contain&#038;w=1920&#038;h=1920&#038;')\"><\/div>\n                                <div id=\"acnImg-39008\" class=\"atheme-components-news--content-images-image \" style=\"background-image: url('https:\/\/img.turid.visitvarmland.com\/27a49150-f22b-4ce6-87f2-954cd065c9e6\/fasaskogen.jpeg?q=80&#038;fit=contain&#038;w=1920&#038;h=1920&#038;')\"><\/div>\n                                <div id=\"acnImg-28597\" class=\"atheme-components-news--content-images-image \" style=\"background-image: url('https:\/\/img.turid.visitvarmland.com\/legacy\/Degerfors\/j\u00e4tteberget.jpeg?q=80&#038;fit=contain&#038;w=1920&#038;h=1920&#038;')\"><\/div>\n                                <div id=\"acnImg-39109\" class=\"atheme-components-news--content-images-image \" style=\"background-image: url('https:\/\/img.turid.visitvarmland.com\/legacy\/Degerfors\/IMG_0799_0.JPG?q=80&#038;fit=contain&#038;w=1920&#038;h=1920&#038;')\"><\/div>\n                                <div class=\"atheme-components-news--content-images-action\">\n                    <div class=\"atheme-news-action-btn\" onClick=\"aNewsShowBtn('a3pSjD2HnPa0DyMKI_prev',39109)\"><i class=\"fal fa-chevron-left\"><\/i><\/div>\n                    <div class=\"atheme-news-action-btn\" onClick=\"aNewsShowBtn('a3pSjD2HnPa0DyMKI_next'),39109\"><i class=\"fal fa-chevron-right\"><\/i><\/div>\n                <\/div>\n            <\/div>\n            <!-- .Image Wrapper -->\n\n            <!-- Text Wrapper -->\n            <div id=\"a3pSjD2HnPa0DyMKI_items\" class=\"atheme-components-news--content-list\">\n                <div class=\"atheme-components-news--content-list-main-title\">\n                    <h3>Trollska skogar, vackra sj\u00f6ar och barnv\u00e4nliga leder<\/h3>\n                <\/div>\n                                <ul id=\"\" class=\"\">\n                                            <li id=\"acnPost-28968\" class=\"atheme-components-news--content-list-items ac-active--block\" onClick=\"aNewsShowBtn('a3pSjD2HnPa0DyMKI_this',28968)\">\n                            <span class=\"atheme-components-news--content-list-title ac-display--block\">\n                                <span>\n                                    <span class=\"components-news-list-icon-wrapper\">\n                                        <span class=\"pre-icon-dot\"><\/span>\n                                        <span class=\"pre-icon-dot\"><\/span>\n                                        <i class=\"fal fa-long-arrow-right\"><\/i>\n                                    <\/span>\n                                    <p>Sveafallen &#8211; Naturreservat<\/p>\n                            <\/span>\n                            <\/span>\n                            <span class=\"atheme-components-news--content-list-content ac-display--block\">\n                                Upplev trolsk och storslagen natur i Sveafallen med&#8230;                                <a href=\"\/degerfors\/aktiviteter\/vandra\/sveafallen-naturreservat\">L\u00e4s mer<\/a>\n                            <\/span>\n                        <\/li>\n                                                <li id=\"acnPost-28493\" class=\"atheme-components-news--content-list-items \" onClick=\"aNewsShowBtn('a3pSjD2HnPa0DyMKI_this',28493)\">\n                            <span class=\"atheme-components-news--content-list-title \">\n                                <span>\n                                    <span class=\"components-news-list-icon-wrapper\">\n                                        <span class=\"pre-icon-dot\"><\/span>\n                                        <span class=\"pre-icon-dot\"><\/span>\n                                        <i class=\"fal fa-long-arrow-right\"><\/i>\n                                    <\/span>\n                                    <p>Gryten<\/p>\n                            <\/span>\n                            <\/span>\n                            <span class=\"atheme-components-news--content-list-content \">\n                                H\u00e4rlig natur med iordningst\u00e4lld, tillg\u00e4nglig grillplats&#8230;                                <a href=\"\/degerfors\/aktiviteter\/gryten\">L\u00e4s mer<\/a>\n                            <\/span>\n                        <\/li>\n                                                <li id=\"acnPost-39008\" class=\"atheme-components-news--content-list-items \" onClick=\"aNewsShowBtn('a3pSjD2HnPa0DyMKI_this',39008)\">\n                            <span class=\"atheme-components-news--content-list-title \">\n                                <span>\n                                    <span class=\"components-news-list-icon-wrapper\">\n                                        <span class=\"pre-icon-dot\"><\/span>\n                                        <span class=\"pre-icon-dot\"><\/span>\n                                        <i class=\"fal fa-long-arrow-right\"><\/i>\n                                    <\/span>\n                                    <p>Fasaskogen- R\u00f6nningshyttan Porten mot fasaskogen<\/p>\n                            <\/span>\n                            <\/span>\n                            <span class=\"atheme-components-news--content-list-content \">\n                                Fasaskogen \u00e4r inte s\u00e5 farlig som den l\u00e5ter men h\u00e4r kan&#8230;                                <a href=\"\/degerfors\/aktiviteter\/vandra\/fasaskogen-ronningshyttan-porten-mot-fasaskogen\">L\u00e4s mer<\/a>\n                            <\/span>\n                        <\/li>\n                                                <li id=\"acnPost-28597\" class=\"atheme-components-news--content-list-items \" onClick=\"aNewsShowBtn('a3pSjD2HnPa0DyMKI_this',28597)\">\n                            <span class=\"atheme-components-news--content-list-title \">\n                                <span>\n                                    <span class=\"components-news-list-icon-wrapper\">\n                                        <span class=\"pre-icon-dot\"><\/span>\n                                        <span class=\"pre-icon-dot\"><\/span>\n                                        <i class=\"fal fa-long-arrow-right\"><\/i>\n                                    <\/span>\n                                    <p>J\u00e4tteberget &#8211; Naturreservat<\/p>\n                            <\/span>\n                            <\/span>\n                            <span class=\"atheme-components-news--content-list-content \">\n                                P\u00e5 J\u00e4tteberget v\u00e4ntar ett riktigt vildmarks\u00e4ventyr&#8230;.                                <a href=\"\/degerfors\/aktiviteter\/vandra\/jatteberget-naturreservat\">L\u00e4s mer<\/a>\n                            <\/span>\n                        <\/li>\n                                                <li id=\"acnPost-39109\" class=\"atheme-components-news--content-list-items \" onClick=\"aNewsShowBtn('a3pSjD2HnPa0DyMKI_this',39109)\">\n                            <span class=\"atheme-components-news--content-list-title \">\n                                <span>\n                                    <span class=\"components-news-list-icon-wrapper\">\n                                        <span class=\"pre-icon-dot\"><\/span>\n                                        <span class=\"pre-icon-dot\"><\/span>\n                                        <i class=\"fal fa-long-arrow-right\"><\/i>\n                                    <\/span>\n                                    <p>Ramsh\u00f6jden &#8211; naturreservat<\/p>\n                            <\/span>\n                            <\/span>\n                            <span class=\"atheme-components-news--content-list-content \">\n                                Den j\u00e4mna, tillg\u00e4ngliga str\u00f6vstigen fr\u00e5n Degern\u00e4s&#8230;                                <a href=\"\/degerfors\/aktiviteter\/vandra\/ramshojden-naturreservat\">L\u00e4s mer<\/a>\n                            <\/span>\n                        <\/li>\n                                        <\/ul>\n\n            <\/div>\n            <!-- .Text Wrapper -->\n        <\/div>\n\n    <\/div>\n<\/div>\n","protected":false},"excerpt":{"rendered":"","protected":false},"author":39,"featured_media":0,"parent":0,"menu_order":0,"comment_status":"closed","ping_status":"closed","template":"","meta":{"_acf_changed":false,"footnotes":""},"class_list":["post-369","page","type-page","status-publish","hentry"],"acf":[],"lang":"sv","translations":{"sv":369},"pll_sync_post":[],"_links":{"self":[{"href":"https:\/\/www.visitvarmland.com\/degerfors\/wp-json\/wp\/v2\/pages\/369","targetHints":{"allow":["GET"]}}],"collection":[{"href":"https:\/\/www.visitvarmland.com\/degerfors\/wp-json\/wp\/v2\/pages"}],"about":[{"href":"https:\/\/www.visitvarmland.com\/degerfors\/wp-json\/wp\/v2\/types\/page"}],"author":[{"embeddable":true,"href":"https:\/\/www.visitvarmland.com\/degerfors\/wp-json\/wp\/v2\/users\/39"}],"replies":[{"embeddable":true,"href":"https:\/\/www.visitvarmland.com\/degerfors\/wp-json\/wp\/v2\/comments?post=369"}],"version-history":[{"count":7,"href":"https:\/\/www.visitvarmland.com\/degerfors\/wp-json\/wp\/v2\/pages\/369\/revisions"}],"predecessor-version":[{"id":515,"href":"https:\/\/www.visitvarmland.com\/degerfors\/wp-json\/wp\/v2\/pages\/369\/revisions\/515"}],"wp:attachment":[{"href":"https:\/\/www.visitvarmland.com\/degerfors\/wp-json\/wp\/v2\/media?parent=369"}],"curies":[{"name":"wp","href":"https:\/\/api.w.org\/{rel}","templated":true}]}}