{"id":785,"date":"2023-06-16T13:24:32","date_gmt":"2023-06-16T11:24:32","guid":{"rendered":"https:\/\/www.visitvarmland.com\/hagfors\/?page_id=785"},"modified":"2023-08-04T13:07:23","modified_gmt":"2023-08-04T11:07:23","slug":"konst-pa-elskap","status":"publish","type":"page","link":"https:\/\/www.visitvarmland.com\/hagfors\/konst-pa-elskap\/","title":{"rendered":"Konst p\u00e5 elsk\u00e5p"},"content":{"rendered":"\n<p>I centrala Hagfors och Eksh\u00e4rad kan du uppleva konst p\u00e5 elsk\u00e5p genom 12 konstverk och fotografier. Bilderna har anknytning till Hagfors kommun p\u00e5 ett eller annat s\u00e4tt. Ta g\u00e4rna en promenad och se om du hittar alla sk\u00e5p.<\/p>\n\n\n\n<p>P\u00e5 kartan ser du vart de \u00e4r placerade och vilken konstn\u00e4r\/fotograf som skapat bilden. Vill du veta mer om bilden, klicka dig vidare p\u00e5 visithagfors.se<\/p>\n\n\n\n<p>Elsk\u00e5p nr 1 F\u00f6reningen Skildra<br>Elsk\u00e5p nr 2 F\u00f6reningen Skildra<br>Elsk\u00e5p nr 3 F\u00f6reningen Skildra<br>Elsk\u00e5p nr 4 Christina Haffling Strandberg<br>Elsk\u00e5p nr 5 Christina Haffling Strandberg<br>Elsk\u00e5p nr 6 Ragnar Sundquist &amp; Sven Hylen\u00a0<br>Elsk\u00e5p nr 6 Benjamin N\u00f8rskov<br>Elsk\u00e5p nr 7 Ther\u00e9se Olsson<br>Elsk\u00e5p nr 8 Hagfors j\u00e4rnv\u00e4gsmuseum<br>Elsk\u00e5p nr 9 Monica Z &#8211; Hagfors minnesmuseum<br>Elsk\u00e5p nr 10 Lerin\/Hystad<br>Elsk\u00e5p nr 11 \u00c4ldre bild fr\u00e5n Hagfors<br><\/p>\n\n\n\n<div class=\"wp-block-file\"><a href=\"https:\/\/www.visitvarmland.com\/hagfors\/wp-content\/uploads\/sites\/8\/2023\/06\/HAGFORS_KOMMUN_SKAP_A4_20230406-1.pdf\">HAGFORS_KOMMUN_SKAP_A4_20230406-1<\/a><a href=\"https:\/\/www.visitvarmland.com\/hagfors\/wp-content\/uploads\/sites\/8\/2023\/06\/HAGFORS_KOMMUN_SKAP_A4_20230406-1.pdf\" class=\"wp-block-file__button\" download>Ladda ner<\/a><\/div>\n\n\n\n<div class=\"wp-block-atheme-component-cta atheme-wrapper\"><div class=\"atheme-components-cta--decoration-right\"><\/div><div class=\"atheme-components-cta--decoration-left\"><\/div><div class=\"atheme-components-cta\" style=\"height:600px;min-height:300px;background-image:url( https:\/\/www.visitvarmland.com\/hagfors\/wp-content\/uploads\/sites\/8\/2023\/06\/Bild-2-Helgon-Hedning.jpg );background-size:cover;background-position:center center;background-attachment:scroll\"><div class=\"atheme-components-cta--overlay\"> <\/div><div class=\"atheme-components-cta--text\"><div><a href=\"https:\/\/www.visitvarmland.com\/hagfors\/tema-aktiviteter\/skildra\/\" target=\"_self\" rel=\"noopener\"><h3>F\u00f6reningen Skildra<\/h3><p><\/p><div class=\"atheme-components-cta--text-border\"><\/div><\/a><\/div><\/div><\/div><\/div>\n\n\n\n<div class=\"wp-block-atheme-component-cta atheme-wrapper\"><div class=\"atheme-components-cta--decoration-right\"><\/div><div class=\"atheme-components-cta--decoration-left\"><\/div><div class=\"atheme-components-cta\" style=\"height:600px;min-height:300px;background-image:url( https:\/\/www.visitvarmland.com\/hagfors\/wp-content\/uploads\/sites\/8\/2023\/06\/LerinHystadAmaterasu.jpg );background-size:cover;background-position:center center;background-attachment:scroll\"><div class=\"atheme-components-cta--overlay\"> <\/div><div class=\"atheme-components-cta--text\"><div><a href=\"https:\/\/www.visitvarmland.com\/hagfors\/tema-aktiviteter\/lerin-hystad\/\" target=\"_self\" rel=\"noopener\"><h3>Lerin\/Hystad<\/h3><p><\/p><div class=\"atheme-components-cta--text-border\"><\/div><\/a><\/div><\/div><\/div><\/div>\n\n\n\n<div class=\"wp-block-atheme-component-cta atheme-wrapper\"><div class=\"atheme-components-cta--decoration-right\"><\/div><div class=\"atheme-components-cta--decoration-left\"><\/div><div class=\"atheme-components-cta\" style=\"height:600px;min-height:300px;background-image:url( https:\/\/www.visitvarmland.com\/hagfors\/wp-content\/uploads\/sites\/8\/2023\/06\/Flyga-tillsammans-1-scaled.jpg );background-size:cover;background-position:center center;background-attachment:scroll\"><div class=\"atheme-components-cta--overlay\"> <\/div><div class=\"atheme-components-cta--text\"><div><a href=\"https:\/\/www.visitvarmland.com\/hagfors\/tema-aktiviteter\/christina-haffling-strandberg\/\" target=\"_self\" rel=\"noopener\"><h3>Christina Haffling Strandberg<\/h3><p><\/p><div class=\"atheme-components-cta--text-border\"><\/div><\/a><\/div><\/div><\/div><\/div>\n\n\n\n<div class=\"wp-block-atheme-component-cta atheme-wrapper\"><div class=\"atheme-components-cta--decoration-right\"><\/div><div class=\"atheme-components-cta--decoration-left\"><\/div><div class=\"atheme-components-cta\" style=\"height:600px;min-height:300px;background-image:url( https:\/\/www.visitvarmland.com\/hagfors\/wp-content\/uploads\/sites\/8\/2023\/06\/23I4602.jpg );background-size:cover;background-position:center center;background-attachment:scroll\"><div class=\"atheme-components-cta--overlay\"> <\/div><div class=\"atheme-components-cta--text\"><div><a href=\"https:\/\/www.visitvarmland.com\/hagfors\/aktiviteter\/cykla\/hagfors-jarnvagsmuseum-dressin\" target=\"_self\" rel=\"noopener\"><h3>Hagfors J\u00e4rnv\u00e4gsmuseum<\/h3><p><\/p><div class=\"atheme-components-cta--text-border\"><\/div><\/a><\/div><\/div><\/div><\/div>\n\n\n\n<div class=\"wp-block-atheme-component-cta atheme-wrapper\"><div class=\"atheme-components-cta--decoration-right\"><\/div><div class=\"atheme-components-cta--decoration-left\"><\/div><div class=\"atheme-components-cta\" style=\"height:600px;min-height:300px;background-image:url( https:\/\/www.visitvarmland.com\/hagfors\/wp-content\/uploads\/sites\/8\/2023\/06\/Q2Q2993-e1686561400694.jpg );background-size:cover;background-position:center center;background-attachment:scroll\"><div class=\"atheme-components-cta--overlay\"> <\/div><div class=\"atheme-components-cta--text\"><div><a href=\"https:\/\/www.visitvarmland.com\/hagfors\/kultur-historia\/museum\/monica-z-hagfors-minnesmuseum\" target=\"_self\" rel=\"noopener\"><h3>Monica Z\/Hagfors Minnesmuseum<\/h3><p><\/p><div class=\"atheme-components-cta--text-border\"><\/div><\/a><\/div><\/div><\/div><\/div>\n\n\n\n<div class=\"wp-block-atheme-component-cta atheme-wrapper\"><div class=\"atheme-components-cta--decoration-right\"><\/div><div class=\"atheme-components-cta--decoration-left\"><\/div><div class=\"atheme-components-cta\" style=\"height:600px;min-height:300px;background-image:url( https:\/\/www.visitvarmland.com\/hagfors\/wp-content\/uploads\/sites\/8\/2023\/06\/EPA-Sverige-Benjamin-Nrskov013-1_edited-scaled.jpg );background-size:cover;background-position:center center;background-attachment:scroll\"><div class=\"atheme-components-cta--overlay\"> <\/div><div class=\"atheme-components-cta--text\"><div><a href=\"https:\/\/www.visitvarmland.com\/hagfors\/tema-aktiviteter\/epa-sverige-av-fotografen-benjamin-norskov\/\" target=\"_self\" rel=\"noopener\"><h3>Benjamin N\u00f8rskov<\/h3><p><\/p><div class=\"atheme-components-cta--text-border\"><\/div><\/a><\/div><\/div><\/div><\/div>\n\n\n\n<div class=\"wp-block-atheme-component-cta atheme-wrapper\"><div class=\"atheme-components-cta--decoration-right\"><\/div><div class=\"atheme-components-cta--decoration-left\"><\/div><div class=\"atheme-components-cta\" style=\"height:600px;min-height:300px;background-image:url( https:\/\/www.visitvarmland.com\/hagfors\/wp-content\/uploads\/sites\/8\/2023\/06\/aldrebildHagfors.jpg );background-size:cover;background-position:center center;background-attachment:scroll\"><div class=\"atheme-components-cta--overlay\"> <\/div><div class=\"atheme-components-cta--text\"><div><a href=\"https:\/\/www.visitvarmland.com\/hagfors\/tema-aktiviteter\/elskap-nr-11-gamla-hagfors\/\" target=\"_self\" rel=\"noopener\"><h3>Gamla Hagfors<\/h3><p><\/p><div class=\"atheme-components-cta--text-border\"><\/div><\/a><\/div><\/div><\/div><\/div>\n\n\n\n<div class=\"wp-block-atheme-component-cta atheme-wrapper\"><div class=\"atheme-components-cta--decoration-right\"><\/div><div class=\"atheme-components-cta--decoration-left\"><\/div><div class=\"atheme-components-cta\" style=\"height:600px;min-height:300px;background-image:url( https:\/\/www.visitvarmland.com\/hagfors\/wp-content\/uploads\/sites\/8\/2023\/06\/Liggande_red-4_3_FINAL_merged-scaled.jpg );background-size:cover;background-position:center center;background-attachment:scroll\"><div class=\"atheme-components-cta--overlay\"> <\/div><div class=\"atheme-components-cta--text\"><div><a href=\"https:\/\/www.visitvarmland.com\/hagfors\/tema-aktiviteter\/therese-olsson\/\" target=\"_self\" rel=\"noopener\"><h3>Ther\u00e9se Olsson<\/h3><p><\/p><div class=\"atheme-components-cta--text-border\"><\/div><\/a><\/div><\/div><\/div><\/div>\n\n\n\n<div class=\"wp-block-atheme-component-cta atheme-wrapper\"><div class=\"atheme-components-cta--decoration-right\"><\/div><div class=\"atheme-components-cta--decoration-left\"><\/div><div class=\"atheme-components-cta\" style=\"height:600px;min-height:300px;background-image:url( https:\/\/www.visitvarmland.com\/hagfors\/wp-content\/uploads\/sites\/8\/2023\/06\/Dragspel-e1687943965263.jpg );background-size:cover;background-position:center center;background-attachment:scroll\"><div class=\"atheme-components-cta--overlay\"> <\/div><div class=\"atheme-components-cta--text\"><div><a href=\"https:\/\/www.visitvarmland.com\/hagfors\/tema-aktiviteter\/ragnar-sundquist-hagforsingen-sven-hylen\/\" target=\"_self\" rel=\"noopener\"><h3>Ragnar Sundquist &amp; Hagf\u00f4rsingen Sven Hylen<\/h3><p><\/p><div class=\"atheme-components-cta--text-border\"><\/div><\/a><\/div><\/div><\/div><\/div>\n","protected":false},"excerpt":{"rendered":"<p>I centrala Hagfors och Eksh\u00e4rad kan du uppleva konst p\u00e5 elsk\u00e5p genom 12 konstverk och fotografier. Bilderna har anknytning till Hagfors kommun p\u00e5 ett eller annat s\u00e4tt. Ta g\u00e4rna en promenad och se om du hittar alla sk\u00e5p. P\u00e5 kartan ser du vart de \u00e4r placerade och vilken konstn\u00e4r\/fotograf som skapat bilden. Vill du veta [&hellip;]<\/p>\n","protected":false},"author":32,"featured_media":0,"parent":0,"menu_order":0,"comment_status":"closed","ping_status":"closed","template":"","meta":{"_acf_changed":false,"footnotes":""},"class_list":["post-785","page","type-page","status-publish","hentry"],"acf":[],"lang":"sv","translations":{"sv":785},"pll_sync_post":[],"_links":{"self":[{"href":"https:\/\/www.visitvarmland.com\/hagfors\/wp-json\/wp\/v2\/pages\/785","targetHints":{"allow":["GET"]}}],"collection":[{"href":"https:\/\/www.visitvarmland.com\/hagfors\/wp-json\/wp\/v2\/pages"}],"about":[{"href":"https:\/\/www.visitvarmland.com\/hagfors\/wp-json\/wp\/v2\/types\/page"}],"author":[{"embeddable":true,"href":"https:\/\/www.visitvarmland.com\/hagfors\/wp-json\/wp\/v2\/users\/32"}],"replies":[{"embeddable":true,"href":"https:\/\/www.visitvarmland.com\/hagfors\/wp-json\/wp\/v2\/comments?post=785"}],"version-history":[{"count":24,"href":"https:\/\/www.visitvarmland.com\/hagfors\/wp-json\/wp\/v2\/pages\/785\/revisions"}],"predecessor-version":[{"id":896,"href":"https:\/\/www.visitvarmland.com\/hagfors\/wp-json\/wp\/v2\/pages\/785\/revisions\/896"}],"wp:attachment":[{"href":"https:\/\/www.visitvarmland.com\/hagfors\/wp-json\/wp\/v2\/media?parent=785"}],"curies":[{"name":"wp","href":"https:\/\/api.w.org\/{rel}","templated":true}]}}