{"id":289,"date":"2021-06-16T09:22:09","date_gmt":"2021-06-16T07:22:09","guid":{"rendered":"https:\/\/www.visitvarmland.com\/hagfors\/?post_type=portrait&#038;p=289"},"modified":"2021-10-05T13:00:37","modified_gmt":"2021-10-05T11:00:37","slug":"anders-olsson","status":"publish","type":"portrait","link":"https:\/\/www.visitvarmland.com\/hagfors\/portratt\/anders-olsson\/","title":{"rendered":"Anders Olsson"},"content":{"rendered":"\n<p>F\u00f6r v\u00e4rldsm\u00e4staren Anders \u201dJ\u00e4rnmannen\u201d Olsson finns inga hinder utan bara m\u00f6jligheter.<\/p>\n\n\n\n<p>Efter att ha r\u00e5kat ut f\u00f6r olyckliga omst\u00e4ndigheter i v\u00e5rden \u00e4r Anders Olsson f\u00f6rlamad fr\u00e5n midjan och ned\u00e5t. Detta ledde till n\u00e5gra tuffa \u00e5r f\u00f6r Anders d\u00e4r han var s\u00e4ngbunden och n\u00e4ra att mista hoppet och framtidstron. Lyckligtvis utmanades han av en kamrat och det gav honom verkligen en knuff fram\u00e5t i r\u00e4tt riktning.<\/p>\n\n\n\n<blockquote class=\"wp-block-quote is-layout-flow wp-block-quote-is-layout-flow\"><p>Sedan tidigare \u00e4r jag guldmedalj\u00f6r och v\u00e4rldsm\u00e4stare i handikappsimning. Jag letar st\u00e4ndigt efter nya utmaningar och ett s\u00e4tt att f\u00f6rverkliga dem.<\/p><\/blockquote>\n\n\n\n<p>Idag jobbar Hagforsb\u00f6rdige Anders Olsson f\u00f6r att inspirera andra att tro p\u00e5 sig sj\u00e4lv och att inge dem hoppet om att allt \u00e4r m\u00f6jligt. Skillnaden, den g\u00f6r man sj\u00e4lv, menar han. Kanske \u00e4r det uppv\u00e4xten i Hagfors som pr\u00e4glat hans fram\u00e5tanda och k\u00e4mpargl\u00f6d. Anders har sk\u00f6rdat stora framg\u00e5ngar inte bara som idrottsman utan \u00e4ven som m\u00e4nniska genom sitt entr\u00e4gna arbete att f\u00f6rb\u00e4ttra sig sj\u00e4lv och att n\u00e5 sina m\u00e5l. Anders specialitet \u00e4r l\u00e5ngloppsimning och han kom under \u00e5r 2008 i m\u00e5l som nionde man bland 3000 icke- handikappade i Vansbrosimningen. Hans m\u00e5nga meriter ger honom verkligen sk\u00e4l till hans smeknamn, J\u00e4rnmannen fr\u00e5n Hagfors.<\/p>\n\n\n\n<p>\u00c5r 2013 simmade Anders l\u00e4ngs hela Klar\u00e4lven som en insamling f\u00f6r Camp J\u00e4rnmannen som h\u00f6lls i Hagfors sommaren 2014. Campet var till f\u00f6r att inspirera funktionshindrade och visa att det finns m\u00f6jligheter, och inga begr\u00e4nsningar. &nbsp;<\/p>\n","protected":false},"author":32,"featured_media":0,"parent":0,"menu_order":0,"template":"","class_list":["post-289","portrait","type-portrait","status-publish","hentry"],"acf":[],"lang":"sv","translations":{"sv":289},"pll_sync_post":[],"_links":{"self":[{"href":"https:\/\/www.visitvarmland.com\/hagfors\/wp-json\/wp\/v2\/portrait\/289","targetHints":{"allow":["GET"]}}],"collection":[{"href":"https:\/\/www.visitvarmland.com\/hagfors\/wp-json\/wp\/v2\/portrait"}],"about":[{"href":"https:\/\/www.visitvarmland.com\/hagfors\/wp-json\/wp\/v2\/types\/portrait"}],"author":[{"embeddable":true,"href":"https:\/\/www.visitvarmland.com\/hagfors\/wp-json\/wp\/v2\/users\/32"}],"wp:attachment":[{"href":"https:\/\/www.visitvarmland.com\/hagfors\/wp-json\/wp\/v2\/media?parent=289"}],"curies":[{"name":"wp","href":"https:\/\/api.w.org\/{rel}","templated":true}]}}