{"id":743,"date":"2023-06-13T13:24:41","date_gmt":"2023-06-13T11:24:41","guid":{"rendered":"https:\/\/www.visitvarmland.com\/hagfors\/?post_type=themepage&#038;p=743"},"modified":"2026-03-25T11:06:08","modified_gmt":"2026-03-25T10:06:08","slug":"kann-historiens-vingslag","status":"publish","type":"themepage","link":"https:\/\/www.visitvarmland.com\/hagfors\/tema-aktiviteter\/kann-historiens-vingslag\/","title":{"rendered":"K\u00e4nn historiens vingslag"},"content":{"rendered":"\n<p>Det \u00e4r n\u00e5got speciellt med att vara p\u00e5 en plats d\u00e4r tv\u00e5 helt skilda v\u00e4rldar lever sida vid sida. Att ena stunden ha foten inne i dagens moderna samh\u00e4lle f\u00f6r att sedan helt pl\u00f6tsligt befinna sig p\u00e5 en plats d\u00e4r tiden har st\u00e5tt stilla och d\u00e4r svunna tider p\u00e5minner om livet f\u00f6re dig och mig. I Hagfors kan du f\u00e5 det b\u00e4sta av dessa tv\u00e5 v\u00e4rldar. H\u00e4r f\u00f6renas moderna innovationer och bekv\u00e4mligheter med ett rikt kulturarv i form av hembygdsg\u00e5rdar, hantverk, musik och traditioner. <\/p>\n\n\n\n<p>Vill du kanske veta mer om personerna som har levt och verkat h\u00e4r? V\u00e4lkommen att m\u00f6ta Monica Zetterlund i bild och musik p\u00e5 Hagfors Minnesmuseum. Du f\u00e5r ocks\u00e5 uppleva livet p\u00e5 bruksorten och den omfattande musik- och idrottshistoria som pr\u00e4glade v\u00e4rldsartistens uppv\u00e4xt. En annan viktig b\u00e4rare av v\u00e5rt kulturarv \u00e4r v\u00e5r unika och charmiga dialekt som pr\u00e4glas av en varm humor och stor personlighet. Vi lovar att den f\u00e5r dig att k\u00e4nna dig precis som hemma och i mycket gott s\u00e4llskap.<\/p>\n\n\n\n<h2 class=\"wp-block-heading\">Historiska utflyktsm\u00e5l<\/h2>\n\n\n\n<p>Eksh\u00e4rads kyrka \u00e4r en av V\u00e4rmlands b\u00e4st bevarade 1600-tals kyrkor med f\u00f6rem\u00e5l och inredningsdetaljer fr\u00e5n 1200-talet. H\u00e4r finns ocks\u00e5 ett unikt kulturarv bevarat i form av 450 smidda gravkors fr\u00e5n 1770 och 1800-talen som pryder kyrkog\u00e5rden intill Klar\u00e4lven. Korsen som \u00e4r tillverkade i j\u00e4rn symboliserar livets tr\u00e4d med spelande l\u00f6v. En av m\u00e4nnen bakom korsen p\u00e5 kyrkog\u00e5rden var smeden och urmakaren Johan Tingl\u00f6f (1751-1812) som sades ha \u00f6vernaturliga f\u00f6rm\u00e5gor som gav honom makt \u00f6ver m\u00e4nniskor och djur. Norr om kyrkan m\u00f6ts du av kyrkstallarna fr\u00e5n 1700-talet. P\u00e5 somrarna samlas h\u00e4r bygdens konsthantverkare med f\u00f6rs\u00e4ljning. <\/p>\n\n\n\n<p>Eksh\u00e4rads stavkyrka eller Sankta Annas kapell har byggts till minne av medeltidens pilgrimsled som gick l\u00e4ngs Klar\u00e4lvdalen genom Eksh\u00e4rad till St Olafs grav i Nidaros, nuvarande Trondheim, Norge. H\u00e4r finns en gammaldags \u00f6rtag\u00e5rd och kapellet anv\u00e4nds som eukumenisk kyrka. <\/p>\n\n\n\n<div class=\"wp-block-atheme-component-collage-2 atheme-collage\"><div class=\"atheme-collage--double\"><div class=\"atheme-collage--image\" style=\"background-image:url( https:\/\/visitvarmland.com\/hagfors\/wp-content\/uploads\/sites\/8\/2023\/06\/Jarnkors-Eksharads-kyrka-scaled-e1686561665372.jpg )\"><div id=\"IJBleKSKeNrrkdlI\" class=\"atheme-collage--infobox\"><p>Livets tr\u00e4d, Eksh\u00e4rads kyrkog\u00e5rd<\/p><\/div><div class=\"atheme-collage--action\"><div class=\"atheme-collage--action-btn\"><i class=\"fal fa-ellipsis-h\"><\/i><\/div><\/div><\/div><div class=\"atheme-collage--image\" style=\"background-image:url( https:\/\/visitvarmland.com\/hagfors\/wp-content\/uploads\/sites\/8\/2023\/06\/Stavkyrkan-G-Andersson-5-1-e1686561864967.jpg )\"><div id=\"NvjOdxuJimtQJYDo\" class=\"atheme-collage--infobox\"><p>Ekh\u00e4rads stavkyrka<\/p><\/div><div class=\"atheme-collage--action\"><div class=\"atheme-collage--action-btn\"><i class=\"fal fa-ellipsis-h\"><\/i><\/div><\/div><\/div><\/div><\/div>\n\n\n\n<figure class=\"wp-block-pullquote\"><blockquote><p>Visste du att Hagfors just nu \u00e4r V\u00e4rmlands forntidst\u00e4taste kommun? <\/p><\/blockquote><\/figure>\n\n\n\n<h2 class=\"wp-block-heading\">I pilgrimens sp\u00e5r<\/h2>\n\n\n\n<p>Sedan l\u00e4nge har Klar\u00e4lvdalen ben\u00e4mnts Pilgrimsleden. H\u00e4r vandrade de medeltida pilgrimerna upp till Nidaros (Trondheim) f\u00f6r att bes\u00f6ka Olof den Heliges grav. M\u00e5nga ortsnamn minner \u00e4n idag om pilgrimernas vandring genom dalen. <\/p>\n\n\n\n<h2 class=\"wp-block-heading\">J\u00e4rnb\u00e4rarland<\/h2>\n\n\n\n<p>J\u00e4rnhanteringen kom till bygden p\u00e5 1600-talet och sedan dess har j\u00e4rnbruken utgjort basn\u00e4ringen. I mitten av 1800-talet fanns ett dussintal hyttor och hammare som drevs av Uddeholmsbolaget. F\u00f6r den som \u00e4r nyfiken p\u00e5 brukskultur finns rika m\u00f6jligheter till utflykter i bygden. Ortsnamn som slutar p\u00e5 -fors eller -hyttan p\u00e5minner oss om vattenkraft och j\u00e4rnf\u00f6r\u00e4dling, och de kan leda dig fram till rester av gamla bruk och hyttor. I Gustavsfors finns ruinerna av det bruk som var i drift fram till 1908. P\u00e5 hembygdsg\u00e5rden strax intill finns dokumentation om det gamla bruket och det finns kunniga personer som kan ber\u00e4tta. I Sunnemo ligger hembygdsg\u00e5rden Gubbkroken, ursprungligen ett rastst\u00e4lle f\u00f6r malmk\u00f6rarna som transporterade malm fr\u00e5n Nordmark till Sunnemo hytta. Av hyttan finns idag resterna kvar och nedanf\u00f6r ruinen b\u00f6rjar Hyttdalen, en vacker ravinbildning som inramar det gamla kulturlandskapet. <\/p>\n\n\n\n<p>Stj\u00e4rnsfors var den plats som klarade sig l\u00e4ngst i bruksd\u00f6den. H\u00e4r byggdes bl.a. en kvarn, en kolugn och en massafabrik och bruket levde vidare till i mitten av 1900-talet. Ett kvarnmuseum och ett bruksmusem \u00e4r det som idag erbjuds bes\u00f6karen i Stj\u00e4rnsfors. Efter bruksd\u00f6den p\u00e5 1880-talet koncentrerades j\u00e4rnf\u00f6r\u00e4dlingen till Hagfors J\u00e4rnverk, som idag \u00e4r v\u00e4rldsledande p\u00e5 verktygsst\u00e5l, under namnet Uddeholm. Men i Hagfors finns ocks\u00e5 historia i det gamla Bessemerverket fr\u00e5n 1880. Det har st\u00e5tt or\u00f6rt sedan 1959 och \u00e4r ett av de f\u00e5 bessemerverk som finns kvar i v\u00e4rlden. <\/p>\n\n\n\n<div class=\"wp-block-atheme-component-collage-4 atheme-collage\"><div class=\"atheme-collage--quadruple\"><div class=\"atheme-collage--row\"><div class=\"atheme-collage--image\" style=\"background-image:url( https:\/\/visitvarmland.com\/hagfors\/wp-content\/uploads\/sites\/8\/2023\/06\/23I4602.jpg )\"><div id=\"uPMiJDqbzhBqONNQ\" class=\"atheme-collage--infobox\"><p>Hagfors j\u00e4rnv\u00e4gsmuseum<\/p><\/div><div class=\"atheme-collage--action\"><div class=\"atheme-collage--action-btn\"><i class=\"fal fa-ellipsis-h\"><\/i><\/div><\/div><\/div><div class=\"atheme-collage--image\" style=\"background-image:url( https:\/\/visitvarmland.com\/hagfors\/wp-content\/uploads\/sites\/8\/2023\/06\/30F0792.jpg )\"><div id=\"fXQPkYblFOqsBbZG\" class=\"atheme-collage--infobox\"><p>Stj\u00e4rnsfors kvarn<\/p><\/div><div class=\"atheme-collage--action\"><div class=\"atheme-collage--action-btn\"><i class=\"fal fa-ellipsis-h\"><\/i><\/div><\/div><\/div><\/div><div class=\"atheme-collage--row\"><div class=\"atheme-collage--image\" style=\"background-image:url( https:\/\/visitvarmland.com\/hagfors\/wp-content\/uploads\/sites\/8\/2023\/06\/Karnasens-Hembygdsgard-Bo-Sjoberg.jpg )\"><div id=\"RlNzdXHsFZynTuqP\" class=\"atheme-collage--infobox\"><p>K\u00e4rn\u00e5sens hembygdsg\u00e5rd<\/p><\/div><div class=\"atheme-collage--action\"><div class=\"atheme-collage--action-btn\"><i class=\"fal fa-ellipsis-h\"><\/i><\/div><\/div><\/div><div class=\"atheme-collage--image\" style=\"background-image:url( https:\/\/visitvarmland.com\/hagfors\/wp-content\/uploads\/sites\/8\/2023\/06\/Gustavsfors-hembygdsgard-hyttruinen-scaled.jpg )\"><div id=\"ceEHJTAFurSmHJiz\" class=\"atheme-collage--infobox\"><p>Hyttruin, Gustavsfors hembygdsg\u00e5rd<\/p><\/div><div class=\"atheme-collage--action\"><div class=\"atheme-collage--action-btn\"><i class=\"fal fa-ellipsis-h\"><\/i><\/div><\/div><\/div><\/div><\/div><\/div>\n\n\n\n<h2 class=\"wp-block-heading\">Blinkenbergsparken<\/h2>\n\n\n\n<p>Blinkenbergsparken \u00e4r ett smultronst\u00e4lle mitt i centrala Hagfors som har funnits och nyttjats sedan 1940-talet. H\u00e4r finns en sp\u00e4nnande modern lekplats som \u00e4r popul\u00e4r hos barnfamiljerna. P\u00e5 scenen i parken bjuds det sommartid p\u00e5 musik och underh\u00e5llning av b\u00e5de lokala f\u00f6rm\u00e5gor s\u00e5v\u00e4l som k\u00e4nda artister. Ta g\u00e4rna en rogivande promenad p\u00e5 stigar i den vackra parken med blommor och v\u00e4xter av alla dess slag. H\u00e4r har du \u00e4ven n\u00e4ra till det centrala vandringsstr\u00e5ket Uv\u00e5slingan. Avsluta bes\u00f6ket i Blinkenbergsparken med att utmana dina kompisar i discgolf p\u00e5 nioh\u00e5lsbanan. <\/p>\n\n\n\n<h2 class=\"wp-block-heading\">Uddeholmsladan<\/h2>\n\n\n\n<p>Uddeholmsladan \u00e4r en pampig byggnad som bjuder p\u00e5 en unik upplevelse n\u00e4r man kliver in genom det gamla h\u00f6loftet. F\u00f6rr var g\u00e5rden en av V\u00e4rmlands fr\u00e4msta mj\u00f6lkproducenter, idag \u00e4r det en arena f\u00f6r konserter, shower, musik, m\u00e4ssor, br\u00f6llop och konferenser. Maj till augusti f\u00e5r du som bes\u00f6kare uppleva f\u00f6rstklassig underh\u00e5llning av b\u00e5de svenska och internationella artister i en magisk milj\u00f6. <\/p>\n\n\n\n<div class=\"wp-block-atheme-component-collage-2 atheme-collage\"><div class=\"atheme-collage--double\"><div class=\"atheme-collage--image\" style=\"background-image:url( https:\/\/visitvarmland.com\/hagfors\/wp-content\/uploads\/sites\/8\/2023\/06\/Uddeholmsladan-ParT.jpg )\"><div id=\"HnPtovgGovKKcUkU\" class=\"atheme-collage--infobox\"><p>Uddeholmsladan<\/p><\/div><div class=\"atheme-collage--action\"><div class=\"atheme-collage--action-btn\"><i class=\"fal fa-ellipsis-h\"><\/i><\/div><\/div><\/div><div class=\"atheme-collage--image\" style=\"background-image:url( https:\/\/visitvarmland.com\/hagfors\/wp-content\/uploads\/sites\/8\/2023\/06\/IMG_1935.jpeg )\"><div id=\"FumNKdnhrBVEojCX\" class=\"atheme-collage--infobox\"><p>Barnens dag i Blinkenbergsparken 2023<\/p><\/div><div class=\"atheme-collage--action\"><div class=\"atheme-collage--action-btn\"><i class=\"fal fa-ellipsis-h\"><\/i><\/div><\/div><\/div><\/div><\/div>\n\n\n\n<div class=\"wp-block-atheme-component-cta atheme-wrapper\"><div class=\"atheme-components-cta--decoration-right\"><\/div><div class=\"atheme-components-cta--decoration-left\"><\/div><div class=\"atheme-components-cta\" style=\"height:535px;min-height:300px;background-image:url( https:\/\/visitvarmland.com\/hagfors\/wp-content\/uploads\/sites\/8\/2023\/06\/Bild-2-Helgon-Hedning.jpg );background-size:cover;background-position:center center;background-repeat:no-repeat;background-attachment:scroll\"><div class=\"atheme-components-cta--overlay\" style=\"opacity:0\"> <\/div><div class=\"atheme-components-cta--text\"><div><a href=\"https:\/\/visitvarmland.com\/hagfors\/konst-pa-elskap\/\" target=\"_self\" rel=\"noopener\"><h3>Konst p\u00e5 elsk\u00e5p<\/h3><p>Fr\u00e5n sommaren 2023 kan du se konst p\u00e5 elsk\u00e5p i centrala Hagfors och centrala Eksh\u00e4rad. L\u00e4s mer h\u00e4r.<\/p><div class=\"atheme-components-cta--text-border\"><\/div><\/a><\/div><\/div><\/div><\/div>\n\n\n\n<div class=\"wp-block-atheme-component-cta atheme-wrapper\"><div class=\"atheme-components-cta--decoration-right\"><\/div><div class=\"atheme-components-cta--decoration-left\"><\/div><div class=\"atheme-components-cta\" style=\"height:504px;min-height:300px;background-image:url( https:\/\/www.visitvarmland.com\/app\/uploads\/sites\/8\/2021\/06\/Jimmy_jansson_2023.jpg );background-size:cover;background-position:center center;background-repeat:no-repeat;background-attachment:scroll\"><div class=\"atheme-components-cta--overlay\" style=\"opacity:0\"> <\/div><div class=\"atheme-components-cta--text\"><div><a href=\"https:\/\/www.visitvarmland.com\/hagfors\/hagforsprofiler\/\" target=\"_self\" rel=\"noopener\"><h3>L\u00e4s om v\u00e5ra Hagforsprofiler<\/h3><p>H\u00e4r kan du l\u00e4sa om Monica Zetterlund, Christer Sj\u00f6gren och flera k\u00e4nda profiler som kommer fr\u00e5n Hagfors. <\/p><div class=\"atheme-components-cta--text-border\"><\/div><\/a><\/div><\/div><\/div><\/div>\n","protected":false},"author":32,"featured_media":0,"parent":0,"menu_order":0,"template":"","class_list":["post-743","themepage","type-themepage","status-publish","hentry"],"acf":[],"lang":"sv","translations":{"sv":743,"en":976},"pll_sync_post":[],"_links":{"self":[{"href":"https:\/\/www.visitvarmland.com\/hagfors\/wp-json\/wp\/v2\/themepage\/743","targetHints":{"allow":["GET"]}}],"collection":[{"href":"https:\/\/www.visitvarmland.com\/hagfors\/wp-json\/wp\/v2\/themepage"}],"about":[{"href":"https:\/\/www.visitvarmland.com\/hagfors\/wp-json\/wp\/v2\/types\/themepage"}],"author":[{"embeddable":true,"href":"https:\/\/www.visitvarmland.com\/hagfors\/wp-json\/wp\/v2\/users\/32"}],"wp:attachment":[{"href":"https:\/\/www.visitvarmland.com\/hagfors\/wp-json\/wp\/v2\/media?parent=743"}],"curies":[{"name":"wp","href":"https:\/\/api.w.org\/{rel}","templated":true}]}}