{"id":811,"date":"2023-06-19T11:55:43","date_gmt":"2023-06-19T09:55:43","guid":{"rendered":"https:\/\/www.visitvarmland.com\/hagfors\/?post_type=themepage&#038;p=811"},"modified":"2023-07-03T11:21:21","modified_gmt":"2023-07-03T09:21:21","slug":"skildra","status":"publish","type":"themepage","link":"https:\/\/www.visitvarmland.com\/hagfors\/tema-aktiviteter\/skildra\/","title":{"rendered":"Elsk\u00e5p nr 1, 2 &amp; 3 &#8211; F\u00f6reningen Skildra"},"content":{"rendered":"\n<p>Illustrationerna \u201cJ\u00e4ttarna i Dalen\u201d, \u201cH\u00f6\u00f6keshara\u201d och \u201cB\u00e5gskytten och tj\u00e4dern\u201d kommer fr\u00e5n animerade kortfilmer ur filmserien \u201cEksh\u00e4rad i Sagor &amp; S\u00e4gner\u201d som producerades under 2018-2020 av f\u00f6reningen Skildra i ledning av konstn\u00e4ren och Ex\u00e4ringen Samuel Nilsson.<\/p>\n\n\n\n<figure class=\"wp-block-embed is-type-video is-provider-youtube wp-block-embed-youtube wp-embed-aspect-16-9 wp-has-aspect-ratio\"><div class=\"wp-block-embed__wrapper\">\n<iframe loading=\"lazy\" title=\"Eksh\u00e4rad i Sagor &amp; S\u00e4gner - En Illustrerad lokalhistoria\" width=\"640\" height=\"360\" src=\"https:\/\/www.youtube.com\/embed\/7DA7QFm9qyY?list=PLbJIg-KNSC59ZzbxvTqRgA0FqrAPnDuLN\" frameborder=\"0\" allow=\"accelerometer; autoplay; clipboard-write; encrypted-media; gyroscope; picture-in-picture; web-share\" referrerpolicy=\"strict-origin-when-cross-origin\" allowfullscreen><\/iframe>\n<\/div><\/figure>\n\n\n\n<figure class=\"wp-block-embed is-type-video is-provider-youtube wp-block-embed-youtube wp-embed-aspect-16-9 wp-has-aspect-ratio\"><div class=\"wp-block-embed__wrapper\">\n<iframe loading=\"lazy\" title=\"Eksh\u00e4rad i Sagor &amp; S\u00e4gner - J\u00e4ttarna i Dalen\" width=\"640\" height=\"360\" src=\"https:\/\/www.youtube.com\/embed\/0nGiVDfa-GM?start=186&#038;feature=oembed\" frameborder=\"0\" allow=\"accelerometer; autoplay; clipboard-write; encrypted-media; gyroscope; picture-in-picture; web-share\" referrerpolicy=\"strict-origin-when-cross-origin\" allowfullscreen><\/iframe>\n<\/div><\/figure>\n\n\n\n<figure class=\"wp-block-embed is-type-video is-provider-youtube wp-block-embed-youtube wp-embed-aspect-16-9 wp-has-aspect-ratio\"><div class=\"wp-block-embed__wrapper\">\n<iframe loading=\"lazy\" title=\"Eksh\u00e4rad i Sagor &amp; S\u00e4gner - Helgon &amp; Hedning\" width=\"640\" height=\"360\" src=\"https:\/\/www.youtube.com\/embed\/zz-VWkdflIw?list=PLbJIg-KNSC59ZzbxvTqRgA0FqrAPnDuLN\" frameborder=\"0\" allow=\"accelerometer; autoplay; clipboard-write; encrypted-media; gyroscope; picture-in-picture; web-share\" referrerpolicy=\"strict-origin-when-cross-origin\" allowfullscreen><\/iframe>\n<\/div><\/figure>\n\n\n\n<figure class=\"wp-block-embed is-type-video is-provider-youtube wp-block-embed-youtube wp-embed-aspect-16-9 wp-has-aspect-ratio\"><div class=\"wp-block-embed__wrapper\">\n<iframe loading=\"lazy\" title=\"Eksh\u00e4rad i Sagor &amp; S\u00e4gner - Digerd\u00f6den\" width=\"640\" height=\"360\" src=\"https:\/\/www.youtube.com\/embed\/pKxRJIl3rgY?list=PLbJIg-KNSC59ZzbxvTqRgA0FqrAPnDuLN\" frameborder=\"0\" allow=\"accelerometer; autoplay; clipboard-write; encrypted-media; gyroscope; picture-in-picture; web-share\" referrerpolicy=\"strict-origin-when-cross-origin\" allowfullscreen><\/iframe>\n<\/div><\/figure>\n\n\n\n<p>Mer om ber\u00e4ttelserna bakom filmerna kan du l\u00e4sa h\u00e4r nedan:<\/p>\n\n\n\n<p><strong>EKSH\u00c4RADS J\u00c4TTAR:<\/strong><\/p>\n\n\n\n<p>I \u00f6ver tusen \u00e5r har det i Eksh\u00e4rad muntligt ber\u00e4ttats om b\u00e5de j\u00e4ttar och storm\u00e4n. Den tidigaste fr\u00e5n yngre j\u00e4rn\u00e5ldern (ca \u00e5r 400-600 e Kr).&nbsp; Under de senaste trehundra \u00e5ren har dock en skildring stuckit ut.<br><br>Enligt flertalet s\u00e4gner s\u00e5 har det sedan urminnes tider p\u00e5g\u00e5tt en kamp mellan Aurenabergsj\u00e4tten och rivalen Ekesj\u00e4tten, eller \u201cJ\u00e4tten H\u00f6\u00f6k\u201d som han ocks\u00e5 kallas i folkmun, (inspirerat av den mytomspunne Stormannen H\u00f6\u00f6k som enligt sagan bosatte sig n\u00e4ra nutida Eksh\u00e4rad).&nbsp; Fr\u00e5n Ekesberget i v\u00e4st och Aurenaberget i \u00f6st s\u00e5 ska de b\u00e5da j\u00e4ttarnas slungat j\u00e4ttelika stenar mot varandra f\u00f6r att g\u00f6ra upp om vem av dem som \u00e4r Klar\u00e4lvdalens Kung. J\u00e4ttarnas eviga fejd \u00e4r orsaken till varf\u00f6r vi idag \u00e5terfinner en m\u00e4ngd klippblock lite h\u00e4r och var runt om i Eksh\u00e4rads n\u00e4romr\u00e5de och landsbygd.<br><\/p>\n\n\n\n<p><strong>H\u00d6\u00d6KESHARA:<\/strong><\/p>\n\n\n\n<p>Uppe vid nutida Hara, nere vid \u00e4lvf\u00e5ran, ligger det som en g\u00e5ng kan ha varit Eksh\u00e4rads f\u00f6rsta stora bebyggelse &#8211; H\u00f6\u00f6keshara. Stenl\u00e4mningar under Klar\u00e4lvens vatten b\u00e5de vittnar om och liknar den svunna stavkyrkan, d\u00e4r pilgrimer stannade till p\u00e5 sin v\u00e4g upp mot Nidaros till Olof den heliges grav.<br>En lokal s\u00e4gen ber\u00e4ttar om n\u00e4r just denne Olof kom vandrandes genom Klar\u00e4lvdalen och H\u00f6\u00f6keshara f\u00f6r att samla krigare till sin arm\u00e9 som var p\u00e5 v\u00e4g till Stiklestad. I v\u00e5ra trakter st\u00f6tte han dock p\u00e5 trubbel d\u00e5 de \u201cstyvnackade \u00e4lvdalingarna\u201d inte l\u00e4t sig kristnas. Olof kom p\u00e5 kant med en trollpacka och tog i sin tur trollen till hj\u00e4lp f\u00f6r att f\u00e5 bukt med de envisa ex\u00e4ringarna\u2026<br><\/p>\n\n\n\n<p><strong>B\u00c5GSKYTTEN &amp; TJ\u00c4DERN<\/strong><\/p>\n\n\n\n<p>I centrum av Eksh\u00e4rad finns en b\u00e5gskytt som siktar mot byns kyrktupp, skapad av m\u00e4stersmeden Allan Sj\u00f6berg.&nbsp; Hans skapelse \u00e4r b\u00e5de en vacker staty och symbol f\u00f6r hopp och \u00e5terf\u00f6delse i bygden, som stammar fr\u00e5n en m\u00f6rk tid i Eksh\u00e4rads historia. Ber\u00e4ttelsen \u00e4ger n\u00e4mligen rum under digerd\u00f6den, d\u00e5 hela byn utdog av pesten. \u201cI hela V\u00e4rmlands bergslag \u00f6verlevde blott tre personer\u201d, ber\u00e4ttar f\u00f6rfattaren Carl Grimberg i sin bok som ocks\u00e5 ger oss en av f\u00e5 nedteckningar av S\u00e4gnen om B\u00e5gskytten.&nbsp;<\/p>\n\n\n\n<p>S\u00e4gnen ber\u00e4ttar om en hungrig b\u00e5gskytt som ska ha vandrat genom de igenvuxna skogarna i Klar\u00e4lvdalen. Vid ett sn\u00e5r s\u00e5 ser han en pr\u00e4ktig tj\u00e4der. Han sp\u00e4nner b\u00e5gen, siktar och skjuter, men missar. Pilen d\u00e4remot tr\u00e4ffar n\u00e5gonting. N\u00e4r han g\u00e5r fram f\u00f6r att kolla finner han den sedan l\u00e4nge gl\u00f6mda och utd\u00f6da byn H\u00f6\u00f6kesharas stavkyrka. B\u00e5gskytten ska d\u00e4refter ha tagit med sin familj och v\u00e4nner f\u00f6r att \u00e5terbygga det gamla &#8211; och d\u00e4rmed \u00e5tert\u00e4nt ljuset och hoppets l\u00e5ga i Eksh\u00e4rad.&nbsp;<\/p>\n\n\n\n<p>En annan senare variant av s\u00e4gnen ber\u00e4ttar dock d\u00e5 b\u00e5gskytten ist\u00e4llet faktiskt tr\u00e4ffar f\u00e5geln, d\u00e5 sittandes p\u00e5 en grantopp. Men pilen studsar fr\u00e5n f\u00e5geln och ger ifr\u00e5n sig ett metalliskt l\u00e4te. N\u00e4r han g\u00e5r fram f\u00f6r att kolla inser han att bytet var byns gamla kyrktupp och att granen var stavkyrkan. Denna mer m\u00e5leriska, men icke ursprungliga, version av ber\u00e4ttelsen har tillkommit genom decennier av muntlig ber\u00e4ttartradition i bygden och \u00e5terfinns i flertalet skildringar, d\u00e4ribland i statyn som siktar med sin b\u00e5ge mot v\u00e5r nutida kyrktupp.<\/p>\n\n\n\n<figure class=\"wp-block-image size-large\"><img loading=\"lazy\" decoding=\"async\" width=\"1024\" height=\"574\" src=\"https:\/\/www.visitvarmland.com\/hagfors\/wp-content\/uploads\/sites\/8\/2023\/06\/Bild-2-Helgon-Hedning-1024x574.jpg\" alt=\"Animerad bild Helgon-Hedning\"  class=\"wp-image-1005\" srcset=\"https:\/\/www.visitvarmland.com\/app\/uploads\/sites\/8\/2023\/06\/Bild-2-Helgon-Hedning-1024x574.jpg 1024w, https:\/\/www.visitvarmland.com\/app\/uploads\/sites\/8\/2023\/06\/Bild-2-Helgon-Hedning-300x168.jpg 300w, https:\/\/www.visitvarmland.com\/app\/uploads\/sites\/8\/2023\/06\/Bild-2-Helgon-Hedning-768x431.jpg 768w, https:\/\/www.visitvarmland.com\/app\/uploads\/sites\/8\/2023\/06\/Bild-2-Helgon-Hedning-18x10.jpg 18w, https:\/\/www.visitvarmland.com\/app\/uploads\/sites\/8\/2023\/06\/Bild-2-Helgon-Hedning-150x84.jpg 150w, https:\/\/www.visitvarmland.com\/app\/uploads\/sites\/8\/2023\/06\/Bild-2-Helgon-Hedning-600x337.jpg 600w, https:\/\/www.visitvarmland.com\/app\/uploads\/sites\/8\/2023\/06\/Bild-2-Helgon-Hedning.jpg 1287w\" sizes=\"auto, (max-width: 1024px) 100vw, 1024px\" \/><\/figure>\n\n\n\n<figure class=\"wp-block-image size-large\"><img loading=\"lazy\" decoding=\"async\" width=\"526\" height=\"937\" src=\"https:\/\/www.visitvarmland.com\/hagfors\/wp-content\/uploads\/sites\/8\/2023\/06\/Bild-3-Bagskytten-1.jpg\" alt=\"B\u00e5gskytten\"  class=\"wp-image-1006\" srcset=\"https:\/\/www.visitvarmland.com\/app\/uploads\/sites\/8\/2023\/06\/Bild-3-Bagskytten-1.jpg 526w, https:\/\/www.visitvarmland.com\/app\/uploads\/sites\/8\/2023\/06\/Bild-3-Bagskytten-1-168x300.jpg 168w, https:\/\/www.visitvarmland.com\/app\/uploads\/sites\/8\/2023\/06\/Bild-3-Bagskytten-1-7x12.jpg 7w, https:\/\/www.visitvarmland.com\/app\/uploads\/sites\/8\/2023\/06\/Bild-3-Bagskytten-1-84x150.jpg 84w, https:\/\/www.visitvarmland.com\/app\/uploads\/sites\/8\/2023\/06\/Bild-3-Bagskytten-1-337x600.jpg 337w\" sizes=\"auto, (max-width: 526px) 100vw, 526px\" \/><\/figure>\n","protected":false},"author":22,"featured_media":0,"parent":0,"menu_order":0,"template":"","class_list":["post-811","themepage","type-themepage","status-publish","hentry"],"acf":[],"lang":"sv","translations":{"sv":811},"pll_sync_post":[],"_links":{"self":[{"href":"https:\/\/www.visitvarmland.com\/hagfors\/wp-json\/wp\/v2\/themepage\/811","targetHints":{"allow":["GET"]}}],"collection":[{"href":"https:\/\/www.visitvarmland.com\/hagfors\/wp-json\/wp\/v2\/themepage"}],"about":[{"href":"https:\/\/www.visitvarmland.com\/hagfors\/wp-json\/wp\/v2\/types\/themepage"}],"author":[{"embeddable":true,"href":"https:\/\/www.visitvarmland.com\/hagfors\/wp-json\/wp\/v2\/users\/22"}],"wp:attachment":[{"href":"https:\/\/www.visitvarmland.com\/hagfors\/wp-json\/wp\/v2\/media?parent=811"}],"curies":[{"name":"wp","href":"https:\/\/api.w.org\/{rel}","templated":true}]}}