{"id":229,"date":"2021-05-19T21:59:51","date_gmt":"2021-05-19T19:59:51","guid":{"rendered":"https:\/\/www.visitvarmland.com\/kristinehamn\/?page_id=229"},"modified":"2026-05-11T10:39:56","modified_gmt":"2026-05-11T08:39:56","slug":"om-kristinehamn","status":"publish","type":"page","link":"https:\/\/www.visitvarmland.com\/kristinehamn\/om-kristinehamn\/","title":{"rendered":"Om Kristinehamn"},"content":{"rendered":"\n<h2 class=\"wp-block-heading has-text-align-center\">Kristinehamn &#8211; Staden som Picasso valde<\/h2>\n\n\n\n<figure class=\"wp-block-gallery has-nested-images columns-default is-cropped wp-block-gallery-1 is-layout-flex wp-block-gallery-is-layout-flex\">\n<figure class=\"wp-block-image size-large\"><img loading=\"lazy\" decoding=\"async\" width=\"650\" height=\"500\" data-id=\"7898\" src=\"https:\/\/www.visitvarmland.com\/kristinehamn\/wp-content\/uploads\/sites\/13\/2025\/04\/BJ_ostervikskapell_var_maj2023-18.jpg\" alt=\"\" class=\"wp-image-7898\" srcset=\"https:\/\/www.visitvarmland.com\/app\/uploads\/sites\/13\/2025\/04\/BJ_ostervikskapell_var_maj2023-18.jpg 650w, https:\/\/www.visitvarmland.com\/app\/uploads\/sites\/13\/2025\/04\/BJ_ostervikskapell_var_maj2023-18-300x231.jpg 300w, https:\/\/www.visitvarmland.com\/app\/uploads\/sites\/13\/2025\/04\/BJ_ostervikskapell_var_maj2023-18-150x115.jpg 150w, https:\/\/www.visitvarmland.com\/app\/uploads\/sites\/13\/2025\/04\/BJ_ostervikskapell_var_maj2023-18-600x462.jpg 600w\" sizes=\"auto, (max-width: 650px) 100vw, 650px\" \/><\/figure>\n\n\n\n<figure class=\"wp-block-image size-large\"><img loading=\"lazy\" decoding=\"async\" width=\"650\" height=\"500\" data-id=\"7897\" src=\"https:\/\/www.visitvarmland.com\/kristinehamn\/wp-content\/uploads\/sites\/13\/2025\/04\/Kungsgatan_JP-1.jpg\" alt=\"\" class=\"wp-image-7897\" srcset=\"https:\/\/www.visitvarmland.com\/app\/uploads\/sites\/13\/2025\/04\/Kungsgatan_JP-1.jpg 650w, https:\/\/www.visitvarmland.com\/app\/uploads\/sites\/13\/2025\/04\/Kungsgatan_JP-1-300x231.jpg 300w, https:\/\/www.visitvarmland.com\/app\/uploads\/sites\/13\/2025\/04\/Kungsgatan_JP-1-150x115.jpg 150w, https:\/\/www.visitvarmland.com\/app\/uploads\/sites\/13\/2025\/04\/Kungsgatan_JP-1-600x462.jpg 600w\" sizes=\"auto, (max-width: 650px) 100vw, 650px\" \/><\/figure>\n\n\n\n<figure class=\"wp-block-image size-large\"><img loading=\"lazy\" decoding=\"async\" width=\"650\" height=\"500\" data-id=\"7899\" src=\"https:\/\/www.visitvarmland.com\/kristinehamn\/wp-content\/uploads\/sites\/13\/2025\/04\/Runstenen-Jarsberg-Lars-Fredriksson-augusti.jpg\" alt=\"\" class=\"wp-image-7899\" srcset=\"https:\/\/www.visitvarmland.com\/app\/uploads\/sites\/13\/2025\/04\/Runstenen-Jarsberg-Lars-Fredriksson-augusti.jpg 650w, https:\/\/www.visitvarmland.com\/app\/uploads\/sites\/13\/2025\/04\/Runstenen-Jarsberg-Lars-Fredriksson-augusti-300x231.jpg 300w, https:\/\/www.visitvarmland.com\/app\/uploads\/sites\/13\/2025\/04\/Runstenen-Jarsberg-Lars-Fredriksson-augusti-150x115.jpg 150w, https:\/\/www.visitvarmland.com\/app\/uploads\/sites\/13\/2025\/04\/Runstenen-Jarsberg-Lars-Fredriksson-augusti-600x462.jpg 600w\" sizes=\"auto, (max-width: 650px) 100vw, 650px\" \/><\/figure>\n\n\n\n<figure class=\"wp-block-image size-large\"><img loading=\"lazy\" decoding=\"async\" width=\"650\" height=\"500\" data-id=\"7896\" src=\"https:\/\/www.visitvarmland.com\/kristinehamn\/wp-content\/uploads\/sites\/13\/2025\/04\/20231216_154959-1.jpg\" alt=\"\" class=\"wp-image-7896\" srcset=\"https:\/\/www.visitvarmland.com\/app\/uploads\/sites\/13\/2025\/04\/20231216_154959-1.jpg 650w, https:\/\/www.visitvarmland.com\/app\/uploads\/sites\/13\/2025\/04\/20231216_154959-1-300x231.jpg 300w, https:\/\/www.visitvarmland.com\/app\/uploads\/sites\/13\/2025\/04\/20231216_154959-1-150x115.jpg 150w, https:\/\/www.visitvarmland.com\/app\/uploads\/sites\/13\/2025\/04\/20231216_154959-1-600x462.jpg 600w\" sizes=\"auto, (max-width: 650px) 100vw, 650px\" \/><\/figure>\n<\/figure>\n\n\n\n<div style=\"height:27px\" aria-hidden=\"true\" class=\"wp-block-spacer\"><\/div>\n\n\n\n<div class=\"wp-block-columns is-layout-flex wp-container-core-columns-is-layout-9d6595d7 wp-block-columns-is-layout-flex\">\n<div class=\"wp-block-column is-layout-flow wp-block-column-is-layout-flow\" style=\"flex-basis:100%\">\n<div class=\"wp-block-group atheme-wrapper--full\"><div class=\"wp-block-group__inner-container is-layout-flow wp-block-group-is-layout-flow\">\n<div class=\"wp-block-columns is-layout-flex wp-container-core-columns-is-layout-9d6595d7 wp-block-columns-is-layout-flex\">\n<div class=\"wp-block-column is-layout-flow wp-block-column-is-layout-flow\">\n<h2 class=\"wp-block-heading\">Kristinehamn &#8230;<\/h2>\n\n\n\n<ul class=\"wp-block-list\">\n<li>&#8230; har cirka 24. 000 inv\u00e5nare.<\/li>\n\n\n\n<li>&#8230; \u00e4r 1 384,43 kvadratkilometer till ytan, varav n\u00e4stan h\u00e4lften best\u00e5r av vatten.<\/li>\n\n\n\n<li>&#8230; hette fr\u00e5n b\u00f6rjan Bro f\u00f6r att v\u00e4gen mellan Stockholm och Oslo passerade h\u00e4r och bron var viktig f\u00f6r att kunna korsa \u00e5n Varnan.<\/li>\n\n\n\n<li>&#8230; har v\u00e4rldens st\u00f6rsta Picasso skulptur som f\u00f6rest\u00e4ller hans fru Jacqueline.<\/li>\n\n\n\n<li>&#8230; var under 1700-1800-talen en viktigt plats d\u00e5 v\u00e4rldsmarknadspriset f\u00f6r j\u00e4rn sattes h\u00e4r.<\/li>\n\n\n\n<li>&#8230; har 1485 stycken \u00f6ar och den st\u00f6rsta heter V\u00e5l\u00f6n, d\u00e4r det finns vandringsled och det g\u00e5r b\u00e5tbuss till p\u00e5 sommaren.<\/li>\n\n\n\n<li>&#8230; \u00e4r b\u00f6rjan p\u00e5 Inlandsbanan som slutar i G\u00e4llivare.<\/li>\n\n\n\n<li>&#8230; ligger vid V\u00e4nern, Europas tredje st\u00f6rsta insj\u00f6 som bildades n\u00e4r inlandsisen sm\u00e4lte f\u00f6r 10 000 \u00e5r sedan.<\/li>\n\n\n\n<li>&#8230; har V\u00e4nerns b\u00e4sta trollingfiske och sk\u00e4rg\u00e5rdsnatur med bl.a. havs\u00f6rn.<\/li>\n\n\n\n<li>&#8230; har ett regemente igen d\u00e5 Bergslagens Artilleriregemente A9 \u00e5teretablerades den 4 december 2022.<\/li>\n\n\n\n<li>&#8230; \u00e4r en storproducent av propellersystem  d\u00e5 Kongsberg Maritime tillverkat och levererat \u00f6ver 8000 system till fartyg \u00f6ver hela v\u00e4rlden.<\/li>\n\n\n\n<li>&#8230; \u00e4r ledande inom banbrytande teknik f\u00f6r framtidens cancerbehandlingar. Atley Solutions b\u00e5de tillverkar och utvecklar produkterna h\u00e4r.<\/li>\n\n\n\n<li>&#8230; \u00e4r marknadsledande i Sverige p\u00e5 bakformar. N\u00e4stan allt som Sveriges bagerier anv\u00e4nder produceras h\u00e4r p\u00e5 Siluette of Sweden.<\/li>\n<\/ul>\n<\/div>\n<\/div>\n\n\n\n<div style=\"height:27px\" aria-hidden=\"true\" class=\"wp-block-spacer\"><\/div>\n\n\n\n<h2 class=\"wp-block-heading\">Kristinehamns Historia<\/h2>\n\n\n\n<h3 class=\"wp-block-heading\">&#8211; fr\u00e5n handelsplats till modern sm\u00e5stad vid V\u00e4nern<\/h3>\n\n\n\n<p>Kristinehamns historia str\u00e4cker sig l\u00e5ngt tillbaka i tiden, med sp\u00e5r av bos\u00e4ttningar redan under<strong> sten\u00e5ldern<\/strong>. Stadens utveckling tog dock fart p\u00e5 allvar vid den plats som en g\u00e5ng kallades <strong>Bro<\/strong> \u2013 en livlig handels- och m\u00f6tesplats vid bron \u00f6ver \u00e5n Varnan, d\u00e4r viktiga f\u00e4rdv\u00e4gar mellan Sverige och Norge korsades.<\/p>\n\n\n\n<p>Under <strong>1500-talet <\/strong>fick platsen \u00f6kad betydelse n\u00e4r hertig Karl (senare Karl IX) l\u00e4t anl\u00e4gga j\u00e4rnbruk h\u00e4r. L\u00e4get vid V\u00e4nern gjorde Bro till en strategisk utskeppningshamn f\u00f6r Bergslagens j\u00e4rn, och handeln blomstrade. P\u00e5 <strong>1600-talet<\/strong> utvecklades orten till en av Sveriges viktigaste exporthamnar f\u00f6r st\u00e5ngj\u00e4rn \u2013 en produkt som var avg\u00f6rande f\u00f6r landets ekonomi.<\/p>\n\n\n\n<p><strong>\u00c5r 1642<\/strong> fick Bro stadsr\u00e4ttigheter och bytte namn till <strong>Kristinehamn<\/strong>, efter drottning Kristina och \u00e4r Sveriges enda stad som har namn i hennes \u00e4ra. D\u00e4rmed tog stadens resa som handels- och industristad ytterligare fart. Under flera hundra \u00e5r var Kristinehamn en central knutpunkt f\u00f6r transporten av j\u00e4rn fr\u00e5n Bergslagen, via V\u00e4nern och vidare ut i v\u00e4rlden p\u00e5 Bojortar. <\/p>\n\n\n\n<p>P\u00e5<strong> 1800-talet<\/strong> st\u00e4rktes stadens position ytterligare genom j\u00e4rnv\u00e4gens framv\u00e4xt. En av Sveriges tidigaste j\u00e4rnv\u00e4gar anlades mellan Kristinehamn och Sj\u00f6\u00e4ndan, vilket effektiviserade transporterna och bidrog till stadens fortsatta tillv\u00e4xt.<\/p>\n\n\n\n<p>Kristinehamns historia \u00e4r ocks\u00e5 pr\u00e4glad av b\u00e5de utmaningar och utveckling. Stora stadsbr\u00e4nder, bland annat 1777 och 1893, f\u00f6rst\u00f6rde stora delar av bebyggelsen, men staden byggdes upp igen \u2013 varje g\u00e5ng starkare \u00e4n tidigare. I Kristinehamns centrum \u00e4r m\u00e5nga av husen byggda efter den sista branden, och en hel del tr\u00e4hus finns ox\u00e5 kvar runt om p\u00e5 olika platser.<\/p>\n\n\n\n<p>\u00c4n idag b\u00e4r Kristinehamn tydliga sp\u00e5r av sin historia. N\u00e4rheten till V\u00e4nern, hamnen och det maritima arvet syns inte minst i stadsvapnet, d\u00e4r en Bojort symboliserar den betydelse sj\u00f6farten haft f\u00f6r stadens framv\u00e4xt.<\/p>\n\n\n\n<p>Fr\u00e5n en enkel handelsplats vid en bro till en levande sm\u00e5stad med stark identitet \u2013 Kristinehamn \u00e4r en plats d\u00e4r historien fortfarande \u00e4r n\u00e4rvarande och bidrar till upplevelsen av staden idag.<\/p>\n<\/div><\/div>\n<\/div>\n<\/div>\n\n\n\n<div class=\"wp-block-columns is-layout-flex wp-container-core-columns-is-layout-9d6595d7 wp-block-columns-is-layout-flex\">\n<div class=\"wp-block-column is-layout-flow wp-block-column-is-layout-flow\" style=\"flex-basis:100%\">\n<hr class=\"wp-block-separator has-css-opacity is-style-default\" \/>\n\n\n\n<div class=\"wp-block-group atheme-wrapper--full\"><div class=\"wp-block-group__inner-container is-layout-flow wp-block-group-is-layout-flow\">\n<div class=\"wp-block-columns is-layout-flex wp-container-core-columns-is-layout-9d6595d7 wp-block-columns-is-layout-flex\">\n<div class=\"wp-block-column is-layout-flow wp-block-column-is-layout-flow\">\n<p><\/p>\n\n\n\n<h2 class=\"wp-block-heading\">Vad vill du g\u00f6ra idag?<\/h2>\n<\/div>\n<\/div>\n<\/div><\/div>\n<\/div>\n<\/div>\n\n\n\n\n\n<div class=\"align wp-block-acf-turid-cards\">\n\n\n    <div class=\"cards-section-top\">\n        <div class=\"cards-section-top__inner\">\n            <h2>G\u00f6ra<\/h2>\n                            <a class=\"a-button\" href=\"https:\/\/www.visitvarmland.com\/kristinehamn\/aktiviteter\">Mer att g\u00f6ra<\/a>\n                    <\/div>\n    <\/div>\n\n<section class=\"cards-section-wrapper\">\n    <div class=\"cards-section-slide\">\n        <!-- Card wrapper -->\n<article class=\"a-card a-card--turid\" link-finder     >\n                <div class=\"a-card__image a-card--turid__image\">\n                <div class=\"bg-img\" style=\"background-image:url(https:\/\/img.turid.visitvarmland.com\/68d968f8-a8c1-47ae-abdd-7c02e7545629\/christina-skan-2.jpg?q=80&#038;fit=crop&#038;w=300&#038;h=210&#038;v=1&#038;);\"><\/div>\n            <\/div>\n                        <h2 class=\"a-card__title a-card--turid__title\"><a data-no-translation href=\"https:\/\/www.visitvarmland.com\/kristinehamn\/aktiviteter\/paddla\/kayakomat-kristinehamn-2\">Kayakomat, Kristinehamn<\/a><\/h2>\n                        <div class=\"a-card__content a-card--turid__content\">Att paddla kajak eller sup med v\u00e4nner, familj&hellip;<\/div>\n                        <div class=\"a-card__bottom-wrapper a-card--turid__bottom-wrapper\" style=\"background-image:url();\">                            <div class=\"a-card__favorite a-card--turid__favorite\"><i class=\"fal fa-heart\"><\/i><\/div>\n                        <div class=\"a-card__tag a-card--turid__tag\"><!-- Button wrapper -->\n\n<a class=\"a-tag a-tag--small\" href=\"https:\/\/www.visitvarmland.com\/aktiviteter\/barn-familj\" target=\"_self\" >\n    <span class='a-card--divider'>Barn &#038; Familj<\/span>\n    <\/a><\/div>\n                        <\/div>\n            <\/article><!-- Card wrapper -->\n<article class=\"a-card a-card--turid\" link-finder     >\n                <div class=\"a-card__image a-card--turid__image\">\n                <div class=\"bg-img\" style=\"background-image:url(https:\/\/img.turid.visitvarmland.com\/0d1b9015-9b9b-486f-87ee-a127a3a09922\/3625-lit.jpg?q=80&#038;fit=crop&#038;w=300&#038;h=210&#038;v=1&#038;);\"><\/div>\n            <\/div>\n                        <h2 class=\"a-card__title a-card--turid__title\"><a data-no-translation href=\"https:\/\/www.visitvarmland.com\/kristinehamn\/aktiviteter\/motor\/gokart\">Gokart<\/a><\/h2>\n                        <div class=\"a-card__content a-card--turid__content\">Hyr en gokart i Kristinehamn. Utmana v\u00e4nner, familj&hellip;<\/div>\n                        <div class=\"a-card__bottom-wrapper a-card--turid__bottom-wrapper\" style=\"background-image:url();\">                            <div class=\"a-card__favorite a-card--turid__favorite\"><i class=\"fal fa-heart\"><\/i><\/div>\n                        <div class=\"a-card__tag a-card--turid__tag\"><!-- Button wrapper -->\n\n<a class=\"a-tag a-tag--small\" href=\"https:\/\/www.visitvarmland.com\/aktiviteter\/barn-familj\" target=\"_self\" >\n    <span class='a-card--divider'>Barn &#038; Familj<\/span>\n    <\/a><\/div>\n                        <\/div>\n            <\/article><!-- Card wrapper -->\n<article class=\"a-card a-card--turid\" link-finder     >\n                <div class=\"a-card__image a-card--turid__image\">\n                <div class=\"bg-img\" style=\"background-image:url(https:\/\/img.turid.visitvarmland.com\/5300d83a-ddf6-4c63-987f-ed2283c7134b\/vag-2025.jpg?q=80&#038;fit=crop&#038;w=300&#038;h=210&#038;v=1&#038;);\"><\/div>\n            <\/div>\n                        <h2 class=\"a-card__title a-card--turid__title\"><a data-no-translation href=\"https:\/\/www.visitvarmland.com\/kristinehamn\/aktiviteter\/fiska\/vag-hyr-motorbat\">V\u00e5g | Hyr motorb\u00e5t<\/a><\/h2>\n                        <div class=\"a-card__content a-card--turid__content\">Uppt\u00e4ck V\u00e4nerns sk\u00e4rg\u00e5rd i Kristinehamn med V\u00c5Gs motorb\u00e5tar&hellip;<\/div>\n                        <div class=\"a-card__bottom-wrapper a-card--turid__bottom-wrapper\" style=\"background-image:url();\">                            <div class=\"a-card__favorite a-card--turid__favorite\"><i class=\"fal fa-heart\"><\/i><\/div>\n                        <div class=\"a-card__tag a-card--turid__tag\"><!-- Button wrapper -->\n\n<a class=\"a-tag a-tag--small\" href=\"https:\/\/www.visitvarmland.com\/aktiviteter\/barn-familj\" target=\"_self\" >\n    <span class='a-card--divider'>Barn &#038; Familj<\/span>\n    <\/a><\/div>\n                        <\/div>\n            <\/article><!-- Card wrapper -->\n<article class=\"a-card a-card--turid\" link-finder     >\n                <div class=\"a-card__image a-card--turid__image\">\n                <div class=\"bg-img\" style=\"background-image:url(https:\/\/img.turid.visitvarmland.com\/45020f6a-ed5e-4016-887b-009affa568d4\/230819-kristinehamn-30-1-webb.jpg?q=80&#038;fit=crop&#038;w=300&#038;h=210&#038;v=1&#038;);\"><\/div>\n            <\/div>\n                        <h2 class=\"a-card__title a-card--turid__title\"><a data-no-translation href=\"https:\/\/www.visitvarmland.com\/kristinehamn\/aktiviteter\/stoten-batbuss-97-valon\">St\u00f6ten (B\u00e5tbuss 97) | V\u00e5l\u00f6n<\/a><\/h2>\n                        <div class=\"a-card__content a-card--turid__content\">Sommar 2026 tar B\u00e5tbuss 97, St\u00f6ten, dig fr\u00e5n&hellip;<\/div>\n                        <div class=\"a-card__bottom-wrapper a-card--turid__bottom-wrapper\" style=\"background-image:url();\">                            <div class=\"a-card__favorite a-card--turid__favorite\"><i class=\"fal fa-heart\"><\/i><\/div>\n                        <div class=\"a-card__tag a-card--turid__tag\"><!-- Button wrapper -->\n\n<a class=\"a-tag a-tag--small\" href=\"https:\/\/www.visitvarmland.com\/aktiviteter\" target=\"_self\" >\n    <span class='a-card--divider'>Aktiviteter<\/span>\n    <\/a><\/div>\n                        <\/div>\n            <\/article><!-- Card wrapper -->\n<article class=\"a-card a-card--turid\" link-finder     >\n                <div class=\"a-card__image a-card--turid__image\">\n                <div class=\"bg-img\" style=\"background-image:url(https:\/\/img.turid.visitvarmland.com\/2429cac6-41e0-4e2d-bc03-f59f277a1e7e\/img-9102.jpg?q=80&#038;fit=crop&#038;w=300&#038;h=210&#038;v=1&#038;);\"><\/div>\n            <\/div>\n                        <h2 class=\"a-card__title a-card--turid__title\"><a data-no-translation href=\"https:\/\/www.visitvarmland.com\/kristinehamn\/aktiviteter\/pa-vatten\/batbuss-96-alvon-langon\">B\u00e5tbuss 96 | Alv\u00f6n\/L\u00e5ng\u00f6n<\/a><\/h2>\n                        <div class=\"a-card__content a-card--turid__content\">B\u00e5tbuss 96 har slutat g\u00e5 f\u00f6r s\u00e4songen 2026.&hellip;<\/div>\n                        <div class=\"a-card__bottom-wrapper a-card--turid__bottom-wrapper\" style=\"background-image:url();\">                            <div class=\"a-card__favorite a-card--turid__favorite\"><i class=\"fal fa-heart\"><\/i><\/div>\n                        <div class=\"a-card__tag a-card--turid__tag\"><!-- Button wrapper -->\n\n<a class=\"a-tag a-tag--small\" href=\"https:\/\/www.visitvarmland.com\/aktiviteter\/barn-familj\" target=\"_self\" >\n    <span class='a-card--divider'>Barn &#038; Familj<\/span>\n    <\/a><\/div>\n                        <\/div>\n            <\/article><!-- Card wrapper -->\n<article class=\"a-card a-card--turid\" link-finder     >\n                <div class=\"a-card__image a-card--turid__image\">\n                <div class=\"bg-img\" style=\"background-image:url(https:\/\/img.turid.visitvarmland.com\/b04473a5-5be7-4c35-b2c5-30191fb6d899\/skarmbild-2025-07-15-133813.jpg?q=80&#038;fit=crop&#038;w=300&#038;h=210&#038;v=1&#038;);\"><\/div>\n            <\/div>\n                        <h2 class=\"a-card__title a-card--turid__title\"><a data-no-translation href=\"https:\/\/www.visitvarmland.com\/kristinehamn\/aktiviteter\/fiska\/trollingcharter-pa-vanern\">Trollingcharter p\u00e5 V\u00e4nern<\/a><\/h2>\n                        <div class=\"a-card__content a-card--turid__content\">Upplev sp\u00e4nningen med trollingfiske p\u00e5 V\u00e4nern och njut&hellip;<\/div>\n                        <div class=\"a-card__bottom-wrapper a-card--turid__bottom-wrapper\" style=\"background-image:url();\">                            <div class=\"a-card__favorite a-card--turid__favorite\"><i class=\"fal fa-heart\"><\/i><\/div>\n                        <div class=\"a-card__tag a-card--turid__tag\"><!-- Button wrapper -->\n\n<a class=\"a-tag a-tag--small\" href=\"https:\/\/www.visitvarmland.com\/aktiviteter\/guidningar\" target=\"_self\" >\n    <span class='a-card--divider'>Guidningar<\/span>\n    <\/a><\/div>\n                        <\/div>\n            <\/article><!-- Card wrapper -->\n<article class=\"a-card a-card--turid\" link-finder     >\n                <div class=\"a-card__image a-card--turid__image\">\n                <div class=\"bg-img\" style=\"background-image:url(https:\/\/img.turid.visitvarmland.com\/e8201603-cffc-44c8-ac0d-32ebccfab4cd\/bj-bowlingen-okt-2021-16.jpeg?q=80&#038;fit=crop&#038;w=300&#038;h=210&#038;v=1&#038;);\"><\/div>\n            <\/div>\n                        <h2 class=\"a-card__title a-card--turid__title\"><a data-no-translation href=\"https:\/\/www.visitvarmland.com\/kristinehamn\/aktiviteter\/bowlingen\">Bowlingen<\/a><\/h2>\n                        <div class=\"a-card__content a-card--turid__content\">Utmana v\u00e4nner och familj i bowling. Det \u00e4r&hellip;<\/div>\n                        <div class=\"a-card__bottom-wrapper a-card--turid__bottom-wrapper\" style=\"background-image:url();\">                            <div class=\"a-card__favorite a-card--turid__favorite\"><i class=\"fal fa-heart\"><\/i><\/div>\n                        <div class=\"a-card__tag a-card--turid__tag\"><!-- Button wrapper -->\n\n<a class=\"a-tag a-tag--small\" href=\"https:\/\/www.visitvarmland.com\/aktiviteter\/barn-familj\" target=\"_self\" >\n    <span class='a-card--divider'>Barn &#038; Familj<\/span>\n    <\/a><\/div>\n                        <\/div>\n            <\/article><!-- Card wrapper -->\n<article class=\"a-card a-card--turid\" link-finder     >\n                <div class=\"a-card__image a-card--turid__image\">\n                <div class=\"bg-img\" style=\"background-image:url(https:\/\/img.turid.visitvarmland.com\/b77de48c-02b0-4152-a89d-04876e0c3254\/skarmbild-2025-07-15-161825.jpg?q=80&#038;fit=crop&#038;w=300&#038;h=210&#038;v=1&#038;);\"><\/div>\n            <\/div>\n                        <h2 class=\"a-card__title a-card--turid__title\"><a data-no-translation href=\"https:\/\/www.visitvarmland.com\/kristinehamn\/aktiviteter\/golfa\/bangolf\/minigolf-i-gasthamnen\">Minigolf i g\u00e4sthamnen<\/a><\/h2>\n                        <div class=\"a-card__content a-card--turid__content\">Ta med dig din familj eller n\u00e5gra goa&hellip;<\/div>\n                        <div class=\"a-card__bottom-wrapper a-card--turid__bottom-wrapper\" style=\"background-image:url();\">                            <div class=\"a-card__favorite a-card--turid__favorite\"><i class=\"fal fa-heart\"><\/i><\/div>\n                        <div class=\"a-card__tag a-card--turid__tag\"><!-- Button wrapper -->\n\n<a class=\"a-tag a-tag--small\" href=\"https:\/\/www.visitvarmland.com\/aktiviteter\/barn-familj\" target=\"_self\" >\n    <span class='a-card--divider'>Barn &#038; Familj<\/span>\n    <\/a><\/div>\n                        <\/div>\n            <\/article><!-- Card wrapper -->\n<article class=\"a-card a-card--turid\" link-finder     >\n                <div class=\"a-card__image a-card--turid__image\">\n                <div class=\"bg-img\" style=\"background-image:url(https:\/\/img.turid.visitvarmland.com\/706e5d76-1eb3-4596-ab39-585f26ce150e\/bettina-johansson-aventyrsgolf-herrgardscampingen-2019.jpg?q=80&#038;fit=crop&#038;w=300&#038;h=210&#038;v=1&#038;);\"><\/div>\n            <\/div>\n                        <h2 class=\"a-card__title a-card--turid__title\"><a data-no-translation href=\"https:\/\/www.visitvarmland.com\/kristinehamn\/aktiviteter\/golfa\/bangolf\/aventyrsgolf-pa-first-camp-herrgardsliv\">\u00c4ventyrsgolf p\u00e5 First Camp Herrg\u00e5rdsliv<\/a><\/h2>\n                        <div class=\"a-card__content a-card--turid__content\">12- h\u00e5ls \u00e4ventyrsgolfbana med Kristinehamns sev\u00e4rdheter i miniatyr.&hellip;<\/div>\n                        <div class=\"a-card__bottom-wrapper a-card--turid__bottom-wrapper\" style=\"background-image:url();\">                            <div class=\"a-card__favorite a-card--turid__favorite\"><i class=\"fal fa-heart\"><\/i><\/div>\n                        <div class=\"a-card__tag a-card--turid__tag\"><!-- Button wrapper -->\n\n<a class=\"a-tag a-tag--small\" href=\"https:\/\/www.visitvarmland.com\/aktiviteter\/barn-familj\" target=\"_self\" >\n    <span class='a-card--divider'>Barn &#038; Familj<\/span>\n    <\/a><\/div>\n                        <\/div>\n            <\/article><!-- Card wrapper -->\n<article class=\"a-card a-card--turid\" link-finder     >\n                <div class=\"a-card__image a-card--turid__image\">\n                <div class=\"bg-img\" style=\"background-image:url(https:\/\/img.turid.visitvarmland.com\/b53f6c5b-9d30-4a09-a147-9f17206f10cd\/konstmuseet-2.jpg?q=80&#038;fit=crop&#038;w=300&#038;h=210&#038;v=1&#038;);\"><\/div>\n            <\/div>\n                        <h2 class=\"a-card__title a-card--turid__title\"><a data-no-translation href=\"https:\/\/www.visitvarmland.com\/kristinehamn\/aktiviteter\/konstasken-skaparverkstad\">Konstasken &#8211; Skaparverkstad<\/a><\/h2>\n                        <div class=\"a-card__content a-card--turid__content\">Sl\u00e4pp fram skaparlusten. Skapa och pyssla p\u00e5 Kristinehamns&hellip;<\/div>\n                        <div class=\"a-card__bottom-wrapper a-card--turid__bottom-wrapper\" style=\"background-image:url();\">                            <div class=\"a-card__favorite a-card--turid__favorite\"><i class=\"fal fa-heart\"><\/i><\/div>\n                        <div class=\"a-card__tag a-card--turid__tag\"><!-- Button wrapper -->\n\n<a class=\"a-tag a-tag--small\" href=\"https:\/\/www.visitvarmland.com\/aktiviteter\" target=\"_self\" >\n    <span class='a-card--divider'>Aktiviteter<\/span>\n    <\/a><\/div>\n                        <\/div>\n            <\/article><!-- Card wrapper -->\n<article class=\"a-card a-card--turid\" link-finder     >\n                <div class=\"a-card__image a-card--turid__image\">\n                <div class=\"bg-img\" style=\"background-image:url(https:\/\/img.turid.visitvarmland.com\/abae515a-9734-49c4-8d7e-166e237a8197\/bio-och-bistro.jpg?q=80&#038;fit=crop&#038;w=300&#038;h=210&#038;v=1&#038;);\"><\/div>\n            <\/div>\n                        <h2 class=\"a-card__title a-card--turid__title\"><a data-no-translation href=\"https:\/\/www.visitvarmland.com\/kristinehamn\/mat-dryck\/restaurang\/bio-bistro\">Bio &#038; Bistro<\/a><\/h2>\n                        <div class=\"a-card__content a-card--turid__content\">Modern nyrenoverad bio med bistro i Kristinehamns Conference&hellip;<\/div>\n                        <div class=\"a-card__bottom-wrapper a-card--turid__bottom-wrapper\" style=\"background-image:url();\">                            <div class=\"a-card__favorite a-card--turid__favorite\"><i class=\"fal fa-heart\"><\/i><\/div>\n                        <div class=\"a-card__tag a-card--turid__tag\"><!-- Button wrapper -->\n\n<a class=\"a-tag a-tag--small\" href=\"https:\/\/www.visitvarmland.com\/aktiviteter\/barn-familj\" target=\"_self\" >\n    <span class='a-card--divider'>Barn &#038; Familj<\/span>\n    <\/a><\/div>\n                        <\/div>\n            <\/article>    <\/div>\n            <button class=\"hero-scroll-icon section-scroll-side\" aria-label=\"Next\" aria-hidden=\"true\" tabindex=\"-1\">\n            <div class=\"pre-icon-dot\"><\/div>\n            <div class=\"pre-icon-dot\"><\/div>\n            <i class=\"fal fa-long-arrow-down\" aria-hidden=\"true\"><\/i>\n        <\/button>\n        <button class=\"hero-scroll-icon section-scroll-side-left section-scroll-side-left-hidden\" aria-label=\"Previous\" aria-hidden=\"true\" tabindex=\"-1\">\n            <div class=\"pre-icon-dot\"><\/div>\n            <div class=\"pre-icon-dot\"><\/div>\n            <i class=\"fal fa-long-arrow-down\" aria-hidden=\"true\"><\/i>\n        <\/button>\n    <\/section>\n\n\n\n<\/div>\n\n\n\n<div class=\"align wp-block-acf-turid-cards\">\n\n\n    <div class=\"cards-section-top\">\n        <div class=\"cards-section-top__inner\">\n            <h2>Uppleva<\/h2>\n                            <a class=\"a-button\" href=\"https:\/\/www.visitvarmland.com\/kristinehamn\/kultur-historia\">Mer att uppleva<\/a>\n                    <\/div>\n    <\/div>\n\n<section class=\"cards-section-wrapper\">\n    <div class=\"cards-section-slide\">\n        <!-- Card wrapper -->\n<article class=\"a-card a-card--turid\" link-finder     >\n                <div class=\"a-card__image a-card--turid__image\">\n                <div class=\"bg-img\" style=\"background-image:url(https:\/\/img.turid.visitvarmland.com\/ed01f5fa-bb8e-4216-ad7f-78f3e07f43d2\/picasso-summer-johnpersson-1.jpg?q=80&#038;fit=crop&#038;w=300&#038;h=210&#038;v=1&#038;);\"><\/div>\n            <\/div>\n                        <h2 class=\"a-card__title a-card--turid__title\"><a data-no-translation href=\"https:\/\/www.visitvarmland.com\/kristinehamn\/kultur-historia\/picassoskulpturen\">Picassoskulpturen<\/a><\/h2>\n                        <div class=\"a-card__content a-card--turid__content\">Uppt\u00e4ck Picassoskulpturen vid V\u00e4nerns strand i Kristinehamn \u2013&hellip;<\/div>\n                        <div class=\"a-card__bottom-wrapper a-card--turid__bottom-wrapper\" style=\"background-image:url();\">                            <div class=\"a-card__favorite a-card--turid__favorite\"><i class=\"fal fa-heart\"><\/i><\/div>\n                        <div class=\"a-card__tag a-card--turid__tag\"><!-- Button wrapper -->\n\n<a class=\"a-tag a-tag--small\" href=\"https:\/\/www.visitvarmland.com\/kultur-historia\" target=\"_self\" >\n    <span class='a-card--divider'>Kultur &#038; historia<\/span>\n    <\/a><\/div>\n                        <\/div>\n            <\/article><!-- Card wrapper -->\n<article class=\"a-card a-card--turid\" link-finder     >\n                <div class=\"a-card__image a-card--turid__image\">\n                <div class=\"bg-img\" style=\"background-image:url(https:\/\/img.turid.visitvarmland.com\/f7c143a3-63c9-4ddc-9faa-21394f1c96cb\/kristinehamnskonstmuseum-sebastianstreith-1.jpg?q=80&#038;fit=crop&#038;w=300&#038;h=210&#038;v=1&#038;);\"><\/div>\n            <\/div>\n                        <h2 class=\"a-card__title a-card--turid__title\"><a data-no-translation href=\"https:\/\/www.visitvarmland.com\/kristinehamn\/kultur-historia\/kristinehamns-konstmuseum\">Kristinehamns konstmuseum<\/a><\/h2>\n                        <div class=\"a-card__content a-card--turid__content\">Kristinehamns konstmuseum i Mariebergs park bjuder p\u00e5 konst&hellip;<\/div>\n                        <div class=\"a-card__bottom-wrapper a-card--turid__bottom-wrapper\" style=\"background-image:url();\">                            <div class=\"a-card__favorite a-card--turid__favorite\"><i class=\"fal fa-heart\"><\/i><\/div>\n                        <div class=\"a-card__tag a-card--turid__tag\"><!-- Button wrapper -->\n\n<a class=\"a-tag a-tag--small\" href=\"https:\/\/www.visitvarmland.com\/kultur-historia\/museum\" target=\"_self\" >\n    <span class='a-card--divider'>Museum<\/span>\n    <\/a><\/div>\n                        <\/div>\n            <\/article><!-- Card wrapper -->\n<article class=\"a-card a-card--turid\" link-finder     >\n                <div class=\"a-card__image a-card--turid__image\">\n                <div class=\"bg-img\" style=\"background-image:url(https:\/\/img.turid.visitvarmland.com\/debb4825-9d44-4073-a249-9bc570ebd6a8\/560-251210-bildbanksfoto-k-hamn-fm-paen-1.jpg?q=80&#038;fit=crop&#038;w=300&#038;h=210&#038;v=1&#038;);\"><\/div>\n            <\/div>\n                        <h2 class=\"a-card__title a-card--turid__title\"><a data-no-translation href=\"https:\/\/www.visitvarmland.com\/kristinehamn\/kultur-historia\/kristinehamns-historiska-museum\">Kristinehamns historiska museum<\/a><\/h2>\n                        <div class=\"a-card__content a-card--turid__content\">Kristinehamns historiska museum hittar du i Wahlundsg\u00e5rdens gamla&hellip;<\/div>\n                        <div class=\"a-card__bottom-wrapper a-card--turid__bottom-wrapper\" style=\"background-image:url();\">                            <div class=\"a-card__favorite a-card--turid__favorite\"><i class=\"fal fa-heart\"><\/i><\/div>\n                        <div class=\"a-card__tag a-card--turid__tag\"><!-- Button wrapper -->\n\n<a class=\"a-tag a-tag--small\" href=\"https:\/\/www.visitvarmland.com\/kultur-historia\/museum\" target=\"_self\" >\n    <span class='a-card--divider'>Museum<\/span>\n    <\/a><\/div>\n                        <\/div>\n            <\/article><!-- Card wrapper -->\n<article class=\"a-card a-card--turid\" link-finder     >\n                <div class=\"a-card__image a-card--turid__image\">\n                <div class=\"bg-img\" style=\"background-image:url(https:\/\/img.turid.visitvarmland.com\/78ef0438-4fa8-41aa-957c-c548e4a81db1\/stadsvandring-2.jpg?q=80&#038;fit=crop&#038;w=300&#038;h=210&#038;v=1&#038;);\"><\/div>\n            <\/div>\n                        <h2 class=\"a-card__title a-card--turid__title\"><a data-no-translation href=\"https:\/\/www.visitvarmland.com\/kristinehamn\/kultur-historia\/hus-kulturmiljoer\/stadsvandring-i-kristinehamn\">Stadsvandring i Kristinehamn<\/a><\/h2>\n                        <div class=\"a-card__content a-card--turid__content\">F\u00f6lj med p\u00e5 en guidad stadsvandring i Kristinehamn&hellip;<\/div>\n                        <div class=\"a-card__bottom-wrapper a-card--turid__bottom-wrapper\" style=\"background-image:url();\">                            <div class=\"a-card__favorite a-card--turid__favorite\"><i class=\"fal fa-heart\"><\/i><\/div>\n                        <div class=\"a-card__tag a-card--turid__tag\"><!-- Button wrapper -->\n\n<a class=\"a-tag a-tag--small\" href=\"https:\/\/www.visitvarmland.com\/kultur-historia\/hus-kulturmiljoer\" target=\"_self\" >\n    <span class='a-card--divider'>Hus &#038; kulturmilj\u00f6er<\/span>\n    <\/a><\/div>\n                        <\/div>\n            <\/article><!-- Card wrapper -->\n<article class=\"a-card a-card--turid\" link-finder     >\n                <div class=\"a-card__image a-card--turid__image\">\n                <div class=\"bg-img\" style=\"background-image:url(https:\/\/img.turid.visitvarmland.com\/afff81ff-04af-48bc-9950-8f9406c06996\/hembygdsgarden-6.jpg?q=80&#038;fit=crop&#038;w=300&#038;h=210&#038;v=1&#038;);\"><\/div>\n            <\/div>\n                        <h2 class=\"a-card__title a-card--turid__title\"><a data-no-translation href=\"https:\/\/www.visitvarmland.com\/kristinehamn\/kultur-historia\/kristinehamns-hembygdsgard\">Kristinehamns Hembygdsg\u00e5rd<\/a><\/h2>\n                        <div class=\"a-card__content a-card--turid__content\">Historiskt hembygdsomr\u00e5de i Kristinehamn med \u00e4ldre tr\u00e4byggnader, kvarn,&hellip;<\/div>\n                        <div class=\"a-card__bottom-wrapper a-card--turid__bottom-wrapper\" style=\"background-image:url();\">                            <div class=\"a-card__favorite a-card--turid__favorite\"><i class=\"fal fa-heart\"><\/i><\/div>\n                        <div class=\"a-card__tag a-card--turid__tag\"><!-- Button wrapper -->\n\n<a class=\"a-tag a-tag--small\" href=\"https:\/\/www.visitvarmland.com\/kultur-historia\/hembygdsgardar\" target=\"_self\" >\n    <span class='a-card--divider'>Hembygdsg\u00e5rdar<\/span>\n    <\/a><\/div>\n                        <\/div>\n            <\/article><!-- Card wrapper -->\n<article class=\"a-card a-card--turid\" link-finder     >\n                <div class=\"a-card__image a-card--turid__image\">\n                <div class=\"bg-img\" style=\"background-image:url(https:\/\/img.turid.visitvarmland.com\/137c0a7c-f25b-4e45-88a8-08796e16813a\/niklasdam-ljusare.jpg?q=80&#038;fit=crop&#038;w=300&#038;h=210&#038;v=1&#038;);\"><\/div>\n            <\/div>\n                        <h2 class=\"a-card__title a-card--turid__title\"><a data-no-translation href=\"https:\/\/www.visitvarmland.com\/kristinehamn\/kultur-historia\/parker-tradgardar\/niklasdams-tradgard-pelargonmuseum\">Niklasdams tr\u00e4dg\u00e5rd | Pelargonmuseum<\/a><\/h2>\n                        <div class=\"a-card__content a-card--turid__content\">Niklasdams tr\u00e4dg\u00e5rd \u00e4r ett h\u00e4rligt utflyktsm\u00e5l, cirka 10&hellip;<\/div>\n                        <div class=\"a-card__bottom-wrapper a-card--turid__bottom-wrapper\" style=\"background-image:url();\">                            <div class=\"a-card__favorite a-card--turid__favorite\"><i class=\"fal fa-heart\"><\/i><\/div>\n                        <div class=\"a-card__tag a-card--turid__tag\"><!-- Button wrapper -->\n\n<a class=\"a-tag a-tag--small\" href=\"https:\/\/www.visitvarmland.com\/design-shopping\/gardsbutik\" target=\"_self\" >\n    <span class='a-card--divider'>G\u00e5rdsbutik<\/span>\n    <\/a><\/div>\n                        <\/div>\n            <\/article><!-- Card wrapper -->\n<article class=\"a-card a-card--turid\" link-finder     >\n                <div class=\"a-card__image a-card--turid__image\">\n                <div class=\"bg-img\" style=\"background-image:url(https:\/\/img.turid.visitvarmland.com\/70228566-6d3a-49c8-8484-a5d9b8a5a645\/olme-ljus-3.jpg?q=80&#038;fit=crop&#038;w=300&#038;h=210&#038;v=1&#038;);\"><\/div>\n            <\/div>\n                        <h2 class=\"a-card__title a-card--turid__title\"><a data-no-translation href=\"https:\/\/www.visitvarmland.com\/kristinehamn\/kultur-historia\/hus-kulturmiljoer\/olmeljus-diversehandel\">\u00d6lmeljus Diversehandel<\/a><\/h2>\n                        <div class=\"a-card__content a-card--turid__content\">\u00d6lmeljus Diversehandel har ett sortiment av egenst\u00f6pta ljus&hellip;<\/div>\n                        <div class=\"a-card__bottom-wrapper a-card--turid__bottom-wrapper\" style=\"background-image:url();\">                            <div class=\"a-card__favorite a-card--turid__favorite\"><i class=\"fal fa-heart\"><\/i><\/div>\n                        <div class=\"a-card__tag a-card--turid__tag\"><!-- Button wrapper -->\n\n<a class=\"a-tag a-tag--small\" href=\"https:\/\/www.visitvarmland.com\/design-shopping\/hantverk\" target=\"_self\" >\n    <span class='a-card--divider'>Hantverk<\/span>\n    <\/a><\/div>\n                        <\/div>\n            <\/article><!-- Card wrapper -->\n<article class=\"a-card a-card--turid\" link-finder     >\n                <div class=\"a-card__image a-card--turid__image\">\n                <div class=\"bg-img\" style=\"background-image:url(https:\/\/img.turid.visitvarmland.com\/e3c25ec4-98cf-4bb5-a264-554ced04d5ca\/dscn2431-2.jpg?q=80&#038;fit=crop&#038;w=300&#038;h=210&#038;v=1&#038;);\"><\/div>\n            <\/div>\n                        <h2 class=\"a-card__title a-card--turid__title\"><a data-no-translation href=\"https:\/\/www.visitvarmland.com\/kristinehamn\/kultur-historia\/kyrka\/osterviks-kapell\">\u00d6sterviks kapell<\/a><\/h2>\n                        <div class=\"a-card__content a-card--turid__content\">Bes\u00f6k det m\u00e4rkliga kapellet i Kristinehamn, vars historia&hellip;<\/div>\n                        <div class=\"a-card__bottom-wrapper a-card--turid__bottom-wrapper\" style=\"background-image:url();\">                            <div class=\"a-card__favorite a-card--turid__favorite\"><i class=\"fal fa-heart\"><\/i><\/div>\n                        <div class=\"a-card__tag a-card--turid__tag\"><!-- Button wrapper -->\n\n<a class=\"a-tag a-tag--small\" href=\"https:\/\/www.visitvarmland.com\/kultur-historia\/kyrka\" target=\"_self\" >\n    <span class='a-card--divider'>Kyrka<\/span>\n    <\/a><\/div>\n                        <\/div>\n            <\/article><!-- Card wrapper -->\n<article class=\"a-card a-card--turid\" link-finder     >\n                <div class=\"a-card__image a-card--turid__image\">\n                <div class=\"bg-img\" style=\"background-image:url(https:\/\/img.turid.visitvarmland.com\/c4002e51-f308-4599-b66d-f1334b1d2ece\/bettina-johansson-runstenen-jarsberg-juli-2020-14.jpg?q=80&#038;fit=crop&#038;w=300&#038;h=210&#038;v=1&#038;);\"><\/div>\n            <\/div>\n                        <h2 class=\"a-card__title a-card--turid__title\"><a data-no-translation href=\"https:\/\/www.visitvarmland.com\/kristinehamn\/kultur-historia\/natursevardheter\/runstenen-vid-jarsberg\">Runstenen vid J\u00e4rsberg<\/a><\/h2>\n                        <div class=\"a-card__content a-card--turid__content\">En av Sveriges \u00e4ldsta runstenar, daterad till 500-talet,&hellip;<\/div>\n                        <div class=\"a-card__bottom-wrapper a-card--turid__bottom-wrapper\" style=\"background-image:url();\">                            <div class=\"a-card__favorite a-card--turid__favorite\"><i class=\"fal fa-heart\"><\/i><\/div>\n                        <div class=\"a-card__tag a-card--turid__tag\"><!-- Button wrapper -->\n\n<a class=\"a-tag a-tag--small\" href=\"https:\/\/www.visitvarmland.com\/kultur-historia\/natursevardheter\" target=\"_self\" >\n    <span class='a-card--divider'>Natursev\u00e4rdheter<\/span>\n    <\/a><\/div>\n                        <\/div>\n            <\/article>    <\/div>\n            <button class=\"hero-scroll-icon section-scroll-side\" aria-label=\"Next\" aria-hidden=\"true\" tabindex=\"-1\">\n            <div class=\"pre-icon-dot\"><\/div>\n            <div class=\"pre-icon-dot\"><\/div>\n            <i class=\"fal fa-long-arrow-down\" aria-hidden=\"true\"><\/i>\n        <\/button>\n        <button class=\"hero-scroll-icon section-scroll-side-left section-scroll-side-left-hidden\" aria-label=\"Previous\" aria-hidden=\"true\" tabindex=\"-1\">\n            <div class=\"pre-icon-dot\"><\/div>\n            <div class=\"pre-icon-dot\"><\/div>\n            <i class=\"fal fa-long-arrow-down\" aria-hidden=\"true\"><\/i>\n        <\/button>\n    <\/section>\n\n\n\n<\/div>\n\n\n\n<div class=\"align wp-block-acf-turid-cards\">\n\n\n\n    <div class=\"cards-section-top\">\n        <div class=\"cards-section-top__inner\">\n            <h2>Evenemang<\/h2>\n                            <a class=\"a-button\" href=\"https:\/\/www.visitvarmland.com\/kristinehamn\/evenemang\">Fler evenemang<\/a>\n                    <\/div>\n    <\/div>\n\n<section class=\"cards-section-wrapper\">\n    <div class=\"cards-section-slide\">\n        <!-- Card wrapper -->\n<article class=\"a-card a-card--event\" link-finder     >\n                <div class=\"a-card__left a-card--event__left has-bg-image\" style=\"background-image:url(https:\/\/img.turid.visitvarmland.com\/14267944-5c76-4fad-8fb4-efd32fbdff15\/-dsc0248-1.jpg?q=80&#038;fit=crop&#038;w=300&#038;h=210&#038;v=1&#038;duotone=40000000,BD000000&#038;duotone-alpha=55&#038;);\">                            <div class=\"a-card__date-wrapper a-card--event__date-wrapper\" style=\"background-image:url();\">                <img decoding=\"async\" class=\"a-card__date-container a-card--event__date-container\" src=\"https:\/\/www.visitvarmland.com\/app\/themes\/a-theme\/assets\/icons\/event-date-background.svg\" \/>\n                        <div class=\"a-card__date a-card--event__date\"><span class=\"day\">03<\/span><span class=\"month\">sep.<\/span><span class=\"year\">2026<\/span><\/div>\n                        <\/div>\n                        <\/div>\n                        <div class=\"a-card__rightcol1 a-card--event__rightcol1\" style=\"background-image:url();\">                            <h2 class=\"a-card__title2 a-card--event__title2\"><a data-no-translation href=\"https:\/\/www.visitvarmland.com\/kristinehamn\/evenemang\/utstallning\/jarnet-fodde-staden-2\">J\u00e4rnet f\u00f6dde staden<\/a><\/h2>\n                        <div class=\"a-card__content a-card--event__content\">J\u00e4rnet f\u00f6dde staden \u00e4r en basutst\u00e4llning om Kristinehamns&hellip;<\/div>\n                        <\/div>\n                        <div class=\"a-card__rightcol2 a-card--event__rightcol2\" style=\"background-image:url();\">                            <div class=\"a-card__location a-card--event__location\"><i class=\"fal fa-map-marker-alt\"><\/i><p>Kristinehamns Historiska Museum, Kristinehamn<\/p><\/div>\n                        <div class=\"a-card__repeating_dates a-card--event__repeating_dates\"><i class=\"fal fa-calendar\"><\/i><p>3 sep. \u2013 31 dec. <\/p><\/div>\n                        <div class=\"a-card__type-of-event a-card--event__type-of-event\">Utst\u00e4llning<\/div>\n                        <\/div>\n            <\/article><!-- Card wrapper -->\n<article class=\"a-card a-card--event\" link-finder     >\n                <div class=\"a-card__left a-card--event__left has-bg-image\" style=\"background-image:url(https:\/\/img.turid.visitvarmland.com\/a76f8f72-a20f-4b47-8df1-010021fe0da4\/17003-ban-6310-5-1.jpg?q=80&#038;fit=crop&#038;w=300&#038;h=210&#038;v=1&#038;duotone=40000000,BD000000&#038;duotone-alpha=55&#038;);\">                            <div class=\"a-card__date-wrapper a-card--event__date-wrapper\" style=\"background-image:url();\">                <img decoding=\"async\" class=\"a-card__date-container a-card--event__date-container\" src=\"https:\/\/www.visitvarmland.com\/app\/themes\/a-theme\/assets\/icons\/event-date-background.svg\" \/>\n                        <div class=\"a-card__date a-card--event__date\"><span class=\"day\">03<\/span><span class=\"month\">sep.<\/span><span class=\"year\">2026<\/span><\/div>\n                        <\/div>\n                        <\/div>\n                        <div class=\"a-card__rightcol1 a-card--event__rightcol1\" style=\"background-image:url();\">                            <h2 class=\"a-card__title2 a-card--event__title2\"><a data-no-translation href=\"https:\/\/www.visitvarmland.com\/kristinehamn\/evenemang\/utstallning\/livets-drycker\">Livets drycker<\/a><\/h2>\n                        <div class=\"a-card__content a-card--event__content\">Vad kan du om dryckernas historia och vad&hellip;<\/div>\n                        <\/div>\n                        <div class=\"a-card__rightcol2 a-card--event__rightcol2\" style=\"background-image:url();\">                            <div class=\"a-card__location a-card--event__location\"><i class=\"fal fa-map-marker-alt\"><\/i><p>Kristinehamns Historiska Museum, Kristinehamn<\/p><\/div>\n                        <div class=\"a-card__repeating_dates a-card--event__repeating_dates\"><i class=\"fal fa-calendar\"><\/i><p>3 sep. \u2013 9 okt. <\/p><\/div>\n                        <div class=\"a-card__type-of-event a-card--event__type-of-event\">Utst\u00e4llning<\/div>\n                        <\/div>\n            <\/article><!-- Card wrapper -->\n<article class=\"a-card a-card--event\" link-finder     >\n                <div class=\"a-card__left a-card--event__left has-bg-image\" style=\"background-image:url(https:\/\/img.turid.visitvarmland.com\/9c597eba-73b2-4463-ad5a-b5878a394830\/bilder-fran-boken-070.jpg?q=80&#038;fit=crop&#038;w=300&#038;h=210&#038;v=1&#038;duotone=40000000,BD000000&#038;duotone-alpha=55&#038;);\">                            <div class=\"a-card__date-wrapper a-card--event__date-wrapper\" style=\"background-image:url();\">                <img decoding=\"async\" class=\"a-card__date-container a-card--event__date-container\" src=\"https:\/\/www.visitvarmland.com\/app\/themes\/a-theme\/assets\/icons\/event-date-background.svg\" \/>\n                        <div class=\"a-card__date a-card--event__date\"><span class=\"day\">03<\/span><span class=\"month\">sep.<\/span><span class=\"year\">2026<\/span><\/div>\n                        <\/div>\n                        <\/div>\n                        <div class=\"a-card__rightcol1 a-card--event__rightcol1\" style=\"background-image:url();\">                            <h2 class=\"a-card__title2 a-card--event__title2\"><a data-no-translation href=\"https:\/\/www.visitvarmland.com\/kristinehamn\/evenemang\/utstallning\/sahlstromsgarden-gastar\">Sahlstr\u00f6msg\u00e5rden g\u00e4star<\/a><\/h2>\n                        <div class=\"a-card__content a-card--event__content\">En sommarutst\u00e4llning som rymmer mer \u00e4n konst. H\u00e4r&hellip;<\/div>\n                        <\/div>\n                        <div class=\"a-card__rightcol2 a-card--event__rightcol2\" style=\"background-image:url();\">                            <div class=\"a-card__location a-card--event__location\"><i class=\"fal fa-map-marker-alt\"><\/i><p>Kristinehamns konstmuseum, Kristinehamn<\/p><\/div>\n                        <div class=\"a-card__repeating_dates a-card--event__repeating_dates\"><i class=\"fal fa-calendar\"><\/i><p>3 sep. \u2013 13 sep. <\/p><\/div>\n                        <div class=\"a-card__type-of-event a-card--event__type-of-event\">Utst\u00e4llning<\/div>\n                        <\/div>\n            <\/article><!-- Card wrapper -->\n<article class=\"a-card a-card--event\" link-finder     >\n                <div class=\"a-card__left a-card--event__left has-bg-image\" style=\"background-image:url(https:\/\/img.turid.visitvarmland.com\/0931a26d-08df-4124-b010-fe451a143eb4\/processed-cfa7c442-f5b3-4fc1-b8bc-02326bb464f3.jpg?q=80&#038;fit=crop&#038;w=300&#038;h=210&#038;v=1&#038;duotone=40000000,BD000000&#038;duotone-alpha=55&#038;);\">                            <div class=\"a-card__date-wrapper a-card--event__date-wrapper\" style=\"background-image:url();\">                <img decoding=\"async\" class=\"a-card__date-container a-card--event__date-container\" src=\"https:\/\/www.visitvarmland.com\/app\/themes\/a-theme\/assets\/icons\/event-date-background.svg\" \/>\n                        <div class=\"a-card__date a-card--event__date\"><span class=\"day\">03<\/span><span class=\"month\">sep.<\/span><span class=\"year\">2026<\/span><\/div>\n                        <\/div>\n                        <\/div>\n                        <div class=\"a-card__rightcol1 a-card--event__rightcol1\" style=\"background-image:url();\">                            <h2 class=\"a-card__title2 a-card--event__title2\"><a data-no-translation href=\"https:\/\/www.visitvarmland.com\/kristinehamn\/evenemang\/utstallning\/stig-olson\">Stig Olson<\/a><\/h2>\n                        <div class=\"a-card__content a-card--event__content\">Utst\u00e4llning med Stig Olsons unika verk i Kristinehamn&hellip;<\/div>\n                        <\/div>\n                        <div class=\"a-card__rightcol2 a-card--event__rightcol2\" style=\"background-image:url();\">                            <div class=\"a-card__location a-card--event__location\"><i class=\"fal fa-map-marker-alt\"><\/i><p>Galleri Kvadraten, Kristinehamn<\/p><\/div>\n                        <div class=\"a-card__repeating_dates a-card--event__repeating_dates\"><i class=\"fal fa-calendar\"><\/i><p>3 sep. \u2013 20 sep. <\/p><\/div>\n                        <div class=\"a-card__type-of-event a-card--event__type-of-event\">Utst\u00e4llning<\/div>\n                        <\/div>\n            <\/article><!-- Card wrapper -->\n<article class=\"a-card a-card--event\" link-finder     >\n                <div class=\"a-card__left a-card--event__left has-bg-image\" style=\"background-image:url(https:\/\/img.turid.visitvarmland.com\/fd2d8bb7-ae00-4edd-b4ba-f2e5458a81d9\/43e999cf470f3102cb744d1dc91668e8.jpg?q=80&#038;fit=crop&#038;w=300&#038;h=210&#038;v=1&#038;duotone=40000000,BD000000&#038;duotone-alpha=55&#038;);\">                            <div class=\"a-card__date-wrapper a-card--event__date-wrapper\" style=\"background-image:url();\">                <img decoding=\"async\" class=\"a-card__date-container a-card--event__date-container\" src=\"https:\/\/www.visitvarmland.com\/app\/themes\/a-theme\/assets\/icons\/event-date-background.svg\" \/>\n                        <div class=\"a-card__date a-card--event__date\"><span class=\"day\">03<\/span><span class=\"month\">sep.<\/span><span class=\"year\">2026<\/span><\/div>\n                        <\/div>\n                        <\/div>\n                        <div class=\"a-card__rightcol1 a-card--event__rightcol1\" style=\"background-image:url();\">                            <h2 class=\"a-card__title2 a-card--event__title2\"><a data-no-translation href=\"https:\/\/www.visitvarmland.com\/kristinehamn\/evenemang\/musik\/hannibal-jarrah-quartet\">Hannibal Jarrah Quartet<\/a><\/h2>\n                        <div class=\"a-card__content a-card--event__content\">Hannibal Jarrah Quartet g\u00e4star Mastmagasinet i Kristinehamn tillsammans&hellip;<\/div>\n                        <\/div>\n                        <div class=\"a-card__rightcol2 a-card--event__rightcol2\" style=\"background-image:url();\">                            <div class=\"a-card__location a-card--event__location\"><i class=\"fal fa-map-marker-alt\"><\/i><p>Restaurang Mastmagasinet, Kristinehamn<\/p><\/div>\n                        <div class=\"a-card__time a-card--event__time\"><i class=\"fal fa-clock\"><\/i><p>19:30<\/p><\/div>\n                        <div class=\"a-card__type-of-event a-card--event__type-of-event\">Musik<\/div>\n                        <\/div>\n            <\/article><!-- Card wrapper -->\n<article class=\"a-card a-card--event\" link-finder     >\n                <div class=\"a-card__left a-card--event__left has-bg-image\" style=\"background-image:url(https:\/\/img.turid.visitvarmland.com\/e9b6a00c-c920-4525-8493-032fc3a062c8\/image2-1.jpg?q=80&#038;fit=crop&#038;w=300&#038;h=210&#038;v=1&#038;duotone=40000000,BD000000&#038;duotone-alpha=55&#038;);\">                            <div class=\"a-card__date-wrapper a-card--event__date-wrapper\" style=\"background-image:url();\">                <img decoding=\"async\" class=\"a-card__date-container a-card--event__date-container\" src=\"https:\/\/www.visitvarmland.com\/app\/themes\/a-theme\/assets\/icons\/event-date-background.svg\" \/>\n                        <div class=\"a-card__date a-card--event__date\"><span class=\"day\">03<\/span><span class=\"month\">sep.<\/span><span class=\"year\">2026<\/span><\/div>\n                        <\/div>\n                        <\/div>\n                        <div class=\"a-card__rightcol1 a-card--event__rightcol1\" style=\"background-image:url();\">                            <h2 class=\"a-card__title2 a-card--event__title2\"><a data-no-translation href=\"https:\/\/www.visitvarmland.com\/kristinehamn\/evenemang\/utstallning\/maleri-av-sigvat-kildal\">M\u00e5leri av Sigvat Kildal<\/a><\/h2>\n                        <div class=\"a-card__content a-card--event__content\">Se m\u00e5lningar av den norskf\u00f6dde konstn\u00e4ren Sigvat Kildal,&hellip;<\/div>\n                        <\/div>\n                        <div class=\"a-card__rightcol2 a-card--event__rightcol2\" style=\"background-image:url();\">                            <div class=\"a-card__location a-card--event__location\"><i class=\"fal fa-map-marker-alt\"><\/i><p>Kaf\u00e9 Kanel, Kristinehamn<\/p><\/div>\n                        <div class=\"a-card__repeating_dates a-card--event__repeating_dates\"><i class=\"fal fa-calendar\"><\/i><p>3 sep. \u2013 3 okt. <\/p><\/div>\n                        <div class=\"a-card__type-of-event a-card--event__type-of-event\">Utst\u00e4llning<\/div>\n                        <\/div>\n            <\/article><!-- Card wrapper -->\n<article class=\"a-card a-card--event\" link-finder     >\n                <div class=\"a-card__left a-card--event__left has-bg-image\" style=\"background-image:url(https:\/\/img.turid.visitvarmland.com\/89724bc5-18f7-4b7c-add3-00e710201444\/monica.jpg?q=80&#038;fit=crop&#038;w=300&#038;h=210&#038;v=1&#038;duotone=40000000,BD000000&#038;duotone-alpha=55&#038;);\">                            <div class=\"a-card__date-wrapper a-card--event__date-wrapper\" style=\"background-image:url();\">                <img decoding=\"async\" class=\"a-card__date-container a-card--event__date-container\" src=\"https:\/\/www.visitvarmland.com\/app\/themes\/a-theme\/assets\/icons\/event-date-background.svg\" \/>\n                        <div class=\"a-card__date a-card--event__date\"><span class=\"day\">04<\/span><span class=\"month\">sep.<\/span><span class=\"year\">2026<\/span><\/div>\n                        <\/div>\n                        <\/div>\n                        <div class=\"a-card__rightcol1 a-card--event__rightcol1\" style=\"background-image:url();\">                            <h2 class=\"a-card__title2 a-card--event__title2\"><a data-no-translation href=\"https:\/\/www.visitvarmland.com\/kristinehamn\/evenemang\/utstallning\/gunnar-och-monica-fredberg\">Gunnar och Monica Fredberg<\/a><\/h2>\n                        <div class=\"a-card__content a-card--event__content\">I Galleri V\u00e5gen, Kristinehamn, visas utst\u00e4llningen &#8221;Med kameran&hellip;<\/div>\n                        <\/div>\n                        <div class=\"a-card__rightcol2 a-card--event__rightcol2\" style=\"background-image:url();\">                            <div class=\"a-card__location a-card--event__location\"><i class=\"fal fa-map-marker-alt\"><\/i><p>Galleri V\u00e5gen, Kristinehamn<\/p><\/div>\n                        <div class=\"a-card__repeating_dates a-card--event__repeating_dates\"><i class=\"fal fa-calendar\"><\/i><p>4 sep. \u2013 19 sep. <\/p><\/div>\n                        <div class=\"a-card__type-of-event a-card--event__type-of-event\">Utst\u00e4llning<\/div>\n                        <\/div>\n            <\/article><!-- Card wrapper -->\n<article class=\"a-card a-card--event\" link-finder     >\n                <div class=\"a-card__left a-card--event__left has-bg-image\" style=\"background-image:url(https:\/\/img.turid.visitvarmland.com\/8d2400c1-7aab-4334-b5b3-9ec88353778c\/558262725-1501194698210935-1389550767829014878-n-1.jpg?q=80&#038;fit=crop&#038;w=300&#038;h=210&#038;v=1&#038;duotone=40000000,BD000000&#038;duotone-alpha=55&#038;);\">                            <div class=\"a-card__date-wrapper a-card--event__date-wrapper\" style=\"background-image:url();\">                <img decoding=\"async\" class=\"a-card__date-container a-card--event__date-container\" src=\"https:\/\/www.visitvarmland.com\/app\/themes\/a-theme\/assets\/icons\/event-date-background.svg\" \/>\n                        <div class=\"a-card__date a-card--event__date\"><span class=\"day\">04<\/span><span class=\"month\">sep.<\/span><span class=\"year\">2026<\/span><\/div>\n                        <\/div>\n                        <\/div>\n                        <div class=\"a-card__rightcol1 a-card--event__rightcol1\" style=\"background-image:url();\">                            <h2 class=\"a-card__title2 a-card--event__title2\"><a data-no-translation href=\"https:\/\/www.visitvarmland.com\/kristinehamn\/evenemang\/musik\/trivselorkestern-2\">Trivselorkestern<\/a><\/h2>\n                        <div class=\"a-card__content a-card--event__content\">Det erfarna coverbandet Trivselorkestern tar plats p\u00e5 scenen&hellip;<\/div>\n                        <\/div>\n                        <div class=\"a-card__rightcol2 a-card--event__rightcol2\" style=\"background-image:url();\">                            <div class=\"a-card__location a-card--event__location\"><i class=\"fal fa-map-marker-alt\"><\/i><p>King Street Bar, Kristinehamn<\/p><\/div>\n                        <div class=\"a-card__type-of-event a-card--event__type-of-event\">Musik<\/div>\n                        <\/div>\n            <\/article><!-- Card wrapper -->\n<article class=\"a-card a-card--event\" link-finder     >\n                <div class=\"a-card__left a-card--event__left has-bg-image\" style=\"background-image:url(https:\/\/img.turid.visitvarmland.com\/ec4072d7-16f0-4dd3-a2a9-4b91c1e0eab7\/ifk-olme-2025.jpg?q=80&#038;fit=crop&#038;w=300&#038;h=210&#038;v=1&#038;duotone=40000000,BD000000&#038;duotone-alpha=55&#038;);\">                            <div class=\"a-card__date-wrapper a-card--event__date-wrapper\" style=\"background-image:url();\">                <img decoding=\"async\" class=\"a-card__date-container a-card--event__date-container\" src=\"https:\/\/www.visitvarmland.com\/app\/themes\/a-theme\/assets\/icons\/event-date-background.svg\" \/>\n                        <div class=\"a-card__date a-card--event__date\"><span class=\"day\">04<\/span><span class=\"month\">sep.<\/span><span class=\"year\">2026<\/span><\/div>\n                        <\/div>\n                        <\/div>\n                        <div class=\"a-card__rightcol1 a-card--event__rightcol1\" style=\"background-image:url();\">                            <h2 class=\"a-card__title2 a-card--event__title2\"><a data-no-translation href=\"https:\/\/www.visitvarmland.com\/kristinehamn\/evenemang\/sport-motion-och-halsa\/ifk-olme-a-lag-herr\">IFK \u00d6lme A-lag Herr<\/a><\/h2>\n                        <div class=\"a-card__content a-card--event__content\">IFK \u00d6lme A-laget f\u00f6r herrar spelar under 2026&hellip;<\/div>\n                        <\/div>\n                        <div class=\"a-card__rightcol2 a-card--event__rightcol2\" style=\"background-image:url();\">                            <div class=\"a-card__location a-card--event__location\"><i class=\"fal fa-map-marker-alt\"><\/i><p>\u00d6lme IP, Kristinehamn<\/p><\/div>\n                        <div class=\"a-card__repeating_dates a-card--event__repeating_dates\"><i class=\"fal fa-calendar\"><\/i><p>4 sep. \u2013 20 sep. <\/p><\/div>\n                        <div class=\"a-card__type-of-event a-card--event__type-of-event\">Sport, motion och h\u00e4lsa<\/div>\n                        <\/div>\n            <\/article><!-- Card wrapper -->\n<article class=\"a-card a-card--event\" link-finder     >\n                <div class=\"a-card__left a-card--event__left has-bg-image\" style=\"background-image:url(https:\/\/img.turid.visitvarmland.com\/f9a1a668-71ba-40e1-b8be-faf57d2da2c5\/img-0569.jpg?q=80&#038;fit=crop&#038;w=300&#038;h=210&#038;v=1&#038;duotone=40000000,BD000000&#038;duotone-alpha=55&#038;);\">                            <div class=\"a-card__date-wrapper a-card--event__date-wrapper\" style=\"background-image:url();\">                <img decoding=\"async\" class=\"a-card__date-container a-card--event__date-container\" src=\"https:\/\/www.visitvarmland.com\/app\/themes\/a-theme\/assets\/icons\/event-date-background.svg\" \/>\n                        <div class=\"a-card__date a-card--event__date\"><span class=\"day\">05<\/span><span class=\"month\">sep.<\/span><span class=\"year\">2026<\/span><\/div>\n                        <\/div>\n                        <\/div>\n                        <div class=\"a-card__rightcol1 a-card--event__rightcol1\" style=\"background-image:url();\">                            <h2 class=\"a-card__title2 a-card--event__title2\"><a data-no-translation href=\"https:\/\/www.visitvarmland.com\/kristinehamn\/evenemang\/marknad-massa-auktion-och-loppis\/loppisdag-2\">Loppisdag<\/a><\/h2>\n                        <div class=\"a-card__content a-card--event__content\">Nu blir det loppisdag i Kristinehamn d\u00e4r de&hellip;<\/div>\n                        <\/div>\n                        <div class=\"a-card__rightcol2 a-card--event__rightcol2\" style=\"background-image:url();\">                            <div class=\"a-card__location a-card--event__location\"><i class=\"fal fa-map-marker-alt\"><\/i><p>Kristinehamn, Kristinehamn<\/p><\/div>\n                        <div class=\"a-card__time a-card--event__time\"><i class=\"fal fa-clock\"><\/i><p>10:00<\/p><\/div>\n                        <div class=\"a-card__type-of-event a-card--event__type-of-event\">Marknad, m\u00e4ssa, auktion och loppis<\/div>\n                        <\/div>\n            <\/article><!-- Card wrapper -->\n<article class=\"a-card a-card--event\" link-finder     >\n                <div class=\"a-card__left a-card--event__left has-bg-image\" style=\"background-image:url(https:\/\/img.turid.visitvarmland.com\/74cd21d7-b6e3-4918-bae2-0ab2ff3c87a0\/pride.png?q=80&#038;fit=crop&#038;w=300&#038;h=210&#038;v=1&#038;duotone=40000000,BD000000&#038;duotone-alpha=55&#038;);\">                            <div class=\"a-card__date-wrapper a-card--event__date-wrapper\" style=\"background-image:url();\">                <img decoding=\"async\" class=\"a-card__date-container a-card--event__date-container\" src=\"https:\/\/www.visitvarmland.com\/app\/themes\/a-theme\/assets\/icons\/event-date-background.svg\" \/>\n                        <div class=\"a-card__date a-card--event__date\"><span class=\"day\">05<\/span><span class=\"month\">sep.<\/span><span class=\"year\">2026<\/span><\/div>\n                        <\/div>\n                        <\/div>\n                        <div class=\"a-card__rightcol1 a-card--event__rightcol1\" style=\"background-image:url();\">                            <h2 class=\"a-card__title2 a-card--event__title2\"><a data-no-translation href=\"https:\/\/www.visitvarmland.com\/kristinehamn\/evenemang\/barn-2\/pride-fest\">Pride-fest<\/a><\/h2>\n                        <div class=\"a-card__content a-card--event__content\">Du \u00e4r v\u00e4lkommen p\u00e5 pride-fest under bibliotekets Lustiga&hellip;<\/div>\n                        <\/div>\n                        <div class=\"a-card__rightcol2 a-card--event__rightcol2\" style=\"background-image:url();\">                            <div class=\"a-card__location a-card--event__location\"><i class=\"fal fa-map-marker-alt\"><\/i><p>Kristinehamns bibliotek, Kristinehamn<\/p><\/div>\n                        <div class=\"a-card__time a-card--event__time\"><i class=\"fal fa-clock\"><\/i><p>10:00<\/p><\/div>\n                        <div class=\"a-card__type-of-event a-card--event__type-of-event\">Barn<\/div>\n                        <\/div>\n            <\/article><!-- Card wrapper -->\n<article class=\"a-card a-card--event\" link-finder     >\n                <div class=\"a-card__left a-card--event__left has-bg-image\" style=\"background-image:url(https:\/\/img.turid.visitvarmland.com\/34a2b66e-97a0-42a2-92c3-3d280a5f4498\/mp20801359-fotboll.jpg?q=80&#038;fit=crop&#038;w=300&#038;h=210&#038;v=1&#038;duotone=40000000,BD000000&#038;duotone-alpha=55&#038;);\">                            <div class=\"a-card__date-wrapper a-card--event__date-wrapper\" style=\"background-image:url();\">                <img decoding=\"async\" class=\"a-card__date-container a-card--event__date-container\" src=\"https:\/\/www.visitvarmland.com\/app\/themes\/a-theme\/assets\/icons\/event-date-background.svg\" \/>\n                        <div class=\"a-card__date a-card--event__date\"><span class=\"day\">05<\/span><span class=\"month\">sep.<\/span><span class=\"year\">2026<\/span><\/div>\n                        <\/div>\n                        <\/div>\n                        <div class=\"a-card__rightcol1 a-card--event__rightcol1\" style=\"background-image:url();\">                            <h2 class=\"a-card__title2 a-card--event__title2\"><a data-no-translation href=\"https:\/\/www.visitvarmland.com\/kristinehamn\/evenemang\/sport-motion-och-halsa\/ifk-kristinehamn-a-lag-dam-2\">IFK Kristinehamn A-lag dam<\/a><\/h2>\n                        <div class=\"a-card__content a-card--event__content\">Kom och heja fram IFK Kristinehamn till seger&hellip;<\/div>\n                        <\/div>\n                        <div class=\"a-card__rightcol2 a-card--event__rightcol2\" style=\"background-image:url();\">                            <div class=\"a-card__location a-card--event__location\"><i class=\"fal fa-map-marker-alt\"><\/i><p>Sannavallen, Kristinehamn<\/p><\/div>\n                        <div class=\"a-card__repeating_dates a-card--event__repeating_dates\"><i class=\"fal fa-calendar\"><\/i><p>5 sep. \u2013 26 sep. <\/p><\/div>\n                        <div class=\"a-card__type-of-event a-card--event__type-of-event\">Sport, motion och h\u00e4lsa<\/div>\n                        <\/div>\n            <\/article><!-- Card wrapper -->\n<article class=\"a-card a-card--event\" link-finder     >\n                <div class=\"a-card__left a-card--event__left has-bg-image\" style=\"background-image:url(https:\/\/img.turid.visitvarmland.com\/5d25b70c-7a64-4dde-8a99-8c200955b331\/torpasen1-1.jpg?q=80&#038;fit=crop&#038;w=300&#038;h=210&#038;v=1&#038;duotone=40000000,BD000000&#038;duotone-alpha=55&#038;);\">                            <div class=\"a-card__date-wrapper a-card--event__date-wrapper\" style=\"background-image:url();\">                <img decoding=\"async\" class=\"a-card__date-container a-card--event__date-container\" src=\"https:\/\/www.visitvarmland.com\/app\/themes\/a-theme\/assets\/icons\/event-date-background.svg\" \/>\n                        <div class=\"a-card__date a-card--event__date\"><span class=\"day\">05<\/span><span class=\"month\">sep.<\/span><span class=\"year\">2026<\/span><\/div>\n                        <\/div>\n                        <\/div>\n                        <div class=\"a-card__rightcol1 a-card--event__rightcol1\" style=\"background-image:url();\">                            <h2 class=\"a-card__title2 a-card--event__title2\"><a data-no-translation href=\"https:\/\/www.visitvarmland.com\/kristinehamn\/evenemang\/musik\/rakfrossa-med-musikunderhallning\">R\u00e4kfrossa med musikunderh\u00e5llning<\/a><\/h2>\n                        <div class=\"a-card__content a-card--event__content\">Njut av r\u00e4kfrossa med tillbeh\u00f6r och musikunderh\u00e5llning vid&hellip;<\/div>\n                        <\/div>\n                        <div class=\"a-card__rightcol2 a-card--event__rightcol2\" style=\"background-image:url();\">                            <div class=\"a-card__location a-card--event__location\"><i class=\"fal fa-map-marker-alt\"><\/i><p>Torp\u00e5sens bygdeg\u00e5rd, Kristinehamn<\/p><\/div>\n                        <div class=\"a-card__time a-card--event__time\"><i class=\"fal fa-clock\"><\/i><p>19:00<\/p><\/div>\n                        <div class=\"a-card__type-of-event a-card--event__type-of-event\">Musik<\/div>\n                        <\/div>\n            <\/article><!-- Card wrapper -->\n<article class=\"a-card a-card--event\" link-finder     >\n                <div class=\"a-card__left a-card--event__left has-bg-image\" style=\"background-image:url(https:\/\/img.turid.visitvarmland.com\/5fba7842-5759-4a11-a91d-7b1c7b034861\/utsikt-en-tidig-hostlig-morgon-foto-bernt-magnussondsc-0074.jpg?q=80&#038;fit=crop&#038;w=300&#038;h=210&#038;v=1&#038;duotone=40000000,BD000000&#038;duotone-alpha=55&#038;);\">                            <div class=\"a-card__date-wrapper a-card--event__date-wrapper\" style=\"background-image:url();\">                <img decoding=\"async\" class=\"a-card__date-container a-card--event__date-container\" src=\"https:\/\/www.visitvarmland.com\/app\/themes\/a-theme\/assets\/icons\/event-date-background.svg\" \/>\n                        <div class=\"a-card__date a-card--event__date\"><span class=\"day\">06<\/span><span class=\"month\">sep.<\/span><span class=\"year\">2026<\/span><\/div>\n                        <\/div>\n                        <\/div>\n                        <div class=\"a-card__rightcol1 a-card--event__rightcol1\" style=\"background-image:url();\">                            <h2 class=\"a-card__title2 a-card--event__title2\"><a data-no-translation href=\"https:\/\/www.visitvarmland.com\/kristinehamn\/evenemang\/sport-motion-och-halsa\/brastraffen-2\">Brastr\u00e4ffen<\/a><\/h2>\n                        <div class=\"a-card__content a-card--event__content\">Delta i tipspromenad, grilla korv och var med&hellip;<\/div>\n                        <\/div>\n                        <div class=\"a-card__rightcol2 a-card--event__rightcol2\" style=\"background-image:url();\">                            <div class=\"a-card__location a-card--event__location\"><i class=\"fal fa-map-marker-alt\"><\/i><p>Kristinehamn, Kristinehamn<\/p><\/div>\n                        <div class=\"a-card__repeating_dates a-card--event__repeating_dates\"><i class=\"fal fa-calendar\"><\/i><p>6 sep. \u2013 22 nov. <\/p><\/div>\n                        <div class=\"a-card__type-of-event a-card--event__type-of-event\">Sport, motion och h\u00e4lsa<\/div>\n                        <\/div>\n            <\/article><!-- Card wrapper -->\n<article class=\"a-card a-card--event\" link-finder     >\n                <div class=\"a-card__left a-card--event__left has-bg-image\" style=\"background-image:url(https:\/\/img.turid.visitvarmland.com\/4063bb75-1b1c-427f-9340-d33aeb947bbe\/las-kul.jpg?q=80&#038;fit=crop&#038;w=300&#038;h=210&#038;v=1&#038;duotone=40000000,BD000000&#038;duotone-alpha=55&#038;);\">                            <div class=\"a-card__date-wrapper a-card--event__date-wrapper\" style=\"background-image:url();\">                <img decoding=\"async\" class=\"a-card__date-container a-card--event__date-container\" src=\"https:\/\/www.visitvarmland.com\/app\/themes\/a-theme\/assets\/icons\/event-date-background.svg\" \/>\n                        <div class=\"a-card__date a-card--event__date\"><span class=\"day\">08<\/span><span class=\"month\">sep.<\/span><span class=\"year\">2026<\/span><\/div>\n                        <\/div>\n                        <\/div>\n                        <div class=\"a-card__rightcol1 a-card--event__rightcol1\" style=\"background-image:url();\">                            <h2 class=\"a-card__title2 a-card--event__title2\"><a data-no-translation href=\"https:\/\/www.visitvarmland.com\/kristinehamn\/evenemang\/barn-2\/las-kul\">L\u00e4s-Kul<\/a><\/h2>\n                        <div class=\"a-card__content a-card--event__content\">Bokcirkel f\u00f6r dig mellan 6-9 \u00e5r. Vi l\u00e4ser&hellip;<\/div>\n                        <\/div>\n                        <div class=\"a-card__rightcol2 a-card--event__rightcol2\" style=\"background-image:url();\">                            <div class=\"a-card__location a-card--event__location\"><i class=\"fal fa-map-marker-alt\"><\/i><p>Bibliotekets samlingsrum, Kristinehamn<\/p><\/div>\n                        <div class=\"a-card__repeating_dates a-card--event__repeating_dates\"><i class=\"fal fa-calendar\"><\/i><p>8 sep. \u2013 3 nov. <\/p><\/div>\n                        <div class=\"a-card__type-of-event a-card--event__type-of-event\">Barn<\/div>\n                        <\/div>\n            <\/article><!-- Card wrapper -->\n<article class=\"a-card a-card--event\" link-finder     >\n                <div class=\"a-card__left a-card--event__left has-bg-image\" style=\"background-image:url(https:\/\/img.turid.visitvarmland.com\/e85f7c05-363d-423c-9a53-484c4d85e9d7\/skarmbild-2026-08-24-162221.png?q=80&#038;fit=crop&#038;w=300&#038;h=210&#038;v=1&#038;duotone=40000000,BD000000&#038;duotone-alpha=55&#038;);\">                            <div class=\"a-card__date-wrapper a-card--event__date-wrapper\" style=\"background-image:url();\">                <img decoding=\"async\" class=\"a-card__date-container a-card--event__date-container\" src=\"https:\/\/www.visitvarmland.com\/app\/themes\/a-theme\/assets\/icons\/event-date-background.svg\" \/>\n                        <div class=\"a-card__date a-card--event__date\"><span class=\"day\">08<\/span><span class=\"month\">sep.<\/span><span class=\"year\">2026<\/span><\/div>\n                        <\/div>\n                        <\/div>\n                        <div class=\"a-card__rightcol1 a-card--event__rightcol1\" style=\"background-image:url();\">                            <h2 class=\"a-card__title2 a-card--event__title2\"><a data-no-translation href=\"https:\/\/www.visitvarmland.com\/kristinehamn\/evenemang\/barn-2\/sagostund-pa-arabiska\">\u062d\u0643\u0627\u064a\u0627\u062a \u0628\u0627\u0644\u0644\u063a\u0629 \u0627\u0644\u0639\u0631\u0628\u064a\u0629 Sagostund p\u00e5 arabiska!<\/a><\/h2>\n                        <div class=\"a-card__content a-card--event__content\">Zein l\u00e4ser h\u00f6gt p\u00e5 arabiska. Passar barn fr\u00e5n&hellip;<\/div>\n                        <\/div>\n                        <div class=\"a-card__rightcol2 a-card--event__rightcol2\" style=\"background-image:url();\">                            <div class=\"a-card__location a-card--event__location\"><i class=\"fal fa-map-marker-alt\"><\/i><p>Bibliotekets samlingsrum, Kristinehamn<\/p><\/div>\n                        <div class=\"a-card__repeating_dates a-card--event__repeating_dates\"><i class=\"fal fa-calendar\"><\/i><p>8 sep. \u2013 29 sep. <\/p><\/div>\n                        <div class=\"a-card__type-of-event a-card--event__type-of-event\">Barn<\/div>\n                        <\/div>\n            <\/article><!-- Card wrapper -->\n<article class=\"a-card a-card--event\" link-finder     >\n                <div class=\"a-card__left a-card--event__left has-bg-image\" style=\"background-image:url(https:\/\/img.turid.visitvarmland.com\/a34fdef4-18e7-4f18-8536-f06e0866e024\/affisch-mats-h-ban-7359-39.jpg?q=80&#038;fit=crop&#038;w=300&#038;h=210&#038;v=1&#038;duotone=40000000,BD000000&#038;duotone-alpha=55&#038;);\">                            <div class=\"a-card__date-wrapper a-card--event__date-wrapper\" style=\"background-image:url();\">                <img decoding=\"async\" class=\"a-card__date-container a-card--event__date-container\" src=\"https:\/\/www.visitvarmland.com\/app\/themes\/a-theme\/assets\/icons\/event-date-background.svg\" \/>\n                        <div class=\"a-card__date a-card--event__date\"><span class=\"day\">09<\/span><span class=\"month\">sep.<\/span><span class=\"year\">2026<\/span><\/div>\n                        <\/div>\n                        <\/div>\n                        <div class=\"a-card__rightcol1 a-card--event__rightcol1\" style=\"background-image:url();\">                            <h2 class=\"a-card__title2 a-card--event__title2\"><a data-no-translation href=\"https:\/\/www.visitvarmland.com\/kristinehamn\/evenemang\/utstallning\/utstallning-till-minne-av-mats-holmstrand\">Utst\u00e4llning till minne av Mats Holmstrand<\/a><\/h2>\n                        <div class=\"a-card__content a-card--event__content\">Fotografier fr\u00e5n en av Kristinehamns st\u00f6rsta fotografer genom&hellip;<\/div>\n                        <\/div>\n                        <div class=\"a-card__rightcol2 a-card--event__rightcol2\" style=\"background-image:url();\">                            <div class=\"a-card__location a-card--event__location\"><i class=\"fal fa-map-marker-alt\"><\/i><p>Kristinehamns bildarkiv, Kristinehamn<\/p><\/div>\n                        <div class=\"a-card__repeating_dates a-card--event__repeating_dates\"><i class=\"fal fa-calendar\"><\/i><p>9 sep. \u2013 30 sep. <\/p><\/div>\n                        <div class=\"a-card__type-of-event a-card--event__type-of-event\">Utst\u00e4llning<\/div>\n                        <\/div>\n            <\/article><!-- Card wrapper -->\n<article class=\"a-card a-card--event\" link-finder     >\n                <div class=\"a-card__left a-card--event__left has-bg-image\" style=\"background-image:url(https:\/\/img.turid.visitvarmland.com\/cd95f62d-3483-4722-a8ed-64b6c0f26c3a\/skarmbild-2026-08-17-153419.png?q=80&#038;fit=crop&#038;w=300&#038;h=210&#038;v=1&#038;duotone=40000000,BD000000&#038;duotone-alpha=55&#038;);\">                            <div class=\"a-card__date-wrapper a-card--event__date-wrapper\" style=\"background-image:url();\">                <img decoding=\"async\" class=\"a-card__date-container a-card--event__date-container\" src=\"https:\/\/www.visitvarmland.com\/app\/themes\/a-theme\/assets\/icons\/event-date-background.svg\" \/>\n                        <div class=\"a-card__date a-card--event__date\"><span class=\"day\">09<\/span><span class=\"month\">sep.<\/span><span class=\"year\">2026<\/span><\/div>\n                        <\/div>\n                        <\/div>\n                        <div class=\"a-card__rightcol1 a-card--event__rightcol1\" style=\"background-image:url();\">                            <h2 class=\"a-card__title2 a-card--event__title2\"><a data-no-translation href=\"https:\/\/www.visitvarmland.com\/kristinehamn\/evenemang\/barn-2\/demokratipyssel\">Demokratipyssel<\/a><\/h2>\n                        <div class=\"a-card__content a-card--event__content\">Vad tycker du \u00e4r viktigt? Kanske vill du&hellip;<\/div>\n                        <\/div>\n                        <div class=\"a-card__rightcol2 a-card--event__rightcol2\" style=\"background-image:url();\">                            <div class=\"a-card__location a-card--event__location\"><i class=\"fal fa-map-marker-alt\"><\/i><p>Bibliotekets pysselrum, Kristinehamn<\/p><\/div>\n                        <div class=\"a-card__repeating_dates a-card--event__repeating_dates\"><i class=\"fal fa-calendar\"><\/i><p>9 sep. \u2013 10 sep. <\/p><\/div>\n                        <div class=\"a-card__type-of-event a-card--event__type-of-event\">Barn<\/div>\n                        <\/div>\n            <\/article><!-- Card wrapper -->\n<article class=\"a-card a-card--event\" link-finder     >\n                <div class=\"a-card__left a-card--event__left has-bg-image\" style=\"background-image:url(https:\/\/img.turid.visitvarmland.com\/43c69854-ee17-4f6a-b9bb-c507ea86da52\/mastmagasinet.jpg?q=80&#038;fit=crop&#038;w=300&#038;h=210&#038;v=1&#038;duotone=40000000,BD000000&#038;duotone-alpha=55&#038;);\">                            <div class=\"a-card__date-wrapper a-card--event__date-wrapper\" style=\"background-image:url();\">                <img decoding=\"async\" class=\"a-card__date-container a-card--event__date-container\" src=\"https:\/\/www.visitvarmland.com\/app\/themes\/a-theme\/assets\/icons\/event-date-background.svg\" \/>\n                        <div class=\"a-card__date a-card--event__date\"><span class=\"day\">11<\/span><span class=\"month\">sep.<\/span><span class=\"year\">2026<\/span><\/div>\n                        <\/div>\n                        <\/div>\n                        <div class=\"a-card__rightcol1 a-card--event__rightcol1\" style=\"background-image:url();\">                            <h2 class=\"a-card__title2 a-card--event__title2\"><a data-no-translation href=\"https:\/\/www.visitvarmland.com\/kristinehamn\/evenemang\/mat-och-dryck\/skaldjurskvall-pa-mastmagasinet\">Skaldjurskv\u00e4ll p\u00e5 Mastmagasinet<\/a><\/h2>\n                        <div class=\"a-card__content a-card--event__content\">Njut av 1,2 kg skaldjur per person och&hellip;<\/div>\n                        <\/div>\n                        <div class=\"a-card__rightcol2 a-card--event__rightcol2\" style=\"background-image:url();\">                            <div class=\"a-card__time a-card--event__time\"><i class=\"fal fa-clock\"><\/i><p>17:00<\/p><\/div>\n                        <div class=\"a-card__type-of-event a-card--event__type-of-event\">Mat och dryck<\/div>\n                        <\/div>\n            <\/article><!-- Card wrapper -->\n<article class=\"a-card a-card--event\" link-finder     >\n                <div class=\"a-card__left a-card--event__left has-bg-image\" style=\"background-image:url(https:\/\/img.turid.visitvarmland.com\/009c9f64-1377-45ca-ba4f-f0989ddcb32d\/mp2737698-fotboll.jpg?q=80&#038;fit=crop&#038;w=300&#038;h=210&#038;v=1&#038;duotone=40000000,BD000000&#038;duotone-alpha=55&#038;);\">                            <div class=\"a-card__date-wrapper a-card--event__date-wrapper\" style=\"background-image:url();\">                <img decoding=\"async\" class=\"a-card__date-container a-card--event__date-container\" src=\"https:\/\/www.visitvarmland.com\/app\/themes\/a-theme\/assets\/icons\/event-date-background.svg\" \/>\n                        <div class=\"a-card__date a-card--event__date\"><span class=\"day\">11<\/span><span class=\"month\">sep.<\/span><span class=\"year\">2026<\/span><\/div>\n                        <\/div>\n                        <\/div>\n                        <div class=\"a-card__rightcol1 a-card--event__rightcol1\" style=\"background-image:url();\">                            <h2 class=\"a-card__title2 a-card--event__title2\"><a data-no-translation href=\"https:\/\/www.visitvarmland.com\/kristinehamn\/evenemang\/sport-motion-och-halsa\/ifk-kristinehamn-a-lag-herr-2\">IFK Kristinehamn A-lag herr<\/a><\/h2>\n                        <div class=\"a-card__content a-card--event__content\">Kom och heja fram IFK Kristinehamn till seger&hellip;<\/div>\n                        <\/div>\n                        <div class=\"a-card__rightcol2 a-card--event__rightcol2\" style=\"background-image:url();\">                            <div class=\"a-card__location a-card--event__location\"><i class=\"fal fa-map-marker-alt\"><\/i><p>Sannavallen, Kristinehamn<\/p><\/div>\n                        <div class=\"a-card__repeating_dates a-card--event__repeating_dates\"><i class=\"fal fa-calendar\"><\/i><p>11 sep. \u2013 26 sep. <\/p><\/div>\n                        <div class=\"a-card__type-of-event a-card--event__type-of-event\">Sport, motion och h\u00e4lsa<\/div>\n                        <\/div>\n            <\/article>    <\/div>\n            <button class=\"hero-scroll-icon section-scroll-side\" aria-label=\"Next\" aria-hidden=\"true\" tabindex=\"-1\">\n            <div class=\"pre-icon-dot\"><\/div>\n            <div class=\"pre-icon-dot\"><\/div>\n            <i class=\"fal fa-long-arrow-down\" aria-hidden=\"true\"><\/i>\n        <\/button>\n        <button class=\"hero-scroll-icon section-scroll-side-left section-scroll-side-left-hidden\" aria-label=\"Previous\" aria-hidden=\"true\" tabindex=\"-1\">\n            <div class=\"pre-icon-dot\"><\/div>\n            <div class=\"pre-icon-dot\"><\/div>\n            <i class=\"fal fa-long-arrow-down\" aria-hidden=\"true\"><\/i>\n        <\/button>\n    <\/section>\n\n\n<\/div>\n\n\n\n<hr class=\"wp-block-separator has-css-opacity\" \/>\n\n\n\n<div class=\"wp-block-group atheme-wrapper--full\"><div class=\"wp-block-group__inner-container is-layout-flow wp-block-group-is-layout-flow\">\n<div class=\"wp-block-columns is-layout-flex wp-container-core-columns-is-layout-9d6595d7 wp-block-columns-is-layout-flex\">\n<div class=\"wp-block-column is-layout-flow wp-block-column-is-layout-flow\">\n<div class=\"wp-block-atheme-component-cta atheme-wrapper\"><div class=\"atheme-components-cta--decoration-right\"><\/div><div class=\"atheme-components-cta--decoration-left\"><\/div><div class=\"atheme-components-cta\" style=\"height:600px;min-height:300px;background-image:url( https:\/\/www.visitvarmland.com\/kristinehamn\/wp-content\/uploads\/sites\/13\/2024\/07\/BJ_Froding_juni2023-6.jpg );background-size:cover;background-position:center center;background-repeat:no-repeat;background-attachment:scroll\"><div class=\"atheme-components-cta--overlay\" style=\"opacity:0\"> <\/div><div class=\"atheme-components-cta--text\"><div><h3>Torgpumpen<\/h3><p>L\u00e4s Gustaf Fr\u00f6dings dikt och f\u00f6rest\u00e4ll dig livet runt pumpen.<\/p><div class=\"atheme-components-cta--text-border\"><\/div><\/div><\/div><\/div><\/div>\n<\/div>\n\n\n\n<div class=\"wp-block-column is-layout-flow wp-block-column-is-layout-flow\">\n<pre class=\"wp-block-verse\"><strong>Torgpumpen<\/strong>\n\"Pumpen frusar, \nvattnet brusar dovt och rusar i en s\u00e5. \nMitt i torgets solsken solar sig en skock av kjolar och med bytta, \nhink och flaska pigor komma, \npigor g\u00e5 k\u00e4rringar i tofflor traska och med bara f\u00f6tter kytta t\u00f6ser sm\u00e5\n\nSladder, \nslammer av madammer fjas och fniss av barn och pigor och som gigor, \nhorn lurar skvallerskurar f\u00f6ra oljud hela dan.\nGud bevare stan.\"<\/pre>\n\n\n\n<div style=\"height:48px\" aria-hidden=\"true\" class=\"wp-block-spacer\"><\/div>\n\n\n\n<p><strong><em>Dikten \u00e4r skriven av Gustaf Fr\u00f6ding<\/em><\/strong> och tros ha sitt ursprung fr\u00e5n pumpen som fanns p\u00e5 S\u00f6dra torget n\u00e4r Gustaf Fr\u00f6ding bodde i Kristinehamn 1867 &#8211; 1881. <br>Byggnaden finns fortfarande kvar.<\/p>\n\n\n\n<p>Torgpumpen kallas ocks\u00e5 f\u00f6r &#8221;Torgk\u00e4llan&#8221; och var en g\u00e5va fr\u00e5n konditor P.G. Lundgren \u00e5r 1847. Fr\u00e5n Kullk\u00e4llan ovanf\u00f6r Tallundens Folkets Park drog man en ledning gjord av urborrade timmerstockar ner till S\u00f6dra Torget d\u00e5 det vid 1800-talets mitt inte fanns n\u00e5gon bra vattenk\u00e4lla n\u00e4rmare innerstan. Den nya Torgk\u00e4llan gjorde vattnet l\u00e4ttillg\u00e4ngligt f\u00f6r stadens befolkning fr\u00e5n d\u00e5 att den blev f\u00e4rdig \u00e5r 1849 fram till 1900-talets b\u00f6rjan.<\/p>\n\n\n\n<p>Ungef\u00e4r 30 \u00e5r senare, 1881, uppf\u00f6rdes ett pumphus till h\u00f6ger om Torgk\u00e4llan p\u00e5 S\u00f6dra Torget. Liksom Torgk\u00e4llan var ocks\u00e5 denna donerad. Ingenj\u00f6ren Harald Asplund vid Mekaniska Verkstaden sk\u00e4nkte \u00e5nguppfodringsverket som det nya pumphuset byggdes kring. Detta pumphus skulle anv\u00e4ndas vid br\u00e4nder i staden. Dessv\u00e4rre funkade inte pumphuset vid storbranden \u00e5r 1893.<\/p>\n<\/div>\n<\/div>\n<\/div><\/div>\n\n\n\n<figure class=\"wp-block-gallery has-nested-images columns-default is-cropped wp-block-gallery-2 is-layout-flex wp-block-gallery-is-layout-flex\">\n<figure class=\"wp-block-image size-large\"><a href=\"https:\/\/www.visitvarmland.com\/kristinehamn\/tips-och-guider\/drottning-kristina-kristinehamns-urmoder\/\"><img loading=\"lazy\" decoding=\"async\" width=\"1024\" height=\"468\" data-id=\"8561\" src=\"https:\/\/www.visitvarmland.com\/kristinehamn\/wp-content\/uploads\/sites\/13\/2025\/07\/banner_webb-1024x468.jpg\" alt=\"\" class=\"wp-image-8561\" srcset=\"https:\/\/www.visitvarmland.com\/app\/uploads\/sites\/13\/2025\/07\/banner_webb-1024x468.jpg 1024w, https:\/\/www.visitvarmland.com\/app\/uploads\/sites\/13\/2025\/07\/banner_webb-300x137.jpg 300w, https:\/\/www.visitvarmland.com\/app\/uploads\/sites\/13\/2025\/07\/banner_webb-768x351.jpg 768w, https:\/\/www.visitvarmland.com\/app\/uploads\/sites\/13\/2025\/07\/banner_webb-1536x702.jpg 1536w, https:\/\/www.visitvarmland.com\/app\/uploads\/sites\/13\/2025\/07\/banner_webb-150x69.jpg 150w, https:\/\/www.visitvarmland.com\/app\/uploads\/sites\/13\/2025\/07\/banner_webb-600x274.jpg 600w, https:\/\/www.visitvarmland.com\/app\/uploads\/sites\/13\/2025\/07\/banner_webb.jpg 1750w\" sizes=\"auto, (max-width: 1024px) 100vw, 1024px\" \/><\/a><figcaption class=\"wp-element-caption\"><strong>Klicka p\u00e5 bilden f\u00f6r att l\u00e4sa texten &#8221;Kristinehamns urmoder&#8221;<\/strong><\/figcaption><\/figure>\n<\/figure>\n\n\n\n<div style=\"height:27px\" aria-hidden=\"true\" class=\"wp-block-spacer\"><\/div>\n\n\n\n<div style=\"height:27px\" aria-hidden=\"true\" class=\"wp-block-spacer\"><\/div>\n\n\n\n<div class=\"wp-block-atheme-component-action-button atheme-wrapper--action-button-single\"><a href=\"https:\/\/www.visitvarmland.com\/kristinehamn\" target=\"_self\" class=\"a-action a-action--arrow\" rel=\"noopener\"><span>Startsida Visitkristinehamn.se<\/span><\/a><\/div>\n\n\n\n<div class=\"wp-block-atheme-component-action-button atheme-wrapper--action-button-single\"><a href=\"https:\/\/www.visitvarmland.com\/kristinehamn\/inspiration-kristinehamn\/\" target=\"_self\" class=\"a-action a-action--arrow\" rel=\"noopener\"><span>Uppt\u00e4ck Kristinehamn<\/span><\/a><\/div>\n\n\n\n<div class=\"wp-block-atheme-component-action-button atheme-wrapper--action-button-single\"><a href=\"https:\/\/www.visitvarmland.com\/kristinehamn\/praktisk-information-for-dig-som-besoker-kristinehamn\/\" target=\"_self\" class=\"a-action a-action--arrow\" rel=\"noopener\"><span>Bra att veta<\/span><\/a><\/div>\n","protected":false},"excerpt":{"rendered":"<p>Kristinehamn &#8211; Staden som Picasso valde Kristinehamn &#8230; Kristinehamns Historia &#8211; fr\u00e5n handelsplats till modern sm\u00e5stad vid V\u00e4nern Kristinehamns historia str\u00e4cker sig l\u00e5ngt tillbaka i tiden, med sp\u00e5r av bos\u00e4ttningar redan under sten\u00e5ldern. Stadens utveckling tog dock fart p\u00e5 allvar vid den plats som en g\u00e5ng kallades Bro \u2013 en livlig handels- och m\u00f6tesplats vid [&hellip;]<\/p>\n","protected":false},"author":3,"featured_media":0,"parent":0,"menu_order":0,"comment_status":"closed","ping_status":"open","template":"","meta":{"_acf_changed":false,"footnotes":""},"class_list":["post-229","page","type-page","status-publish","hentry"],"acf":[],"lang":"sv","translations":{"sv":229,"en":5778},"pll_sync_post":[],"_links":{"self":[{"href":"https:\/\/www.visitvarmland.com\/kristinehamn\/wp-json\/wp\/v2\/pages\/229","targetHints":{"allow":["GET"]}}],"collection":[{"href":"https:\/\/www.visitvarmland.com\/kristinehamn\/wp-json\/wp\/v2\/pages"}],"about":[{"href":"https:\/\/www.visitvarmland.com\/kristinehamn\/wp-json\/wp\/v2\/types\/page"}],"author":[{"embeddable":true,"href":"https:\/\/www.visitvarmland.com\/kristinehamn\/wp-json\/wp\/v2\/users\/3"}],"replies":[{"embeddable":true,"href":"https:\/\/www.visitvarmland.com\/kristinehamn\/wp-json\/wp\/v2\/comments?post=229"}],"version-history":[{"count":10,"href":"https:\/\/www.visitvarmland.com\/kristinehamn\/wp-json\/wp\/v2\/pages\/229\/revisions"}],"predecessor-version":[{"id":10037,"href":"https:\/\/www.visitvarmland.com\/kristinehamn\/wp-json\/wp\/v2\/pages\/229\/revisions\/10037"}],"wp:attachment":[{"href":"https:\/\/www.visitvarmland.com\/kristinehamn\/wp-json\/wp\/v2\/media?parent=229"}],"curies":[{"name":"wp","href":"https:\/\/api.w.org\/{rel}","templated":true}]}}