{"id":868,"date":"2024-05-31T09:23:28","date_gmt":"2024-05-31T07:23:28","guid":{"rendered":"https:\/\/www.visitvarmland.com\/munkfors\/?page_id=868"},"modified":"2025-06-02T17:06:35","modified_gmt":"2025-06-02T15:06:35","slug":"startsida","status":"publish","type":"page","link":"https:\/\/www.visitvarmland.com\/munkfors\/en\/","title":{"rendered":"Startsida"},"content":{"rendered":"\n<div class=\"wp-block-buttons is-horizontal is-content-justification-center is-layout-flex wp-container-core-buttons-is-layout-499968f5 wp-block-buttons-is-layout-flex\">\n<div class=\"wp-block-button\"><a class=\"wp-block-button__link wp-element-button\" href=\"https:\/\/www.visitvarmland.com\/munkfors\/tema-aktiviteter\/fiska-i-munkfors\/\" style=\"border-radius:20px\">Fish<\/a><\/div>\n\n\n\n<div class=\"wp-block-button\"><a class=\"wp-block-button__link has-svart-color has-text-color wp-element-button\" href=\"https:\/\/www.visitvarmland.com\/munkfors\/?post_type=themepage&amp;p=369\" style=\"border-radius:20px\">Klar\u00e4lvsbanan<\/a><\/div>\n\n\n\n<div class=\"wp-block-button is-style-fill\"><a class=\"wp-block-button__link has-svart-color has-guld-background-color has-text-color has-background wp-element-button\" href=\"https:\/\/www.visitvarmland.com\/munkfors\/tema-aktiviteter\/vandra-i-munkfors\/\" style=\"border-radius:20px\">Hike<\/a><\/div>\n<\/div>\n\n\n\n\n<div class=\"ahteme-wrapper atheme-wrapper--full\">\n    <div class=\"atheme-components-news\">\n        <div class=\"atheme-components-news--content\">\n            <!-- Image Wrapper -->\n            <div id=\"aRiDzxUzYhai0NGa7_images\" class=\"atheme-components-news--content-images\">\n                                <div id=\"acnImg-29441\" class=\"atheme-components-news--content-images-image ac-display--block\" style=\"background-image: url('https:\/\/img.turid.visitvarmland.com\/b7ee217d-725b-41e3-88e3-cd0920d977a7\/bild5.jpg?q=80&#038;fit=contain&#038;w=1920&#038;h=1920&#038;')\"><\/div>\n                                <div id=\"acnImg-31840\" class=\"atheme-components-news--content-images-image \" style=\"background-image: url('https:\/\/img.turid.visitvarmland.com\/5e5139d1-a9a5-4fb7-be70-01e79a98bb3d\/utsikt-bastu-vagsjon-foto-sandra-nilsson-red.jpg?q=80&#038;fit=contain&#038;w=1920&#038;h=1920&#038;')\"><\/div>\n                                <div id=\"acnImg-67153\" class=\"atheme-components-news--content-images-image \" style=\"background-image: url('https:\/\/img.turid.visitvarmland.com\/legacy\/Munkfors\/simbass\u00e4ng_red%20Turid.jpeg?q=80&#038;fit=contain&#038;w=1920&#038;h=1920&#038;')\"><\/div>\n                                <div id=\"acnImg-100060\" class=\"atheme-components-news--content-images-image \" style=\"background-image: url('https:\/\/img.turid.visitvarmland.com\/3f713fbd-eb8f-4d9e-af76-a899170522d4\/padel-2-foto-munkfors-kommun.jpg?q=80&#038;fit=contain&#038;w=1920&#038;h=1920&#038;')\"><\/div>\n                                <div class=\"atheme-components-news--content-images-action\">\n                    <div class=\"atheme-news-action-btn\" onClick=\"aNewsShowBtn('aRiDzxUzYhai0NGa7_prev',100060)\"><i class=\"fal fa-chevron-left\"><\/i><\/div>\n                    <div class=\"atheme-news-action-btn\" onClick=\"aNewsShowBtn('aRiDzxUzYhai0NGa7_next'),100060\"><i class=\"fal fa-chevron-right\"><\/i><\/div>\n                <\/div>\n            <\/div>\n            <!-- .Image Wrapper -->\n\n            <!-- Text Wrapper -->\n            <div id=\"aRiDzxUzYhai0NGa7_items\" class=\"atheme-components-news--content-list\">\n                <div class=\"atheme-components-news--content-list-main-title\">\n                    <h3>Things to do in Munkfors-Rans\u00e4ter!<\/h3>\n                <\/div>\n                                <ul id=\"\" class=\"\">\n                                            <li id=\"acnPost-29441\" class=\"atheme-components-news--content-list-items ac-active--block\" onClick=\"aNewsShowBtn('aRiDzxUzYhai0NGa7_this',29441)\">\n                            <span class=\"atheme-components-news--content-list-title ac-display--block\">\n                                <span>\n                                    <span class=\"components-news-list-icon-wrapper\">\n                                        <span class=\"pre-icon-dot\"><\/span>\n                                        <span class=\"pre-icon-dot\"><\/span>\n                                        <i class=\"fal fa-long-arrow-right\"><\/i>\n                                    <\/span>\n                                    <p>Turridning p\u00e5 Kalvbergs\u00e5sens islandsh\u00e4star<\/p>\n                            <\/span>\n                            <\/span>\n                            <span class=\"atheme-components-news--content-list-content ac-display--block\">\n                                F\u00f6lj med p\u00e5 ett h\u00e4rligt natur\u00e4ventyr och upplev de&#8230;                                <a href=\"\/munkfors\/aktiviteter\/sport-motion-halsa\/turridning-pa-kalvbergsasens-islandshastar\">L\u00e4s mer<\/a>\n                            <\/span>\n                        <\/li>\n                                                <li id=\"acnPost-31840\" class=\"atheme-components-news--content-list-items \" onClick=\"aNewsShowBtn('aRiDzxUzYhai0NGa7_this',31840)\">\n                            <span class=\"atheme-components-news--content-list-title \">\n                                <span>\n                                    <span class=\"components-news-list-icon-wrapper\">\n                                        <span class=\"pre-icon-dot\"><\/span>\n                                        <span class=\"pre-icon-dot\"><\/span>\n                                        <i class=\"fal fa-long-arrow-right\"><\/i>\n                                    <\/span>\n                                    <p>Bastubad vid V\u00e5gsj\u00f6n<\/p>\n                            <\/span>\n                            <\/span>\n                            <span class=\"atheme-components-news--content-list-content \">\n                                Hyr en vedeldad bastu ett stenkast fr\u00e5n V\u00e5gsj\u00f6n i&#8230;                                <a href=\"\/munkfors\/aktiviteter\/bastubad-vid-vagsjon\">L\u00e4s mer<\/a>\n                            <\/span>\n                        <\/li>\n                                                <li id=\"acnPost-67153\" class=\"atheme-components-news--content-list-items \" onClick=\"aNewsShowBtn('aRiDzxUzYhai0NGa7_this',67153)\">\n                            <span class=\"atheme-components-news--content-list-title \">\n                                <span>\n                                    <span class=\"components-news-list-icon-wrapper\">\n                                        <span class=\"pre-icon-dot\"><\/span>\n                                        <span class=\"pre-icon-dot\"><\/span>\n                                        <i class=\"fal fa-long-arrow-right\"><\/i>\n                                    <\/span>\n                                    <p>Forsn\u00e4sbadet<\/p>\n                            <\/span>\n                            <\/span>\n                            <span class=\"atheme-components-news--content-list-content \">\n                                Njut av vattenlek eller simning i tempererat vatten p\u00e5&#8230;                                <a href=\"\/munkfors\/aktiviteter\/bada\/forsnasbadet\">L\u00e4s mer<\/a>\n                            <\/span>\n                        <\/li>\n                                                <li id=\"acnPost-100060\" class=\"atheme-components-news--content-list-items \" onClick=\"aNewsShowBtn('aRiDzxUzYhai0NGa7_this',100060)\">\n                            <span class=\"atheme-components-news--content-list-title \">\n                                <span>\n                                    <span class=\"components-news-list-icon-wrapper\">\n                                        <span class=\"pre-icon-dot\"><\/span>\n                                        <span class=\"pre-icon-dot\"><\/span>\n                                        <i class=\"fal fa-long-arrow-right\"><\/i>\n                                    <\/span>\n                                    <p>Padel Munkfors<\/p>\n                            <\/span>\n                            <\/span>\n                            <span class=\"atheme-components-news--content-list-content \">\n                                Munkfors nya moderna padelhall erbjuder dig en bra&#8230;                                <a href=\"\/munkfors\/aktiviteter\/padel-munkfors\">L\u00e4s mer<\/a>\n                            <\/span>\n                        <\/li>\n                                        <\/ul>\n\n            <\/div>\n            <!-- .Text Wrapper -->\n        <\/div>\n\n    <\/div>\n<\/div>\n\n\n\n\n    <div class=\"cards-section-top\">\n                <h2>Events<\/h2>\n        <a class=\"a-button\" href=\"https:\/\/visitvarmland.com\/munkfors\/evenemang\">Visa alla<\/a>\n    <\/div>\n    <section class=\"cards-section-wrapper\">\n        <div class=\"cards-section-slide\">\n            <!-- Card wrapper -->\n<article class=\"a-card a-card--event\" link-finder     >\n                <div class=\"a-card__left a-card--event__left has-bg-image\" style=\"background-image:url(https:\/\/img.turid.visitvarmland.com\/64f9a861-805a-4757-8984-c439a9014310\/valborg-foto-alma-modin.jpg?q=80&#038;fit=crop&#038;w=300&#038;h=210&#038;v=1&#038;duotone=40000000,BD000000&#038;duotone-alpha=55&#038;);\">                            <div class=\"a-card__date-wrapper a-card--event__date-wrapper\" style=\"background-image:url();\">                <img decoding=\"async\" class=\"a-card__date-container a-card--event__date-container\" src=\"https:\/\/www.visitvarmland.com\/app\/themes\/a-theme\/assets\/icons\/event-date-background.svg\" \/>\n                        <div class=\"a-card__date a-card--event__date\"><span class=\"day\">30<\/span><span class=\"month\">apr.<\/span><span class=\"year\">2026<\/span><\/div>\n                        <\/div>\n                        <\/div>\n                        <div class=\"a-card__rightcol1 a-card--event__rightcol1\" style=\"background-image:url();\">                            <h2 class=\"a-card__title2 a-card--event__title2\"><a data-no-translation href=\"https:\/\/www.visitvarmland.com\/munkfors\/evenemang\/ovriga-evenemang\/valborgsfirande-vid-gamla-bruket\">Valborgsfirande vid Gamla bruket<\/a><\/h2>\n                        <div class=\"a-card__content a-card--event__content\">V\u00e5ren firas traditionsenligt i den historiska milj\u00f6n vid&hellip;<\/div>\n                        <\/div>\n                        <div class=\"a-card__rightcol2 a-card--event__rightcol2\" style=\"background-image:url();\">                            <div class=\"a-card__location a-card--event__location\"><i class=\"fal fa-map-marker-alt\"><\/i><p>Gamla Bruket, Munkfors<\/p><\/div>\n                        <div class=\"a-card__time a-card--event__time\"><i class=\"fal fa-clock\"><\/i><p>20:30<\/p><\/div>\n                        <div class=\"a-card__type-of-event a-card--event__type-of-event\">\u00d6vriga evenemang<\/div>\n                        <\/div>\n            <\/article><!-- Card wrapper -->\n<article class=\"a-card a-card--event\" link-finder     >\n                <div class=\"a-card__left a-card--event__left has-bg-image\" style=\"background-image:url(https:\/\/img.turid.visitvarmland.com\/29cfe4bc-069d-4403-a5e2-4ff489f81049\/valborg-foto-mostphotos-red-turid.jpg?q=80&#038;fit=crop&#038;w=300&#038;h=210&#038;v=1&#038;duotone=40000000,BD000000&#038;duotone-alpha=55&#038;);\">                            <div class=\"a-card__date-wrapper a-card--event__date-wrapper\" style=\"background-image:url();\">                <img decoding=\"async\" class=\"a-card__date-container a-card--event__date-container\" src=\"https:\/\/www.visitvarmland.com\/app\/themes\/a-theme\/assets\/icons\/event-date-background.svg\" \/>\n                        <div class=\"a-card__date a-card--event__date\"><span class=\"day\">30<\/span><span class=\"month\">apr.<\/span><span class=\"year\">2026<\/span><\/div>\n                        <\/div>\n                        <\/div>\n                        <div class=\"a-card__rightcol1 a-card--event__rightcol1\" style=\"background-image:url();\">                            <h2 class=\"a-card__title2 a-card--event__title2\"><a data-no-translation href=\"https:\/\/www.visitvarmland.com\/munkfors\/evenemang\/ovriga-evenemang\/valborgsfirande-i-ransater\">Valborgsfirande i Rans\u00e4ter<\/a><\/h2>\n                        <div class=\"a-card__content a-card--event__content\">V\u00e4lkomna v\u00e5ren p\u00e5 Rans\u00e4ters hembygdsg\u00e5rd till sk\u00f6ns\u00e5ng och&hellip;<\/div>\n                        <\/div>\n                        <div class=\"a-card__rightcol2 a-card--event__rightcol2\" style=\"background-image:url();\">                            <div class=\"a-card__location a-card--event__location\"><i class=\"fal fa-map-marker-alt\"><\/i><p>Rans\u00e4ters hembygdsg\u00e5rd, Munkfors<\/p><\/div>\n                        <div class=\"a-card__time a-card--event__time\"><i class=\"fal fa-clock\"><\/i><p>19:00<\/p><\/div>\n                        <div class=\"a-card__type-of-event a-card--event__type-of-event\">\u00d6vriga evenemang<\/div>\n                        <\/div>\n            <\/article><!-- Card wrapper -->\n<article class=\"a-card a-card--event\" link-finder     >\n                <div class=\"a-card__left a-card--event__left has-bg-image\" style=\"background-image:url(https:\/\/img.turid.visitvarmland.com\/512dbb90-24ec-49e5-a581-071a01b276b0\/ordforandeklubba2-foto-mostphotos-red-turid.jpg?q=80&#038;fit=crop&#038;w=300&#038;h=210&#038;v=1&#038;duotone=40000000,BD000000&#038;duotone-alpha=55&#038;);\">                            <div class=\"a-card__date-wrapper a-card--event__date-wrapper\" style=\"background-image:url();\">                <img decoding=\"async\" class=\"a-card__date-container a-card--event__date-container\" src=\"https:\/\/www.visitvarmland.com\/app\/themes\/a-theme\/assets\/icons\/event-date-background.svg\" \/>\n                        <div class=\"a-card__date a-card--event__date\"><span class=\"day\">02<\/span><span class=\"month\">maj<\/span><span class=\"year\">2026<\/span><\/div>\n                        <\/div>\n                        <\/div>\n                        <div class=\"a-card__rightcol1 a-card--event__rightcol1\" style=\"background-image:url();\">                            <h2 class=\"a-card__title2 a-card--event__title2\"><a data-no-translation href=\"https:\/\/www.visitvarmland.com\/munkfors\/evenemang\/marknad-massa-auktion-och-loppis\/auktion-3\">Auktion<\/a><\/h2>\n                        <div class=\"a-card__content a-card--event__content\">Fyndl\u00e4ge f\u00f6r b\u00e5de auktions\u00e4lskare och nyfikna nyb\u00f6rjare \u2013&hellip;<\/div>\n                        <\/div>\n                        <div class=\"a-card__rightcol2 a-card--event__rightcol2\" style=\"background-image:url();\">                            <div class=\"a-card__location a-card--event__location\"><i class=\"fal fa-map-marker-alt\"><\/i><p>Munkfors f\u00f6renings &#038; konferenscenter, Munkfors<\/p><\/div>\n                        <div class=\"a-card__time a-card--event__time\"><i class=\"fal fa-clock\"><\/i><p>11:00<\/p><\/div>\n                        <div class=\"a-card__type-of-event a-card--event__type-of-event\">Marknad, m\u00e4ssa, auktion och loppis<\/div>\n                        <\/div>\n            <\/article><!-- Card wrapper -->\n<article class=\"a-card a-card--event\" link-finder     >\n                <div class=\"a-card__left a-card--event__left has-bg-image\" style=\"background-image:url(https:\/\/img.turid.visitvarmland.com\/e69d16b4-65ae-45e8-99ec-6794ddffa18b\/fjaril-pa-lavendel-foto-mostphotos-redturid.jpg?q=80&#038;fit=crop&#038;w=300&#038;h=210&#038;v=1&#038;duotone=40000000,BD000000&#038;duotone-alpha=55&#038;);\">                            <div class=\"a-card__date-wrapper a-card--event__date-wrapper\" style=\"background-image:url();\">                <img decoding=\"async\" class=\"a-card__date-container a-card--event__date-container\" src=\"https:\/\/www.visitvarmland.com\/app\/themes\/a-theme\/assets\/icons\/event-date-background.svg\" \/>\n                        <div class=\"a-card__date a-card--event__date\"><span class=\"day\">02<\/span><span class=\"month\">maj<\/span><span class=\"year\">2026<\/span><\/div>\n                        <\/div>\n                        <\/div>\n                        <div class=\"a-card__rightcol1 a-card--event__rightcol1\" style=\"background-image:url();\">                            <h2 class=\"a-card__title2 a-card--event__title2\"><a data-no-translation href=\"https:\/\/www.visitvarmland.com\/munkfors\/evenemang\/ovriga-evenemang\/trivselkvall-med-vr\">Trivselkv\u00e4ll med VR<\/a><\/h2>\n                        <div class=\"a-card__content a-card--event__content\">Utforska Gamla bruket fr\u00e5n f\u00f6rr i VR och&hellip;<\/div>\n                        <\/div>\n                        <div class=\"a-card__rightcol2 a-card--event__rightcol2\" style=\"background-image:url();\">                            <div class=\"a-card__location a-card--event__location\"><i class=\"fal fa-map-marker-alt\"><\/i><p>Gamla Bruket, Munkfors<\/p><\/div>\n                        <div class=\"a-card__time a-card--event__time\"><i class=\"fal fa-clock\"><\/i><p>15:00<\/p><\/div>\n                        <div class=\"a-card__type-of-event a-card--event__type-of-event\">\u00d6vriga evenemang<\/div>\n                        <\/div>\n            <\/article><!-- Card wrapper -->\n<article class=\"a-card a-card--event\" link-finder     >\n                <div class=\"a-card__left a-card--event__left has-bg-image\" style=\"background-image:url(https:\/\/img.turid.visitvarmland.com\/9d76a277-5bf0-4a7b-9f8b-cd5d72178102\/cirkel-foto-maria-olsson.png?q=80&#038;fit=crop&#038;w=300&#038;h=210&#038;v=1&#038;duotone=40000000,BD000000&#038;duotone-alpha=55&#038;);\">                            <div class=\"a-card__date-wrapper a-card--event__date-wrapper\" style=\"background-image:url();\">                <img decoding=\"async\" class=\"a-card__date-container a-card--event__date-container\" src=\"https:\/\/www.visitvarmland.com\/app\/themes\/a-theme\/assets\/icons\/event-date-background.svg\" \/>\n                        <div class=\"a-card__date a-card--event__date\"><span class=\"day\">03<\/span><span class=\"month\">maj<\/span><span class=\"year\">2026<\/span><\/div>\n                        <\/div>\n                        <\/div>\n                        <div class=\"a-card__rightcol1 a-card--event__rightcol1\" style=\"background-image:url();\">                            <h2 class=\"a-card__title2 a-card--event__title2\"><a data-no-translation href=\"https:\/\/www.visitvarmland.com\/munkfors\/evenemang\/sport-motion-och-halsa\/cacaoceremoni-yinyoga-meditation-and-hjartoppnande-ritual\">Cacaoceremoni \u2013 Yinyoga, meditation &#038; hj\u00e4rt\u00f6ppnande ritual<\/a><\/h2>\n                        <div class=\"a-card__content a-card--event__content\">Upplev en hj\u00e4rt\u00f6ppnande cacaoceremoni i Munkfors med yinyoga&hellip;<\/div>\n                        <\/div>\n                        <div class=\"a-card__rightcol2 a-card--event__rightcol2\" style=\"background-image:url();\">                            <div class=\"a-card__location a-card--event__location\"><i class=\"fal fa-map-marker-alt\"><\/i><p>Munkfors f\u00f6renings &#038; konferenscenter, Munkfors<\/p><\/div>\n                        <div class=\"a-card__time a-card--event__time\"><i class=\"fal fa-clock\"><\/i><p>17:00<\/p><\/div>\n                        <div class=\"a-card__type-of-event a-card--event__type-of-event\">Sport, motion och h\u00e4lsa<\/div>\n                        <\/div>\n            <\/article><!-- Card wrapper -->\n<article class=\"a-card a-card--event\" link-finder     >\n                <div class=\"a-card__left a-card--event__left has-bg-image\" style=\"background-image:url(https:\/\/img.turid.visitvarmland.com\/598ce2ff-5b10-4226-9bdd-d084141112bd\/skogsridning-foto-helen-berg.jpg?q=80&#038;fit=crop&#038;w=300&#038;h=210&#038;v=1&#038;duotone=40000000,BD000000&#038;duotone-alpha=55&#038;);\">                            <div class=\"a-card__date-wrapper a-card--event__date-wrapper\" style=\"background-image:url();\">                <img decoding=\"async\" class=\"a-card__date-container a-card--event__date-container\" src=\"https:\/\/www.visitvarmland.com\/app\/themes\/a-theme\/assets\/icons\/event-date-background.svg\" \/>\n                        <div class=\"a-card__date a-card--event__date\"><span class=\"day\">03<\/span><span class=\"month\">maj<\/span><span class=\"year\">2026<\/span><\/div>\n                        <\/div>\n                        <\/div>\n                        <div class=\"a-card__rightcol1 a-card--event__rightcol1\" style=\"background-image:url();\">                            <h2 class=\"a-card__title2 a-card--event__title2\"><a data-no-translation href=\"https:\/\/www.visitvarmland.com\/munkfors\/evenemang\/sport-motion-och-halsa\/langtur-pa-islandshast-2\">L\u00e5ngtur p\u00e5 islandsh\u00e4st<\/a><\/h2>\n                        <div class=\"a-card__content a-card--event__content\">F\u00f6lj med p\u00e5 v\u00e5rens f\u00f6rsta l\u00e5ngritt till vackra&hellip;<\/div>\n                        <\/div>\n                        <div class=\"a-card__rightcol2 a-card--event__rightcol2\" style=\"background-image:url();\">                            <div class=\"a-card__location a-card--event__location\"><i class=\"fal fa-map-marker-alt\"><\/i><p>Kalvbergs\u00e5sens Islandsh\u00e4star , Munkfors<\/p><\/div>\n                        <div class=\"a-card__time a-card--event__time\"><i class=\"fal fa-clock\"><\/i><p>10:00<\/p><\/div>\n                        <div class=\"a-card__type-of-event a-card--event__type-of-event\">Sport, motion och h\u00e4lsa<\/div>\n                        <\/div>\n            <\/article><!-- Card wrapper -->\n<article class=\"a-card a-card--event\" link-finder     >\n                <div class=\"a-card__left a-card--event__left has-bg-image\" style=\"background-image:url(https:\/\/img.turid.visitvarmland.com\/313f0308-bed5-47b4-a5be-98544eb80d40\/karina-johansson-foto-jeanette-dahlstrom-red-turid.jpg?q=80&#038;fit=crop&#038;w=300&#038;h=210&#038;v=1&#038;duotone=40000000,BD000000&#038;duotone-alpha=55&#038;);\">                            <div class=\"a-card__date-wrapper a-card--event__date-wrapper\" style=\"background-image:url();\">                <img decoding=\"async\" class=\"a-card__date-container a-card--event__date-container\" src=\"https:\/\/www.visitvarmland.com\/app\/themes\/a-theme\/assets\/icons\/event-date-background.svg\" \/>\n                        <div class=\"a-card__date a-card--event__date\"><span class=\"day\">04<\/span><span class=\"month\">maj<\/span><span class=\"year\">2026<\/span><\/div>\n                        <\/div>\n                        <\/div>\n                        <div class=\"a-card__rightcol1 a-card--event__rightcol1\" style=\"background-image:url();\">                            <h2 class=\"a-card__title2 a-card--event__title2\"><a data-no-translation href=\"https:\/\/www.visitvarmland.com\/munkfors\/evenemang\/forelasning-och-workshop\/forfattarbesok-karina-johansson\">F\u00f6rfattarbes\u00f6k &#8211; Karina Johansson<\/a><\/h2>\n                        <div class=\"a-card__content a-card--event__content\">Tr\u00e4ffa f\u00f6rfattaren Karina Johansson, aktuell med fj\u00e4rde boken&hellip;<\/div>\n                        <\/div>\n                        <div class=\"a-card__rightcol2 a-card--event__rightcol2\" style=\"background-image:url();\">                            <div class=\"a-card__location a-card--event__location\"><i class=\"fal fa-map-marker-alt\"><\/i><p>Munkfors bibliotek, Munkfors<\/p><\/div>\n                        <div class=\"a-card__time a-card--event__time\"><i class=\"fal fa-clock\"><\/i><p>18:30<\/p><\/div>\n                        <div class=\"a-card__type-of-event a-card--event__type-of-event\">F\u00f6rel\u00e4sning och workshop<\/div>\n                        <\/div>\n            <\/article><!-- Card wrapper -->\n<article class=\"a-card a-card--event\" link-finder     >\n                <div class=\"a-card__left a-card--event__left has-bg-image\" style=\"background-image:url(https:\/\/img.turid.visitvarmland.com\/15c829f5-bb5b-465a-b506-e3156cdef379\/fiske-fran-brygga-red-turid-mostphotos.jpg?q=80&#038;fit=crop&#038;w=300&#038;h=210&#038;v=1&#038;duotone=40000000,BD000000&#038;duotone-alpha=55&#038;);\">                            <div class=\"a-card__date-wrapper a-card--event__date-wrapper\" style=\"background-image:url();\">                <img decoding=\"async\" class=\"a-card__date-container a-card--event__date-container\" src=\"https:\/\/www.visitvarmland.com\/app\/themes\/a-theme\/assets\/icons\/event-date-background.svg\" \/>\n                        <div class=\"a-card__date a-card--event__date\"><span class=\"day\">09<\/span><span class=\"month\">maj<\/span><span class=\"year\">2026<\/span><\/div>\n                        <\/div>\n                        <\/div>\n                        <div class=\"a-card__rightcol1 a-card--event__rightcol1\" style=\"background-image:url();\">                            <h2 class=\"a-card__title2 a-card--event__title2\"><a data-no-translation href=\"https:\/\/www.visitvarmland.com\/munkfors\/evenemang\/sport-motion-och-halsa\/fisketavling-i-spraktjarn\">Fisket\u00e4vling i Spraktj\u00e4rn<\/a><\/h2>\n                        <div class=\"a-card__content a-card--event__content\">En dag vid vattnet f\u00f6r alla \u2013 barn&hellip;<\/div>\n                        <\/div>\n                        <div class=\"a-card__rightcol2 a-card--event__rightcol2\" style=\"background-image:url();\">                            <div class=\"a-card__location a-card--event__location\"><i class=\"fal fa-map-marker-alt\"><\/i><p>Spraktj\u00e4rn, Munkfors<\/p><\/div>\n                        <div class=\"a-card__time a-card--event__time\"><i class=\"fal fa-clock\"><\/i><p>10:00<\/p><\/div>\n                        <div class=\"a-card__type-of-event a-card--event__type-of-event\">Sport, motion och h\u00e4lsa<\/div>\n                        <\/div>\n            <\/article><!-- Card wrapper -->\n<article class=\"a-card a-card--event\" link-finder     >\n                <div class=\"a-card__left a-card--event__left has-bg-image\" style=\"background-image:url(https:\/\/img.turid.visitvarmland.com\/d565c976-fb93-4231-9fdc-2bb979fe5335\/cabaret-geijerskolan-red-turid.jpg?q=80&#038;fit=crop&#038;w=300&#038;h=210&#038;v=1&#038;duotone=40000000,BD000000&#038;duotone-alpha=55&#038;);\">                            <div class=\"a-card__date-wrapper a-card--event__date-wrapper\" style=\"background-image:url();\">                <img decoding=\"async\" class=\"a-card__date-container a-card--event__date-container\" src=\"https:\/\/www.visitvarmland.com\/app\/themes\/a-theme\/assets\/icons\/event-date-background.svg\" \/>\n                        <div class=\"a-card__date a-card--event__date\"><span class=\"day\">09<\/span><span class=\"month\">maj<\/span><span class=\"year\">2026<\/span><\/div>\n                        <\/div>\n                        <\/div>\n                        <div class=\"a-card__rightcol1 a-card--event__rightcol1\" style=\"background-image:url();\">                            <h2 class=\"a-card__title2 a-card--event__title2\"><a data-no-translation href=\"https:\/\/www.visitvarmland.com\/munkfors\/evenemang\/teater-och-underhallning\/musikalen-cabaret\">Musikalen Cabaret<\/a><\/h2>\n                        <div class=\"a-card__content a-card--event__content\">En klassisk musikal i ny tappning med energi&hellip;<\/div>\n                        <\/div>\n                        <div class=\"a-card__rightcol2 a-card--event__rightcol2\" style=\"background-image:url();\">                            <div class=\"a-card__location a-card--event__location\"><i class=\"fal fa-map-marker-alt\"><\/i><p>Geijerskolan, Munkfors<\/p><\/div>\n                        <div class=\"a-card__repeating_dates a-card--event__repeating_dates\"><i class=\"fal fa-calendar\"><\/i><p>9 maj \u2013 17 maj <\/p><\/div>\n                        <div class=\"a-card__type-of-event a-card--event__type-of-event\">Teater och underh\u00e5llning<\/div>\n                        <\/div>\n            <\/article><!-- Card wrapper -->\n<article class=\"a-card a-card--event\" link-finder     >\n                <div class=\"a-card__left a-card--event__left has-bg-image\" style=\"background-image:url(https:\/\/img.turid.visitvarmland.com\/legacy\/Munkfors\/Wolfland%2018%20gul%20bil_Foto%20Sandra%20Nilsson_red%20Turid.jpeg?q=80&#038;fit=crop&#038;w=300&#038;h=210&#038;v=1&#038;duotone=40000000,BD000000&#038;duotone-alpha=55&#038;);\">                            <div class=\"a-card__date-wrapper a-card--event__date-wrapper\" style=\"background-image:url();\">                <img decoding=\"async\" class=\"a-card__date-container a-card--event__date-container\" src=\"https:\/\/www.visitvarmland.com\/app\/themes\/a-theme\/assets\/icons\/event-date-background.svg\" \/>\n                        <div class=\"a-card__date a-card--event__date\"><span class=\"day\">16<\/span><span class=\"month\">maj<\/span><span class=\"year\">2026<\/span><\/div>\n                        <\/div>\n                        <\/div>\n                        <div class=\"a-card__rightcol1 a-card--event__rightcol1\" style=\"background-image:url();\">                            <h2 class=\"a-card__title2 a-card--event__title2\"><a data-no-translation href=\"https:\/\/www.visitvarmland.com\/munkfors\/evenemang\/utstallning\/wolfland-springmeet\">Wolfland Springmeet<\/a><\/h2>\n                        <div class=\"a-card__content a-card--event__content\">Ett sj\u00e4lvklart bes\u00f6ksm\u00e5l f\u00f6r bilentusiaster som varje \u00e5r&hellip;<\/div>\n                        <\/div>\n                        <div class=\"a-card__rightcol2 a-card--event__rightcol2\" style=\"background-image:url();\">                            <div class=\"a-card__location a-card--event__location\"><i class=\"fal fa-map-marker-alt\"><\/i><p>Rans\u00e4ters hembygdsg\u00e5rd, Munkfors<\/p><\/div>\n                        <div class=\"a-card__time a-card--event__time\"><i class=\"fal fa-clock\"><\/i><p>10:00<\/p><\/div>\n                        <div class=\"a-card__type-of-event a-card--event__type-of-event\">Utst\u00e4llning<\/div>\n                        <\/div>\n            <\/article><!-- Card wrapper -->\n<article class=\"a-card a-card--event\" link-finder     >\n                <div class=\"a-card__left a-card--event__left has-bg-image\" style=\"background-image:url(https:\/\/img.turid.visitvarmland.com\/8e175a6a-6eef-4426-b079-a6c5aa40e41e\/bild2.jpg?q=80&#038;fit=crop&#038;w=300&#038;h=210&#038;v=1&#038;duotone=40000000,BD000000&#038;duotone-alpha=55&#038;);\">                            <div class=\"a-card__date-wrapper a-card--event__date-wrapper\" style=\"background-image:url();\">                <img decoding=\"async\" class=\"a-card__date-container a-card--event__date-container\" src=\"https:\/\/www.visitvarmland.com\/app\/themes\/a-theme\/assets\/icons\/event-date-background.svg\" \/>\n                        <div class=\"a-card__date a-card--event__date\"><span class=\"day\">16<\/span><span class=\"month\">maj<\/span><span class=\"year\">2026<\/span><\/div>\n                        <\/div>\n                        <\/div>\n                        <div class=\"a-card__rightcol1 a-card--event__rightcol1\" style=\"background-image:url();\">                            <h2 class=\"a-card__title2 a-card--event__title2\"><a data-no-translation href=\"https:\/\/www.visitvarmland.com\/munkfors\/evenemang\/sport-motion-och-halsa\/dagstur-pa-islandshast\">Dagstur p\u00e5 islandsh\u00e4st<\/a><\/h2>\n                        <div class=\"a-card__content a-card--event__content\">L\u00e4mna vardagen och f\u00f6lj med p\u00e5 en of\u00f6rgl\u00f6mlig&hellip;<\/div>\n                        <\/div>\n                        <div class=\"a-card__rightcol2 a-card--event__rightcol2\" style=\"background-image:url();\">                            <div class=\"a-card__location a-card--event__location\"><i class=\"fal fa-map-marker-alt\"><\/i><p>Kalvbergs\u00e5sens Islandsh\u00e4star , Munkfors<\/p><\/div>\n                        <div class=\"a-card__time a-card--event__time\"><i class=\"fal fa-clock\"><\/i><p>10:00<\/p><\/div>\n                        <div class=\"a-card__type-of-event a-card--event__type-of-event\">Sport, motion och h\u00e4lsa<\/div>\n                        <\/div>\n            <\/article><!-- Card wrapper -->\n<article class=\"a-card a-card--event\" link-finder     >\n                <div class=\"a-card__left a-card--event__left has-bg-image\" style=\"background-image:url(https:\/\/img.turid.visitvarmland.com\/311415a7-82f9-4426-b230-cc6b4076d211\/slojd-oga-foto-nbv.jpg?q=80&#038;fit=crop&#038;w=300&#038;h=210&#038;v=1&#038;duotone=40000000,BD000000&#038;duotone-alpha=55&#038;);\">                            <div class=\"a-card__date-wrapper a-card--event__date-wrapper\" style=\"background-image:url();\">                <img decoding=\"async\" class=\"a-card__date-container a-card--event__date-container\" src=\"https:\/\/www.visitvarmland.com\/app\/themes\/a-theme\/assets\/icons\/event-date-background.svg\" \/>\n                        <div class=\"a-card__date a-card--event__date\"><span class=\"day\">18<\/span><span class=\"month\">maj<\/span><span class=\"year\">2026<\/span><\/div>\n                        <\/div>\n                        <\/div>\n                        <div class=\"a-card__rightcol1 a-card--event__rightcol1\" style=\"background-image:url();\">                            <h2 class=\"a-card__title2 a-card--event__title2\"><a data-no-translation href=\"https:\/\/www.visitvarmland.com\/munkfors\/evenemang\/forelasning-och-workshop\/slojdcafe\">Sl\u00f6jdcaf\u00e9<\/a><\/h2>\n                        <div class=\"a-card__content a-card--event__content\">En m\u00f6tesplats f\u00f6r alla som vill sl\u00f6jda, fika&hellip;<\/div>\n                        <\/div>\n                        <div class=\"a-card__rightcol2 a-card--event__rightcol2\" style=\"background-image:url();\">                            <div class=\"a-card__location a-card--event__location\"><i class=\"fal fa-map-marker-alt\"><\/i><p>Rans\u00e4ters hembygdsg\u00e5rd, Munkfors<\/p><\/div>\n                        <div class=\"a-card__repeating_dates a-card--event__repeating_dates\"><i class=\"fal fa-calendar\"><\/i><p>18 maj \u2013 15 juni <\/p><\/div>\n                        <div class=\"a-card__type-of-event a-card--event__type-of-event\">F\u00f6rel\u00e4sning och workshop<\/div>\n                        <\/div>\n            <\/article><!-- Card wrapper -->\n<article class=\"a-card a-card--event\" link-finder     >\n                <div class=\"a-card__left a-card--event__left has-bg-image\" style=\"background-image:url(https:\/\/img.turid.visitvarmland.com\/9600fbe7-ef81-40e6-a572-d9c4b0b0e702\/folkrace-foto-tommy-lund-red-turid.jpg?q=80&#038;fit=crop&#038;w=300&#038;h=210&#038;v=1&#038;duotone=40000000,BD000000&#038;duotone-alpha=55&#038;);\">                            <div class=\"a-card__date-wrapper a-card--event__date-wrapper\" style=\"background-image:url();\">                <img decoding=\"async\" class=\"a-card__date-container a-card--event__date-container\" src=\"https:\/\/www.visitvarmland.com\/app\/themes\/a-theme\/assets\/icons\/event-date-background.svg\" \/>\n                        <div class=\"a-card__date a-card--event__date\"><span class=\"day\">30<\/span><span class=\"month\">maj<\/span><span class=\"year\">2026<\/span><\/div>\n                        <\/div>\n                        <\/div>\n                        <div class=\"a-card__rightcol1 a-card--event__rightcol1\" style=\"background-image:url();\">                            <h2 class=\"a-card__title2 a-card--event__title2\"><a data-no-translation href=\"https:\/\/www.visitvarmland.com\/munkfors\/evenemang\/motor-2\/folkrace\">Folkrace<\/a><\/h2>\n                        <div class=\"a-card__content a-card--event__content\">Upplev s\u00e4songens t\u00e4vlingar p\u00e5 Tomtfallet &#8211; fartfylld underh\u00e5llning&hellip;<\/div>\n                        <\/div>\n                        <div class=\"a-card__rightcol2 a-card--event__rightcol2\" style=\"background-image:url();\">                            <div class=\"a-card__location a-card--event__location\"><i class=\"fal fa-map-marker-alt\"><\/i><p>Tomtfallets Motorstadion, Munkfors<\/p><\/div>\n                        <div class=\"a-card__repeating_dates a-card--event__repeating_dates\"><i class=\"fal fa-calendar\"><\/i><p>30 maj \u2013 30 okt. <\/p><\/div>\n                        <div class=\"a-card__type-of-event a-card--event__type-of-event\">Motor<\/div>\n                        <\/div>\n            <\/article><!-- Card wrapper -->\n<article class=\"a-card a-card--event\" link-finder     >\n                <div class=\"a-card__left a-card--event__left has-bg-image\" style=\"background-image:url(https:\/\/img.turid.visitvarmland.com\/legacy\/Munkfors\/Fiolspelman_Foto%20mostphotos.com_red%20Turid.jpeg?q=80&#038;fit=crop&#038;w=300&#038;h=210&#038;v=1&#038;duotone=40000000,BD000000&#038;duotone-alpha=55&#038;);\">                            <div class=\"a-card__date-wrapper a-card--event__date-wrapper\" style=\"background-image:url();\">                <img decoding=\"async\" class=\"a-card__date-container a-card--event__date-container\" src=\"https:\/\/www.visitvarmland.com\/app\/themes\/a-theme\/assets\/icons\/event-date-background.svg\" \/>\n                        <div class=\"a-card__date a-card--event__date\"><span class=\"day\">04<\/span><span class=\"month\">juni<\/span><span class=\"year\">2026<\/span><\/div>\n                        <\/div>\n                        <\/div>\n                        <div class=\"a-card__rightcol1 a-card--event__rightcol1\" style=\"background-image:url();\">                            <h2 class=\"a-card__title2 a-card--event__title2\"><a data-no-translation href=\"https:\/\/www.visitvarmland.com\/munkfors\/evenemang\/dans\/ransatersstamman\">Rans\u00e4tersst\u00e4mman<\/a><\/h2>\n                        <div class=\"a-card__content a-card--event__content\">Upplev folkmusikens magi p\u00e5 en av Sveriges st\u00f6rsta&hellip;<\/div>\n                        <\/div>\n                        <div class=\"a-card__rightcol2 a-card--event__rightcol2\" style=\"background-image:url();\">                            <div class=\"a-card__location a-card--event__location\"><i class=\"fal fa-map-marker-alt\"><\/i><p>Rans\u00e4ters hembygdsg\u00e5rd, Munkfors<\/p><\/div>\n                        <div class=\"a-card__repeating_dates a-card--event__repeating_dates\"><i class=\"fal fa-calendar\"><\/i><p>4 juni \u2013 7 juni <\/p><\/div>\n                        <div class=\"a-card__type-of-event a-card--event__type-of-event\">Dans<\/div>\n                        <\/div>\n            <\/article><!-- Card wrapper -->\n<article class=\"a-card a-card--event\" link-finder     >\n                <div class=\"a-card__left a-card--event__left has-bg-image\" style=\"background-image:url(https:\/\/img.turid.visitvarmland.com\/26008835-9a39-4191-a2ff-284ccf7e0dce\/6e-juni-foto-patrik-strandell-red-turid.jpg?q=80&#038;fit=crop&#038;w=300&#038;h=210&#038;v=1&#038;duotone=40000000,BD000000&#038;duotone-alpha=55&#038;);\">                            <div class=\"a-card__date-wrapper a-card--event__date-wrapper\" style=\"background-image:url();\">                <img decoding=\"async\" class=\"a-card__date-container a-card--event__date-container\" src=\"https:\/\/www.visitvarmland.com\/app\/themes\/a-theme\/assets\/icons\/event-date-background.svg\" \/>\n                        <div class=\"a-card__date a-card--event__date\"><span class=\"day\">06<\/span><span class=\"month\">juni<\/span><span class=\"year\">2026<\/span><\/div>\n                        <\/div>\n                        <\/div>\n                        <div class=\"a-card__rightcol1 a-card--event__rightcol1\" style=\"background-image:url();\">                            <h2 class=\"a-card__title2 a-card--event__title2\"><a data-no-translation href=\"https:\/\/www.visitvarmland.com\/munkfors\/evenemang\/ovriga-evenemang\/nationaldagsfirande-munkfors\">Nationaldagsfirande Munkfors<\/a><\/h2>\n                        <div class=\"a-card__content a-card--event__content\">Fira nationaldagen i Munkfors \u2013 en gl\u00e4djefylld dag&hellip;<\/div>\n                        <\/div>\n                        <div class=\"a-card__rightcol2 a-card--event__rightcol2\" style=\"background-image:url();\">                            <div class=\"a-card__location a-card--event__location\"><i class=\"fal fa-map-marker-alt\"><\/i><p>Munkfors centrum, Munkfors<\/p><\/div>\n                        <div class=\"a-card__type-of-event a-card--event__type-of-event\">\u00d6vriga evenemang<\/div>\n                        <\/div>\n            <\/article><!-- Card wrapper -->\n<article class=\"a-card a-card--event\" link-finder     >\n                <div class=\"a-card__left a-card--event__left has-bg-image\" style=\"background-image:url(https:\/\/img.turid.visitvarmland.com\/871bdd46-b647-4148-b908-c8032bf06ece\/foto-tv-tina-axelsson-och-th-mattias-blomqvist.jpg?q=80&#038;fit=crop&#038;w=300&#038;h=210&#038;v=1&#038;duotone=40000000,BD000000&#038;duotone-alpha=55&#038;);\">                            <div class=\"a-card__date-wrapper a-card--event__date-wrapper\" style=\"background-image:url();\">                <img decoding=\"async\" class=\"a-card__date-container a-card--event__date-container\" src=\"https:\/\/www.visitvarmland.com\/app\/themes\/a-theme\/assets\/icons\/event-date-background.svg\" \/>\n                        <div class=\"a-card__date a-card--event__date\"><span class=\"day\">13<\/span><span class=\"month\">juni<\/span><span class=\"year\">2026<\/span><\/div>\n                        <\/div>\n                        <\/div>\n                        <div class=\"a-card__rightcol1 a-card--event__rightcol1\" style=\"background-image:url();\">                            <h2 class=\"a-card__title2 a-card--event__title2\"><a data-no-translation href=\"https:\/\/www.visitvarmland.com\/munkfors\/evenemang\/utstallning\/50-50-ups-n-downs-pa-laxholmen\">50\/50 Ups \u2019n\u2019 Downs p\u00e5 Laxholmen<\/a><\/h2>\n                        <div class=\"a-card__content a-card--event__content\">Sommarens utst\u00e4llning bjuder p\u00e5 en variationsrik konstupplevelse i&hellip;<\/div>\n                        <\/div>\n                        <div class=\"a-card__rightcol2 a-card--event__rightcol2\" style=\"background-image:url();\">                            <div class=\"a-card__location a-card--event__location\"><i class=\"fal fa-map-marker-alt\"><\/i><p>Laxholmen Kulturhus i Munkfors, Munkfors<\/p><\/div>\n                        <div class=\"a-card__repeating_dates a-card--event__repeating_dates\"><i class=\"fal fa-calendar\"><\/i><p>13 juni \u2013 16 aug. <\/p><\/div>\n                        <div class=\"a-card__type-of-event a-card--event__type-of-event\">Utst\u00e4llning<\/div>\n                        <\/div>\n            <\/article><!-- Card wrapper -->\n<article class=\"a-card a-card--event\" link-finder     >\n                <div class=\"a-card__left a-card--event__left has-bg-image\" style=\"background-image:url(https:\/\/img.turid.visitvarmland.com\/9e64f6c8-4330-4a70-b825-894594a65928\/munkforsen-uppratad-red-turid-foto-sten-jacobson.jpg?q=80&#038;fit=crop&#038;w=300&#038;h=210&#038;v=1&#038;duotone=40000000,BD000000&#038;duotone-alpha=55&#038;);\">                            <div class=\"a-card__date-wrapper a-card--event__date-wrapper\" style=\"background-image:url();\">                <img decoding=\"async\" class=\"a-card__date-container a-card--event__date-container\" src=\"https:\/\/www.visitvarmland.com\/app\/themes\/a-theme\/assets\/icons\/event-date-background.svg\" \/>\n                        <div class=\"a-card__date a-card--event__date\"><span class=\"day\">13<\/span><span class=\"month\">juni<\/span><span class=\"year\">2026<\/span><\/div>\n                        <\/div>\n                        <\/div>\n                        <div class=\"a-card__rightcol1 a-card--event__rightcol1\" style=\"background-image:url();\">                            <h2 class=\"a-card__title2 a-card--event__title2\"><a data-no-translation href=\"https:\/\/www.visitvarmland.com\/munkfors\/evenemang\/ovriga-evenemang\/munkforsen\">Munkforsen<\/a><\/h2>\n                        <div class=\"a-card__content a-card--event__content\">Klar\u00e4lvens h\u00f6gsta naturliga vattenfall hittar du mitt i&hellip;<\/div>\n                        <\/div>\n                        <div class=\"a-card__rightcol2 a-card--event__rightcol2\" style=\"background-image:url();\">                            <div class=\"a-card__location a-card--event__location\"><i class=\"fal fa-map-marker-alt\"><\/i><p>Bruksparken, Munkfors<\/p><\/div>\n                        <div class=\"a-card__repeating_dates a-card--event__repeating_dates\"><i class=\"fal fa-calendar\"><\/i><p>13 juni \u2013 15 aug. <\/p><\/div>\n                        <div class=\"a-card__type-of-event a-card--event__type-of-event\">\u00d6vriga evenemang<\/div>\n                        <\/div>\n            <\/article><!-- Card wrapper -->\n<article class=\"a-card a-card--event\" link-finder     >\n                <div class=\"a-card__left a-card--event__left has-bg-image\" style=\"background-image:url(https:\/\/img.turid.visitvarmland.com\/legacy\/Munkfors\/Loppis_Foto%20Mostphotos_red%20Turid.jpeg?q=80&#038;fit=crop&#038;w=300&#038;h=210&#038;v=1&#038;duotone=40000000,BD000000&#038;duotone-alpha=55&#038;);\">                            <div class=\"a-card__date-wrapper a-card--event__date-wrapper\" style=\"background-image:url();\">                <img decoding=\"async\" class=\"a-card__date-container a-card--event__date-container\" src=\"https:\/\/www.visitvarmland.com\/app\/themes\/a-theme\/assets\/icons\/event-date-background.svg\" \/>\n                        <div class=\"a-card__date a-card--event__date\"><span class=\"day\">13<\/span><span class=\"month\">juni<\/span><span class=\"year\">2026<\/span><\/div>\n                        <\/div>\n                        <\/div>\n                        <div class=\"a-card__rightcol1 a-card--event__rightcol1\" style=\"background-image:url();\">                            <h2 class=\"a-card__title2 a-card--event__title2\"><a data-no-translation href=\"https:\/\/www.visitvarmland.com\/munkfors\/evenemang\/marknad-massa-auktion-och-loppis\/bakluckeloppis-vid-gamla-bruket-2\">Bakluckeloppis vid Gamla bruket<\/a><\/h2>\n                        <div class=\"a-card__content a-card--event__content\">Fynda bland sm\u00e5tt och stort, nytt och gammalt&hellip;<\/div>\n                        <\/div>\n                        <div class=\"a-card__rightcol2 a-card--event__rightcol2\" style=\"background-image:url();\">                            <div class=\"a-card__location a-card--event__location\"><i class=\"fal fa-map-marker-alt\"><\/i><p>Gamla Bruket, Munkfors<\/p><\/div>\n                        <div class=\"a-card__time a-card--event__time\"><i class=\"fal fa-clock\"><\/i><p>11:00<\/p><\/div>\n                        <div class=\"a-card__type-of-event a-card--event__type-of-event\">Marknad, m\u00e4ssa, auktion och loppis<\/div>\n                        <\/div>\n            <\/article><!-- Card wrapper -->\n<article class=\"a-card a-card--event\" link-finder     >\n                <div class=\"a-card__left a-card--event__left has-bg-image\" style=\"background-image:url(https:\/\/img.turid.visitvarmland.com\/60c8ef20-946c-4b18-8bff-7ca27f4c4810\/vrmlnningarnar-6-red-turid.jpg?q=80&#038;fit=crop&#038;w=300&#038;h=210&#038;v=1&#038;duotone=40000000,BD000000&#038;duotone-alpha=55&#038;);\">                            <div class=\"a-card__date-wrapper a-card--event__date-wrapper\" style=\"background-image:url();\">                <img decoding=\"async\" class=\"a-card__date-container a-card--event__date-container\" src=\"https:\/\/www.visitvarmland.com\/app\/themes\/a-theme\/assets\/icons\/event-date-background.svg\" \/>\n                        <div class=\"a-card__date a-card--event__date\"><span class=\"day\">19<\/span><span class=\"month\">juni<\/span><span class=\"year\">2026<\/span><\/div>\n                        <\/div>\n                        <\/div>\n                        <div class=\"a-card__rightcol1 a-card--event__rightcol1\" style=\"background-image:url();\">                            <h2 class=\"a-card__title2 a-card--event__title2\"><a data-no-translation href=\"https:\/\/www.visitvarmland.com\/munkfors\/evenemang\/teater-och-underhallning\/varmlanningarna-2\">V\u00e4rml\u00e4nningarna<\/a><\/h2>\n                        <div class=\"a-card__content a-card--event__content\">\u2013 Rans\u00e4ter g\u00f6r mig lycklig, s\u00e4ger Olof Wretling.&hellip;<\/div>\n                        <\/div>\n                        <div class=\"a-card__rightcol2 a-card--event__rightcol2\" style=\"background-image:url();\">                            <div class=\"a-card__location a-card--event__location\"><i class=\"fal fa-map-marker-alt\"><\/i><p>Rans\u00e4ters hembygdsg\u00e5rd, Munkfors<\/p><\/div>\n                        <div class=\"a-card__repeating_dates a-card--event__repeating_dates\"><i class=\"fal fa-calendar\"><\/i><p>19 juni \u2013 28 juni <\/p><\/div>\n                        <div class=\"a-card__type-of-event a-card--event__type-of-event\">Teater och underh\u00e5llning<\/div>\n                        <\/div>\n            <\/article><!-- Card wrapper -->\n<article class=\"a-card a-card--event\" link-finder     >\n                <div class=\"a-card__left a-card--event__left has-bg-image\" style=\"background-image:url(https:\/\/img.turid.visitvarmland.com\/f933c2b3-cd79-4bb2-974a-9bd6348786c4\/midsommar-foto-mats-yderstig.jpg?q=80&#038;fit=crop&#038;w=300&#038;h=210&#038;v=1&#038;duotone=40000000,BD000000&#038;duotone-alpha=55&#038;);\">                            <div class=\"a-card__date-wrapper a-card--event__date-wrapper\" style=\"background-image:url();\">                <img decoding=\"async\" class=\"a-card__date-container a-card--event__date-container\" src=\"https:\/\/www.visitvarmland.com\/app\/themes\/a-theme\/assets\/icons\/event-date-background.svg\" \/>\n                        <div class=\"a-card__date a-card--event__date\"><span class=\"day\">19<\/span><span class=\"month\">juni<\/span><span class=\"year\">2026<\/span><\/div>\n                        <\/div>\n                        <\/div>\n                        <div class=\"a-card__rightcol1 a-card--event__rightcol1\" style=\"background-image:url();\">                            <h2 class=\"a-card__title2 a-card--event__title2\"><a data-no-translation href=\"https:\/\/www.visitvarmland.com\/munkfors\/evenemang\/teater-och-underhallning\/midsommarfirande-i-ransater\">Midsommarfirande i Rans\u00e4ter<\/a><\/h2>\n                        <div class=\"a-card__content a-card--event__content\">Fira traditionell midsommar p\u00e5 vackra Rans\u00e4ters hembygdsg\u00e5rd! Sjung&hellip;<\/div>\n                        <\/div>\n                        <div class=\"a-card__rightcol2 a-card--event__rightcol2\" style=\"background-image:url();\">                            <div class=\"a-card__location a-card--event__location\"><i class=\"fal fa-map-marker-alt\"><\/i><p>Rans\u00e4ters hembygdsg\u00e5rd, Munkfors<\/p><\/div>\n                        <div class=\"a-card__type-of-event a-card--event__type-of-event\">Teater och underh\u00e5llning<\/div>\n                        <\/div>\n            <\/article>        <\/div>\n        <button class=\"hero-scroll-icon section-scroll-side\" aria-label=\"Next\" aria-hidden=\"true\" tabindex=\"-1\">\n            <div class=\"pre-icon-dot\"><\/div>\n            <div class=\"pre-icon-dot\"><\/div>\n            <i class=\"fal fa-long-arrow-down\" aria-hidden=\"true\"><\/i>\n        <\/button>\n        <button class=\"hero-scroll-icon section-scroll-side-left section-scroll-side-left-hidden\" aria-label=\"Previous\" aria-hidden=\"true\" tabindex=\"-1\">\n            <div class=\"pre-icon-dot\"><\/div>\n            <div class=\"pre-icon-dot\"><\/div>\n            <i class=\"fal fa-long-arrow-down\" aria-hidden=\"true\"><\/i>\n        <\/button>\n    <\/section>\n\n\n\n\n<p><\/p>\n","protected":false},"excerpt":{"rendered":"","protected":false},"author":383,"featured_media":0,"parent":0,"menu_order":0,"comment_status":"closed","ping_status":"open","template":"page-templates\/municipality.php","meta":{"_acf_changed":false,"footnotes":""},"class_list":["post-868","page","type-page","status-publish","hentry"],"acf":[],"lang":"en","translations":{"en":868,"sv":196},"pll_sync_post":[],"_links":{"self":[{"href":"https:\/\/www.visitvarmland.com\/munkfors\/wp-json\/wp\/v2\/pages\/868","targetHints":{"allow":["GET"]}}],"collection":[{"href":"https:\/\/www.visitvarmland.com\/munkfors\/wp-json\/wp\/v2\/pages"}],"about":[{"href":"https:\/\/www.visitvarmland.com\/munkfors\/wp-json\/wp\/v2\/types\/page"}],"author":[{"embeddable":true,"href":"https:\/\/www.visitvarmland.com\/munkfors\/wp-json\/wp\/v2\/users\/383"}],"replies":[{"embeddable":true,"href":"https:\/\/www.visitvarmland.com\/munkfors\/wp-json\/wp\/v2\/comments?post=868"}],"version-history":[{"count":6,"href":"https:\/\/www.visitvarmland.com\/munkfors\/wp-json\/wp\/v2\/pages\/868\/revisions"}],"predecessor-version":[{"id":993,"href":"https:\/\/www.visitvarmland.com\/munkfors\/wp-json\/wp\/v2\/pages\/868\/revisions\/993"}],"wp:attachment":[{"href":"https:\/\/www.visitvarmland.com\/munkfors\/wp-json\/wp\/v2\/media?parent=868"}],"curies":[{"name":"wp","href":"https:\/\/api.w.org\/{rel}","templated":true}]}}